{"id":1152,"date":"2018-03-18T11:25:05","date_gmt":"2018-03-18T10:25:05","guid":{"rendered":"http:\/\/www.bourgogne-savante.fr\/?page_id=1152"},"modified":"2025-11-09T12:35:13","modified_gmt":"2025-11-09T11:35:13","slug":"cataloguesdebibliotheques","status":"publish","type":"page","link":"https:\/\/www.bourgogne-savante.fr\/index.php\/ressourcesenligne\/cataloguesdebibliotheques\/","title":{"rendered":"Catalogues de biblioth\u00e8ques d&rsquo;\u00e9tude et de recherche"},"content":{"rendered":"\n<div class=\"wp-block-buttons is-content-justification-center is-layout-flex wp-container-core-buttons-is-layout-16018d1d wp-block-buttons-is-layout-flex\">\n<div class=\"wp-block-button has-custom-width wp-block-button__width-25 has-custom-font-size has-small-font-size\"><a class=\"wp-block-button__link has-background wp-element-button\" href=\"#CB\" style=\"background-color:#660033\">Catalogues bourguignons<\/a><\/div>\n\n\n\n<div class=\"wp-block-button has-custom-width wp-block-button__width-50 has-custom-font-size has-small-font-size\"><a class=\"wp-block-button__link has-background wp-element-button\" href=\"#CCFr\" style=\"background-color:#660033\">Collections bourguignonnes signal\u00e9es dans le catalogue collectif de France<\/a><\/div>\n\n\n\n<div class=\"wp-block-button has-custom-width wp-block-button__width-50 has-custom-font-size has-small-font-size\"><a class=\"wp-block-button__link has-background has-text-align-center wp-element-button\" href=\"#CN\" style=\"background-color:#660033\">Catalogues nationaux<\/a><\/div>\n<\/div>\n\n\n\n<h2 class=\"wp-block-heading\" style=\"font-family:Gadugi;color:#660033;margin-bottom:10px;\" id=\"CB\">Catalogues bourguignons<\/h2>\n\n\n\n<h5 class=\"wp-block-heading\" style=\"font-family:Gadugi;color:#660033;margin-top:40px;margin-bottom:10px;\">Biblioth\u00e8que bourguignonne<\/h5>\n\n\n\n<p style=\"font-family:Gadugi;\">R\u00e9alis\u00e9e par l&rsquo;Agence Livre &amp; Lecture Bourgogne-Franche-Comt\u00e9 et la Biblioth\u00e8que municipale de Dijon, en partenariat avec la Biblioth\u00e8que nationale de France, la <a href=\"http:\/\/bm-dijon.fr\/Default\/form.aspx?SC=BBB\" target=\"_blank\" rel=\"noopener\">Biblioth\u00e8que bourguignonne<\/a> est un catalogue collectif qui signale les documents relatifs \u00e0 la Bourgogne, conserv\u00e9s dans une quarantaine de biblioth\u00e8ques de la r\u00e9gion.<\/p>\n<p style=\"font-family:Gadugi;\">La Biblioth\u00e8que bourguignonne r\u00e9pertorie tout type de documents (livres, revues, cartes, partitions, enregistrements sonores et audiovisuels&#8230;). Elle recense les articles de revues et les contributions d&rsquo;ouvrages collectifs et signale les publications num\u00e9ris\u00e9es consultables dans Gallica.<\/p>\n\n\n\n<h5 class=\"wp-block-heading\" style=\"font-family:Gadugi;color:#660033;margin-top:40px;margin-bottom:10px;\">Catalogues des biblioth\u00e8ques (classement dans l&rsquo;ordre alphab\u00e9tique des villes)<\/h5>\n\n\n\n<ul style=\"padding-left:20px;list-style-type:square;font-family:Gadugi;\">\n<li>Autun &#8211; <a href=\"http:\/\/bibliotheque.grandautunoismorvan.fr\/osiros\/result\/rechav.php\" target=\"_blank\" rel=\"noopener\">Biblioth\u00e8que Bussy Rabutin<\/a><\/li>\n<li>Auxerre &#8211; <a href=\"https:\/\/bm-auxerre.fr\/\" target=\"_blank\" rel=\"noopener\">Biblioth\u00e8que Jacques Lacarri\u00e8re<\/a><\/li>\n<li>Beaune &#8211; <a href=\"https:\/\/beaune.bibli.fr\/index.php?lvl=cmspage&amp;pageid=6&amp;id_rubrique=37\" target=\"_blank\" rel=\"noopener\">Biblioth\u00e8que Gaspard Monge<\/a><\/li>\n<li>Bourg-en-Bresse &#8211; <a href=\"https:\/\/culture.bourgenbresse.fr\/catalogue\" target=\"_blank\" rel=\"noopener\">M\u00e9diath\u00e8que Elisabeth et Roger Vailland<\/a><\/li>\n<li>Bourg-en-Bresse &#8211; <a href=\"https:\/\/culture.bourgenbresse.fr\/catalogue\" target=\"_blank\" rel=\"noopener\">Monast\u00e8re royal de Brou. Biblioth\u00e8que d&rsquo;histoire de l&rsquo;art<\/a><\/li>\n<li>Chalon-sur-Sa\u00f4ne &#8211; <a href=\"http:\/\/bm-chalon.fr\/page\/recherche-avancee\" target=\"_blank\" rel=\"noopener\">Biblioth\u00e8que municipale<\/a><\/li>\n<li>Ch\u00e2tillon-sur-Seine &#8211; <a href=\"https:\/\/chatillon-sur-seine.bibenligne.fr\/opac\/catalog\/search?advancedsearch=1\" target=\"_blank\" rel=\"noopener\">M\u00e9diath\u00e8que municipale<\/a><\/li>\n<li>Chaumont &#8211; <a href=\"https:\/\/silos.ville-chaumont.fr\/\" target=\"_blank\" rel=\"noopener\">M\u00e9diath\u00e8que Les Silos<\/a><\/li>\n<li>Dijon &#8211; <a href=\"https:\/\/www.bibliothequediocesaine21.fr\/\" target=\"_blank\" rel=\"noopener\">Biblioth\u00e8que dioc\u00e9saine Gustave Bardy<\/a><\/li>\n<li>Dijon &#8211; Biblioth\u00e8que municipale<br><a href=\"http:\/\/bm-dijon.fr\/Default\/form.aspx?SC=DEFAULT\" target=\"_blank\" rel=\"noopener\">Catalogue g\u00e9n\u00e9ral<\/a><br><a href=\"http:\/\/patrimoine.bm-dijon.fr\/pleade\/\" target=\"_blank\" rel=\"noopener\">Catalogues d\u00e9crivant les collections sp\u00e9cialis\u00e9es<\/a> (manuscrits, fonds d&rsquo;archives priv\u00e9s, fonds iconographiques, collection de menus&#8230;)<br>\u00c0 noter : le catalogue g\u00e9n\u00e9ral de la Biblioth\u00e8que municipale de Dijon r\u00e9pertorie \u00e9galement les collections de la biblioth\u00e8que historique des Archives municipales de Dijon, de la m\u00e9diath\u00e8que du conservatoire \u00e0 rayonnement r\u00e9gional Jean-Philippe Rameau, de la biblioth\u00e8que du Mus\u00e9e arch\u00e9ologique de Dijon, de la biblioth\u00e8que du Mus\u00e9e des Beaux-Arts de Dijon et de la biblioth\u00e8que-centre de documentation des mus\u00e9es de la vie bourguignonne Perrin de Puycousin et d&rsquo;art sacr\u00e9.<\/li>\n<li>Dijon &#8211; <a href=\"https:\/\/bu.u-bourgogne.fr\/EXPLOITATION\/form.aspx?SC=UBRG_CATALOGUE\" target=\"_blank\" rel=\"noopener\">Universit\u00e9 de Bourgogne. Service commun de la documentation. Droit, Lettres<\/a><br>\u00c0 noter : les manuscrits conserv\u00e9s \u00e0 la biblioth\u00e8que universitaire Droit-Lettres de Dijon sont d\u00e9crits dans <a href=\"http:\/\/www.calames.abes.fr\/pub\/#details?id=FileId-131\" target=\"_blank\" rel=\"noopener\">Calames<\/a>.<\/li>\n<li>Langres &#8211; <a href=\"https:\/\/www.mediatheques-langres.fr\/recherche-detaillee\" target=\"_blank\" rel=\"noopener\">Biblioth\u00e8que dioc\u00e9saine<\/a><\/li>\n<li>Langres &#8211; <a href=\"https:\/\/www.mediatheques-langres.fr\/recherche-detaillee\" target=\"_blank\" rel=\"noopener\">Biblioth\u00e8que Marcel Arland<\/a><\/li>\n<li>Langres &#8211; <a href=\"https:\/\/www.mediatheques-langres.fr\/recherche-detaillee\" target=\"_blank\" rel=\"noopener\">Soci\u00e9t\u00e9 historique et arch\u00e9ologique de Langres<\/a><\/li>\n<li>M\u00e2con &#8211; <a href=\"https:\/\/mediatheque.macon.fr\/form.aspx?SC=DEFAULT\" target=\"_blank\" rel=\"noopener\">M\u00e9diath\u00e8que<\/a><\/li>\n<li>Montbard &#8211; <a href=\"https:\/\/www.mediatheque-montbard.net\/index\/index\/id_profil\/7\" target=\"_blank\" rel=\"noopener\">Mediath\u00e8que Jacques Pr\u00e9vert<\/a><\/li>\n<li>Nevers &#8211; <a href=\"https:\/\/mediatheque.agglo-nevers.fr\/\" target=\"_blank\" rel=\"noopener\">M\u00e9diath\u00e8que Jean Jaur\u00e8s<\/a><\/li>\n<li>Semur-en-Auxois &#8211; <a href=\"https:\/\/www.bibliotheque-semur-en-auxois.net\/index\/index\/id_profil\/1\" target=\"_blank\" rel=\"noopener\">Biblioth\u00e8que municipale<\/a><\/li>\n<li>Sens &#8211; <a href=\"https:\/\/bibliotheques-sens.fr\/recherche-detaillee\" target=\"_blank\" rel=\"noopener\">M\u00e9diath\u00e8que Jean-Christophe Rufin<\/a><\/li>\n<\/ul>\n\n\n\n<hr class=\"wp-block-separator has-text-color has-alpha-channel-opacity has-background is-style-wide\" style=\"background-color:#660033;color:#660033\"\/>\n\n\n\n<h2 class=\"wp-block-heading\" style=\"font-family:Gadugi;color:#660033;margin-top:30px;margin-bottom:10px;\" id=\"CCFr\">Collections bourguignonnes signal\u00e9es dans le catalogue collectif de France (CCFr)<\/h2>\n\n\n\n<p style=\"font-family:Gadugi;\">De nombreuses collections des biblioth\u00e8ques bourguignonnes sont signal\u00e9es dans le <a href=\"https:\/\/ccfr.bnf.fr\/portailccfr\/jsp\/public\/index.jsp\" target=\"_blank\" rel=\"noopener\">CCFr<\/a>.<br>Quatre bases documentaires, interrogeables simultan\u00e9ment ou s\u00e9par\u00e9ment, peuvent \u00eatre consult\u00e9es :\n<ul style=\"padding-left: 20px; list-style-type: square; margin-top: -27px;font-family:Gadugi;\">\n<li>la <a href=\"https:\/\/ccfr.bnf.fr\/portailccfr\/jsp\/public\/index.jsp?action=public_formsearch_patrimoine\" target=\"_blank\" rel=\"noopener\">base Patrimoine<\/a> qui d\u00e9crit les collections d&rsquo;imprim\u00e9s anciennes, locales et sp\u00e9cialis\u00e9es ;<\/li>\n<li>les <a href=\"https:\/\/ccfr.bnf.fr\/portailccfr\/jsp\/public\/index.jsp?action=public_formsearch_manuscrits\" target=\"_blank\" rel=\"noopener\">bases d\u00e9di\u00e9es aux manuscrits et fonds d&rsquo;archives priv\u00e9s<\/a> : le CGM (catalogue g\u00e9n\u00e9ral des manuscrits) et Palme (manuscrits litt\u00e9raires fran\u00e7ais du XX<sup>e<\/sup> si\u00e8cle) ;<\/li>\n<li>la base <a href=\"https:\/\/ccfr.bnf.fr\/portailccfr\/jsp\/public\/index.jsp?action=public_formsearch_sources_musicales\" target=\"_blank\" rel=\"noopener\">Patrimoine musical en r\u00e9gion<\/a>.<\/li>\n<\/ul>\n<\/p>\n<p style=\"font-family:Gadugi;\">Voir la <a href=\"https:\/\/www.bourgogne-savante.fr\/wp-content\/uploads\/Institutions_Bourgogne_CCFr.pdf\" target=\"_blank\" rel=\"noopener\">liste des institutions de conservation bourguignonnes pr\u00e9sentes dans les bases sp\u00e9cialis\u00e9es du CCFr<\/a><\/p>\n\n\n\n<hr class=\"wp-block-separator has-text-color has-alpha-channel-opacity has-background is-style-wide\" style=\"background-color:#660033;color:#660033\"\/>\n\n\n\n<h2 class=\"wp-block-heading\" style=\"font-family:Gadugi;color:#660033;margin-top:30px;margin-bottom:10px;\" id=\"CN\">Catalogues nationaux<\/h2>\n\n\n\n<h5 class=\"wp-block-heading\" style=\"font-family:Gadugi;color:#660033;margin-top:40px;margin-bottom:10px;\">Catalogues de la Biblioth\u00e8que nationale de France (BnF)<\/h5>\n\n\n\n<p style=\"font-family:Gadugi;\"><a href=\"http:\/\/catalogue.bnf.fr\/index.do\" target=\"_blank\" rel=\"noopener\">BnF catalogue g\u00e9n\u00e9ral<\/a> rassemble la majorit\u00e9 des r\u00e9f\u00e9rences des documents conserv\u00e9s \u00e0 la BnF (documents imprim\u00e9s, sonores, audiovisuels, \u00e9lectroniques&#8230;) Certaines collections sp\u00e9cialis\u00e9es sont d\u00e9crites dans des catalogues s\u00e9par\u00e9s : c&rsquo;est le cas des manuscrits et des fonds d&rsquo;archives priv\u00e9s (<a href=\"http:\/\/archivesetmanuscrits.bnf.fr\/\" target=\"_blank\" rel=\"noopener\">BnF archives et manuscrits<\/a>) et des m\u00e9dailles et antiques (<a href=\"http:\/\/medaillesetantiques.bnf.fr\/ws\/catalogue\/app\/report\/index.html\" target=\"_blank\" rel=\"noopener\">catalogue des m\u00e9dailles et antiques de la BnF<\/a>).<\/p>\n\n\n\n<h5 class=\"wp-block-heading\" style=\"font-family:Gadugi;color:#660033;margin-top:40px;margin-bottom:10px;\">Catalogues des biblioth\u00e8ques de l&rsquo;enseignement sup\u00e9rieur<\/h5>\n\n\n\n<p style=\"font-family:Gadugi;\">Le <a href=\"http:\/\/www.sudoc.abes.fr\/cbs\/\" target=\"_blank\" rel=\"noopener\">SUDOC<\/a> (Syst\u00e8me universitaire de documentation) r\u00e9pertorie la majorit\u00e9 des collections des biblioth\u00e8ques relevant de l&rsquo;enseignement sup\u00e9rieur (biblioth\u00e8ques universitaires, biblioth\u00e8ques de grands \u00e9tablissements tels que le Museum national d&rsquo;histoire naturelle ou l&rsquo;Institut de France, Biblioth\u00e8que Mazarine&#8230;) Les manuscrits et les fonds d&rsquo;archives priv\u00e9s sont signal\u00e9s dans <a href=\"http:\/\/www.calames.abes.fr\/pub\/#\" target=\"_blank\" rel=\"noopener\">Calames<\/a> (catalogue en ligne des archives et des manuscrits de l&rsquo;enseignement sup\u00e9rieur).<\/p>\n\n\n\n<h5 class=\"wp-block-heading\" style=\"font-family:Gadugi;color:#660033;margin-top:40px;margin-bottom:10px;\">Catalogue collectif de France (CCFr)<\/h5>\n\n\n\n<p style=\"font-family:Gadugi;\">Le <a href=\"http:\/\/ccfr.bnf.fr\/\" target=\"_blank\" rel=\"noopener\">CCFr<\/a> permet d\u2019interroger simultan\u00e9ment les catalogues de la Biblioth\u00e8que nationale de France (BnF catalogue g\u00e9n\u00e9ral ; BnF archives et manuscrits) et ceux des biblioth\u00e8ques de l\u2019enseignement sup\u00e9rieur (SUDOC ; Calames) ainsi qu\u2019une s\u00e9lection de catalogues et des bases sp\u00e9cialis\u00e9es. Le CCFr tient \u00e0 jour un <a href=\"https:\/\/ccfr.bnf.fr\/portailccfr\/jsp\/public\/index.jsp?action=public_formsearch_repertoire\" target=\"_blank\" rel=\"noopener\">r\u00e9pertoire<\/a> qui r\u00e9f\u00e9rence les biblioth\u00e8ques fran\u00e7aises et d\u00e9crit un grand nombre de leurs fonds documentaires. Il propose une recherche globale et des interfaces de recherche sp\u00e9cialis\u00e9es par types de documents.<\/p>\n\n\n\n<hr class=\"wp-block-separator has-text-color has-alpha-channel-opacity has-background is-style-wide\" style=\"background-color:#660033;color:#660033;margin-bottom:10px\"\/>\n\n\n\n<figure class=\"wp-block-image aligncenter size-full is-resized\"><a href=\"https:\/\/gallica.bnf.fr\/ark:\/12148\/btv1b10509804z\/f27.item\" target=\"_blank\" rel=\"noreferrer noopener\"><img loading=\"lazy\" decoding=\"async\" src=\"https:\/\/www.bourgogne-savante.fr\/wp-content\/uploads\/La_Galerie_agreable_du_monde_.Van_Der_btv1b10509804z_27.jpg\" alt=\"Van Der Aa, Pieter Boudewyn. La Galerie agr\u00e9able du monde. Planche 135. Carte du gouvernement de Bourgogne (d\u00e9tail) \/ Source gallica.bnf.fr \/ Biblioth\u00e8que nationale de France\" class=\"wp-image-3298\" width=\"660\" height=\"266\" title=\"Van Der Aa, Pieter Boudewyn. La Galerie agr\u00e9able du monde. Planche 135. Carte du gouvernement de Bourgogne (d\u00e9tail) \/ Source gallica.bnf.fr \/ Biblioth\u00e8que nationale de France\" srcset=\"https:\/\/www.bourgogne-savante.fr\/wp-content\/uploads\/La_Galerie_agreable_du_monde_.Van_Der_btv1b10509804z_27.jpg 796w, https:\/\/www.bourgogne-savante.fr\/wp-content\/uploads\/La_Galerie_agreable_du_monde_.Van_Der_btv1b10509804z_27-300x121.jpg 300w, https:\/\/www.bourgogne-savante.fr\/wp-content\/uploads\/La_Galerie_agreable_du_monde_.Van_Der_btv1b10509804z_27-150x61.jpg 150w, https:\/\/www.bourgogne-savante.fr\/wp-content\/uploads\/La_Galerie_agreable_du_monde_.Van_Der_btv1b10509804z_27-768x311.jpg 768w\" sizes=\"auto, (max-width: 660px) 85vw, 660px\" \/><\/a><figcaption class=\"wp-element-caption\" style=\"font-family:Gadugi;text-align:center;\">Van Der Aa, Pieter Boudewyn. <em>La Galerie agr\u00e9able du monde<\/em>. Leyde : P. Vander Aa, [sans date]. Planche 135. Carte du gouvernement de Bourgogne (d\u00e9tail).<br>Source <a href=\"https:\/\/gallica.bnf.fr\/ark:\/12148\/btv1b10509804z\/f27.item\" target=\"_blank\" rel=\"noreferrer noopener\">gallica.bnf.fr<\/a> \/ Biblioth\u00e8que nationale de France<\/figcaption><\/figure>\n","protected":false},"excerpt":{"rendered":"<p>Catalogues bourguignons Biblioth\u00e8que bourguignonne R\u00e9alis\u00e9e par l&rsquo;Agence Livre &amp; Lecture Bourgogne-Franche-Comt\u00e9 et la Biblioth\u00e8que municipale de Dijon, en partenariat avec la Biblioth\u00e8que nationale de France, la Biblioth\u00e8que bourguignonne est un catalogue collectif qui signale les documents relatifs \u00e0 la Bourgogne, conserv\u00e9s dans une quarantaine de biblioth\u00e8ques de la r\u00e9gion. La Biblioth\u00e8que bourguignonne r\u00e9pertorie tout type &hellip; <a href=\"https:\/\/www.bourgogne-savante.fr\/index.php\/ressourcesenligne\/cataloguesdebibliotheques\/\" class=\"more-link\">Continuer la lecture<span class=\"screen-reader-text\"> de &laquo;&nbsp;Catalogues de biblioth\u00e8ques d&rsquo;\u00e9tude et de recherche&nbsp;&raquo;<\/span><\/a><\/p>\n","protected":false},"author":1,"featured_media":0,"parent":42,"menu_order":0,"comment_status":"closed","ping_status":"closed","template":"","meta":{"footnotes":""},"class_list":["post-1152","page","type-page","status-publish","hentry"],"_links":{"self":[{"href":"https:\/\/www.bourgogne-savante.fr\/index.php\/wp-json\/wp\/v2\/pages\/1152","targetHints":{"allow":["GET"]}}],"collection":[{"href":"https:\/\/www.bourgogne-savante.fr\/index.php\/wp-json\/wp\/v2\/pages"}],"about":[{"href":"https:\/\/www.bourgogne-savante.fr\/index.php\/wp-json\/wp\/v2\/types\/page"}],"author":[{"embeddable":true,"href":"https:\/\/www.bourgogne-savante.fr\/index.php\/wp-json\/wp\/v2\/users\/1"}],"replies":[{"embeddable":true,"href":"https:\/\/www.bourgogne-savante.fr\/index.php\/wp-json\/wp\/v2\/comments?post=1152"}],"version-history":[{"count":31,"href":"https:\/\/www.bourgogne-savante.fr\/index.php\/wp-json\/wp\/v2\/pages\/1152\/revisions"}],"predecessor-version":[{"id":5653,"href":"https:\/\/www.bourgogne-savante.fr\/index.php\/wp-json\/wp\/v2\/pages\/1152\/revisions\/5653"}],"up":[{"embeddable":true,"href":"https:\/\/www.bourgogne-savante.fr\/index.php\/wp-json\/wp\/v2\/pages\/42"}],"wp:attachment":[{"href":"https:\/\/www.bourgogne-savante.fr\/index.php\/wp-json\/wp\/v2\/media?parent=1152"}],"curies":[{"name":"wp","href":"https:\/\/api.w.org\/{rel}","templated":true}]}}