{"id":1465,"date":"2018-09-03T18:42:44","date_gmt":"2018-09-03T16:42:44","guid":{"rendered":"http:\/\/www.bourgogne-savante.fr\/?page_id=1465"},"modified":"2023-11-27T14:04:43","modified_gmt":"2023-11-27T13:04:43","slug":"revuesbourguignonnes","status":"publish","type":"page","link":"https:\/\/www.bourgogne-savante.fr\/index.php\/ressourcesenligne\/revuesbourguignonnes\/","title":{"rendered":"Revues bourguignonnes sp\u00e9cialis\u00e9es dans les domaines historique, arch\u00e9ologique, g\u00e9ographique et artistique"},"content":{"rendered":"\n<p style=\"font-family:Gadugi;font-size:18px;\" id=\"Haut\">Cette page recense les revues portant sur l\u2019histoire, la g\u00e9ographie, l\u2019arch\u00e9ologie, les arts et le patrimoine de la Bourgogne, accessibles en ligne gratuitement. Il s\u2019agit soit de revues imprim\u00e9es qui ont fait l\u2019objet d\u2019une num\u00e9risation, soit de revues publi\u00e9es \u00e0 la fois sous forme imprim\u00e9e et sous forme num\u00e9rique, soit de revues publi\u00e9es exclusivement sous forme \u00e9lectronique.<\/p>\n<p style=\"font-family:Gadugi;font-size:18px;margin-bottom:40px;\">Les revues sont class\u00e9es selon l\u2019aire g\u00e9ographique qu\u2019elles \u00e9tudient.<br>Vous pouvez utiliser la fonction \u00ab Ctrl + F \u00bb pour effectuer une recherche dans cette page.<\/p>\n\n\n\n<div class=\"wp-block-buttons is-horizontal is-content-justification-center is-layout-flex wp-container-core-buttons-is-layout-499968f5 wp-block-buttons-is-layout-flex\">\n<div class=\"wp-block-button has-custom-font-size has-small-font-size\"><a class=\"wp-block-button__link has-background wp-element-button\" href=\"#Bourgogne\" style=\"background-color:#660033\">Bourgogne (dans son ensemble)<\/a><\/div>\n<\/div>\n\n\n\n<div style=\"height:20px\" aria-hidden=\"true\" class=\"wp-block-spacer\"><\/div>\n\n\n\n<div class=\"wp-block-buttons is-horizontal is-content-justification-center is-layout-flex wp-container-core-buttons-is-layout-499968f5 wp-block-buttons-is-layout-flex\">\n<div class=\"wp-block-button has-custom-font-size has-small-font-size\"><a class=\"wp-block-button__link has-background wp-element-button\" href=\"#CO\" style=\"background-color:#660033\">C\u00f4te-d&rsquo;Or<\/a><\/div>\n\n\n\n<div class=\"wp-block-button has-custom-font-size has-small-font-size\"><a class=\"wp-block-button__link has-background wp-element-button\" href=\"#Ni\u00e8vre\" style=\"background-color:#660033\">Ni\u00e8vre<\/a><\/div>\n\n\n\n<div class=\"wp-block-button has-custom-font-size has-small-font-size\"><a class=\"wp-block-button__link has-background wp-element-button\" href=\"#SL\" style=\"background-color:#660033\">Sa\u00f4ne-et-Loire<\/a><\/div>\n\n\n\n<div class=\"wp-block-button has-custom-font-size has-small-font-size\"><a class=\"wp-block-button__link has-background wp-element-button\" href=\"#Yonne\" style=\"background-color:#660033\">Yonne<\/a><\/div>\n\n\n\n<div class=\"wp-block-button has-custom-font-size has-small-font-size\"><a class=\"wp-block-button__link has-background wp-element-button\" href=\"#HM\" style=\"background-color:#660033\">Haute-Marne<\/a><\/div>\n\n\n\n<div class=\"wp-block-button has-custom-font-size has-small-font-size\"><a class=\"wp-block-button__link has-background wp-element-button\" href=\"#Ain\" style=\"background-color:#660033\">Ain<\/a><\/div>\n<\/div>\n\n\n\n<div style=\"height:50px\" aria-hidden=\"true\" class=\"wp-block-spacer\"><\/div>\n\n\n\n<hr class=\"wp-block-separator has-text-color has-alpha-channel-opacity has-background is-style-wide\" style=\"background-color:#660033;color:#660033;padding-top:2px\"\/>\n\n\n\n<h2 style=\"font-family:Gadugi;color:#660033;margin-top:40px;margin-bottom:50px;\" id=\"Bourgogne\">Bourgogne (dans son ensemble)<\/h2>\n\n\n\n<div class=\"wp-block-columns is-layout-flex wp-container-core-columns-is-layout-9d6595d7 wp-block-columns-is-layout-flex\">\n<div class=\"wp-block-column is-layout-flow wp-block-column-is-layout-flow\" style=\"flex-basis:25%\"><div class=\"wp-block-image\">\n<figure class=\"aligncenter size-full is-resized\"><a href=\"https:\/\/gallica.bnf.fr\/ark:\/12148\/cb343481532\/date\" target=\"_blank\" rel=\"noreferrer noopener\"><img loading=\"lazy\" decoding=\"async\" width=\"210\" height=\"320\" src=\"https:\/\/www.bourgogne-savante.fr\/wp-content\/uploads\/2018\/09\/Annales_de_Bourgogne.jpg\" alt=\"Annales de Bourgogne\" class=\"wp-image-1641\" style=\"width:160px;height:243px\" title=\"Annales de Bourgogne\" srcset=\"https:\/\/www.bourgogne-savante.fr\/wp-content\/uploads\/2018\/09\/Annales_de_Bourgogne.jpg 210w, https:\/\/www.bourgogne-savante.fr\/wp-content\/uploads\/2018\/09\/Annales_de_Bourgogne-98x150.jpg 98w, https:\/\/www.bourgogne-savante.fr\/wp-content\/uploads\/2018\/09\/Annales_de_Bourgogne-197x300.jpg 197w\" sizes=\"auto, (max-width: 210px) 85vw, 210px\" \/><\/a><\/figure>\n<\/div><\/div>\n\n\n\n<div class=\"wp-block-column is-layout-flow wp-block-column-is-layout-flow\" style=\"flex-basis:75%\">\n<h5 style=\"font-family:Gadugi;color:#660033;\">Annales de Bourgogne<\/h5>\n<p style=\"font-family:Gadugi;\">Num\u00e9ros disponibles dans <a href=\"https:\/\/gallica.bnf.fr\/ark:\/12148\/cb343481532\/date\" target=\"_blank\" rel=\"noopener\">Gallica<\/a> : de 1929 \u00e0 2011<br>\nNum\u00e9ros de la <i>Bibliographie bourguignonne<\/i>, suppl\u00e9ment aux <i>Annales de Bourgogne<\/i>, disponibles dans <a href=\"https:\/\/gallica.bnf.fr\/ark:\/12148\/cb34425427c\/date\" target=\"_blank\" rel=\"noopener\">Gallica<\/a> : de 1979 \u00e0 2008<\/p>\n<\/div>\n<\/div>\n\n\n\n<hr class=\"wp-block-separator has-text-color has-alpha-channel-opacity has-background is-style-wide\" style=\"background-color:#660033;color:#660033\"\/>\n\n\n\n<div class=\"wp-block-columns is-layout-flex wp-container-core-columns-is-layout-9d6595d7 wp-block-columns-is-layout-flex\">\n<div class=\"wp-block-column is-layout-flow wp-block-column-is-layout-flow\" style=\"flex-basis:25%\"><div class=\"wp-block-image\">\n<figure class=\"aligncenter size-large is-resized\"><a href=\"https:\/\/gallica.bnf.fr\/ark:\/12148\/cb327154816\/date\" target=\"_blank\" rel=\"noreferrer noopener\"><img loading=\"lazy\" decoding=\"async\" width=\"628\" height=\"1024\" src=\"https:\/\/www.bourgogne-savante.fr\/wp-content\/uploads\/2018\/09\/La_Bourgogne_revue_provinciale-628x1024.jpeg\" alt=\"La Bourgogne (Dijon. 1868)\" class=\"wp-image-1616\" style=\"width:160px;height:260px\" title=\"La Bourgogne (Dijon. 1868)\" srcset=\"https:\/\/www.bourgogne-savante.fr\/wp-content\/uploads\/2018\/09\/La_Bourgogne_revue_provinciale-628x1024.jpeg 628w, https:\/\/www.bourgogne-savante.fr\/wp-content\/uploads\/2018\/09\/La_Bourgogne_revue_provinciale-92x150.jpeg 92w, https:\/\/www.bourgogne-savante.fr\/wp-content\/uploads\/2018\/09\/La_Bourgogne_revue_provinciale-184x300.jpeg 184w, https:\/\/www.bourgogne-savante.fr\/wp-content\/uploads\/2018\/09\/La_Bourgogne_revue_provinciale-768x1252.jpeg 768w, https:\/\/www.bourgogne-savante.fr\/wp-content\/uploads\/2018\/09\/La_Bourgogne_revue_provinciale.jpeg 889w\" sizes=\"auto, (max-width: 628px) 85vw, 628px\" \/><\/a><\/figure>\n<\/div><\/div>\n\n\n\n<div class=\"wp-block-column is-layout-flow wp-block-column-is-layout-flow\" style=\"flex-basis:75%\">\n<h5 style=\"font-family:Gadugi;color:#660033;\">La Bourgogne (Dijon. 1868)<\/h5>\n<p style=\"font-family:Gadugi;\">Num\u00e9ros disponibles dans <a href=\"https:\/\/gallica.bnf.fr\/ark:\/12148\/cb327154816\/date\" target=\"_blank\" rel=\"noopener\">Gallica<\/a> : de 1868 \u00e0 1869<\/p>\n<\/div>\n<\/div>\n\n\n\n<hr class=\"wp-block-separator has-text-color has-alpha-channel-opacity has-background is-style-wide\" style=\"background-color:#660033;color:#660033\"\/>\n\n\n\n<div class=\"wp-block-columns is-layout-flex wp-container-core-columns-is-layout-9d6595d7 wp-block-columns-is-layout-flex\">\n<div class=\"wp-block-column is-layout-flow wp-block-column-is-layout-flow\" style=\"flex-basis:25%\"><div class=\"wp-block-image\">\n<figure class=\"aligncenter size-large is-resized\"><a href=\"https:\/\/gallica.bnf.fr\/ark:\/12148\/cb32715498x\/date\" target=\"_blank\" rel=\"noreferrer noopener\"><img loading=\"lazy\" decoding=\"async\" width=\"825\" height=\"1024\" src=\"https:\/\/www.bourgogne-savante.fr\/wp-content\/uploads\/2018\/09\/La_Bourgogne_litt\u00e9raire__scientifique-825x1024.jpeg\" alt=\"La Bourgogne litt\u00e9raire &amp; scientifique\" class=\"wp-image-1615\" style=\"width:160px;height:198px\" title=\"La Bourgogne litt\u00e9raire &amp; scientifique\" srcset=\"https:\/\/www.bourgogne-savante.fr\/wp-content\/uploads\/2018\/09\/La_Bourgogne_litt\u00e9raire__scientifique-825x1024.jpeg 825w, https:\/\/www.bourgogne-savante.fr\/wp-content\/uploads\/2018\/09\/La_Bourgogne_litt\u00e9raire__scientifique-121x150.jpeg 121w, https:\/\/www.bourgogne-savante.fr\/wp-content\/uploads\/2018\/09\/La_Bourgogne_litt\u00e9raire__scientifique-242x300.jpeg 242w, https:\/\/www.bourgogne-savante.fr\/wp-content\/uploads\/2018\/09\/La_Bourgogne_litt\u00e9raire__scientifique-768x954.jpeg 768w, https:\/\/www.bourgogne-savante.fr\/wp-content\/uploads\/2018\/09\/La_Bourgogne_litt\u00e9raire__scientifique-1200x1490.jpeg 1200w, https:\/\/www.bourgogne-savante.fr\/wp-content\/uploads\/2018\/09\/La_Bourgogne_litt\u00e9raire__scientifique.jpeg 1937w\" sizes=\"auto, (max-width: 825px) 85vw, 825px\" \/><\/a><\/figure>\n<\/div><\/div>\n\n\n\n<div class=\"wp-block-column is-layout-flow wp-block-column-is-layout-flow\" style=\"flex-basis:75%\">\n<h5 style=\"font-family:Gadugi;color:#660033;\">La Bourgogne litt\u00e9raire &amp; scientifique<\/h5>\n<p style=\"font-family:Gadugi;\">Num\u00e9ros disponibles dans <a href=\"https:\/\/gallica.bnf.fr\/ark:\/12148\/cb32715498x\/date\" target=\"_blank\" rel=\"noopener\">Gallica<\/a> : de 1922 \u00e0 1923<\/p>\n<\/div>\n<\/div>\n\n\n\n<hr class=\"wp-block-separator has-text-color has-alpha-channel-opacity has-background is-style-wide\" style=\"background-color:#660033;color:#660033\"\/>\n\n\n\n<div class=\"wp-block-columns is-layout-flex wp-container-core-columns-is-layout-9d6595d7 wp-block-columns-is-layout-flex\">\n<div class=\"wp-block-column is-layout-flow wp-block-column-is-layout-flow\" style=\"flex-basis:25%\"><div class=\"wp-block-image\">\n<figure class=\"aligncenter size-large is-resized\"><a href=\"https:\/\/gallica.bnf.fr\/ark:\/12148\/cb34360285f\/date\" target=\"_blank\" rel=\"noreferrer noopener\"><img loading=\"lazy\" decoding=\"async\" width=\"641\" height=\"1024\" src=\"https:\/\/www.bourgogne-savante.fr\/wp-content\/uploads\/2018\/09\/Bulletin-ABSS-641x1024.jpeg\" alt=\"Bulletin - Association bourguignonne des soci\u00e9t\u00e9s savantes\" class=\"wp-image-1582\" style=\"width:160px;height:255px\" title=\"Bulletin - Association bourguignonne des soci\u00e9t\u00e9s savantes\" srcset=\"https:\/\/www.bourgogne-savante.fr\/wp-content\/uploads\/2018\/09\/Bulletin-ABSS-641x1024.jpeg 641w, https:\/\/www.bourgogne-savante.fr\/wp-content\/uploads\/2018\/09\/Bulletin-ABSS-94x150.jpeg 94w, https:\/\/www.bourgogne-savante.fr\/wp-content\/uploads\/2018\/09\/Bulletin-ABSS-188x300.jpeg 188w, https:\/\/www.bourgogne-savante.fr\/wp-content\/uploads\/2018\/09\/Bulletin-ABSS-768x1227.jpeg 768w, https:\/\/www.bourgogne-savante.fr\/wp-content\/uploads\/2018\/09\/Bulletin-ABSS.jpeg 897w\" sizes=\"auto, (max-width: 641px) 85vw, 641px\" \/><\/a><\/figure>\n<\/div><\/div>\n\n\n\n<div class=\"wp-block-column is-layout-flow wp-block-column-is-layout-flow\" style=\"flex-basis:75%\">\n<h5 style=\"font-family:Gadugi;color:#660033;\" id=\"revue1\">Bulletin &#8211; Association bourguignonne des soci\u00e9t\u00e9s savantes<\/h5>\n<p style=\"font-family:Gadugi;\">Num\u00e9ros disponibles dans <a href=\"https:\/\/gallica.bnf.fr\/ark:\/12148\/cb34360285f\/date\" target=\"_blank\" rel=\"noopener\">Gallica<\/a> : de 1927 \u00e0 1950<\/p>\n<p style=\"font-family:Gadugi;margin-top:-20px\">Voir aussi :\n<ul style=\"font-family:Gadugi;padding-left:20px;list-style-type:square;margin-top:-27px;\">\n \t<li><i><a href=\"#revue2\">Bulletin d&rsquo;information &#8211; Association bourguignonne des soci\u00e9t\u00e9s savantes<\/a><\/i><\/li>\n \t<li><i><a href=\"#revue4\">Lettre de la Bourgogne savante<\/a><\/i><\/li>\n<\/ul><\/p>\n<\/div>\n<\/div>\n\n\n\n<hr class=\"wp-block-separator has-text-color has-alpha-channel-opacity has-background is-style-wide\" style=\"background-color:#660033;color:#660033\"\/>\n\n\n\n<div class=\"wp-block-columns is-layout-flex wp-container-core-columns-is-layout-9d6595d7 wp-block-columns-is-layout-flex\">\n<div class=\"wp-block-column is-layout-flow wp-block-column-is-layout-flow\" style=\"flex-basis:25%\"><div class=\"wp-block-image\">\n<figure class=\"aligncenter size-full is-resized\"><a href=\"https:\/\/www.bourgogne-savante.fr\/index.php\/publications\/\" target=\"_blank\" rel=\"noreferrer noopener\"><img loading=\"lazy\" decoding=\"async\" width=\"470\" height=\"665\" src=\"https:\/\/www.bourgogne-savante.fr\/wp-content\/uploads\/2018\/09\/Bulletin_d_information_ABSS.png\" alt=\"Bulletin d'information - Association bourguignonne des soci\u00e9t\u00e9s savantes\" class=\"wp-image-1653\" style=\"width:160px;height:226px\" title=\"Bulletin d'information - Association bourguignonne des soci\u00e9t\u00e9s savantes\" srcset=\"https:\/\/www.bourgogne-savante.fr\/wp-content\/uploads\/2018\/09\/Bulletin_d_information_ABSS.png 470w, https:\/\/www.bourgogne-savante.fr\/wp-content\/uploads\/2018\/09\/Bulletin_d_information_ABSS-106x150.png 106w, https:\/\/www.bourgogne-savante.fr\/wp-content\/uploads\/2018\/09\/Bulletin_d_information_ABSS-212x300.png 212w\" sizes=\"auto, (max-width: 470px) 85vw, 470px\" \/><\/a><\/figure>\n<\/div><\/div>\n\n\n\n<div class=\"wp-block-column is-layout-flow wp-block-column-is-layout-flow\" style=\"flex-basis:75%\">\n<h5 style=\"font-family:Gadugi;color:#660033;\" id=\"revue2\">Bulletin d&rsquo;information &#8211; Association bourguignonne des soci\u00e9t\u00e9s savantes<\/h5>\n<p style=\"font-family:Gadugi;\">Num\u00e9ros disponibles sur le <a href=\"https:\/\/www.bourgogne-savante.fr\/index.php\/publications\/\" target=\"_blank\" rel=\"noopener\">site de l&rsquo;Association bourguignonne des soci\u00e9t\u00e9s savantes<\/a> : de d\u00e9cembre 2007 \u00e0 juin 2010<\/p>\n<p style=\"font-family:Gadugi;margin-top:-20px\">Voir aussi :\n<ul style=\"font-family:Gadugi;padding-left:20px;list-style-type:square;margin-top:-27px;\">\n \t<li><i><a href=\"#revue1\">Bulletin &#8211; Association bourguignonne des soci\u00e9t\u00e9s savantes<\/a><\/i><\/li>\n \t<li><i><a href=\"#revue4\">Lettre de la Bourgogne savante<\/a><\/i><\/li>\n<\/ul><\/p>\n<\/div>\n<\/div>\n\n\n\n<hr class=\"wp-block-separator has-text-color has-alpha-channel-opacity has-background is-style-wide\" style=\"background-color:#660033;color:#660033\"\/>\n\n\n\n<div class=\"wp-block-columns is-layout-flex wp-container-core-columns-is-layout-9d6595d7 wp-block-columns-is-layout-flex\">\n<div class=\"wp-block-column is-layout-flow wp-block-column-is-layout-flow\" style=\"flex-basis:25%\"><div class=\"wp-block-image\">\n<figure class=\"aligncenter size-full is-resized\"><a href=\"https:\/\/journals.openedition.org\/cem\/\" target=\"_blank\" rel=\"noreferrer noopener\"><img loading=\"lazy\" decoding=\"async\" width=\"172\" height=\"250\" src=\"https:\/\/www.bourgogne-savante.fr\/wp-content\/uploads\/2018\/09\/BUCEMA.jpg\" alt=\"Bulletin du centre d\u2019\u00e9tudes m\u00e9di\u00e9vales d\u2019Auxerre\" class=\"wp-image-1642\" style=\"width:160px;height:232px\" title=\"Bulletin du centre d\u2019\u00e9tudes m\u00e9di\u00e9vales d\u2019Auxerre\" srcset=\"https:\/\/www.bourgogne-savante.fr\/wp-content\/uploads\/2018\/09\/BUCEMA.jpg 172w, https:\/\/www.bourgogne-savante.fr\/wp-content\/uploads\/2018\/09\/BUCEMA-103x150.jpg 103w\" sizes=\"auto, (max-width: 172px) 85vw, 172px\" \/><\/a><\/figure>\n<\/div><\/div>\n\n\n\n<div class=\"wp-block-column is-layout-flow wp-block-column-is-layout-flow\" style=\"flex-basis:75%\">\n<h5 style=\"font-family:Gadugi;color:#660033;\">Bulletin du centre d\u2019\u00e9tudes m\u00e9di\u00e9vales d\u2019Auxerre | BUCEMA<\/h5>\n<p style=\"font-family:Gadugi;\">Num\u00e9ros disponibles sur le portail <a href=\"https:\/\/journals.openedition.org\/cem\/\" target=\"_blank\" rel=\"noopener\">OpenEdition<\/a> : depuis le num\u00e9ro 7 (2003)<br>\nLes num\u00e9ros hors-s\u00e9rie et les collections du BUCEMA sont \u00e9galement consultables en ligne sur le portail OpenEdition.<\/p>\n<\/div>\n<\/div>\n\n\n\n<hr class=\"wp-block-separator has-text-color has-alpha-channel-opacity has-background is-style-wide\" style=\"background-color:#660033;color:#660033\"\/>\n\n\n\n<div class=\"wp-block-columns is-layout-flex wp-container-core-columns-is-layout-9d6595d7 wp-block-columns-is-layout-flex\">\n<div class=\"wp-block-column is-layout-flow wp-block-column-is-layout-flow\" style=\"flex-basis:25%\"><div class=\"wp-block-image\">\n<figure class=\"aligncenter size-large is-resized\"><a href=\"https:\/\/gallica.bnf.fr\/ark:\/12148\/cb344220684\/date\" target=\"_blank\" rel=\"noreferrer noopener\"><img loading=\"lazy\" decoding=\"async\" width=\"605\" height=\"1024\" src=\"https:\/\/www.bourgogne-savante.fr\/wp-content\/uploads\/2018\/09\/Bulletin_Soci\u00e9t\u00e9_de_g\u00e9ographie_Dijon-605x1024.jpeg\" alt=\"Bulletin - Soci\u00e9t\u00e9 de g\u00e9ographie de Dijon\" class=\"wp-image-1614\" style=\"width:160px;height:270px\" title=\"Bulletin - Soci\u00e9t\u00e9 de g\u00e9ographie de Dijon\" srcset=\"https:\/\/www.bourgogne-savante.fr\/wp-content\/uploads\/2018\/09\/Bulletin_Soci\u00e9t\u00e9_de_g\u00e9ographie_Dijon-605x1024.jpeg 605w, https:\/\/www.bourgogne-savante.fr\/wp-content\/uploads\/2018\/09\/Bulletin_Soci\u00e9t\u00e9_de_g\u00e9ographie_Dijon-89x150.jpeg 89w, https:\/\/www.bourgogne-savante.fr\/wp-content\/uploads\/2018\/09\/Bulletin_Soci\u00e9t\u00e9_de_g\u00e9ographie_Dijon-177x300.jpeg 177w, https:\/\/www.bourgogne-savante.fr\/wp-content\/uploads\/2018\/09\/Bulletin_Soci\u00e9t\u00e9_de_g\u00e9ographie_Dijon-768x1300.jpeg 768w, https:\/\/www.bourgogne-savante.fr\/wp-content\/uploads\/2018\/09\/Bulletin_Soci\u00e9t\u00e9_de_g\u00e9ographie_Dijon.jpeg 849w\" sizes=\"auto, (max-width: 605px) 85vw, 605px\" \/><\/a><\/figure>\n<\/div><\/div>\n\n\n\n<div class=\"wp-block-column is-layout-flow wp-block-column-is-layout-flow\" style=\"flex-basis:75%\">\n<h5 style=\"font-family:Gadugi;color:#660033;\" id=\"revue3\">Bulletin &#8211; Soci\u00e9t\u00e9 de g\u00e9ographie de Dijon<\/h5>\n<p style=\"font-family:Gadugi;\">Num\u00e9ros disponibles dans <a href=\"https:\/\/gallica.bnf.fr\/ark:\/12148\/cb344220684\/date\" target=\"_blank\" rel=\"noopener\">Gallica<\/a> : de 1881 \u00e0 1882<\/p>\n<p style=\"font-family:Gadugi;margin-top:-20px\">Voir aussi : <i><a href=\"#revue5\">M\u00e9moires de la Soci\u00e9t\u00e9 bourguignonne de g\u00e9ographie et d&rsquo;histoire<\/a><\/i><\/p>\n<\/div>\n<\/div>\n\n\n\n<hr class=\"wp-block-separator has-text-color has-alpha-channel-opacity has-background is-style-wide\" style=\"background-color:#660033;color:#660033\"\/>\n\n\n\n<div class=\"wp-block-columns is-layout-flex wp-container-core-columns-is-layout-9d6595d7 wp-block-columns-is-layout-flex\">\n<div class=\"wp-block-column is-layout-flow wp-block-column-is-layout-flow\" style=\"flex-basis:25%\"><div class=\"wp-block-image\">\n<figure class=\"aligncenter size-full is-resized\"><a href=\"https:\/\/preo.u-bourgogne.fr\/crescentis\/\" target=\"_blank\" rel=\"noreferrer noopener\"><img loading=\"lazy\" decoding=\"async\" width=\"500\" height=\"300\" src=\"https:\/\/www.bourgogne-savante.fr\/wp-content\/uploads\/Crescentis.jpg\" alt=\"Crescentis. Revue internationale d'histoire de la vigne et du vin\" class=\"wp-image-2274\" style=\"width:160px;height:96px\" title=\"Crescentis. Revue internationale d'histoire de la vigne et du vin\" srcset=\"https:\/\/www.bourgogne-savante.fr\/wp-content\/uploads\/Crescentis.jpg 500w, https:\/\/www.bourgogne-savante.fr\/wp-content\/uploads\/Crescentis-300x180.jpg 300w, https:\/\/www.bourgogne-savante.fr\/wp-content\/uploads\/Crescentis-150x90.jpg 150w\" sizes=\"auto, (max-width: 500px) 85vw, 500px\" \/><\/a><\/figure>\n<\/div><\/div>\n\n\n\n<div class=\"wp-block-column is-layout-flow wp-block-column-is-layout-flow\" style=\"flex-basis:75%\">\n<h5 style=\"font-family:Gadugi;color:#660033;\">Crescentis. Revue internationale d&rsquo;histoire de la vigne et du vin<\/h5>\n<p style=\"font-family:Gadugi;\">Num\u00e9ros disponibles sur la plateforme <a href=\"https:\/\/preo.u-bourgogne.fr\/crescentis\/\" target=\"_blank\" rel=\"noopener\">PREO<\/a> : depuis le num\u00e9ro 1 (2018)<\/p>\n<\/div>\n<\/div>\n\n\n\n<hr class=\"wp-block-separator has-text-color has-alpha-channel-opacity has-background is-style-wide\" style=\"background-color:#660033;color:#660033\"\/>\n\n\n\n<div class=\"wp-block-columns is-layout-flex wp-container-core-columns-is-layout-9d6595d7 wp-block-columns-is-layout-flex\">\n<div class=\"wp-block-column is-layout-flow wp-block-column-is-layout-flow\" style=\"flex-basis:25%\"><div class=\"wp-block-image\">\n<figure class=\"aligncenter size-large is-resized\"><a href=\"https:\/\/gallica.bnf.fr\/ark:\/12148\/cb343956992\/date\" target=\"_blank\" rel=\"noreferrer noopener\"><img loading=\"lazy\" decoding=\"async\" width=\"620\" height=\"1024\" src=\"https:\/\/www.bourgogne-savante.fr\/wp-content\/uploads\/2018\/09\/Les_Deux_Bourgognes-620x1024.jpeg\" alt=\"Les Deux Bourgognes\" class=\"wp-image-1656\" style=\"width:160px;height:264px\" title=\"Les Deux Bourgognes\" srcset=\"https:\/\/www.bourgogne-savante.fr\/wp-content\/uploads\/2018\/09\/Les_Deux_Bourgognes-620x1024.jpeg 620w, https:\/\/www.bourgogne-savante.fr\/wp-content\/uploads\/2018\/09\/Les_Deux_Bourgognes-91x150.jpeg 91w, https:\/\/www.bourgogne-savante.fr\/wp-content\/uploads\/2018\/09\/Les_Deux_Bourgognes-182x300.jpeg 182w, https:\/\/www.bourgogne-savante.fr\/wp-content\/uploads\/2018\/09\/Les_Deux_Bourgognes-768x1268.jpeg 768w, https:\/\/www.bourgogne-savante.fr\/wp-content\/uploads\/2018\/09\/Les_Deux_Bourgognes.jpeg 873w\" sizes=\"auto, (max-width: 620px) 85vw, 620px\" \/><\/a><\/figure>\n<\/div><\/div>\n\n\n\n<div class=\"wp-block-column is-layout-flow wp-block-column-is-layout-flow\" style=\"flex-basis:75%\">\n<h5 style=\"font-family:Gadugi;color:#660033;\">Les Deux Bourgognes<\/h5>\n<p style=\"font-family:Gadugi;\">Num\u00e9ros disponibles dans <a href=\"https:\/\/gallica.bnf.fr\/ark:\/12148\/cb343956992\/date\" target=\"_blank\" rel=\"noopener\">Gallica<\/a> : de 1836 \u00e0 1839<\/p>\n<\/div>\n<\/div>\n\n\n\n<hr class=\"wp-block-separator has-text-color has-alpha-channel-opacity has-background is-style-wide\" style=\"background-color:#660033;color:#660033\"\/>\n\n\n\n<div class=\"wp-block-columns is-layout-flex wp-container-core-columns-is-layout-9d6595d7 wp-block-columns-is-layout-flex\">\n<div class=\"wp-block-column is-layout-flow wp-block-column-is-layout-flow\" style=\"flex-basis:25%\"><div class=\"wp-block-image\">\n<figure class=\"aligncenter size-full is-resized\"><a href=\"https:\/\/www.bourgogne-savante.fr\/index.php\/lettredelabourgognesavante\/\" target=\"_blank\" rel=\"noreferrer noopener\"><img loading=\"lazy\" decoding=\"async\" width=\"295\" height=\"371\" src=\"https:\/\/www.bourgogne-savante.fr\/wp-content\/uploads\/2018\/09\/Lettre_de_la_Bourgogne_savante.png\" alt=\"Lettre de la Bourgogne savante\" class=\"wp-image-1663\" style=\"width:160px;height:201px\" title=\"Lettre de la Bourgogne savante\" srcset=\"https:\/\/www.bourgogne-savante.fr\/wp-content\/uploads\/2018\/09\/Lettre_de_la_Bourgogne_savante.png 295w, https:\/\/www.bourgogne-savante.fr\/wp-content\/uploads\/2018\/09\/Lettre_de_la_Bourgogne_savante-119x150.png 119w, https:\/\/www.bourgogne-savante.fr\/wp-content\/uploads\/2018\/09\/Lettre_de_la_Bourgogne_savante-239x300.png 239w\" sizes=\"auto, (max-width: 295px) 85vw, 295px\" \/><\/a><\/figure>\n<\/div><\/div>\n\n\n\n<div class=\"wp-block-column is-layout-flow wp-block-column-is-layout-flow\" style=\"flex-basis:75%\">\n<h5 style=\"font-family:Gadugi;color:#660033;\" id=\"revue4\">Lettre de la Bourgogne savante<\/h5>\n<p style=\"font-family:Gadugi;\">Num\u00e9ros disponibles sur le <a href=\"https:\/\/www.bourgogne-savante.fr\/index.php\/lettredelabourgognesavante\/\" target=\"_blank\" rel=\"noopener\">site de l&rsquo;Association bourguignonne des soci\u00e9t\u00e9s savantes<\/a> : depuis le num\u00e9ro 1 (2016)<\/p>\n<p style=\"font-family:Gadugi;margin-top:-20px\">Voir aussi :\n<ul style=\"font-family:Gadugi;padding-left:20px;list-style-type:square;margin-top:-27px;\">\n \t<li><i><a href=\"#revue1\">Bulletin &#8211; Association bourguignonne des soci\u00e9t\u00e9s savantes<\/a><\/i><\/li>\n \t<li><i><a href=\"#revue2\">Bulletin d&rsquo;information &#8211; Association bourguignonne des soci\u00e9t\u00e9s savantes<\/a><\/i><\/li>\n<\/ul><\/p>\n<\/div>\n<\/div>\n\n\n\n<hr class=\"wp-block-separator has-text-color has-alpha-channel-opacity has-background is-style-wide\" style=\"background-color:#660033;color:#660033\"\/>\n\n\n\n<div class=\"wp-block-columns is-layout-flex wp-container-core-columns-is-layout-9d6595d7 wp-block-columns-is-layout-flex\">\n<div class=\"wp-block-column is-layout-flow wp-block-column-is-layout-flow\" style=\"flex-basis:25%\"><div class=\"wp-block-image\">\n<figure class=\"aligncenter size-large is-resized\"><a href=\"https:\/\/gallica.bnf.fr\/ark:\/12148\/cb34421798r\/date\" target=\"_blank\" rel=\"noreferrer noopener\"><img loading=\"lazy\" decoding=\"async\" width=\"559\" height=\"1024\" src=\"https:\/\/www.bourgogne-savante.fr\/wp-content\/uploads\/2018\/09\/M\u00e9moires_de_la_Soci\u00e9t\u00e9_bourguignonne_de_g\u00e9ographie-559x1024.jpeg\" alt=\"M\u00e9moires de la Soci\u00e9t\u00e9 bourguignonne de g\u00e9ographie et d'histoire\" class=\"wp-image-1617\" style=\"width:160px;height:293px\" title=\"M\u00e9moires de la Soci\u00e9t\u00e9 bourguignonne de g\u00e9ographie et d'histoire\" srcset=\"https:\/\/www.bourgogne-savante.fr\/wp-content\/uploads\/2018\/09\/M\u00e9moires_de_la_Soci\u00e9t\u00e9_bourguignonne_de_g\u00e9ographie-559x1024.jpeg 559w, https:\/\/www.bourgogne-savante.fr\/wp-content\/uploads\/2018\/09\/M\u00e9moires_de_la_Soci\u00e9t\u00e9_bourguignonne_de_g\u00e9ographie-82x150.jpeg 82w, https:\/\/www.bourgogne-savante.fr\/wp-content\/uploads\/2018\/09\/M\u00e9moires_de_la_Soci\u00e9t\u00e9_bourguignonne_de_g\u00e9ographie-164x300.jpeg 164w, https:\/\/www.bourgogne-savante.fr\/wp-content\/uploads\/2018\/09\/M\u00e9moires_de_la_Soci\u00e9t\u00e9_bourguignonne_de_g\u00e9ographie-768x1406.jpeg 768w, https:\/\/www.bourgogne-savante.fr\/wp-content\/uploads\/2018\/09\/M\u00e9moires_de_la_Soci\u00e9t\u00e9_bourguignonne_de_g\u00e9ographie.jpeg 785w\" sizes=\"auto, (max-width: 559px) 85vw, 559px\" \/><\/a><\/figure>\n<\/div><\/div>\n\n\n\n<div class=\"wp-block-column is-layout-flow wp-block-column-is-layout-flow\" style=\"flex-basis:75%\">\n<h5 style=\"font-family:Gadugi;color:#660033;\" id=\"revue5\">M\u00e9moires de la Soci\u00e9t\u00e9 bourguignonne de g\u00e9ographie et d&rsquo;histoire<\/h5>\n<p style=\"font-family:Gadugi;\">Num\u00e9ros disponibles dans <a href=\"https:\/\/gallica.bnf.fr\/ark:\/12148\/cb34421798r\/date\" target=\"_blank\" rel=\"noopener\">Gallica<\/a> : de 1884 \u00e0 1914<\/p>\n<p style=\"font-family:Gadugi;margin-top:-20px\">Voir aussi : <i><a href=\"#revue3\">Bulletin &#8211; Soci\u00e9t\u00e9 de g\u00e9ographie de Dijon<\/a><\/i><\/p>\n<\/div>\n<\/div>\n\n\n\n<hr class=\"wp-block-separator has-text-color has-alpha-channel-opacity has-background is-style-wide\" style=\"background-color:#660033;color:#660033\"\/>\n\n\n\n<div class=\"wp-block-columns is-layout-flex wp-container-core-columns-is-layout-9d6595d7 wp-block-columns-is-layout-flex\">\n<div class=\"wp-block-column is-layout-flow wp-block-column-is-layout-flow\" style=\"flex-basis:25%\"><div class=\"wp-block-image\">\n<figure class=\"aligncenter size-large is-resized\"><a href=\"https:\/\/gallica.bnf.fr\/ark:\/12148\/cb343785722\/date\" target=\"_blank\" rel=\"noreferrer noopener\"><img loading=\"lazy\" decoding=\"async\" width=\"580\" height=\"1024\" src=\"https:\/\/www.bourgogne-savante.fr\/wp-content\/uploads\/2018\/09\/M\u00e9moires_de_la_Soci\u00e9t\u00e9_pour_histoire_droit-580x1024.jpeg\" alt=\"M\u00e9moires de la Soci\u00e9t\u00e9 pour l\u2019histoire du droit et des institutions des anciens pays bourguignons, comtois et romands\" class=\"wp-image-1643\" style=\"width:160px;height:282px\" title=\"M\u00e9moires de la Soci\u00e9t\u00e9 pour l\u2019histoire du droit et des institutions des anciens pays bourguignons, comtois et romands\" srcset=\"https:\/\/www.bourgogne-savante.fr\/wp-content\/uploads\/2018\/09\/M\u00e9moires_de_la_Soci\u00e9t\u00e9_pour_histoire_droit-580x1024.jpeg 580w, https:\/\/www.bourgogne-savante.fr\/wp-content\/uploads\/2018\/09\/M\u00e9moires_de_la_Soci\u00e9t\u00e9_pour_histoire_droit-85x150.jpeg 85w, https:\/\/www.bourgogne-savante.fr\/wp-content\/uploads\/2018\/09\/M\u00e9moires_de_la_Soci\u00e9t\u00e9_pour_histoire_droit-170x300.jpeg 170w, https:\/\/www.bourgogne-savante.fr\/wp-content\/uploads\/2018\/09\/M\u00e9moires_de_la_Soci\u00e9t\u00e9_pour_histoire_droit-768x1356.jpeg 768w, https:\/\/www.bourgogne-savante.fr\/wp-content\/uploads\/2018\/09\/M\u00e9moires_de_la_Soci\u00e9t\u00e9_pour_histoire_droit.jpeg 825w\" sizes=\"auto, (max-width: 580px) 85vw, 580px\" \/><\/a><\/figure>\n<\/div><\/div>\n\n\n\n<div class=\"wp-block-column is-layout-flow wp-block-column-is-layout-flow\" style=\"flex-basis:75%\">\n<h5 style=\"font-family:Gadugi;color:#660033;\">M\u00e9moires de la Soci\u00e9t\u00e9 pour l&rsquo;histoire du droit et des institutions des anciens pays bourguignons, comtois et romands<\/h5>\n<p style=\"font-family:Gadugi;\">Num\u00e9ros disponibles dans <a href=\"https:\/\/gallica.bnf.fr\/ark:\/12148\/cb343785722\/date\" target=\"_blank\" rel=\"noopener\">Gallica<\/a> : de 1932 \u00e0 1943<\/p>\n<\/div>\n<\/div>\n\n\n\n<hr class=\"wp-block-separator has-text-color has-alpha-channel-opacity has-background is-style-wide\" style=\"background-color:#660033;color:#660033\"\/>\n\n\n\n<div class=\"wp-block-columns is-layout-flex wp-container-core-columns-is-layout-9d6595d7 wp-block-columns-is-layout-flex\">\n<div class=\"wp-block-column is-layout-flow wp-block-column-is-layout-flow\" style=\"flex-basis:25%\"><div class=\"wp-block-image\">\n<figure class=\"aligncenter size-full is-resized\"><a href=\"https:\/\/journals.openedition.org\/rae\/index.html\" target=\"_blank\" rel=\"noreferrer noopener\"><img loading=\"lazy\" decoding=\"async\" width=\"181\" height=\"95\" src=\"https:\/\/www.bourgogne-savante.fr\/wp-content\/uploads\/2018\/09\/Revue_archeologique_de_l_est.png\" alt=\"Revue arch\u00e9ologique de l'Est\" class=\"wp-image-1644\" style=\"width:160px;height:83px\" title=\"Revue arch\u00e9ologique de l'Est\" srcset=\"https:\/\/www.bourgogne-savante.fr\/wp-content\/uploads\/2018\/09\/Revue_archeologique_de_l_est.png 181w, https:\/\/www.bourgogne-savante.fr\/wp-content\/uploads\/2018\/09\/Revue_archeologique_de_l_est-150x79.png 150w\" sizes=\"auto, (max-width: 181px) 85vw, 181px\" \/><\/a><\/figure>\n<\/div><\/div>\n\n\n\n<div class=\"wp-block-column is-layout-flow wp-block-column-is-layout-flow\" style=\"flex-basis:75%\">\n<h5 style=\"font-family:Gadugi;color:#660033;\">Revue arch\u00e9ologique de l&rsquo;Est<\/h5>\n<p style=\"font-family:Gadugi;\">Num\u00e9ros disponibles sur le portail <a href=\"https:\/\/journals.openedition.org\/rae\/index.html\" target=\"_blank\" rel=\"noopener\">OpenEdition<\/a> : depuis le tome 54 (2005)<br>\nLes num\u00e9ros de la revue sont librement accessibles en ligne apr\u00e8s un d\u00e9lai de restriction d&rsquo;un an.<\/p>\n<\/div>\n<\/div>\n\n\n\n<hr class=\"wp-block-separator has-text-color has-alpha-channel-opacity has-background is-style-wide\" style=\"background-color:#660033;color:#660033\"\/>\n\n\n\n<div class=\"wp-block-columns is-layout-flex wp-container-core-columns-is-layout-9d6595d7 wp-block-columns-is-layout-flex\">\n<div class=\"wp-block-column is-layout-flow wp-block-column-is-layout-flow\" style=\"flex-basis:25%\"><div class=\"wp-block-image\">\n<figure class=\"aligncenter size-large is-resized\"><a href=\"https:\/\/gallica.bnf.fr\/ark:\/12148\/cb328565822\/date\" target=\"_blank\" rel=\"noreferrer noopener\"><img loading=\"lazy\" decoding=\"async\" width=\"640\" height=\"1024\" src=\"https:\/\/www.bourgogne-savante.fr\/wp-content\/uploads\/2018\/09\/Revue_champenoise_et_bourguignonne-640x1024.jpeg\" alt=\"Revue champenoise et bourguignonne\" class=\"wp-image-1658\" style=\"width:160px;height:256px\" title=\"Revue champenoise et bourguignonne\" srcset=\"https:\/\/www.bourgogne-savante.fr\/wp-content\/uploads\/2018\/09\/Revue_champenoise_et_bourguignonne-640x1024.jpeg 640w, https:\/\/www.bourgogne-savante.fr\/wp-content\/uploads\/2018\/09\/Revue_champenoise_et_bourguignonne-94x150.jpeg 94w, https:\/\/www.bourgogne-savante.fr\/wp-content\/uploads\/2018\/09\/Revue_champenoise_et_bourguignonne-187x300.jpeg 187w, https:\/\/www.bourgogne-savante.fr\/wp-content\/uploads\/2018\/09\/Revue_champenoise_et_bourguignonne-768x1230.jpeg 768w, https:\/\/www.bourgogne-savante.fr\/wp-content\/uploads\/2018\/09\/Revue_champenoise_et_bourguignonne.jpeg 885w\" sizes=\"auto, (max-width: 640px) 85vw, 640px\" \/><\/a><\/figure>\n<\/div><\/div>\n\n\n\n<div class=\"wp-block-column is-layout-flow wp-block-column-is-layout-flow\" style=\"flex-basis:75%\">\n<h5 style=\"font-family:Gadugi;color:#660033;\">Revue champenoise et bourguignonne<\/h5>\n<p style=\"font-family:Gadugi;\">Num\u00e9ros disponibles dans <a href=\"https:\/\/gallica.bnf.fr\/ark:\/12148\/cb328565822\/date\" target=\"_blank\" rel=\"noopener\">Gallica<\/a> : de 1904 \u00e0 1905<\/p>\n<\/div>\n<\/div>\n\n\n\n<hr class=\"wp-block-separator has-text-color has-alpha-channel-opacity has-background is-style-wide\" style=\"background-color:#660033;color:#660033\"\/>\n\n\n\n<div class=\"wp-block-columns is-layout-flex wp-container-core-columns-is-layout-9d6595d7 wp-block-columns-is-layout-flex\">\n<div class=\"wp-block-column is-layout-flow wp-block-column-is-layout-flow\" style=\"flex-basis:25%\"><div class=\"wp-block-image\">\n<figure class=\"aligncenter size-full is-resized\"><a href=\"https:\/\/gallica.bnf.fr\/ark:\/12148\/cb32896442c\/date\" target=\"_blank\" rel=\"noreferrer noopener\"><img loading=\"lazy\" decoding=\"async\" width=\"789\" height=\"969\" src=\"https:\/\/www.bourgogne-savante.fr\/wp-content\/uploads\/2018\/09\/La_Revue_de_Bourgogne.jpeg\" alt=\"La revue de Bourgogne\" class=\"wp-image-1662\" style=\"width:160px;height:196px\" title=\"La revue de Bourgogne\" srcset=\"https:\/\/www.bourgogne-savante.fr\/wp-content\/uploads\/2018\/09\/La_Revue_de_Bourgogne.jpeg 789w, https:\/\/www.bourgogne-savante.fr\/wp-content\/uploads\/2018\/09\/La_Revue_de_Bourgogne-122x150.jpeg 122w, https:\/\/www.bourgogne-savante.fr\/wp-content\/uploads\/2018\/09\/La_Revue_de_Bourgogne-244x300.jpeg 244w, https:\/\/www.bourgogne-savante.fr\/wp-content\/uploads\/2018\/09\/La_Revue_de_Bourgogne-768x943.jpeg 768w\" sizes=\"auto, (max-width: 789px) 85vw, 789px\" \/><\/a><\/figure>\n<\/div><\/div>\n\n\n\n<div class=\"wp-block-column is-layout-flow wp-block-column-is-layout-flow\" style=\"flex-basis:75%\">\n<h5 style=\"font-family:Gadugi;color:#660033;\">La Revue de Bourgogne<\/h5>\n<p style=\"font-family:Gadugi;\">Num\u00e9ros disponibles dans <a href=\"https:\/\/gallica.bnf.fr\/ark:\/12148\/cb32896442c\/date\" target=\"_blank\" rel=\"noopener\">Gallica<\/a> : de 1911 \u00e0 1925<\/p>\n<\/div>\n<\/div>\n\n\n\n<hr class=\"wp-block-separator has-text-color has-alpha-channel-opacity has-background is-style-wide\" style=\"background-color:#660033;color:#660033\"\/>\n\n\n\n<div class=\"wp-block-columns is-layout-flex wp-container-core-columns-is-layout-9d6595d7 wp-block-columns-is-layout-flex\">\n<div class=\"wp-block-column is-layout-flow wp-block-column-is-layout-flow\" style=\"flex-basis:25%\"><div class=\"wp-block-image\">\n<figure class=\"aligncenter size-large is-resized\"><a href=\"https:\/\/gallica.bnf.fr\/ark:\/12148\/bpt6k98012794\" target=\"_blank\" rel=\"noreferrer noopener\"><img loading=\"lazy\" decoding=\"async\" width=\"772\" height=\"1024\" src=\"https:\/\/www.bourgogne-savante.fr\/wp-content\/uploads\/2018\/09\/La_Revue_de_la_Ni\u00e8vre-772x1024.jpeg\" alt=\"La revue de la Ni\u00e8vre et du Centre\" class=\"wp-image-1654\" style=\"width:160px;height:212px\" title=\"La revue de la Ni\u00e8vre et du Centre\" srcset=\"https:\/\/www.bourgogne-savante.fr\/wp-content\/uploads\/2018\/09\/La_Revue_de_la_Ni\u00e8vre-772x1024.jpeg 772w, https:\/\/www.bourgogne-savante.fr\/wp-content\/uploads\/2018\/09\/La_Revue_de_la_Ni\u00e8vre-113x150.jpeg 113w, https:\/\/www.bourgogne-savante.fr\/wp-content\/uploads\/2018\/09\/La_Revue_de_la_Ni\u00e8vre-226x300.jpeg 226w, https:\/\/www.bourgogne-savante.fr\/wp-content\/uploads\/2018\/09\/La_Revue_de_la_Ni\u00e8vre-768x1018.jpeg 768w, https:\/\/www.bourgogne-savante.fr\/wp-content\/uploads\/2018\/09\/La_Revue_de_la_Ni\u00e8vre.jpeg 939w\" sizes=\"auto, (max-width: 772px) 85vw, 772px\" \/><\/a><\/figure>\n<\/div><\/div>\n\n\n\n<div class=\"wp-block-column is-layout-flow wp-block-column-is-layout-flow\" style=\"flex-basis:75%\">\n<h5 style=\"font-family:Gadugi;color:#660033;\" id=\"revue6\">La Revue de la Ni\u00e8vre et du Centre<\/h5>\n<p style=\"font-family:Gadugi;\">Num\u00e9ros disponibles dans <a href=\"https:\/\/gallica.bnf.fr\/ark:\/12148\/bpt6k98012794\" target=\"_blank\" rel=\"noopener\">Gallica<\/a> : mai-juin 1925<\/p>\n<p style=\"font-family:Gadugi;margin-top:-20px\">Voir aussi : <i><a href=\"#revue7\">La Revue du Centre (Paris)<\/a><\/i><\/p>\n<\/div>\n<\/div>\n\n\n\n<hr class=\"wp-block-separator has-text-color has-alpha-channel-opacity has-background is-style-wide\" style=\"background-color:#660033;color:#660033\"\/>\n\n\n\n<div class=\"wp-block-columns is-layout-flex wp-container-core-columns-is-layout-9d6595d7 wp-block-columns-is-layout-flex\">\n<div class=\"wp-block-column is-layout-flow wp-block-column-is-layout-flow\" style=\"flex-basis:25%\"><div class=\"wp-block-image\">\n<figure class=\"aligncenter size-large is-resized\"><a href=\"https:\/\/gallica.bnf.fr\/ark:\/12148\/cb32859025k\/date\" target=\"_blank\" rel=\"noreferrer noopener\"><img loading=\"lazy\" decoding=\"async\" width=\"760\" height=\"1024\" src=\"https:\/\/www.bourgogne-savante.fr\/wp-content\/uploads\/2018\/09\/La_Revue_du_Centre-760x1024.jpeg\" alt=\"La Revue du Centre\" class=\"wp-image-1655\" style=\"width:160px;height:215px\" title=\"La Revue du Centre\" srcset=\"https:\/\/www.bourgogne-savante.fr\/wp-content\/uploads\/2018\/09\/La_Revue_du_Centre-760x1024.jpeg 760w, https:\/\/www.bourgogne-savante.fr\/wp-content\/uploads\/2018\/09\/La_Revue_du_Centre-111x150.jpeg 111w, https:\/\/www.bourgogne-savante.fr\/wp-content\/uploads\/2018\/09\/La_Revue_du_Centre-223x300.jpeg 223w, https:\/\/www.bourgogne-savante.fr\/wp-content\/uploads\/2018\/09\/La_Revue_du_Centre-768x1035.jpeg 768w, https:\/\/www.bourgogne-savante.fr\/wp-content\/uploads\/2018\/09\/La_Revue_du_Centre.jpeg 949w\" sizes=\"auto, (max-width: 760px) 85vw, 760px\" \/><\/a><\/figure>\n<\/div><\/div>\n\n\n\n<div class=\"wp-block-column is-layout-flow wp-block-column-is-layout-flow\" style=\"flex-basis:75%\">\n<h5 style=\"font-family:Gadugi;color:#660033;\" id=\"revue7\">La Revue du Centre (Paris)<\/h5>\n<p style=\"font-family:Gadugi;\">Num\u00e9ros disponibles dans <a href=\"https:\/\/gallica.bnf.fr\/ark:\/12148\/cb32859025k\/date\" target=\"_blank\" rel=\"noopener\">Gallica<\/a> : de 1926 \u00e0 1935<\/p>\n<p style=\"font-family:Gadugi;margin-top:-20px\">Voir aussi : <i><a href=\"#revue6\">La Revue de la Ni\u00e8vre et du Centre<\/a><\/i><\/p>\n<\/div>\n<\/div>\n\n\n\n<hr class=\"wp-block-separator has-text-color has-alpha-channel-opacity has-background is-style-wide\" style=\"background-color:#660033;color:#660033\"\/>\n\n\n\n<div class=\"wp-block-columns is-layout-flex wp-container-core-columns-is-layout-9d6595d7 wp-block-columns-is-layout-flex\">\n<div class=\"wp-block-column is-layout-flow wp-block-column-is-layout-flow\" style=\"flex-basis:25%\"><div class=\"wp-block-image\">\n<figure class=\"aligncenter size-full is-resized\"><a href=\"https:\/\/journals.openedition.org\/rge\/\" target=\"_blank\" rel=\"noreferrer noopener\"><img loading=\"lazy\" decoding=\"async\" width=\"368\" height=\"525\" src=\"https:\/\/www.bourgogne-savante.fr\/wp-content\/uploads\/2018\/09\/Revue_geographique_de_l_est.jpeg\" alt=\"Revue g\u00e9ographique de l'Est\" class=\"wp-image-1645\" style=\"width:160px;height:228px\" title=\"Revue g\u00e9ographique de l'Est\" srcset=\"https:\/\/www.bourgogne-savante.fr\/wp-content\/uploads\/2018\/09\/Revue_geographique_de_l_est.jpeg 368w, https:\/\/www.bourgogne-savante.fr\/wp-content\/uploads\/2018\/09\/Revue_geographique_de_l_est-105x150.jpeg 105w, https:\/\/www.bourgogne-savante.fr\/wp-content\/uploads\/2018\/09\/Revue_geographique_de_l_est-210x300.jpeg 210w\" sizes=\"auto, (max-width: 368px) 85vw, 368px\" \/><\/a><\/figure>\n<\/div><\/div>\n\n\n\n<div class=\"wp-block-column is-layout-flow wp-block-column-is-layout-flow\" style=\"flex-basis:75%\">\n<h5 style=\"font-family:Gadugi;color:#660033;\">Revue g\u00e9ographique de l&rsquo;Est<\/h5>\n<p style=\"font-family:Gadugi;\">Num\u00e9ros disponibles sur le portail <a href=\"https:\/\/journals.openedition.org\/rge\/\" target=\"_blank\" rel=\"noopener\">OpenEdition<\/a> : depuis le volume 39 (1999)<br>\nNum\u00e9ros disponibles dans <a href=\"http:\/\/www.persee.fr\/collection\/rgest\" target=\"_blank\" rel=\"noopener\">Pers\u00e9e<\/a> : du volume 1 (1961) au volume 38 (1998)<\/p>\n<\/div>\n<\/div>\n\n\n\n<hr class=\"wp-block-separator has-text-color has-alpha-channel-opacity has-background is-style-wide\" style=\"background-color:#660033;color:#660033\"\/>\n\n\n\n<div class=\"wp-block-columns is-layout-flex wp-container-core-columns-is-layout-9d6595d7 wp-block-columns-is-layout-flex\">\n<div class=\"wp-block-column is-layout-flow wp-block-column-is-layout-flow\" style=\"flex-basis:25%\"><div class=\"wp-block-image\">\n<figure class=\"aligncenter size-full is-resized\"><a href=\"https:\/\/preo.u-bourgogne.fr\/territoiresduvin\/\" target=\"_blank\" rel=\"noreferrer noopener\"><img loading=\"lazy\" decoding=\"async\" width=\"383\" height=\"148\" src=\"https:\/\/www.bourgogne-savante.fr\/wp-content\/uploads\/2018\/09\/Territoires_du_vin.jpg\" alt=\"Territoires du vin\" class=\"wp-image-1646\" style=\"width:160px;height:61px\" title=\"Territoires du vin\" srcset=\"https:\/\/www.bourgogne-savante.fr\/wp-content\/uploads\/2018\/09\/Territoires_du_vin.jpg 383w, https:\/\/www.bourgogne-savante.fr\/wp-content\/uploads\/2018\/09\/Territoires_du_vin-150x58.jpg 150w, https:\/\/www.bourgogne-savante.fr\/wp-content\/uploads\/2018\/09\/Territoires_du_vin-300x116.jpg 300w\" sizes=\"auto, (max-width: 383px) 85vw, 383px\" \/><\/a><\/figure>\n<\/div><\/div>\n\n\n\n<div class=\"wp-block-column is-layout-flow wp-block-column-is-layout-flow\" style=\"flex-basis:75%\">\n<h5 style=\"font-family:Gadugi;color:#660033;\">Territoires du vin<\/h5>\n<p style=\"font-family:Gadugi;\">Num\u00e9ros disponibles sur la plateforme <a href=\"https:\/\/preo.u-bourgogne.fr\/territoiresduvin\/\" target=\"_blank\" rel=\"noopener\">PREO<\/a> : depuis le num\u00e9ro 1 (2009)<\/p>\n<\/div>\n<\/div>\n\n\n\n<hr class=\"wp-block-separator has-text-color has-alpha-channel-opacity has-background is-style-wide\" style=\"background-color:#660033;color:#660033;padding-top:2px\"\/>\n\n\n\n<h2 style=\"font-family:Gadugi;color:#660033;margin-top:30px;margin-bottom:50px;\" id=\"CO\">C\u00f4te-d&rsquo;Or<\/h2>\n\n\n\n<div class=\"wp-block-columns is-layout-flex wp-container-core-columns-is-layout-9d6595d7 wp-block-columns-is-layout-flex\">\n<div class=\"wp-block-column is-layout-flow wp-block-column-is-layout-flow\" style=\"flex-basis:25%\"><div class=\"wp-block-image\">\n<figure class=\"aligncenter size-full is-resized\"><a href=\"https:\/\/books.google.fr\/books?id=yDwKA0BVTWYC&amp;hl=fr&amp;pg=PP13#v=onepage&amp;q&amp;f=false\" target=\"_blank\" rel=\"noreferrer noopener\"><img loading=\"lazy\" decoding=\"async\" width=\"317\" height=\"547\" src=\"https:\/\/www.bourgogne-savante.fr\/wp-content\/uploads\/2018\/09\/Annuaire_departement_Cote_d_Or.png\" alt=\"Annuaire du d\u00e9partement de la C\u00f4te-d\u2019Or\" class=\"wp-image-1794\" style=\"width:160px;height:276px\" title=\"Annuaire du d\u00e9partement de la C\u00f4te-d\u2019Or\" srcset=\"https:\/\/www.bourgogne-savante.fr\/wp-content\/uploads\/2018\/09\/Annuaire_departement_Cote_d_Or.png 317w, https:\/\/www.bourgogne-savante.fr\/wp-content\/uploads\/2018\/09\/Annuaire_departement_Cote_d_Or-87x150.png 87w, https:\/\/www.bourgogne-savante.fr\/wp-content\/uploads\/2018\/09\/Annuaire_departement_Cote_d_Or-174x300.png 174w\" sizes=\"auto, (max-width: 317px) 85vw, 317px\" \/><\/a><\/figure>\n<\/div><\/div>\n\n\n\n<div class=\"wp-block-column is-layout-flow wp-block-column-is-layout-flow\" style=\"flex-basis:75%\">\n<h5 style=\"font-family:Gadugi;color:#660033;\">Annuaire du d\u00e9partement de la C\u00f4te-d&rsquo;Or<\/h5>\n<p style=\"font-family:Gadugi;\">Num\u00e9ros disponibles dans <a href=\"https:\/\/books.google.fr\/books?id=yDwKA0BVTWYC&amp;hl=fr&amp;pg=PP13#v=onepage&amp;q&amp;f=false\" target=\"_blank\" rel=\"noopener\">Google Livres<\/a> : ann\u00e9e 1828<\/p>\n<\/div>\n<\/div>\n\n\n\n<hr class=\"wp-block-separator has-text-color has-alpha-channel-opacity has-background is-style-wide\" style=\"background-color:#660033;color:#660033\"\/>\n\n\n\n<div class=\"wp-block-columns is-layout-flex wp-container-core-columns-is-layout-9d6595d7 wp-block-columns-is-layout-flex\">\n<div class=\"wp-block-column is-layout-flow wp-block-column-is-layout-flow\" style=\"flex-basis:25%\"><div class=\"wp-block-image\">\n<figure class=\"aligncenter size-large is-resized\"><a href=\"https:\/\/gallica.bnf.fr\/ark:\/12148\/cb34422773n\/date\" target=\"_blank\" rel=\"noreferrer noopener\"><img loading=\"lazy\" decoding=\"async\" width=\"647\" height=\"1024\" src=\"https:\/\/www.bourgogne-savante.fr\/wp-content\/uploads\/2018\/09\/Bulletin_de_la_Soci\u00e9t\u00e9_arch\u00e9ologique_Montbard-647x1024.jpeg\" alt=\"Bulletin de la Soci\u00e9t\u00e9 arch\u00e9ologique et biographique de Montbard\" class=\"wp-image-1751\" style=\"width:160px;height:253px\" title=\"Bulletin de la Soci\u00e9t\u00e9 arch\u00e9ologique et biographique de Montbard\" srcset=\"https:\/\/www.bourgogne-savante.fr\/wp-content\/uploads\/2018\/09\/Bulletin_de_la_Soci\u00e9t\u00e9_arch\u00e9ologique_Montbard-647x1024.jpeg 647w, https:\/\/www.bourgogne-savante.fr\/wp-content\/uploads\/2018\/09\/Bulletin_de_la_Soci\u00e9t\u00e9_arch\u00e9ologique_Montbard-95x150.jpeg 95w, https:\/\/www.bourgogne-savante.fr\/wp-content\/uploads\/2018\/09\/Bulletin_de_la_Soci\u00e9t\u00e9_arch\u00e9ologique_Montbard-190x300.jpeg 190w, https:\/\/www.bourgogne-savante.fr\/wp-content\/uploads\/2018\/09\/Bulletin_de_la_Soci\u00e9t\u00e9_arch\u00e9ologique_Montbard-768x1215.jpeg 768w, https:\/\/www.bourgogne-savante.fr\/wp-content\/uploads\/2018\/09\/Bulletin_de_la_Soci\u00e9t\u00e9_arch\u00e9ologique_Montbard.jpeg 893w\" sizes=\"auto, (max-width: 647px) 85vw, 647px\" \/><\/a><\/figure>\n<\/div><\/div>\n\n\n\n<div class=\"wp-block-column is-layout-flow wp-block-column-is-layout-flow\" style=\"flex-basis:75%\">\n<h5 style=\"font-family:Gadugi;color:#660033;\">Bulletin de la Soci\u00e9t\u00e9 arch\u00e9ologique et biographique de Montbard<\/h5>\n<p style=\"font-family:Gadugi;\">Num\u00e9ros disponibles dans <a href=\"https:\/\/gallica.bnf.fr\/ark:\/12148\/cb34422773n\/date\" target=\"_blank\" rel=\"noopener\">Gallica<\/a> : de 1910 \u00e0 1937<\/p>\n<\/div>\n<\/div>\n\n\n\n<hr class=\"wp-block-separator has-text-color has-alpha-channel-opacity has-background is-style-wide\" style=\"background-color:#660033;color:#660033\"\/>\n\n\n\n<div class=\"wp-block-columns is-layout-flex wp-container-core-columns-is-layout-9d6595d7 wp-block-columns-is-layout-flex\">\n<div class=\"wp-block-column is-layout-flow wp-block-column-is-layout-flow\" style=\"flex-basis:25%\"><div class=\"wp-block-image\">\n<figure class=\"aligncenter size-large is-resized\"><a href=\"https:\/\/gallica.bnf.fr\/ark:\/12148\/cb343982970\/date\" target=\"_blank\" rel=\"noreferrer noopener\"><img loading=\"lazy\" decoding=\"async\" width=\"708\" height=\"1024\" src=\"https:\/\/www.bourgogne-savante.fr\/wp-content\/uploads\/2018\/09\/Bulletin_de_la_Soci\u00e9t\u00e9_arch\u00e9ologique_Chatillonnais-708x1024.jpeg\" alt=\"Bulletin de la Soci\u00e9t\u00e9 arch\u00e9ologique et historique du Ch\u00e2tillonnais\" class=\"wp-image-1750\" style=\"width:160px;height:231px\" title=\"Bulletin de la Soci\u00e9t\u00e9 arch\u00e9ologique et historique du Ch\u00e2tillonnais\" srcset=\"https:\/\/www.bourgogne-savante.fr\/wp-content\/uploads\/2018\/09\/Bulletin_de_la_Soci\u00e9t\u00e9_arch\u00e9ologique_Chatillonnais-708x1024.jpeg 708w, https:\/\/www.bourgogne-savante.fr\/wp-content\/uploads\/2018\/09\/Bulletin_de_la_Soci\u00e9t\u00e9_arch\u00e9ologique_Chatillonnais-104x150.jpeg 104w, https:\/\/www.bourgogne-savante.fr\/wp-content\/uploads\/2018\/09\/Bulletin_de_la_Soci\u00e9t\u00e9_arch\u00e9ologique_Chatillonnais-207x300.jpeg 207w, https:\/\/www.bourgogne-savante.fr\/wp-content\/uploads\/2018\/09\/Bulletin_de_la_Soci\u00e9t\u00e9_arch\u00e9ologique_Chatillonnais-768x1112.jpeg 768w, https:\/\/www.bourgogne-savante.fr\/wp-content\/uploads\/2018\/09\/Bulletin_de_la_Soci\u00e9t\u00e9_arch\u00e9ologique_Chatillonnais.jpeg 1024w\" sizes=\"auto, (max-width: 708px) 85vw, 708px\" \/><\/a><\/figure>\n<\/div><\/div>\n\n\n\n<div class=\"wp-block-column is-layout-flow wp-block-column-is-layout-flow\" style=\"flex-basis:75%\">\n<h5 style=\"font-family:Gadugi;color:#660033;\">Bulletin de la Soci\u00e9t\u00e9 arch\u00e9ologique et historique du Ch\u00e2tillonnais<\/h5>\n<p style=\"font-family:Gadugi;\">Num\u00e9ros disponibles dans <a href=\"https:\/\/gallica.bnf.fr\/ark:\/12148\/cb343982970\/date\" target=\"_blank\" rel=\"noopener\">Gallica<\/a> : de 1881 \u00e0 1899<\/p>\n<\/div>\n<\/div>\n\n\n\n<hr class=\"wp-block-separator has-text-color has-alpha-channel-opacity has-background is-style-wide\" style=\"background-color:#660033;color:#660033\"\/>\n\n\n\n<div class=\"wp-block-columns is-layout-flex wp-container-core-columns-is-layout-9d6595d7 wp-block-columns-is-layout-flex\">\n<div class=\"wp-block-column is-layout-flow wp-block-column-is-layout-flow\" style=\"flex-basis:25%\"><div class=\"wp-block-image\">\n<figure class=\"aligncenter size-large is-resized\"><a href=\"https:\/\/gallica.bnf.fr\/ark:\/12148\/cb34412413r\/date\" target=\"_blank\" rel=\"noreferrer noopener\"><img loading=\"lazy\" decoding=\"async\" width=\"632\" height=\"1024\" src=\"https:\/\/www.bourgogne-savante.fr\/wp-content\/uploads\/2018\/09\/Bulletin_de_la_Soci\u00e9t\u00e9_des_sciences_Semur-632x1024.jpeg\" alt=\"Bulletin de la Soci\u00e9t\u00e9 des sciences historiques et naturelles de Semur\" class=\"wp-image-1673\" style=\"width:160px;height:259px\" title=\"Bulletin de la Soci\u00e9t\u00e9 des sciences historiques et naturelles de Semur\" srcset=\"https:\/\/www.bourgogne-savante.fr\/wp-content\/uploads\/2018\/09\/Bulletin_de_la_Soci\u00e9t\u00e9_des_sciences_Semur-632x1024.jpeg 632w, https:\/\/www.bourgogne-savante.fr\/wp-content\/uploads\/2018\/09\/Bulletin_de_la_Soci\u00e9t\u00e9_des_sciences_Semur-93x150.jpeg 93w, https:\/\/www.bourgogne-savante.fr\/wp-content\/uploads\/2018\/09\/Bulletin_de_la_Soci\u00e9t\u00e9_des_sciences_Semur-185x300.jpeg 185w, https:\/\/www.bourgogne-savante.fr\/wp-content\/uploads\/2018\/09\/Bulletin_de_la_Soci\u00e9t\u00e9_des_sciences_Semur-768x1245.jpeg 768w, https:\/\/www.bourgogne-savante.fr\/wp-content\/uploads\/2018\/09\/Bulletin_de_la_Soci\u00e9t\u00e9_des_sciences_Semur.jpeg 889w\" sizes=\"auto, (max-width: 632px) 85vw, 632px\" \/><\/a><\/figure>\n<\/div><\/div>\n\n\n\n<div class=\"wp-block-column is-layout-flow wp-block-column-is-layout-flow\" style=\"flex-basis:75%\">\n<h5 style=\"font-family:Gadugi;color:#660033;\">Bulletin de la Soci\u00e9t\u00e9 des sciences historiques et naturelles de Semur<\/h5>\n<p style=\"font-family:Gadugi;\">Num\u00e9ros disponibles dans <a href=\"https:\/\/gallica.bnf.fr\/ark:\/12148\/cb34412413r\/date\" target=\"_blank\" rel=\"noopener\">Gallica<\/a> : de 1864 \u00e0 1940<\/p>\n<\/div>\n<\/div>\n\n\n\n<hr class=\"wp-block-separator has-text-color has-alpha-channel-opacity has-background is-style-wide\" style=\"background-color:#660033;color:#660033\"\/>\n\n\n\n<div class=\"wp-block-columns is-layout-flex wp-container-core-columns-is-layout-9d6595d7 wp-block-columns-is-layout-flex\">\n<div class=\"wp-block-column is-layout-flow wp-block-column-is-layout-flow\" style=\"flex-basis:25%\"><div class=\"wp-block-image\">\n<figure class=\"aligncenter size-large is-resized\"><a href=\"https:\/\/gallica.bnf.fr\/ark:\/12148\/cb32717552c\/date\" target=\"_blank\" rel=\"noreferrer noopener\"><img loading=\"lazy\" decoding=\"async\" width=\"643\" height=\"1024\" src=\"https:\/\/www.bourgogne-savante.fr\/wp-content\/uploads\/2018\/09\/Bulletin_dhistoire_et_darch\u00e9ologie_religieuses_diocese_Dijon-643x1024.jpeg\" alt=\"Bulletin d\u2019histoire et d\u2019arch\u00e9ologie religieuses du Dioc\u00e8se de Dijon\" class=\"wp-image-1753\" style=\"width:160px;height:254px\" title=\"Bulletin d\u2019histoire et d\u2019arch\u00e9ologie religieuses du Dioc\u00e8se de Dijon\" srcset=\"https:\/\/www.bourgogne-savante.fr\/wp-content\/uploads\/2018\/09\/Bulletin_dhistoire_et_darch\u00e9ologie_religieuses_diocese_Dijon-643x1024.jpeg 643w, https:\/\/www.bourgogne-savante.fr\/wp-content\/uploads\/2018\/09\/Bulletin_dhistoire_et_darch\u00e9ologie_religieuses_diocese_Dijon-94x150.jpeg 94w, https:\/\/www.bourgogne-savante.fr\/wp-content\/uploads\/2018\/09\/Bulletin_dhistoire_et_darch\u00e9ologie_religieuses_diocese_Dijon-188x300.jpeg 188w, https:\/\/www.bourgogne-savante.fr\/wp-content\/uploads\/2018\/09\/Bulletin_dhistoire_et_darch\u00e9ologie_religieuses_diocese_Dijon-768x1223.jpeg 768w, https:\/\/www.bourgogne-savante.fr\/wp-content\/uploads\/2018\/09\/Bulletin_dhistoire_et_darch\u00e9ologie_religieuses_diocese_Dijon.jpeg 897w\" sizes=\"auto, (max-width: 643px) 85vw, 643px\" \/><\/a><\/figure>\n<\/div><\/div>\n\n\n\n<div class=\"wp-block-column is-layout-flow wp-block-column-is-layout-flow\" style=\"flex-basis:75%\">\n<h5 style=\"font-family:Gadugi;color:#660033;\">Bulletin d&rsquo;histoire et d&rsquo;arch\u00e9ologie religieuses du Dioc\u00e8se de Dijon<\/h5>\n<p style=\"font-family:Gadugi;\">Num\u00e9ros disponibles dans <a href=\"https:\/\/gallica.bnf.fr\/ark:\/12148\/cb32717552c\/date\" target=\"_blank\" rel=\"noopener\">Gallica<\/a> : de 1883 \u00e0 1907<\/p>\n<\/div>\n<\/div>\n\n\n\n<hr class=\"wp-block-separator has-text-color has-alpha-channel-opacity has-background is-style-wide\" style=\"background-color:#660033;color:#660033\"\/>\n\n\n\n<div class=\"wp-block-columns is-layout-flex wp-container-core-columns-is-layout-9d6595d7 wp-block-columns-is-layout-flex\">\n<div class=\"wp-block-column is-layout-flow wp-block-column-is-layout-flow\" style=\"flex-basis:25%\"><div class=\"wp-block-image\">\n<figure class=\"aligncenter size-large is-resized\"><a href=\"https:\/\/gallica.bnf.fr\/ark:\/12148\/cb32767243m\/date\" target=\"_blank\" rel=\"noreferrer noopener\"><img loading=\"lazy\" decoding=\"async\" width=\"603\" height=\"1024\" src=\"https:\/\/www.bourgogne-savante.fr\/wp-content\/uploads\/2018\/09\/Enqu\u00eates_sur_la_R\u00e9volution_en_C\u00f4te-dOr-603x1024.jpeg\" alt=\"Enqu\u00eates sur la R\u00e9volution en C\u00f4te-d\u2019Or\" class=\"wp-image-1775\" style=\"width:160px;height:271px\" title=\"Enqu\u00eates sur la R\u00e9volution en C\u00f4te-d\u2019Or\" srcset=\"https:\/\/www.bourgogne-savante.fr\/wp-content\/uploads\/2018\/09\/Enqu\u00eates_sur_la_R\u00e9volution_en_C\u00f4te-dOr-603x1024.jpeg 603w, https:\/\/www.bourgogne-savante.fr\/wp-content\/uploads\/2018\/09\/Enqu\u00eates_sur_la_R\u00e9volution_en_C\u00f4te-dOr-88x150.jpeg 88w, https:\/\/www.bourgogne-savante.fr\/wp-content\/uploads\/2018\/09\/Enqu\u00eates_sur_la_R\u00e9volution_en_C\u00f4te-dOr-177x300.jpeg 177w, https:\/\/www.bourgogne-savante.fr\/wp-content\/uploads\/2018\/09\/Enqu\u00eates_sur_la_R\u00e9volution_en_C\u00f4te-dOr-768x1304.jpeg 768w, https:\/\/www.bourgogne-savante.fr\/wp-content\/uploads\/2018\/09\/Enqu\u00eates_sur_la_R\u00e9volution_en_C\u00f4te-dOr.jpeg 849w\" sizes=\"auto, (max-width: 603px) 85vw, 603px\" \/><\/a><\/figure>\n<\/div><\/div>\n\n\n\n<div class=\"wp-block-column is-layout-flow wp-block-column-is-layout-flow\" style=\"flex-basis:75%\">\n<h5 style=\"font-family:Gadugi;color:#660033;\" id=\"revue8\">Enqu\u00eates sur la R\u00e9volution en C\u00f4te-d&rsquo;Or<\/h5>\n<p style=\"font-family:Gadugi;\">Num\u00e9ros disponibles dans <a href=\"https:\/\/gallica.bnf.fr\/ark:\/12148\/cb32767243m\/date\" target=\"_blank\" rel=\"noopener\">Gallica<\/a> : 1910<\/p>\n<p style=\"font-family:Gadugi;margin-top:-20px\">Voir aussi : <i><a href=\"#revue15\">La R\u00e9volution en C\u00f4te-d&rsquo;Or<\/a><\/i><\/p>\n<\/div>\n<\/div>\n\n\n\n<hr class=\"wp-block-separator has-text-color has-alpha-channel-opacity has-background is-style-wide\" style=\"background-color:#660033;color:#660033\"\/>\n\n\n\n<div class=\"wp-block-columns is-layout-flex wp-container-core-columns-is-layout-9d6595d7 wp-block-columns-is-layout-flex\">\n<div class=\"wp-block-column is-layout-flow wp-block-column-is-layout-flow\" style=\"flex-basis:25%\"><div class=\"wp-block-image\">\n<figure class=\"aligncenter size-large is-resized\"><a href=\"https:\/\/gallica.bnf.fr\/ark:\/12148\/cb344217455\/date\" target=\"_blank\" rel=\"noreferrer noopener\"><img loading=\"lazy\" decoding=\"async\" width=\"708\" height=\"1024\" src=\"https:\/\/www.bourgogne-savante.fr\/wp-content\/uploads\/2018\/09\/M\u00e9moires_de_lAcad\u00e9mie_de_Dijon-708x1024.jpeg\" alt=\"M\u00e9moires de l\u2019Acad\u00e9mie de Dijon\" class=\"wp-image-1788\" style=\"width:160px;height:231px\" title=\"M\u00e9moires de l\u2019Acad\u00e9mie de Dijon\" srcset=\"https:\/\/www.bourgogne-savante.fr\/wp-content\/uploads\/2018\/09\/M\u00e9moires_de_lAcad\u00e9mie_de_Dijon-708x1024.jpeg 708w, https:\/\/www.bourgogne-savante.fr\/wp-content\/uploads\/2018\/09\/M\u00e9moires_de_lAcad\u00e9mie_de_Dijon-104x150.jpeg 104w, https:\/\/www.bourgogne-savante.fr\/wp-content\/uploads\/2018\/09\/M\u00e9moires_de_lAcad\u00e9mie_de_Dijon-207x300.jpeg 207w, https:\/\/www.bourgogne-savante.fr\/wp-content\/uploads\/2018\/09\/M\u00e9moires_de_lAcad\u00e9mie_de_Dijon-768x1112.jpeg 768w, https:\/\/www.bourgogne-savante.fr\/wp-content\/uploads\/2018\/09\/M\u00e9moires_de_lAcad\u00e9mie_de_Dijon.jpeg 1024w\" sizes=\"auto, (max-width: 708px) 85vw, 708px\" \/><\/a><\/figure>\n<\/div><\/div>\n\n\n\n<div class=\"wp-block-column is-layout-flow wp-block-column-is-layout-flow\" style=\"flex-basis:75%\">\n<h5 style=\"font-family:Gadugi;color:#660033;\" id=\"revue9\">M\u00e9moires de l&rsquo;Acad\u00e9mie de Dijon<\/h5>\n<p style=\"font-family:Gadugi;\">Num\u00e9ros disponibles dans <a href=\"https:\/\/gallica.bnf.fr\/ark:\/12148\/cb344217455\/date\" target=\"_blank\" rel=\"noopener\">Gallica<\/a> : de 1769 \u00e0 1774<\/p>\n<p style=\"font-family:Gadugi;margin-top:-20px\">Voir aussi :\n<ul style=\"font-family:Gadugi;padding-left:20px;list-style-type:square;margin-top:-27px;\">\n \t<li><i><a href=\"#revue14\">Nouveaux m\u00e9moires de l&rsquo;Acad\u00e9mie de Dijon, pour la partie des sciences et des arts<\/a><\/i><\/li>\n \t<li><i><a href=\"#revue13\">Notice de la s\u00e9ance publique tenue&#8230; par la Soci\u00e9t\u00e9 libre d&rsquo;agriculture, sciences et arts de Dijon<\/a><\/i><\/li>\n \t<li><i><a href=\"#revue16\">S\u00e9ance publique de l&rsquo;Acad\u00e9mie des sciences, arts et belles-lettres de Dijon<\/a><\/i><\/li>\n \t<li><i><a href=\"#revue10\">M\u00e9moires de l&rsquo;Acad\u00e9mie des sciences, arts et belles-lettres de Dijon<\/a><\/i><\/li>\n<\/ul>\n<\/p>\n<\/div>\n<\/div>\n\n\n\n<hr class=\"wp-block-separator has-text-color has-alpha-channel-opacity has-background is-style-wide\" style=\"background-color:#660033;color:#660033\"\/>\n\n\n\n<div class=\"wp-block-columns is-layout-flex wp-container-core-columns-is-layout-9d6595d7 wp-block-columns-is-layout-flex\">\n<div class=\"wp-block-column is-layout-flow wp-block-column-is-layout-flow\" style=\"flex-basis:25%\"><div class=\"wp-block-image\">\n<figure class=\"aligncenter size-large is-resized\"><a href=\"https:\/\/gallica.bnf.fr\/ark:\/12148\/cb34387411j\/date\" target=\"_blank\" rel=\"noreferrer noopener\"><img loading=\"lazy\" decoding=\"async\" width=\"600\" height=\"1024\" src=\"https:\/\/www.bourgogne-savante.fr\/wp-content\/uploads\/2018\/09\/M\u00e9moires_de_lAcad\u00e9mie_des_sciences_Dijon-600x1024.jpeg\" alt=\"M\u00e9moires de l\u2019Acad\u00e9mie des sciences, arts et belles-lettres de Dijon\" class=\"wp-image-1683\" style=\"width:160px;height:273px\" title=\"M\u00e9moires de l\u2019Acad\u00e9mie des sciences, arts et belles-lettres de Dijon\" srcset=\"https:\/\/www.bourgogne-savante.fr\/wp-content\/uploads\/2018\/09\/M\u00e9moires_de_lAcad\u00e9mie_des_sciences_Dijon-600x1024.jpeg 600w, https:\/\/www.bourgogne-savante.fr\/wp-content\/uploads\/2018\/09\/M\u00e9moires_de_lAcad\u00e9mie_des_sciences_Dijon-88x150.jpeg 88w, https:\/\/www.bourgogne-savante.fr\/wp-content\/uploads\/2018\/09\/M\u00e9moires_de_lAcad\u00e9mie_des_sciences_Dijon-176x300.jpeg 176w, https:\/\/www.bourgogne-savante.fr\/wp-content\/uploads\/2018\/09\/M\u00e9moires_de_lAcad\u00e9mie_des_sciences_Dijon-768x1310.jpeg 768w, https:\/\/www.bourgogne-savante.fr\/wp-content\/uploads\/2018\/09\/M\u00e9moires_de_lAcad\u00e9mie_des_sciences_Dijon.jpeg 845w\" sizes=\"auto, (max-width: 600px) 85vw, 600px\" \/><\/a><\/figure>\n<\/div><\/div>\n\n\n\n<div class=\"wp-block-column is-layout-flow wp-block-column-is-layout-flow\" style=\"flex-basis:75%\">\n<h5 style=\"font-family:Gadugi;color:#660033;\" id=\"revue10\">M\u00e9moires de l&rsquo;Acad\u00e9mie des sciences, arts et belles-lettres de Dijon<\/h5>\n<p style=\"font-family:Gadugi;\">Num\u00e9ros disponibles dans <a href=\"https:\/\/gallica.bnf.fr\/ark:\/12148\/cb34387411j\/date\" target=\"_blank\" rel=\"noopener\">Gallica<\/a> : de 1830 \u00e0 1947<\/p>\n<p style=\"font-family:Gadugi;margin-top:-20px\">Voir aussi :\n<ul style=\"font-family:Gadugi;padding-left:20px;list-style-type:square;margin-top:-27px;\">\n \t<li><i><a href=\"#revue9\">M\u00e9moires de l&rsquo;Acad\u00e9mie de Dijon<\/a><\/i><\/li>\n \t<li><i><a href=\"#revue14\">Nouveaux m\u00e9moires de l&rsquo;Acad\u00e9mie de Dijon, pour la partie des sciences et des arts<\/a><\/i><\/li>\n \t<li><i><a href=\"#revue13\">Notice de la s\u00e9ance publique tenue&#8230; par la Soci\u00e9t\u00e9 libre d&rsquo;agriculture, sciences et arts de Dijon<\/a><\/i><\/li>\n \t<li><i><a href=\"#revue16\">S\u00e9ance publique de l&rsquo;Acad\u00e9mie des sciences, arts et belles-lettres de Dijon<\/a><\/i><\/li>\n<\/ul>\n<\/p>\n<\/div>\n<\/div>\n\n\n\n<hr class=\"wp-block-separator has-text-color has-alpha-channel-opacity has-background is-style-wide\" style=\"background-color:#660033;color:#660033\"\/>\n\n\n\n<div class=\"wp-block-columns is-layout-flex wp-container-core-columns-is-layout-9d6595d7 wp-block-columns-is-layout-flex\">\n<div class=\"wp-block-column is-layout-flow wp-block-column-is-layout-flow\" style=\"flex-basis:25%\"><div class=\"wp-block-image\">\n<figure class=\"aligncenter size-large is-resized\"><a href=\"https:\/\/gallica.bnf.fr\/ark:\/12148\/cb32813215j\/date\" target=\"_blank\" rel=\"noreferrer noopener\"><img loading=\"lazy\" decoding=\"async\" width=\"657\" height=\"1024\" src=\"https:\/\/www.bourgogne-savante.fr\/wp-content\/uploads\/2018\/09\/M\u00e9moires-CACO-657x1024.jpeg\" alt=\"M\u00e9moires de la Commission des antiquit\u00e9s du d\u00e9partement de la C\u00f4te-d'Or\" class=\"wp-image-1700\" style=\"width:160px;height:249px\" title=\"M\u00e9moires de la Commission des antiquit\u00e9s du d\u00e9partement de la C\u00f4te-d'Or\" srcset=\"https:\/\/www.bourgogne-savante.fr\/wp-content\/uploads\/2018\/09\/M\u00e9moires-CACO-657x1024.jpeg 657w, https:\/\/www.bourgogne-savante.fr\/wp-content\/uploads\/2018\/09\/M\u00e9moires-CACO-96x150.jpeg 96w, https:\/\/www.bourgogne-savante.fr\/wp-content\/uploads\/2018\/09\/M\u00e9moires-CACO-192x300.jpeg 192w, https:\/\/www.bourgogne-savante.fr\/wp-content\/uploads\/2018\/09\/M\u00e9moires-CACO-768x1198.jpeg 768w, https:\/\/www.bourgogne-savante.fr\/wp-content\/uploads\/2018\/09\/M\u00e9moires-CACO.jpeg 1004w\" sizes=\"auto, (max-width: 657px) 85vw, 657px\" \/><\/a><\/figure>\n<\/div><\/div>\n\n\n\n<div class=\"wp-block-column is-layout-flow wp-block-column-is-layout-flow\" style=\"flex-basis:75%\">\n<h5 style=\"font-family:Gadugi;color:#660033;\">M\u00e9moires de la Commission des antiquit\u00e9s du d\u00e9partement de la C\u00f4te-d&rsquo;Or<\/h5>\n<p style=\"font-family:Gadugi;\">Num\u00e9ros disponibles dans <a href=\"https:\/\/gallica.bnf.fr\/ark:\/12148\/cb32813215j\/date\" target=\"_blank\" rel=\"noopener\">Gallica<\/a> : de 1834 \u00e0 1938<\/p>\n<\/div>\n<\/div>\n\n\n\n<hr class=\"wp-block-separator has-text-color has-alpha-channel-opacity has-background is-style-wide\" style=\"background-color:#660033;color:#660033\"\/>\n\n\n\n<div class=\"wp-block-columns is-layout-flex wp-container-core-columns-is-layout-9d6595d7 wp-block-columns-is-layout-flex\">\n<div class=\"wp-block-column is-layout-flow wp-block-column-is-layout-flow\" style=\"flex-basis:25%\"><div class=\"wp-block-image\">\n<figure class=\"aligncenter size-large is-resized\"><a href=\"https:\/\/gallica.bnf.fr\/ark:\/12148\/cb32869407z\/date\" target=\"_blank\" rel=\"noreferrer noopener\"><img loading=\"lazy\" decoding=\"async\" width=\"647\" height=\"1024\" src=\"https:\/\/www.bourgogne-savante.fr\/wp-content\/uploads\/2018\/09\/M\u00e9moires_Soci\u00e9t\u00e9_darch\u00e9ologie_de_Beaune-647x1024.jpeg\" alt=\"M\u00e9moires \u2013 Soci\u00e9t\u00e9 d\u2019arch\u00e9ologie de Beaune\" class=\"wp-image-1685\" style=\"width:160px;height:253px\" title=\"M\u00e9moires \u2013 Soci\u00e9t\u00e9 d\u2019arch\u00e9ologie de Beaune\" srcset=\"https:\/\/www.bourgogne-savante.fr\/wp-content\/uploads\/2018\/09\/M\u00e9moires_Soci\u00e9t\u00e9_darch\u00e9ologie_de_Beaune-647x1024.jpeg 647w, https:\/\/www.bourgogne-savante.fr\/wp-content\/uploads\/2018\/09\/M\u00e9moires_Soci\u00e9t\u00e9_darch\u00e9ologie_de_Beaune-95x150.jpeg 95w, https:\/\/www.bourgogne-savante.fr\/wp-content\/uploads\/2018\/09\/M\u00e9moires_Soci\u00e9t\u00e9_darch\u00e9ologie_de_Beaune-190x300.jpeg 190w, https:\/\/www.bourgogne-savante.fr\/wp-content\/uploads\/2018\/09\/M\u00e9moires_Soci\u00e9t\u00e9_darch\u00e9ologie_de_Beaune-768x1215.jpeg 768w, https:\/\/www.bourgogne-savante.fr\/wp-content\/uploads\/2018\/09\/M\u00e9moires_Soci\u00e9t\u00e9_darch\u00e9ologie_de_Beaune.jpeg 893w\" sizes=\"auto, (max-width: 647px) 85vw, 647px\" \/><\/a><\/figure>\n<\/div><\/div>\n\n\n\n<div class=\"wp-block-column is-layout-flow wp-block-column-is-layout-flow\" style=\"flex-basis:75%\">\n<h5 style=\"font-family:Gadugi;color:#660033;\" id=\"revue11\">M\u00e9moires &#8211; Soci\u00e9t\u00e9 d&rsquo;arch\u00e9ologie de Beaune<\/h5>\n<p style=\"font-family:Gadugi;\">Num\u00e9ros disponibles dans <a href=\"https:\/\/gallica.bnf.fr\/ark:\/12148\/cb32869407z\/date\" target=\"_blank\" rel=\"noopener\">Gallica<\/a> : de 1906 \u00e0 1943<\/p>\n<p style=\"font-family:Gadugi;margin-top:-20px\">Voir aussi : <i><a href=\"#revue12\">M\u00e9moires &#8211; Soci\u00e9t\u00e9 d&rsquo;histoire, d&rsquo;arch\u00e9ologie et de litt\u00e9rature de l&rsquo;arrondissement de Beaune<\/a><\/i><\/p>\n<\/div>\n<\/div>\n\n\n\n<hr class=\"wp-block-separator has-text-color has-alpha-channel-opacity has-background is-style-wide\" style=\"background-color:#660033;color:#660033\"\/>\n\n\n\n<div class=\"wp-block-columns is-layout-flex wp-container-core-columns-is-layout-9d6595d7 wp-block-columns-is-layout-flex\">\n<div class=\"wp-block-column is-layout-flow wp-block-column-is-layout-flow\" style=\"flex-basis:25%\"><div class=\"wp-block-image\">\n<figure class=\"aligncenter size-large is-resized\"><a href=\"https:\/\/gallica.bnf.fr\/ark:\/12148\/cb32869527v\/date\" target=\"_blank\" rel=\"noreferrer noopener\"><img loading=\"lazy\" decoding=\"async\" width=\"708\" height=\"1024\" src=\"https:\/\/www.bourgogne-savante.fr\/wp-content\/uploads\/2018\/09\/M\u00e9moires_Soci\u00e9t\u00e9_dhistoire_darch\u00e9ologie_Beaune-708x1024.jpeg\" alt=\"M\u00e9moires \u2013 Soci\u00e9t\u00e9 d\u2019histoire, d\u2019arch\u00e9ologie et de litt\u00e9rature de l\u2019arrondissement de Beaune\" class=\"wp-image-1755\" style=\"width:160px;height:231px\" title=\"M\u00e9moires \u2013 Soci\u00e9t\u00e9 d\u2019histoire, d\u2019arch\u00e9ologie et de litt\u00e9rature de l\u2019arrondissement de Beaune\" srcset=\"https:\/\/www.bourgogne-savante.fr\/wp-content\/uploads\/2018\/09\/M\u00e9moires_Soci\u00e9t\u00e9_dhistoire_darch\u00e9ologie_Beaune-708x1024.jpeg 708w, https:\/\/www.bourgogne-savante.fr\/wp-content\/uploads\/2018\/09\/M\u00e9moires_Soci\u00e9t\u00e9_dhistoire_darch\u00e9ologie_Beaune-104x150.jpeg 104w, https:\/\/www.bourgogne-savante.fr\/wp-content\/uploads\/2018\/09\/M\u00e9moires_Soci\u00e9t\u00e9_dhistoire_darch\u00e9ologie_Beaune-207x300.jpeg 207w, https:\/\/www.bourgogne-savante.fr\/wp-content\/uploads\/2018\/09\/M\u00e9moires_Soci\u00e9t\u00e9_dhistoire_darch\u00e9ologie_Beaune-768x1112.jpeg 768w, https:\/\/www.bourgogne-savante.fr\/wp-content\/uploads\/2018\/09\/M\u00e9moires_Soci\u00e9t\u00e9_dhistoire_darch\u00e9ologie_Beaune.jpeg 1024w\" sizes=\"auto, (max-width: 708px) 85vw, 708px\" \/><\/a><\/figure>\n<\/div><\/div>\n\n\n\n<div class=\"wp-block-column is-layout-flow wp-block-column-is-layout-flow\" style=\"flex-basis:75%\">\n<h5 style=\"font-family:Gadugi;color:#660033;\" id=\"revue12\">M\u00e9moires &#8211; Soci\u00e9t\u00e9 d&rsquo;histoire, d&rsquo;arch\u00e9ologie et de litt\u00e9rature de l&rsquo;arrondissement de Beaune<\/h5>\n<p style=\"font-family:Gadugi;\">Num\u00e9ros disponibles dans <a href=\"https:\/\/gallica.bnf.fr\/ark:\/12148\/cb32869527v\/date\" target=\"_blank\" rel=\"noopener\">Gallica<\/a> : de 1874 \u00e0 1905<\/p>\n<p style=\"font-family:Gadugi;margin-top:-20px\">Voir aussi : <i><a href=\"#revue11\">M\u00e9moires &#8211; Soci\u00e9t\u00e9 d&rsquo;arch\u00e9ologie de Beaune<\/a><\/i><\/p>\n<\/div>\n<\/div>\n\n\n\n<hr class=\"wp-block-separator has-text-color has-alpha-channel-opacity has-background is-style-wide\" style=\"background-color:#660033;color:#660033\"\/>\n\n\n\n<div class=\"wp-block-columns is-layout-flex wp-container-core-columns-is-layout-9d6595d7 wp-block-columns-is-layout-flex\">\n<div class=\"wp-block-column is-layout-flow wp-block-column-is-layout-flow\" style=\"flex-basis:25%\"><div class=\"wp-block-image\">\n<figure class=\"aligncenter size-large is-resized\"><a href=\"https:\/\/gallica.bnf.fr\/ark:\/12148\/cb344217873\/date\" target=\"_blank\" rel=\"noreferrer noopener\"><img loading=\"lazy\" decoding=\"async\" width=\"711\" height=\"1024\" src=\"https:\/\/www.bourgogne-savante.fr\/wp-content\/uploads\/2018\/09\/Notice_de_la_s\u00e9ance_publique_Acad\u00e9mie_Dijon-711x1024.jpeg\" alt=\"Notice de la s\u00e9ance publique tenue\u2026 par la Soci\u00e9t\u00e9 libre d\u2019agriculture, sciences et arts de Dijon\" class=\"wp-image-1789\" style=\"width:160px;height:230px\" title=\"Notice de la s\u00e9ance publique tenue\u2026 par la Soci\u00e9t\u00e9 libre d\u2019agriculture, sciences et arts de Dijon\" srcset=\"https:\/\/www.bourgogne-savante.fr\/wp-content\/uploads\/2018\/09\/Notice_de_la_s\u00e9ance_publique_Acad\u00e9mie_Dijon-711x1024.jpeg 711w, https:\/\/www.bourgogne-savante.fr\/wp-content\/uploads\/2018\/09\/Notice_de_la_s\u00e9ance_publique_Acad\u00e9mie_Dijon-104x150.jpeg 104w, https:\/\/www.bourgogne-savante.fr\/wp-content\/uploads\/2018\/09\/Notice_de_la_s\u00e9ance_publique_Acad\u00e9mie_Dijon-208x300.jpeg 208w, https:\/\/www.bourgogne-savante.fr\/wp-content\/uploads\/2018\/09\/Notice_de_la_s\u00e9ance_publique_Acad\u00e9mie_Dijon-768x1106.jpeg 768w, https:\/\/www.bourgogne-savante.fr\/wp-content\/uploads\/2018\/09\/Notice_de_la_s\u00e9ance_publique_Acad\u00e9mie_Dijon.jpeg 1024w\" sizes=\"auto, (max-width: 711px) 85vw, 711px\" \/><\/a><\/figure>\n<\/div><\/div>\n\n\n\n<div class=\"wp-block-column is-layout-flow wp-block-column-is-layout-flow\" style=\"flex-basis:75%\">\n<h5 style=\"font-family:Gadugi;color:#660033;\" id=\"revue13\">Notice de la s\u00e9ance publique tenue&#8230; par la Soci\u00e9t\u00e9 libre d&rsquo;agriculture, sciences et arts de Dijon<\/h5>\n<p style=\"font-family:Gadugi;\">Num\u00e9ros disponibles dans <a href=\"https:\/\/gallica.bnf.fr\/ark:\/12148\/cb344217873\/date\" target=\"_blank\" rel=\"noopener\">Gallica<\/a> : an 13 (1805)<\/p>\n<p style=\"font-family:Gadugi;margin-top:-20px\">Voir aussi :\n<ul style=\"font-family:Gadugi;padding-left:20px;list-style-type:square;margin-top:-27px;\">\n \t<li><i><a href=\"#revue9\">M\u00e9moires de l&rsquo;Acad\u00e9mie de Dijon<\/a><\/i><\/li>\n \t<li><i><a href=\"#revue14\">Nouveaux m\u00e9moires de l&rsquo;Acad\u00e9mie de Dijon, pour la partie des sciences et des arts<\/a><\/i><\/li>\n \t<li><i><a href=\"#revue16\">S\u00e9ance publique de l&rsquo;Acad\u00e9mie des sciences, arts et belles-lettres de Dijon<\/a><\/i><\/li>\n \t<li><i><a href=\"#revue10\">M\u00e9moires de l&rsquo;Acad\u00e9mie des sciences, arts et belles-lettres de Dijon<\/a><\/i><\/li>\n<\/ul>\n<\/p>\n<\/div>\n<\/div>\n\n\n\n<hr class=\"wp-block-separator has-text-color has-alpha-channel-opacity has-background is-style-wide\" style=\"background-color:#660033;color:#660033\"\/>\n\n\n\n<div class=\"wp-block-columns is-layout-flex wp-container-core-columns-is-layout-9d6595d7 wp-block-columns-is-layout-flex\">\n<div class=\"wp-block-column is-layout-flow wp-block-column-is-layout-flow\" style=\"flex-basis:25%\"><div class=\"wp-block-image\">\n<figure class=\"aligncenter size-large is-resized\"><a href=\"https:\/\/gallica.bnf.fr\/ark:\/12148\/cb344377554\/date\" target=\"_blank\" rel=\"noreferrer noopener\"><img loading=\"lazy\" decoding=\"async\" width=\"546\" height=\"1024\" src=\"https:\/\/www.bourgogne-savante.fr\/wp-content\/uploads\/2018\/09\/Nouveaux_m\u00e9moires_de_lAcad\u00e9mie_de_Dijon-546x1024.jpeg\" alt=\"Nouveaux m\u00e9moires de l\u2019Acad\u00e9mie de Dijon, pour la partie des sciences et des arts\" class=\"wp-image-1790\" style=\"width:160px;height:300px\" title=\"Nouveaux m\u00e9moires de l\u2019Acad\u00e9mie de Dijon, pour la partie des sciences et des arts\" srcset=\"https:\/\/www.bourgogne-savante.fr\/wp-content\/uploads\/2018\/09\/Nouveaux_m\u00e9moires_de_lAcad\u00e9mie_de_Dijon-546x1024.jpeg 546w, https:\/\/www.bourgogne-savante.fr\/wp-content\/uploads\/2018\/09\/Nouveaux_m\u00e9moires_de_lAcad\u00e9mie_de_Dijon-80x150.jpeg 80w, https:\/\/www.bourgogne-savante.fr\/wp-content\/uploads\/2018\/09\/Nouveaux_m\u00e9moires_de_lAcad\u00e9mie_de_Dijon-160x300.jpeg 160w, https:\/\/www.bourgogne-savante.fr\/wp-content\/uploads\/2018\/09\/Nouveaux_m\u00e9moires_de_lAcad\u00e9mie_de_Dijon.jpeg 745w\" sizes=\"auto, (max-width: 546px) 85vw, 546px\" \/><\/a><\/figure>\n<\/div><\/div>\n\n\n\n<div class=\"wp-block-column is-layout-flow wp-block-column-is-layout-flow\" style=\"flex-basis:75%\">\n<h5 style=\"font-family:Gadugi;color:#660033;\" id=\"revue14\">Nouveaux m\u00e9moires de l&rsquo;Acad\u00e9mie de Dijon, pour la partie des sciences et des arts<\/h5>\n<p style=\"font-family:Gadugi;\">Num\u00e9ros disponibles dans <a href=\"https:\/\/gallica.bnf.fr\/ark:\/12148\/cb344377554\/date\" target=\"_blank\" rel=\"noopener\">Gallica<\/a> : de 1782 \u00e0 1785<\/p>\n<p style=\"margin-top: 10px;\">Voir aussi :<\/p>\n<ul style=\"font-family:Gadugi;padding-left:20px;list-style-type:square;margin-top:-27px;\">\n \t<li><i><a href=\"#revue9\">M\u00e9moires de l&rsquo;Acad\u00e9mie de Dijon<\/a><\/i><\/li>\n \t<li><i><a href=\"#revue13\">Notice de la s\u00e9ance publique tenue&#8230; par la Soci\u00e9t\u00e9 libre d&rsquo;agriculture, sciences et arts de Dijon<\/a><\/i><\/li>\n \t<li><i><a href=\"#revue16\">S\u00e9ance publique de l&rsquo;Acad\u00e9mie des sciences, arts et belles-lettres de Dijon<\/a><\/i><\/li>\n \t<li><i><a href=\"#revue10\">M\u00e9moires de l&rsquo;Acad\u00e9mie des sciences, arts et belles-lettres de Dijon<\/a><\/i><\/li>\n<\/ul>\n<\/p>\n<\/div>\n<\/div>\n\n\n\n<hr class=\"wp-block-separator has-text-color has-alpha-channel-opacity has-background is-style-wide\" style=\"background-color:#660033;color:#660033\"\/>\n\n\n\n<div class=\"wp-block-columns is-layout-flex wp-container-core-columns-is-layout-9d6595d7 wp-block-columns-is-layout-flex\">\n<div class=\"wp-block-column is-layout-flow wp-block-column-is-layout-flow\" style=\"flex-basis:25%\"><div class=\"wp-block-image\">\n<figure class=\"aligncenter size-large is-resized\"><a href=\"https:\/\/gallica.bnf.fr\/ark:\/12148\/cb343644838\/date\" target=\"_blank\" rel=\"noreferrer noopener\"><img loading=\"lazy\" decoding=\"async\" width=\"630\" height=\"1024\" src=\"https:\/\/www.bourgogne-savante.fr\/wp-content\/uploads\/2018\/09\/Pro_Alesia___revue_mensuelle_...Soci\u00e9t\u00e9_des_bpt6k213891d-630x1024.jpeg\" alt=\"Pro Alesia\" class=\"wp-image-1756\" style=\"width:160px;height:260px\" title=\"Pro Alesia\" srcset=\"https:\/\/www.bourgogne-savante.fr\/wp-content\/uploads\/2018\/09\/Pro_Alesia___revue_mensuelle_...Soci\u00e9t\u00e9_des_bpt6k213891d-630x1024.jpeg 630w, https:\/\/www.bourgogne-savante.fr\/wp-content\/uploads\/2018\/09\/Pro_Alesia___revue_mensuelle_...Soci\u00e9t\u00e9_des_bpt6k213891d-92x150.jpeg 92w, https:\/\/www.bourgogne-savante.fr\/wp-content\/uploads\/2018\/09\/Pro_Alesia___revue_mensuelle_...Soci\u00e9t\u00e9_des_bpt6k213891d-185x300.jpeg 185w, https:\/\/www.bourgogne-savante.fr\/wp-content\/uploads\/2018\/09\/Pro_Alesia___revue_mensuelle_...Soci\u00e9t\u00e9_des_bpt6k213891d-768x1248.jpeg 768w, https:\/\/www.bourgogne-savante.fr\/wp-content\/uploads\/2018\/09\/Pro_Alesia___revue_mensuelle_...Soci\u00e9t\u00e9_des_bpt6k213891d.jpeg 877w\" sizes=\"auto, (max-width: 630px) 85vw, 630px\" \/><\/a><\/figure>\n<\/div><\/div>\n\n\n\n<div class=\"wp-block-column is-layout-flow wp-block-column-is-layout-flow\" style=\"flex-basis:75%\">\n<h5 style=\"font-family:Gadugi;color:#660033;\">Pro Alesia<\/h5>\n<p style=\"font-family:Gadugi;\">Num\u00e9ros disponibles dans <a href=\"https:\/\/gallica.bnf.fr\/ark:\/12148\/cb343644838\/date\" target=\"_blank\" rel=\"noopener\">Gallica<\/a> : de 1906 \u00e0 1922<\/p>\n<\/div>\n<\/div>\n\n\n\n<hr class=\"wp-block-separator has-text-color has-alpha-channel-opacity has-background is-style-wide\" style=\"background-color:#660033;color:#660033\"\/>\n\n\n\n<div class=\"wp-block-columns is-layout-flex wp-container-core-columns-is-layout-9d6595d7 wp-block-columns-is-layout-flex\">\n<div class=\"wp-block-column is-layout-flow wp-block-column-is-layout-flow\" style=\"flex-basis:25%\"><div class=\"wp-block-image\">\n<figure class=\"aligncenter size-large is-resized\"><a href=\"https:\/\/gallica.bnf.fr\/ark:\/12148\/cb32767243m\/date\" target=\"_blank\" rel=\"noreferrer noopener\"><img loading=\"lazy\" decoding=\"async\" width=\"635\" height=\"1024\" src=\"https:\/\/www.bourgogne-savante.fr\/wp-content\/uploads\/2018\/09\/La_R\u00e9volution_en_C\u00f4te-dOr-635x1024.jpeg\" alt=\"La R\u00e9volution en C\u00f4te-d\u2019Or\" class=\"wp-image-1776\" style=\"width:160px;height:258px\" title=\"La R\u00e9volution en C\u00f4te-d\u2019Or\" srcset=\"https:\/\/www.bourgogne-savante.fr\/wp-content\/uploads\/2018\/09\/La_R\u00e9volution_en_C\u00f4te-dOr-635x1024.jpeg 635w, https:\/\/www.bourgogne-savante.fr\/wp-content\/uploads\/2018\/09\/La_R\u00e9volution_en_C\u00f4te-dOr-93x150.jpeg 93w, https:\/\/www.bourgogne-savante.fr\/wp-content\/uploads\/2018\/09\/La_R\u00e9volution_en_C\u00f4te-dOr-186x300.jpeg 186w, https:\/\/www.bourgogne-savante.fr\/wp-content\/uploads\/2018\/09\/La_R\u00e9volution_en_C\u00f4te-dOr-768x1239.jpeg 768w, https:\/\/www.bourgogne-savante.fr\/wp-content\/uploads\/2018\/09\/La_R\u00e9volution_en_C\u00f4te-dOr.jpeg 893w\" sizes=\"auto, (max-width: 635px) 85vw, 635px\" \/><\/a><\/figure>\n<\/div><\/div>\n\n\n\n<div class=\"wp-block-column is-layout-flow wp-block-column-is-layout-flow\" style=\"flex-basis:75%\">\n<h5 style=\"font-family:Gadugi;color:#660033;\" id=\"revue15\">La R\u00e9volution en C\u00f4te-d&rsquo;Or<\/h5>\n<p style=\"font-family:Gadugi;\">Num\u00e9ros disponibles dans <a href=\"https:\/\/gallica.bnf.fr\/ark:\/12148\/cb32767243m\/date\" target=\"_blank\" rel=\"noopener\">Gallica<\/a> : de 1925 \u00e0 1930<\/p>\n<p style=\"font-family:Gadugi;margin-top:-20px\">Voir aussi : <i><a href=\"#revue8\">Enqu\u00eates sur la R\u00e9volution en C\u00f4te-d&rsquo;Or<\/a><\/i><\/p>\n<\/div>\n<\/div>\n\n\n\n<hr class=\"wp-block-separator has-text-color has-alpha-channel-opacity has-background is-style-wide\" style=\"background-color:#660033;color:#660033\"\/>\n\n\n\n<div class=\"wp-block-columns is-layout-flex wp-container-core-columns-is-layout-9d6595d7 wp-block-columns-is-layout-flex\">\n<div class=\"wp-block-column is-layout-flow wp-block-column-is-layout-flow\" style=\"flex-basis:25%\"><div class=\"wp-block-image\">\n<figure class=\"aligncenter size-full is-resized\"><a href=\"https:\/\/catalog.hathitrust.org\/Record\/000062597\" target=\"_blank\" rel=\"noreferrer noopener\"><img loading=\"lazy\" decoding=\"async\" width=\"351\" height=\"563\" src=\"https:\/\/www.bourgogne-savante.fr\/wp-content\/uploads\/2018\/09\/Revue_Cote_d_Or_ancienne_Bourgogne.png\" alt=\"Revue de la C\u00f4te-d\u2019Or et de l\u2019ancienne Bourgogne\" class=\"wp-image-1795\" style=\"width:160px;height:256px\" title=\"Revue de la C\u00f4te-d\u2019Or et de l\u2019ancienne Bourgogne\" srcset=\"https:\/\/www.bourgogne-savante.fr\/wp-content\/uploads\/2018\/09\/Revue_Cote_d_Or_ancienne_Bourgogne.png 351w, https:\/\/www.bourgogne-savante.fr\/wp-content\/uploads\/2018\/09\/Revue_Cote_d_Or_ancienne_Bourgogne-94x150.png 94w, https:\/\/www.bourgogne-savante.fr\/wp-content\/uploads\/2018\/09\/Revue_Cote_d_Or_ancienne_Bourgogne-187x300.png 187w\" sizes=\"auto, (max-width: 351px) 85vw, 351px\" \/><\/a><\/figure>\n<\/div><\/div>\n\n\n\n<div class=\"wp-block-column is-layout-flow wp-block-column-is-layout-flow\" style=\"flex-basis:75%\">\n<h5 style=\"font-family:Gadugi;color:#660033;\">Revue de la C\u00f4te-d&rsquo;Or et de l&rsquo;ancienne Bourgogne<\/h5>\n<p style=\"font-family:Gadugi;\">Num\u00e9ros disponibles dans Google Livres : <a href=\"https:\/\/books.google.fr\/books?id=GC9N12j2AuEC&#038;hl=fr&#038;pg=PA1#v=onepage&#038;q&#038;f=false\" target=\"_blank\" rel=\"noopener\">volume 1 (1836)<\/a> ; <a href=\"https:\/\/books.google.fr\/books?id=BnUsAQAAIAAJ&#038;hl=fr&#038;pg=PP7#v=onepage&#038;q&#038;f=false\" target=\"_blank\" rel=\"noopener\">volumes 2 et 3 (1836-1837)<\/a><br>Ces volumes sont \u00e9galement consultables dans la biblioth\u00e8que num\u00e9rique <a href=\"https:\/\/catalog.hathitrust.org\/Record\/000062597\" target=\"_blank\" rel=\"noopener\">HathiTrust<\/a>.<\/p>\n<\/div>\n<\/div>\n\n\n\n<hr class=\"wp-block-separator has-text-color has-alpha-channel-opacity has-background is-style-wide\" style=\"background-color:#660033;color:#660033\"\/>\n\n\n\n<div class=\"wp-block-columns is-layout-flex wp-container-core-columns-is-layout-9d6595d7 wp-block-columns-is-layout-flex\">\n<div class=\"wp-block-column is-layout-flow wp-block-column-is-layout-flow\" style=\"flex-basis:25%\"><div class=\"wp-block-image\">\n<figure class=\"aligncenter size-large is-resized\"><a href=\"https:\/\/gallica.bnf.fr\/ark:\/12148\/cb344217900\/date\" target=\"_blank\" rel=\"noreferrer noopener\"><img loading=\"lazy\" decoding=\"async\" width=\"592\" height=\"1024\" src=\"https:\/\/www.bourgogne-savante.fr\/wp-content\/uploads\/2018\/09\/S\u00e9ance_publique_de_lAcad\u00e9mie_Dijon-592x1024.jpeg\" alt=\"S\u00e9ance publique de l\u2019Acad\u00e9mie des sciences, arts et belles-lettres de Dijon\" class=\"wp-image-1777\" style=\"width:160px;height:276px\" title=\"S\u00e9ance publique de l\u2019Acad\u00e9mie des sciences, arts et belles-lettres de Dijon\" srcset=\"https:\/\/www.bourgogne-savante.fr\/wp-content\/uploads\/2018\/09\/S\u00e9ance_publique_de_lAcad\u00e9mie_Dijon-592x1024.jpeg 592w, https:\/\/www.bourgogne-savante.fr\/wp-content\/uploads\/2018\/09\/S\u00e9ance_publique_de_lAcad\u00e9mie_Dijon-87x150.jpeg 87w, https:\/\/www.bourgogne-savante.fr\/wp-content\/uploads\/2018\/09\/S\u00e9ance_publique_de_lAcad\u00e9mie_Dijon-174x300.jpeg 174w, https:\/\/www.bourgogne-savante.fr\/wp-content\/uploads\/2018\/09\/S\u00e9ance_publique_de_lAcad\u00e9mie_Dijon-768x1328.jpeg 768w, https:\/\/www.bourgogne-savante.fr\/wp-content\/uploads\/2018\/09\/S\u00e9ance_publique_de_lAcad\u00e9mie_Dijon.jpeg 801w\" sizes=\"auto, (max-width: 592px) 85vw, 592px\" \/><\/a><\/figure>\n<\/div><\/div>\n\n\n\n<div class=\"wp-block-column is-layout-flow wp-block-column-is-layout-flow\" style=\"flex-basis:75%\">\n<h5 style=\"font-family:Gadugi;color:#660033;\" id=\"revue16\">S\u00e9ance publique de l&rsquo;Acad\u00e9mie des sciences, arts et belles-lettres de Dijon<\/h5>\n<p style=\"font-family:Gadugi;\">Num\u00e9ros disponibles dans <a href=\"https:\/\/gallica.bnf.fr\/ark:\/12148\/cb344217900\/date\" target=\"_blank\" rel=\"noopener\">Gallica<\/a> : de 1810 \u00e0 1829<\/p>\n<p style=\"font-family:Gadugi;margin-top:-20px\">Voir aussi :\n<ul style=\"font-family:Gadugi;padding-left:20px;list-style-type:square;margin-top:-27px;\">\n \t<li><i><a href=\"#revue9\">M\u00e9moires de l&rsquo;Acad\u00e9mie de Dijon<\/a><\/i><\/li>\n \t<li><i><a href=\"#revue14\">Nouveaux m\u00e9moires de l&rsquo;Acad\u00e9mie de Dijon, pour la partie des sciences et des arts<\/a><\/i><\/li>\n \t<li><i><a href=\"#revue13\">Notice de la s\u00e9ance publique tenue&#8230; par la Soci\u00e9t\u00e9 libre d&rsquo;agriculture, sciences et arts de Dijon<\/a><\/i><\/li>\n \t<li><i><a href=\"#revue10\">M\u00e9moires de l&rsquo;Acad\u00e9mie des sciences, arts et belles-lettres de Dijon<\/a><\/i><\/li>\n<\/ul>\n<\/p>\n<\/div>\n<\/div>\n\n\n\n<hr class=\"wp-block-separator has-text-color has-alpha-channel-opacity has-background is-style-wide\" style=\"background-color:#660033;color:#660033;padding-top:2px\"\/>\n\n\n\n<h2 style=\"font-family:Gadugi;color:#660033;margin-top:30px;margin-bottom:50px;\" id=\"Ni\u00e8vre\">Ni\u00e8vre<\/h2>\n\n\n\n<div class=\"wp-block-columns is-layout-flex wp-container-core-columns-is-layout-9d6595d7 wp-block-columns-is-layout-flex\">\n<div class=\"wp-block-column is-layout-flow wp-block-column-is-layout-flow\" style=\"flex-basis:25%\"><div class=\"wp-block-image\">\n<figure class=\"aligncenter size-large is-resized\"><a href=\"https:\/\/gallica.bnf.fr\/ark:\/12148\/cb343833448\/date\" target=\"_blank\" rel=\"noreferrer noopener\"><img loading=\"lazy\" decoding=\"async\" width=\"712\" height=\"1024\" src=\"https:\/\/www.bourgogne-savante.fr\/wp-content\/uploads\/2018\/09\/Acad\u00e9mie_du_Morvan-712x1024.jpeg\" alt=\"Acad\u00e9mie du Morvan\" class=\"wp-image-1665\" style=\"width:160px;height:230px\" title=\"Acad\u00e9mie du Morvan\" srcset=\"https:\/\/www.bourgogne-savante.fr\/wp-content\/uploads\/2018\/09\/Acad\u00e9mie_du_Morvan-712x1024.jpeg 712w, https:\/\/www.bourgogne-savante.fr\/wp-content\/uploads\/2018\/09\/Acad\u00e9mie_du_Morvan-104x150.jpeg 104w, https:\/\/www.bourgogne-savante.fr\/wp-content\/uploads\/2018\/09\/Acad\u00e9mie_du_Morvan-209x300.jpeg 209w, https:\/\/www.bourgogne-savante.fr\/wp-content\/uploads\/2018\/09\/Acad\u00e9mie_du_Morvan-768x1104.jpeg 768w, https:\/\/www.bourgogne-savante.fr\/wp-content\/uploads\/2018\/09\/Acad\u00e9mie_du_Morvan.jpeg 933w\" sizes=\"auto, (max-width: 712px) 85vw, 712px\" \/><\/a><\/figure>\n<\/div><\/div>\n\n\n\n<div class=\"wp-block-column is-layout-flow wp-block-column-is-layout-flow\" style=\"flex-basis:75%\">\n<h5 style=\"font-family:Gadugi;color:#660033;\" id=\"revue17\">Acad\u00e9mie du Morvan<\/h5>\n<p style=\"font-family:Gadugi;\">Num\u00e9ros disponibles dans <a href=\"https:\/\/gallica.bnf.fr\/ark:\/12148\/cb343833448\/date\" target=\"_blank\" rel=\"noopener\">Gallica<\/a> : de 1974 \u00e0 2012<\/p>\n<p style=\"font-family:Gadugi;margin-top:-20px\">Voir aussi : <i><a href=\"#revue18\">L&rsquo; Acad\u00e9mie du Morvan (annuaire)<\/a><\/i><\/p>\n<\/div>\n<\/div>\n\n\n\n<hr class=\"wp-block-separator has-text-color has-alpha-channel-opacity has-background is-style-wide\" style=\"background-color:#660033;color:#660033\"\/>\n\n\n\n<div class=\"wp-block-columns is-layout-flex wp-container-core-columns-is-layout-9d6595d7 wp-block-columns-is-layout-flex\">\n<div class=\"wp-block-column is-layout-flow wp-block-column-is-layout-flow\" style=\"flex-basis:25%\"><div class=\"wp-block-image\">\n<figure class=\"aligncenter size-large is-resized\"><a href=\"https:\/\/gallica.bnf.fr\/ark:\/12148\/cb344610739\/date\" target=\"_blank\" rel=\"noreferrer noopener\"><img loading=\"lazy\" decoding=\"async\" width=\"736\" height=\"1024\" src=\"https:\/\/www.bourgogne-savante.fr\/wp-content\/uploads\/2018\/09\/L_Acad\u00e9mie_du_Morvan_Annuaire-736x1024.jpeg\" alt=\"L'Acad\u00e9mie du Movan (annuaire)\" class=\"wp-image-1678\" style=\"width:160px;height:222px\" title=\"L'Acad\u00e9mie du Movan (annuaire)\" srcset=\"https:\/\/www.bourgogne-savante.fr\/wp-content\/uploads\/2018\/09\/L_Acad\u00e9mie_du_Morvan_Annuaire-736x1024.jpeg 736w, https:\/\/www.bourgogne-savante.fr\/wp-content\/uploads\/2018\/09\/L_Acad\u00e9mie_du_Morvan_Annuaire-108x150.jpeg 108w, https:\/\/www.bourgogne-savante.fr\/wp-content\/uploads\/2018\/09\/L_Acad\u00e9mie_du_Morvan_Annuaire-216x300.jpeg 216w, https:\/\/www.bourgogne-savante.fr\/wp-content\/uploads\/2018\/09\/L_Acad\u00e9mie_du_Morvan_Annuaire-768x1069.jpeg 768w, https:\/\/www.bourgogne-savante.fr\/wp-content\/uploads\/2018\/09\/L_Acad\u00e9mie_du_Morvan_Annuaire.jpeg 929w\" sizes=\"auto, (max-width: 736px) 85vw, 736px\" \/><\/a><\/figure>\n<\/div><\/div>\n\n\n\n<div class=\"wp-block-column is-layout-flow wp-block-column-is-layout-flow\" style=\"flex-basis:75%\">\n<h5 style=\"font-family:Gadugi;color:#660033;\" id=\"revue18\">L&rsquo; Acad\u00e9mie du Morvan (annuaire)<\/h5>\n<p style=\"font-family:Gadugi;\">Num\u00e9ros disponibles dans <a href=\"https:\/\/gallica.bnf.fr\/ark:\/12148\/cb344610739\/date\" target=\"_blank\" rel=\"noopener\">Gallica<\/a> : 1972<\/p>\n<p style=\"font-family:Gadugi;margin-top:-20px\">Voir aussi : <i><a href=\"#revue17\">Acad\u00e9mie du Morvan<\/a><\/i><\/p>\n<\/div>\n<\/div>\n\n\n\n<hr class=\"wp-block-separator has-text-color has-alpha-channel-opacity has-background is-style-wide\" style=\"background-color:#660033;color:#660033\"\/>\n\n\n\n<div class=\"wp-block-columns is-layout-flex wp-container-core-columns-is-layout-9d6595d7 wp-block-columns-is-layout-flex\">\n<div class=\"wp-block-column is-layout-flow wp-block-column-is-layout-flow\" style=\"flex-basis:25%\"><div class=\"wp-block-image\">\n<figure class=\"aligncenter size-large is-resized\"><a href=\"https:\/\/gallica.bnf.fr\/ark:\/12148\/cb327247930\/date\" target=\"_blank\" rel=\"noreferrer noopener\"><img loading=\"lazy\" decoding=\"async\" width=\"632\" height=\"1024\" src=\"https:\/\/www.bourgogne-savante.fr\/wp-content\/uploads\/2018\/09\/Bulletin_de_la_Soci\u00e9t\u00e9_nivernaise-632x1024.jpeg\" alt=\"Bulletin de la Societ\u00e9 nivernaise des lettres, sciences et arts\" class=\"wp-image-1675\" style=\"width:160px;height:259px\" title=\"Bulletin de la Societ\u00e9 nivernaise des lettres, sciences et arts\" srcset=\"https:\/\/www.bourgogne-savante.fr\/wp-content\/uploads\/2018\/09\/Bulletin_de_la_Soci\u00e9t\u00e9_nivernaise-632x1024.jpeg 632w, https:\/\/www.bourgogne-savante.fr\/wp-content\/uploads\/2018\/09\/Bulletin_de_la_Soci\u00e9t\u00e9_nivernaise-93x150.jpeg 93w, https:\/\/www.bourgogne-savante.fr\/wp-content\/uploads\/2018\/09\/Bulletin_de_la_Soci\u00e9t\u00e9_nivernaise-185x300.jpeg 185w, https:\/\/www.bourgogne-savante.fr\/wp-content\/uploads\/2018\/09\/Bulletin_de_la_Soci\u00e9t\u00e9_nivernaise-768x1245.jpeg 768w, https:\/\/www.bourgogne-savante.fr\/wp-content\/uploads\/2018\/09\/Bulletin_de_la_Soci\u00e9t\u00e9_nivernaise.jpeg 889w\" sizes=\"auto, (max-width: 632px) 85vw, 632px\" \/><\/a><\/figure>\n<\/div><\/div>\n\n\n\n<div class=\"wp-block-column is-layout-flow wp-block-column-is-layout-flow\" style=\"flex-basis:75%\">\n<h5 style=\"font-family:Gadugi;color:#660033;\" id=\"revue19\">Bulletin de la Societ\u00e9 nivernaise des lettres, sciences et arts<\/h5>\n<p style=\"font-family:Gadugi;\">Num\u00e9ros disponibles dans <a href=\"https:\/\/gallica.bnf.fr\/ark:\/12148\/cb327247930\/date\" target=\"_blank\" rel=\"noopener\">Gallica<\/a> : de 1883 \u00e0 2001<\/p>\n<p style=\"font-family:Gadugi;margin-top:-20px\">Voir aussi : <i><a href=\"#revue20\">Bulletin de la Soci\u00e9t\u00e9 nivernaise des sciences, lettres et arts<\/a><\/i><\/p>\n<\/div>\n<\/div>\n\n\n\n<hr class=\"wp-block-separator has-text-color has-alpha-channel-opacity has-background is-style-wide\" style=\"background-color:#660033;color:#660033\"\/>\n\n\n\n<div class=\"wp-block-columns is-layout-flex wp-container-core-columns-is-layout-9d6595d7 wp-block-columns-is-layout-flex\">\n<div class=\"wp-block-column is-layout-flow wp-block-column-is-layout-flow\" style=\"flex-basis:25%\"><div class=\"wp-block-image\">\n<figure class=\"aligncenter size-large is-resized\"><a href=\"https:\/\/gallica.bnf.fr\/ark:\/12148\/cb34386211r\/date\" target=\"_blank\" rel=\"noreferrer noopener\"><img loading=\"lazy\" decoding=\"async\" width=\"708\" height=\"1024\" src=\"https:\/\/www.bourgogne-savante.fr\/wp-content\/uploads\/2018\/09\/Bulletin_de_la_Soci\u00e9t\u00e9_nivernaise_Sciences-708x1024.jpeg\" alt=\"Bulletin de la Soci\u00e9t\u00e9 nivernaise des sciences, lettres et arts\" class=\"wp-image-1676\" style=\"width:160px;height:231px\" title=\"Bulletin de la Soci\u00e9t\u00e9 nivernaise des sciences, lettres et arts\" srcset=\"https:\/\/www.bourgogne-savante.fr\/wp-content\/uploads\/2018\/09\/Bulletin_de_la_Soci\u00e9t\u00e9_nivernaise_Sciences-708x1024.jpeg 708w, https:\/\/www.bourgogne-savante.fr\/wp-content\/uploads\/2018\/09\/Bulletin_de_la_Soci\u00e9t\u00e9_nivernaise_Sciences-104x150.jpeg 104w, https:\/\/www.bourgogne-savante.fr\/wp-content\/uploads\/2018\/09\/Bulletin_de_la_Soci\u00e9t\u00e9_nivernaise_Sciences-207x300.jpeg 207w, https:\/\/www.bourgogne-savante.fr\/wp-content\/uploads\/2018\/09\/Bulletin_de_la_Soci\u00e9t\u00e9_nivernaise_Sciences-768x1112.jpeg 768w, https:\/\/www.bourgogne-savante.fr\/wp-content\/uploads\/2018\/09\/Bulletin_de_la_Soci\u00e9t\u00e9_nivernaise_Sciences.jpeg 1024w\" sizes=\"auto, (max-width: 708px) 85vw, 708px\" \/><\/a><\/figure>\n<\/div><\/div>\n\n\n\n<div class=\"wp-block-column is-layout-flow wp-block-column-is-layout-flow\" style=\"flex-basis:75%\">\n<h5 style=\"font-family:Gadugi;color:#660033;\" id=\"revue20\">Bulletin de la Soci\u00e9t\u00e9 nivernaise des sciences, lettres et arts<\/h5>\n<p style=\"font-family:Gadugi;\">Num\u00e9ros disponibles dans <a href=\"https:\/\/gallica.bnf.fr\/ark:\/12148\/cb34386211r\/date\" target=\"_blank\" rel=\"noopener\">Gallica<\/a> : de 1854 \u00e0 1880<\/p>\n<p style=\"font-family:Gadugi;margin-top:-20px\">Voir aussi : <i><a href=\"#revue19\">Bulletin de la Societ\u00e9 nivernaise des lettres, sciences et arts<\/a><\/i><\/p>\n<\/div>\n<\/div>\n\n\n\n<hr class=\"wp-block-separator has-text-color has-alpha-channel-opacity has-background is-style-wide\" style=\"background-color:#660033;color:#660033\"\/>\n\n\n\n<div class=\"wp-block-columns is-layout-flex wp-container-core-columns-is-layout-9d6595d7 wp-block-columns-is-layout-flex\">\n<div class=\"wp-block-column is-layout-flow wp-block-column-is-layout-flow\" style=\"flex-basis:25%\"><div class=\"wp-block-image\">\n<figure class=\"aligncenter size-large is-resized\"><a href=\"https:\/\/gallica.bnf.fr\/ark:\/12148\/cb343544089\/date\" target=\"_blank\" rel=\"noreferrer noopener\"><img loading=\"lazy\" decoding=\"async\" width=\"612\" height=\"1024\" src=\"https:\/\/www.bourgogne-savante.fr\/wp-content\/uploads\/2018\/09\/Bulletin_de_la_Soci\u00e9t\u00e9_scientifique_de_Clamecy-612x1024.jpeg\" alt=\"Bulletin de la Soci\u00e9t\u00e9 scientifique et artistique de Clamecy\" class=\"wp-image-1677\" style=\"width:160px;height:267px\" title=\"Bulletin de la Soci\u00e9t\u00e9 scientifique et artistique de Clamecy\" srcset=\"https:\/\/www.bourgogne-savante.fr\/wp-content\/uploads\/2018\/09\/Bulletin_de_la_Soci\u00e9t\u00e9_scientifique_de_Clamecy-612x1024.jpeg 612w, https:\/\/www.bourgogne-savante.fr\/wp-content\/uploads\/2018\/09\/Bulletin_de_la_Soci\u00e9t\u00e9_scientifique_de_Clamecy-90x150.jpeg 90w, https:\/\/www.bourgogne-savante.fr\/wp-content\/uploads\/2018\/09\/Bulletin_de_la_Soci\u00e9t\u00e9_scientifique_de_Clamecy-179x300.jpeg 179w, https:\/\/www.bourgogne-savante.fr\/wp-content\/uploads\/2018\/09\/Bulletin_de_la_Soci\u00e9t\u00e9_scientifique_de_Clamecy-768x1285.jpeg 768w, https:\/\/www.bourgogne-savante.fr\/wp-content\/uploads\/2018\/09\/Bulletin_de_la_Soci\u00e9t\u00e9_scientifique_de_Clamecy.jpeg 861w\" sizes=\"auto, (max-width: 612px) 85vw, 612px\" \/><\/a><\/figure>\n<\/div><\/div>\n\n\n\n<div class=\"wp-block-column is-layout-flow wp-block-column-is-layout-flow\" style=\"flex-basis:75%\">\n<h5 style=\"font-family:Gadugi;color:#660033;\">Bulletin de la Soci\u00e9t\u00e9 scientifique et artistique de Clamecy<\/h5>\n<p style=\"font-family:Gadugi;\">Num\u00e9ros disponibles dans <a href=\"https:\/\/gallica.bnf.fr\/ark:\/12148\/cb343544089\/date\" target=\"_blank\" rel=\"noopener\">Gallica<\/a> : de 1876 \u00e0 1948<\/p>\n<\/div>\n<\/div>\n\n\n\n<hr class=\"wp-block-separator has-text-color has-alpha-channel-opacity has-background is-style-wide\" style=\"background-color:#660033;color:#660033\"\/>\n\n\n\n<div class=\"wp-block-columns is-layout-flex wp-container-core-columns-is-layout-9d6595d7 wp-block-columns-is-layout-flex\">\n<div class=\"wp-block-column is-layout-flow wp-block-column-is-layout-flow\" style=\"flex-basis:25%\"><div class=\"wp-block-image aligncenter size-large is-resized\">\n<figure ><a href=\"https:\/\/gallica.bnf.fr\/ark:\/12148\/cb343544058\/date\" target=\"_blank\" rel=\"noreferrer noopener\"><img decoding=\"async\" src=\"https:\/\/www.bourgogne-savante.fr\/wp-content\/uploads\/Memoires_de_la_Societe_academique_.Societe_academique_bd6t5345155v_5-189x300.jpeg\" alt=\"M\u00e9moires de la Soci\u00e9t\u00e9 acad\u00e9mique du Nivernais\" style=\"object-fit:cover;width:160px;height:254px\" title=\"M\u00e9moires de la Soci\u00e9t\u00e9 acad\u00e9mique du Nivernais\"\/><\/a><\/figure>\n<\/div><\/div>\n\n\n\n<div class=\"wp-block-column is-layout-flow wp-block-column-is-layout-flow\" style=\"flex-basis:75%\">\n<h5 style=\"font-family:Gadugi;color:#660033;\">M\u00e9moires de la Soci\u00e9t\u00e9 acad\u00e9mique du Nivernais<\/h5>\n<p style=\"font-family:Gadugi;\">Num\u00e9ros disponibles dans <a href=\"https:\/\/gallica.bnf.fr\/ark:\/12148\/cb343544058\/date\" target=\"_blank\" rel=\"noopener\">Gallica<\/a> : de 1886 \u00e0 1930<\/p>\n<p style=\"font-family:Gadugi;margin-top:-20px\">Les tables des <i>M\u00e9moires de la Soci\u00e9t\u00e9 acad\u00e9mique du Nivernais<\/i> sont disponibles sur ce site :\n<ul style=\"font-family:Gadugi;padding-left:20px;list-style-type:square;margin-top:-27px;\">\n<li><a href=\"https:\/\/www.bourgogne-savante.fr\/wp-content\/uploads\/SAN-Tables-1886-1923.pdf\" target=\"_blank\" rel=\"noopener\">1886-1923<\/a> (table dress\u00e9e par Marius Gerin) ;<\/li>\n<li><a href=\"https:\/\/www.bourgogne-savante.fr\/wp-content\/uploads\/SAN-Tables-1924-1973.pdf\" target=\"_blank\" rel=\"noopener\">1924-1973<\/a> (table dress\u00e9e par Andr\u00e9 Thuillier) ;<\/li>\n<li><a href=\"https:\/\/www.bourgogne-savante.fr\/wp-content\/uploads\/SAN-Tables-1976-2002.pdf\" target=\"_blank\" rel=\"noopener\">1976-2002<\/a> (table dress\u00e9e par Guy Thuillier) ;<\/li>\n<li><a href=\"https:\/\/www.bourgogne-savante.fr\/wp-content\/uploads\/SAN-Tables-matieres-2004-2023.pdf\" target=\"_blank\" rel=\"noopener\">depuis 2004<\/a> (recueil des tables des mati\u00e8res des tomes).<\/li>\n<\/ul>\n<\/p>\n<\/div>\n<\/div>\n\n\n\n<hr class=\"wp-block-separator has-text-color has-alpha-channel-opacity has-background is-style-wide\" style=\"background-color:#660033;color:#660033;padding-top:2px\"\/>\n\n\n\n<h2 style=\"font-family:Gadugi;color:#660033;margin-top:30px;margin-bottom:50px;\" id=\"SL\">Sa\u00f4ne-et-Loire<\/h2>\n\n\n\n<div class=\"wp-block-columns is-layout-flex wp-container-core-columns-is-layout-9d6595d7 wp-block-columns-is-layout-flex\">\n<div class=\"wp-block-column is-layout-flow wp-block-column-is-layout-flow\" style=\"flex-basis:25%\"><div class=\"wp-block-image\">\n<figure class=\"aligncenter size-large is-resized\"><a href=\"https:\/\/gallica.bnf.fr\/ark:\/12148\/cb326934053\/date\" target=\"_blank\" rel=\"noreferrer noopener\"><img loading=\"lazy\" decoding=\"async\" width=\"631\" height=\"1024\" src=\"https:\/\/www.bourgogne-savante.fr\/wp-content\/uploads\/2018\/09\/Les_Annales_chalonnaises_et_bourguignonnes-631x1024.jpeg\" alt=\"Les Annales chalonnaises et bourguignonnes. Recueil bi-mensuel d\u2019articles et de documents d\u2019histoire locale\" class=\"wp-image-1786\" style=\"width:160px;height:259px\" title=\"Les Annales chalonnaises et bourguignonnes. Recueil bi-mensuel d\u2019articles et de documents d\u2019histoire locale\" srcset=\"https:\/\/www.bourgogne-savante.fr\/wp-content\/uploads\/2018\/09\/Les_Annales_chalonnaises_et_bourguignonnes-631x1024.jpeg 631w, https:\/\/www.bourgogne-savante.fr\/wp-content\/uploads\/2018\/09\/Les_Annales_chalonnaises_et_bourguignonnes-92x150.jpeg 92w, https:\/\/www.bourgogne-savante.fr\/wp-content\/uploads\/2018\/09\/Les_Annales_chalonnaises_et_bourguignonnes-185x300.jpeg 185w, https:\/\/www.bourgogne-savante.fr\/wp-content\/uploads\/2018\/09\/Les_Annales_chalonnaises_et_bourguignonnes-768x1246.jpeg 768w, https:\/\/www.bourgogne-savante.fr\/wp-content\/uploads\/2018\/09\/Les_Annales_chalonnaises_et_bourguignonnes.jpeg 965w\" sizes=\"auto, (max-width: 631px) 85vw, 631px\" \/><\/a><\/figure>\n<\/div><\/div>\n\n\n\n<div class=\"wp-block-column is-layout-flow wp-block-column-is-layout-flow\" style=\"flex-basis:75%\">\n<h5 style=\"font-family:Gadugi;color:#660033;\" id=\"revue21\">Les Annales chalonnaises et bourguignonnes. Recueil bi-mensuel d&rsquo;articles et de documents d&rsquo;histoire locale<\/h5>\n<p style=\"font-family:Gadugi;\">Num\u00e9ros disponibles dans <a href=\"https:\/\/gallica.bnf.fr\/ark:\/12148\/cb326934053\/date\" target=\"_blank\" rel=\"noopener\">Gallica<\/a> : num\u00e9ros 1 \u00e0 16 (mars 1938-15 octobre 1938) correspondant au premier volume des <i>Invasions autrichiennes de 1814 et 1815 \u00e0 Chalon-sur-Sa\u00f4ne et en Bourgogne<\/i> de Louis Gallas<\/p>\n<p style=\"font-family:Gadugi;margin-top:-20px\">Voir aussi :\n<ul style=\"font-family:Gadugi;padding-left:20px;list-style-type:square;margin-top:-27px;\">\n \t<li><i><a href=\"#revue32\">M\u00e9moires de la Soci\u00e9t\u00e9 d&rsquo;histoire et d&rsquo;arch\u00e9ologie de Chalon-sur-Sa\u00f4ne<\/a><\/i><\/li>\n \t<li><i><a href=\"#revue27\">Bulletin de la Soci\u00e9t\u00e9 d&rsquo;histoire et d&rsquo;arch\u00e9ologie de Chalon-sur-Sa\u00f4ne<\/a><\/i><\/li>\n<\/ul>\n<\/p>\n<\/div>\n<\/div>\n\n\n\n<hr class=\"wp-block-separator has-text-color has-alpha-channel-opacity has-background is-style-wide\" style=\"background-color:#660033;color:#660033\"\/>\n\n\n\n<div class=\"wp-block-columns is-layout-flex wp-container-core-columns-is-layout-9d6595d7 wp-block-columns-is-layout-flex\">\n<div class=\"wp-block-column is-layout-flow wp-block-column-is-layout-flow\" style=\"flex-basis:25%\"><div class=\"wp-block-image\">\n<figure class=\"aligncenter size-large is-resized\"><a href=\"https:\/\/gallica.bnf.fr\/ark:\/12148\/cb34398461j\/date\" target=\"_blank\" rel=\"noreferrer noopener\"><img loading=\"lazy\" decoding=\"async\" width=\"681\" height=\"1024\" src=\"https:\/\/www.bourgogne-savante.fr\/wp-content\/uploads\/2018\/09\/Annales_de_lAcad\u00e9mie_de_M\u00e2con-681x1024.jpeg\" alt=\"Annales de l\u2019Acad\u00e9mie de M\u00e2con\" class=\"wp-image-1666\" style=\"width:162px;height:243px\" title=\"Annales de l\u2019Acad\u00e9mie de M\u00e2con\" srcset=\"https:\/\/www.bourgogne-savante.fr\/wp-content\/uploads\/2018\/09\/Annales_de_lAcad\u00e9mie_de_M\u00e2con-681x1024.jpeg 681w, https:\/\/www.bourgogne-savante.fr\/wp-content\/uploads\/2018\/09\/Annales_de_lAcad\u00e9mie_de_M\u00e2con-100x150.jpeg 100w, https:\/\/www.bourgogne-savante.fr\/wp-content\/uploads\/2018\/09\/Annales_de_lAcad\u00e9mie_de_M\u00e2con-200x300.jpeg 200w, https:\/\/www.bourgogne-savante.fr\/wp-content\/uploads\/2018\/09\/Annales_de_lAcad\u00e9mie_de_M\u00e2con-768x1155.jpeg 768w, https:\/\/www.bourgogne-savante.fr\/wp-content\/uploads\/2018\/09\/Annales_de_lAcad\u00e9mie_de_M\u00e2con.jpeg 953w\" sizes=\"auto, (max-width: 681px) 85vw, 681px\" \/><\/a><\/figure>\n<\/div><\/div>\n\n\n\n<div class=\"wp-block-column is-layout-flow wp-block-column-is-layout-flow\" style=\"flex-basis:75%\">\n<h5 style=\"font-family:Gadugi;color:#660033;\" id=\"revue21bis\">Annales de l&rsquo;Acad\u00e9mie de M\u00e2con<\/h5>\n<p style=\"font-family:Gadugi;\">Num\u00e9ros disponibles dans <a href=\"https:\/\/gallica.bnf.fr\/ark:\/12148\/cb34398461j\/date\" target=\"_blank\" rel=\"noopener\">Gallica<\/a> : de 1851 \u00e0 2010<\/p>\n<p style=\"font-family:Gadugi;margin-top:-20px\">Voir aussi :\n<ul style=\"font-family:Gadugi;padding-left:20px;list-style-type:square;margin-top:-27px;\">\n \t<li><i><a href=\"#revue30\">Compte rendu des travaux de la Soci\u00e9t\u00e9 des sciences, arts et belles-lettres de M\u00e2con<\/a><\/i><\/li>\n \t<li><i><a href=\"#revue29\">Compte rendu des travaux de la Soci\u00e9t\u00e9 d&rsquo;agriculture, sciences et belles-lettres de M\u00e2con<\/a><\/i><\/li>\n \t<li><i><a href=\"#revue31\">Compte rendu des travaux &#8211; Soci\u00e9t\u00e9 acad\u00e9mique de Macon<\/a><\/i><\/li>\n<\/ul>\n<\/p>\n<\/div>\n<\/div>\n\n\n\n<hr class=\"wp-block-separator has-text-color has-alpha-channel-opacity has-background is-style-wide\" style=\"background-color:#660033;color:#660033\"\/>\n\n\n\n<div class=\"wp-block-columns is-layout-flex wp-container-core-columns-is-layout-9d6595d7 wp-block-columns-is-layout-flex\">\n<div class=\"wp-block-column is-layout-flow wp-block-column-is-layout-flow\" style=\"flex-basis:25%\"><div class=\"wp-block-image\">\n<figure class=\"aligncenter size-large is-resized\"><a href=\"https:\/\/gallica.bnf.fr\/ark:\/12148\/cb32694022t\/date\" target=\"_blank\" rel=\"noreferrer noopener\"><img loading=\"lazy\" decoding=\"async\" width=\"596\" height=\"1024\" src=\"https:\/\/www.bourgogne-savante.fr\/wp-content\/uploads\/2018\/09\/Annales_de_la_Soci\u00e9t\u00e9_\u00e9duenne-596x1024.jpeg\" alt=\"Annales de la Soci\u00e9t\u00e9 \u00e9duenne\" class=\"wp-image-1784\" style=\"width:160px;height:274px\" title=\"Annales de la Soci\u00e9t\u00e9 \u00e9duenne\" srcset=\"https:\/\/www.bourgogne-savante.fr\/wp-content\/uploads\/2018\/09\/Annales_de_la_Soci\u00e9t\u00e9_\u00e9duenne-596x1024.jpeg 596w, https:\/\/www.bourgogne-savante.fr\/wp-content\/uploads\/2018\/09\/Annales_de_la_Soci\u00e9t\u00e9_\u00e9duenne-87x150.jpeg 87w, https:\/\/www.bourgogne-savante.fr\/wp-content\/uploads\/2018\/09\/Annales_de_la_Soci\u00e9t\u00e9_\u00e9duenne-175x300.jpeg 175w, https:\/\/www.bourgogne-savante.fr\/wp-content\/uploads\/2018\/09\/Annales_de_la_Soci\u00e9t\u00e9_\u00e9duenne-768x1319.jpeg 768w, https:\/\/www.bourgogne-savante.fr\/wp-content\/uploads\/2018\/09\/Annales_de_la_Soci\u00e9t\u00e9_\u00e9duenne.jpeg 825w\" sizes=\"auto, (max-width: 596px) 85vw, 596px\" \/><\/a><\/figure>\n<\/div><\/div>\n\n\n\n<div class=\"wp-block-column is-layout-flow wp-block-column-is-layout-flow\" style=\"flex-basis:75%\">\n<h5 style=\"font-family:Gadugi;color:#660033;\" id=\"revue22\">Annales de la Soci\u00e9t\u00e9 \u00e9duenne<\/h5>\n<p style=\"font-family:Gadugi;\">Num\u00e9ros disponibles dans <a href=\"https:\/\/gallica.bnf.fr\/ark:\/12148\/cb32694022t\/date\" target=\"_blank\" rel=\"noopener\">Gallica<\/a> : de 1853-1857 \u00e0 1862-1864<\/p>\n<p style=\"font-family:Gadugi;margin-top:-20px\">Voir aussi :\n<ul style=\"font-family:Gadugi;padding-left:20px;list-style-type:square;margin-top:-27px;\">\n \t<li><i><a href=\"#revue28\">Compte rendu de ses travaux &#8211; Soci\u00e9t\u00e9 \u00e9duenne<\/a><\/i><\/li>\n \t<li><i><a href=\"#revue33\">M\u00e9moires de la Soci\u00e9t\u00e9 \u00e9duenne (1844)<\/a><\/i><\/li>\n \t<li><i><a href=\"#revue34\">M\u00e9moires de la Soci\u00e9t\u00e9 \u00e9duenne (1872)<\/a><\/i><\/li>\n<\/ul>\n<\/p>\n<\/div>\n<\/div>\n\n\n\n<hr class=\"wp-block-separator has-text-color has-alpha-channel-opacity has-background is-style-wide\" style=\"background-color:#660033;color:#660033\"\/>\n\n\n\n<div class=\"wp-block-columns is-layout-flex wp-container-core-columns-is-layout-9d6595d7 wp-block-columns-is-layout-flex\">\n<div class=\"wp-block-column is-layout-flow wp-block-column-is-layout-flow\" style=\"flex-basis:25%\"><div class=\"wp-block-image\">\n<figure class=\"aligncenter size-large is-resized\"><a href=\"https:\/\/gallica.bnf.fr\/ark:\/12148\/cb32695438j\/date\" target=\"_blank\" rel=\"noreferrer noopener\"><img loading=\"lazy\" decoding=\"async\" width=\"612\" height=\"1024\" src=\"https:\/\/www.bourgogne-savante.fr\/wp-content\/uploads\/2018\/09\/Annuaire_administratif_commercial_et_historique_Sa\u00f4ne-et-Loire-612x1024.jpeg\" alt=\"Annuaire administratif, commercial et historique du d\u00e9partement de Sa\u00f4ne-et-Loire\" class=\"wp-image-1749\" style=\"width:160px;height:267px\" title=\"Annuaire administratif, commercial et historique du d\u00e9partement de Sa\u00f4ne-et-Loire\" srcset=\"https:\/\/www.bourgogne-savante.fr\/wp-content\/uploads\/2018\/09\/Annuaire_administratif_commercial_et_historique_Sa\u00f4ne-et-Loire-612x1024.jpeg 612w, https:\/\/www.bourgogne-savante.fr\/wp-content\/uploads\/2018\/09\/Annuaire_administratif_commercial_et_historique_Sa\u00f4ne-et-Loire-90x150.jpeg 90w, https:\/\/www.bourgogne-savante.fr\/wp-content\/uploads\/2018\/09\/Annuaire_administratif_commercial_et_historique_Sa\u00f4ne-et-Loire-179x300.jpeg 179w, https:\/\/www.bourgogne-savante.fr\/wp-content\/uploads\/2018\/09\/Annuaire_administratif_commercial_et_historique_Sa\u00f4ne-et-Loire-768x1284.jpeg 768w, https:\/\/www.bourgogne-savante.fr\/wp-content\/uploads\/2018\/09\/Annuaire_administratif_commercial_et_historique_Sa\u00f4ne-et-Loire.jpeg 869w\" sizes=\"auto, (max-width: 612px) 85vw, 612px\" \/><\/a><\/figure>\n<\/div><\/div>\n\n\n\n<div class=\"wp-block-column is-layout-flow wp-block-column-is-layout-flow\" style=\"flex-basis:75%\">\n<h5 style=\"font-family:Gadugi;color:#660033;\" id=\"revue23\">Annuaire administratif, commercial et historique du d\u00e9partement de Sa\u00f4ne-et-Loire<\/h5>\n<p style=\"font-family:Gadugi;\">Num\u00e9ros disponibles dans <a href=\"https:\/\/gallica.bnf.fr\/ark:\/12148\/cb32695438j\/date\" target=\"_blank\" rel=\"noopener\">Gallica<\/a> : de 1884 \u00e0 1922<\/p>\n<p style=\"font-family:Gadugi;margin-top:-20px\">Voir aussi :\n<ul style=\"font-family:Gadugi;padding-left:20px;list-style-type:square;margin-top:-27px;\">\n \t<li><i><a href=\"#revue25\">Annuaire du d\u00e9partement de Sa\u00f4ne-et-Loire<\/a><\/i><\/li>\n \t<li><i><a href=\"#revue24\">Annuaire administratif, statistique, agricole, industriel et historique de Sa\u00f4ne-et-Loire<\/a><\/i><\/li>\n<\/ul>\n<\/p>\n<\/div>\n<\/div>\n\n\n\n<hr class=\"wp-block-separator has-text-color has-alpha-channel-opacity has-background is-style-wide\" style=\"background-color:#660033;color:#660033\"\/>\n\n\n\n<div class=\"wp-block-columns is-layout-flex wp-container-core-columns-is-layout-9d6595d7 wp-block-columns-is-layout-flex\">\n<div class=\"wp-block-column is-layout-flow wp-block-column-is-layout-flow\" style=\"flex-basis:25%\"><div class=\"wp-block-image\">\n<figure class=\"aligncenter size-large is-resized\"><a href=\"https:\/\/gallica.bnf.fr\/ark:\/12148\/cb32695564c\/date\" target=\"_blank\" rel=\"noreferrer noopener\"><img loading=\"lazy\" decoding=\"async\" width=\"606\" height=\"1024\" src=\"https:\/\/www.bourgogne-savante.fr\/wp-content\/uploads\/2018\/09\/Annuaire_administratif_statistique_agricole_Sa\u00f4ne-et-Loire-606x1024.jpeg\" alt=\"Annuaire administratif, statistique, agricole, industriel et historique de Sa\u00f4ne-et-Loire\" class=\"wp-image-1801\" style=\"width:160px;height:270px\" title=\"Annuaire administratif, statistique, agricole, industriel et historique de Sa\u00f4ne-et-Loire\" srcset=\"https:\/\/www.bourgogne-savante.fr\/wp-content\/uploads\/2018\/09\/Annuaire_administratif_statistique_agricole_Sa\u00f4ne-et-Loire-606x1024.jpeg 606w, https:\/\/www.bourgogne-savante.fr\/wp-content\/uploads\/2018\/09\/Annuaire_administratif_statistique_agricole_Sa\u00f4ne-et-Loire-89x150.jpeg 89w, https:\/\/www.bourgogne-savante.fr\/wp-content\/uploads\/2018\/09\/Annuaire_administratif_statistique_agricole_Sa\u00f4ne-et-Loire-178x300.jpeg 178w, https:\/\/www.bourgogne-savante.fr\/wp-content\/uploads\/2018\/09\/Annuaire_administratif_statistique_agricole_Sa\u00f4ne-et-Loire-768x1297.jpeg 768w, https:\/\/www.bourgogne-savante.fr\/wp-content\/uploads\/2018\/09\/Annuaire_administratif_statistique_agricole_Sa\u00f4ne-et-Loire.jpeg 865w\" sizes=\"auto, (max-width: 606px) 85vw, 606px\" \/><\/a><\/figure>\n<\/div><\/div>\n\n\n\n<div class=\"wp-block-column is-layout-flow wp-block-column-is-layout-flow\" style=\"flex-basis:75%\">\n<h5 style=\"font-family:Gadugi;color:#660033;\" id=\"revue24\">Annuaire administratif, statistique, agricole, industriel et historique de Sa\u00f4ne-et-Loire<\/h5>\n<p style=\"font-family:Gadugi;\">Num\u00e9ros disponibles dans <a href=\"https:\/\/gallica.bnf.fr\/ark:\/12148\/cb32695564c\/date\" target=\"_blank\" rel=\"noopener\">Gallica<\/a> : 1879 et 1882<\/p>\n<p style=\"font-family:Gadugi;margin-top:-20px\">Voir aussi :\n<ul style=\"font-family:Gadugi;padding-left:20px;list-style-type:square;margin-top:-27px;\">\n \t<li><i><a href=\"#revue25\">Annuaire du d\u00e9partement de Sa\u00f4ne-et-Loire<\/a><\/i><\/li>\n \t<li><i><a href=\"#revue23\">Annuaire administratif, commercial et historique du d\u00e9partement de Sa\u00f4ne-et-Loire<\/a><\/i><\/li>\n<\/ul>\n<\/p>\n<\/div>\n<\/div>\n\n\n\n<hr class=\"wp-block-separator has-text-color has-alpha-channel-opacity has-background is-style-wide\" style=\"background-color:#660033;color:#660033\"\/>\n\n\n\n<div class=\"wp-block-columns is-layout-flex wp-container-core-columns-is-layout-9d6595d7 wp-block-columns-is-layout-flex\">\n<div class=\"wp-block-column is-layout-flow wp-block-column-is-layout-flow\" style=\"flex-basis:25%\"><div class=\"wp-block-image\">\n<figure class=\"aligncenter size-full is-resized\"><a href=\"https:\/\/books.google.fr\/books?id=sqRShGu1DksC&amp;hl=fr&amp;pg=PP5#v=onepage&amp;q&amp;f=false\" target=\"_blank\" rel=\"noreferrer noopener\"><img loading=\"lazy\" decoding=\"async\" width=\"343\" height=\"579\" src=\"https:\/\/www.bourgogne-savante.fr\/wp-content\/uploads\/Annuaire-historique-et-statistique-du-departement-de-Saone-et-Loire.jpg\" alt=\"Annuaire du d\u00e9partement de Sa\u00f4ne-et-Loire\" class=\"wp-image-4114\" style=\"width:160px;height:270px\" title=\"Annuaire du d\u00e9partement de Sa\u00f4ne-et-Loire\" srcset=\"https:\/\/www.bourgogne-savante.fr\/wp-content\/uploads\/Annuaire-historique-et-statistique-du-departement-de-Saone-et-Loire.jpg 343w, https:\/\/www.bourgogne-savante.fr\/wp-content\/uploads\/Annuaire-historique-et-statistique-du-departement-de-Saone-et-Loire-178x300.jpg 178w, https:\/\/www.bourgogne-savante.fr\/wp-content\/uploads\/Annuaire-historique-et-statistique-du-departement-de-Saone-et-Loire-89x150.jpg 89w\" sizes=\"auto, (max-width: 343px) 85vw, 343px\" \/><\/a><\/figure>\n<\/div><\/div>\n\n\n\n<div class=\"wp-block-column is-layout-flow wp-block-column-is-layout-flow\" style=\"flex-basis:75%\">\n<h5 style=\"font-family:Gadugi;color:#660033;\" id=\"revue25\">Annuaire du d\u00e9partement de Sa\u00f4ne-et-Loire<\/h5>\n<p style=\"font-family:Gadugi;\">Num\u00e9ros disponibles dans <a href=\"https:\/\/books.google.fr\/books?id=sqRShGu1DksC&amp;hl=fr&amp;pg=PP5#v=onepage&amp;q&amp;f=false\" target=\"_blank\" rel=\"noopener\">Google Livres<\/a> : ann\u00e9e 1829<\/p>\n<p style=\"font-family:Gadugi;margin-top:-20px\">Voir aussi :\n<ul style=\"font-family:Gadugi;padding-left:20px;list-style-type:square;margin-top:-27px;\">\n \t<li><i><a href=\"#revue24\">Annuaire administratif, statistique, agricole, industriel et historique de Sa\u00f4ne-et-Loire<\/a><\/i><\/li>\n \t<li><i><a href=\"#revue23\">Annuaire administratif, commercial et historique du d\u00e9partement de Sa\u00f4ne-et-Loire<\/a><\/i><\/li>\n<\/ul>\n<\/p>\n<\/div>\n<\/div>\n\n\n\n<hr class=\"wp-block-separator has-text-color has-alpha-channel-opacity has-background is-style-wide\" style=\"background-color:#660033;color:#660033\"\/>\n\n\n\n<div class=\"wp-block-columns is-layout-flex wp-container-core-columns-is-layout-9d6595d7 wp-block-columns-is-layout-flex\">\n<div class=\"wp-block-column is-layout-flow wp-block-column-is-layout-flow\" style=\"flex-basis:25%\"><div class=\"wp-block-image\">\n<figure class=\"aligncenter size-large is-resized\"><a href=\"https:\/\/gallica.bnf.fr\/ark:\/12148\/cb32715905g\/date\" target=\"_blank\" rel=\"noreferrer noopener\"><img loading=\"lazy\" decoding=\"async\" width=\"708\" height=\"1024\" src=\"https:\/\/www.bourgogne-savante.fr\/wp-content\/uploads\/2018\/09\/La_Bresse_louhannaise-708x1024.jpeg\" alt=\"La Bresse louhannaise\" class=\"wp-image-1754\" style=\"width:160px;height:231px\" title=\"La Bresse louhannaise\" srcset=\"https:\/\/www.bourgogne-savante.fr\/wp-content\/uploads\/2018\/09\/La_Bresse_louhannaise-708x1024.jpeg 708w, https:\/\/www.bourgogne-savante.fr\/wp-content\/uploads\/2018\/09\/La_Bresse_louhannaise-104x150.jpeg 104w, https:\/\/www.bourgogne-savante.fr\/wp-content\/uploads\/2018\/09\/La_Bresse_louhannaise-207x300.jpeg 207w, https:\/\/www.bourgogne-savante.fr\/wp-content\/uploads\/2018\/09\/La_Bresse_louhannaise-768x1112.jpeg 768w, https:\/\/www.bourgogne-savante.fr\/wp-content\/uploads\/2018\/09\/La_Bresse_louhannaise.jpeg 1024w\" sizes=\"auto, (max-width: 708px) 85vw, 708px\" \/><\/a><\/figure>\n<\/div><\/div>\n\n\n\n<div class=\"wp-block-column is-layout-flow wp-block-column-is-layout-flow\" style=\"flex-basis:75%\">\n<h5 style=\"font-family:Gadugi;color:#660033;\">La Bresse louhannaise<\/h5>\n<p style=\"font-family:Gadugi;\">Num\u00e9ros disponibles dans <a href=\"https:\/\/gallica.bnf.fr\/ark:\/12148\/cb32715905g\/date\" target=\"_blank\" rel=\"noopener\">Gallica<\/a> : de 1890 \u00e0 1913<\/p>\n<\/div>\n<\/div>\n\n\n\n<hr class=\"wp-block-separator has-text-color has-alpha-channel-opacity has-background is-style-wide\" style=\"background-color:#660033;color:#660033\"\/>\n\n\n\n<div class=\"wp-block-columns is-layout-flex wp-container-core-columns-is-layout-9d6595d7 wp-block-columns-is-layout-flex\">\n<div class=\"wp-block-column is-layout-flow wp-block-column-is-layout-flow\" style=\"flex-basis:25%\"><div class=\"wp-block-image\">\n<figure class=\"aligncenter size-large is-resized\"><a href=\"https:\/\/gallica.bnf.fr\/ark:\/12148\/cb34430032v\/date\" target=\"_blank\" rel=\"noreferrer noopener\"><img loading=\"lazy\" decoding=\"async\" width=\"610\" height=\"1024\" src=\"https:\/\/www.bourgogne-savante.fr\/wp-content\/uploads\/2018\/09\/Bulletin_de_la_Soci\u00e9t\u00e9_d\u00e9tudes_Brionnais-610x1024.jpeg\" alt=\"Bulletin de la Soci\u00e9t\u00e9 d\u2019\u00e9tudes du Brionnais (Marcigny)\" class=\"wp-image-1752\" style=\"width:160px;height:268px\" title=\"Bulletin de la Soci\u00e9t\u00e9 d\u2019\u00e9tudes du Brionnais (Marcigny)\" srcset=\"https:\/\/www.bourgogne-savante.fr\/wp-content\/uploads\/2018\/09\/Bulletin_de_la_Soci\u00e9t\u00e9_d\u00e9tudes_Brionnais-610x1024.jpeg 610w, https:\/\/www.bourgogne-savante.fr\/wp-content\/uploads\/2018\/09\/Bulletin_de_la_Soci\u00e9t\u00e9_d\u00e9tudes_Brionnais-89x150.jpeg 89w, https:\/\/www.bourgogne-savante.fr\/wp-content\/uploads\/2018\/09\/Bulletin_de_la_Soci\u00e9t\u00e9_d\u00e9tudes_Brionnais-179x300.jpeg 179w, https:\/\/www.bourgogne-savante.fr\/wp-content\/uploads\/2018\/09\/Bulletin_de_la_Soci\u00e9t\u00e9_d\u00e9tudes_Brionnais-768x1289.jpeg 768w, https:\/\/www.bourgogne-savante.fr\/wp-content\/uploads\/2018\/09\/Bulletin_de_la_Soci\u00e9t\u00e9_d\u00e9tudes_Brionnais.jpeg 849w\" sizes=\"auto, (max-width: 610px) 85vw, 610px\" \/><\/a><\/figure>\n<\/div><\/div>\n\n\n\n<div class=\"wp-block-column is-layout-flow wp-block-column-is-layout-flow\" style=\"flex-basis:75%\">\n<h5 style=\"font-family:Gadugi;color:#660033;\" id=\"revue26\">Bulletin de la Soci\u00e9t\u00e9 d&rsquo;\u00e9tudes du Brionnais (Marcigny)<\/h5>\n<p style=\"font-family:Gadugi;\">Num\u00e9ros disponibles dans <a href=\"https:\/\/gallica.bnf.fr\/ark:\/12148\/cb34430032v\/date\" target=\"_blank\" rel=\"noopener\">Gallica<\/a> : de 1925 \u00e0 1939<\/p>\n<p style=\"font-family:Gadugi;margin-top:-20px\">Voir aussi : <i><a href=\"#revue35\">Revue du Bourbonnais-Brionnais, de la Lodde au Sornin<\/a><\/i><\/p>\n<\/div>\n<\/div>\n\n\n\n<hr class=\"wp-block-separator has-text-color has-alpha-channel-opacity has-background is-style-wide\" style=\"background-color:#660033;color:#660033\"\/>\n\n\n\n<div class=\"wp-block-columns is-layout-flex wp-container-core-columns-is-layout-9d6595d7 wp-block-columns-is-layout-flex\">\n<div class=\"wp-block-column is-layout-flow wp-block-column-is-layout-flow\" style=\"flex-basis:25%\"><div class=\"wp-block-image\">\n<figure class=\"aligncenter size-large is-resized\"><a href=\"https:\/\/gallica.bnf.fr\/ark:\/12148\/cb327239056\/date\" target=\"_blank\" rel=\"noreferrer noopener\"><img loading=\"lazy\" decoding=\"async\" width=\"605\" height=\"1024\" src=\"https:\/\/www.bourgogne-savante.fr\/wp-content\/uploads\/2018\/09\/Bulletin_de_la_Soci\u00e9t\u00e9_dhistoire_Chalon-605x1024.jpeg\" alt=\"Bulletin de la Soci\u00e9t\u00e9 d\u2019histoire et d\u2019arch\u00e9ologie de Chalon-sur-Sa\u00f4ne\" class=\"wp-image-1785\" style=\"width:160px;height:270px\" title=\"Bulletin de la Soci\u00e9t\u00e9 d\u2019histoire et d\u2019arch\u00e9ologie de Chalon-sur-Sa\u00f4ne\" srcset=\"https:\/\/www.bourgogne-savante.fr\/wp-content\/uploads\/2018\/09\/Bulletin_de_la_Soci\u00e9t\u00e9_dhistoire_Chalon-605x1024.jpeg 605w, https:\/\/www.bourgogne-savante.fr\/wp-content\/uploads\/2018\/09\/Bulletin_de_la_Soci\u00e9t\u00e9_dhistoire_Chalon-89x150.jpeg 89w, https:\/\/www.bourgogne-savante.fr\/wp-content\/uploads\/2018\/09\/Bulletin_de_la_Soci\u00e9t\u00e9_dhistoire_Chalon-177x300.jpeg 177w, https:\/\/www.bourgogne-savante.fr\/wp-content\/uploads\/2018\/09\/Bulletin_de_la_Soci\u00e9t\u00e9_dhistoire_Chalon-768x1299.jpeg 768w, https:\/\/www.bourgogne-savante.fr\/wp-content\/uploads\/2018\/09\/Bulletin_de_la_Soci\u00e9t\u00e9_dhistoire_Chalon.jpeg 821w\" sizes=\"auto, (max-width: 605px) 85vw, 605px\" \/><\/a><\/figure>\n<\/div><\/div>\n\n\n\n<div class=\"wp-block-column is-layout-flow wp-block-column-is-layout-flow\" style=\"flex-basis:75%\">\n<h5 style=\"font-family:Gadugi;color:#660033;\" id=\"revue27\">Bulletin de la Soci\u00e9t\u00e9 d&rsquo;histoire et d&rsquo;arch\u00e9ologie de Chalon-sur-Sa\u00f4ne<\/h5>\n<p style=\"font-family:Gadugi;\">Num\u00e9ros disponibles dans <a href=\"https:\/\/gallica.bnf.fr\/ark:\/12148\/cb327239056\/date\" target=\"_blank\" rel=\"noopener\">Gallica<\/a> : num\u00e9ros 1 \u00e0 3 (1863-1864)<\/p>\n<p style=\"font-family:Gadugi;margin-top:-20px\">Voir aussi :\n<ul style=\"font-family:Gadugi;padding-left:20px;list-style-type:square;margin-top:-27px;\">\n \t<li><i><a href=\"#revue32\">M\u00e9moires de la Soci\u00e9t\u00e9 d&rsquo;histoire et d&rsquo;arch\u00e9ologie de Chalon-sur-Sa\u00f4ne<\/a><\/i><\/li>\n \t<li><i><a href=\"#revue21\">Les Annales chalonnaises et bourguignonnes. Recueil bi-mensuel d&rsquo;articles et de documents d&rsquo;histoire locale<\/a><\/i><\/li>\n<\/ul>\n<\/p>\n<\/div>\n<\/div>\n\n\n\n<hr class=\"wp-block-separator has-text-color has-alpha-channel-opacity has-background is-style-wide\" style=\"background-color:#660033;color:#660033\"\/>\n\n\n\n<div class=\"wp-block-columns is-layout-flex wp-container-core-columns-is-layout-9d6595d7 wp-block-columns-is-layout-flex\">\n<div class=\"wp-block-column is-layout-flow wp-block-column-is-layout-flow\" style=\"flex-basis:25%\"><div class=\"wp-block-image\">\n<figure class=\"aligncenter size-large is-resized\"><a href=\"https:\/\/gallica.bnf.fr\/ark:\/12148\/cb32870127s\/date\" target=\"_blank\" rel=\"noreferrer noopener\"><img loading=\"lazy\" decoding=\"async\" width=\"662\" height=\"1024\" src=\"https:\/\/www.bourgogne-savante.fr\/wp-content\/uploads\/2018\/09\/Soci\u00e9t\u00e9_\u00e9duenne_compte-rendu_de_ses_travuax-662x1024.jpeg\" alt=\"Compte rendu de ses travaux \u2013 Soci\u00e9t\u00e9 \u00e9duenne\" class=\"wp-image-1791\" style=\"width:160px;height:247px\" title=\"Compte rendu de ses travaux \u2013 Soci\u00e9t\u00e9 \u00e9duenne\" srcset=\"https:\/\/www.bourgogne-savante.fr\/wp-content\/uploads\/2018\/09\/Soci\u00e9t\u00e9_\u00e9duenne_compte-rendu_de_ses_travuax-662x1024.jpeg 662w, https:\/\/www.bourgogne-savante.fr\/wp-content\/uploads\/2018\/09\/Soci\u00e9t\u00e9_\u00e9duenne_compte-rendu_de_ses_travuax-97x150.jpeg 97w, https:\/\/www.bourgogne-savante.fr\/wp-content\/uploads\/2018\/09\/Soci\u00e9t\u00e9_\u00e9duenne_compte-rendu_de_ses_travuax-194x300.jpeg 194w, https:\/\/www.bourgogne-savante.fr\/wp-content\/uploads\/2018\/09\/Soci\u00e9t\u00e9_\u00e9duenne_compte-rendu_de_ses_travuax-768x1187.jpeg 768w, https:\/\/www.bourgogne-savante.fr\/wp-content\/uploads\/2018\/09\/Soci\u00e9t\u00e9_\u00e9duenne_compte-rendu_de_ses_travuax.jpeg 1013w\" sizes=\"auto, (max-width: 662px) 85vw, 662px\" \/><\/a><\/figure>\n<\/div><\/div>\n\n\n\n<div class=\"wp-block-column is-layout-flow wp-block-column-is-layout-flow\" style=\"flex-basis:75%\">\n<h5 style=\"font-family:Gadugi;color:#660033;\" id=\"revue28\">Compte rendu de ses travaux &#8211; Soci\u00e9t\u00e9 \u00e9duenne<\/h5>\n<p style=\"font-family:Gadugi;\">Num\u00e9ros disponibles dans <a href=\"https:\/\/gallica.bnf.fr\/ark:\/12148\/cb32870127s\/date\" target=\"_blank\" rel=\"noopener\">Gallica<\/a> : 1836-1837<\/p>\n<p style=\"font-family:Gadugi;margin-top:-20px\">Voir aussi :\n<ul style=\"font-family:Gadugi;padding-left:20px;list-style-type:square;margin-top:-27px;\">\n \t<li><i><a href=\"#revue33\">M\u00e9moires de la Soci\u00e9t\u00e9 \u00e9duenne (1844)<\/a><\/i><\/li>\n \t<li><i><a href=\"#revue22\">Annales de la Soci\u00e9t\u00e9 \u00e9duenne<\/a><\/i><\/li>\n \t<li><i><a href=\"#revue34\">M\u00e9moires de la Soci\u00e9t\u00e9 \u00e9duenne (1872)<\/a><\/i><\/li>\n<\/ul>\n<\/p>\n<\/div>\n<\/div>\n\n\n\n<hr class=\"wp-block-separator has-text-color has-alpha-channel-opacity has-background is-style-wide\" style=\"background-color:#660033;color:#660033\"\/>\n\n\n\n<div class=\"wp-block-columns is-layout-flex wp-container-core-columns-is-layout-9d6595d7 wp-block-columns-is-layout-flex\">\n<div class=\"wp-block-column is-layout-flow wp-block-column-is-layout-flow\" style=\"flex-basis:25%\"><div class=\"wp-block-image\">\n<figure class=\"aligncenter size-large is-resized\"><a href=\"https:\/\/gallica.bnf.fr\/ark:\/12148\/cb343984590\/date\" target=\"_blank\" rel=\"noreferrer noopener\"><img loading=\"lazy\" decoding=\"async\" width=\"575\" height=\"1024\" src=\"https:\/\/www.bourgogne-savante.fr\/wp-content\/uploads\/2018\/09\/Compte_rendu_des_travaux_Acad\u00e9mie_de_Macon-575x1024.jpeg\" alt=\"Compte rendu des travaux de la Soci\u00e9t\u00e9 d\u2019agriculture, sciences et belles-lettres de M\u00e2con\" class=\"wp-image-1803\" style=\"width:160px;height:284px\" title=\"Compte rendu des travaux de la Soci\u00e9t\u00e9 d\u2019agriculture, sciences et belles-lettres de M\u00e2con\" srcset=\"https:\/\/www.bourgogne-savante.fr\/wp-content\/uploads\/2018\/09\/Compte_rendu_des_travaux_Acad\u00e9mie_de_Macon-575x1024.jpeg 575w, https:\/\/www.bourgogne-savante.fr\/wp-content\/uploads\/2018\/09\/Compte_rendu_des_travaux_Acad\u00e9mie_de_Macon-84x150.jpeg 84w, https:\/\/www.bourgogne-savante.fr\/wp-content\/uploads\/2018\/09\/Compte_rendu_des_travaux_Acad\u00e9mie_de_Macon-169x300.jpeg 169w, https:\/\/www.bourgogne-savante.fr\/wp-content\/uploads\/2018\/09\/Compte_rendu_des_travaux_Acad\u00e9mie_de_Macon-768x1367.jpeg 768w, https:\/\/www.bourgogne-savante.fr\/wp-content\/uploads\/2018\/09\/Compte_rendu_des_travaux_Acad\u00e9mie_de_Macon.jpeg 880w\" sizes=\"auto, (max-width: 575px) 85vw, 575px\" \/><\/a><\/figure>\n<\/div><\/div>\n\n\n\n<div class=\"wp-block-column is-layout-flow wp-block-column-is-layout-flow\" style=\"flex-basis:75%\">\n<h5 style=\"font-family:Gadugi;color:#660033;\" id=\"revue29\">Compte rendu des travaux de la Soci\u00e9t\u00e9 d&rsquo;agriculture, sciences et belles-lettres de M\u00e2con<\/h5>\n<p style=\"font-family:Gadugi;\">Num\u00e9ros disponibles dans <a href=\"https:\/\/gallica.bnf.fr\/ark:\/12148\/cb343984590\/date\" target=\"_blank\" rel=\"noopener\">Gallica<\/a> : de 1825 \u00e0 1833-1841<\/p>\n<p style=\"font-family:Gadugi;margin-top:-20px\">Voir aussi :\n<ul style=\"font-family:Gadugi;padding-left:20px;list-style-type:square;margin-top:-27px;\">\n \t<li><i><a href=\"#revue30\">Compte rendu des travaux de la Soci\u00e9t\u00e9 des sciences, arts et belles-lettres de M\u00e2con<\/a><\/i><\/li>\n \t<li><i><a href=\"#revue31\">Compte rendu des travaux &#8211; Soci\u00e9t\u00e9 acad\u00e9mique de Macon<\/a><\/i><\/li>\n \t<li><i><a href=\"#revue21bis\">Annales de l&rsquo;Acad\u00e9mie de M\u00e2con<\/a><\/i><\/li>\n<\/ul>\n<\/p>\n<\/div>\n<\/div>\n\n\n\n<hr class=\"wp-block-separator has-text-color has-alpha-channel-opacity has-background is-style-wide\" style=\"background-color:#660033;color:#660033\"\/>\n\n\n\n<div class=\"wp-block-columns is-layout-flex wp-container-core-columns-is-layout-9d6595d7 wp-block-columns-is-layout-flex\">\n<div class=\"wp-block-column is-layout-flow wp-block-column-is-layout-flow\" style=\"flex-basis:25%\"><div class=\"wp-block-image\">\n<figure class=\"aligncenter size-large is-resized\"><a href=\"https:\/\/gallica.bnf.fr\/ark:\/12148\/cb34398235f\/date\" target=\"_blank\" rel=\"noreferrer noopener\"><img loading=\"lazy\" decoding=\"async\" width=\"624\" height=\"1024\" src=\"https:\/\/www.bourgogne-savante.fr\/wp-content\/uploads\/2018\/09\/Compte_rendu_des_travaux_Soci\u00e9t\u00e9_Macon-624x1024.jpeg\" alt=\"Compte rendu des travaux de la Soci\u00e9t\u00e9 des sciences, arts et belles-lettres de M\u00e2con\" class=\"wp-image-1805\" style=\"width:160px;height:262px\" title=\"Compte rendu des travaux de la Soci\u00e9t\u00e9 des sciences, arts et belles-lettres de M\u00e2con\" srcset=\"https:\/\/www.bourgogne-savante.fr\/wp-content\/uploads\/2018\/09\/Compte_rendu_des_travaux_Soci\u00e9t\u00e9_Macon-624x1024.jpeg 624w, https:\/\/www.bourgogne-savante.fr\/wp-content\/uploads\/2018\/09\/Compte_rendu_des_travaux_Soci\u00e9t\u00e9_Macon-91x150.jpeg 91w, https:\/\/www.bourgogne-savante.fr\/wp-content\/uploads\/2018\/09\/Compte_rendu_des_travaux_Soci\u00e9t\u00e9_Macon-183x300.jpeg 183w, https:\/\/www.bourgogne-savante.fr\/wp-content\/uploads\/2018\/09\/Compte_rendu_des_travaux_Soci\u00e9t\u00e9_Macon-768x1261.jpeg 768w, https:\/\/www.bourgogne-savante.fr\/wp-content\/uploads\/2018\/09\/Compte_rendu_des_travaux_Soci\u00e9t\u00e9_Macon.jpeg 929w\" sizes=\"auto, (max-width: 624px) 85vw, 624px\" \/><\/a><\/figure>\n<\/div><\/div>\n\n\n\n<div class=\"wp-block-column is-layout-flow wp-block-column-is-layout-flow\" style=\"flex-basis:75%\">\n<h5 style=\"font-family:Gadugi;color:#660033;\" id=\"revue30\">Compte rendu des travaux de la Soci\u00e9t\u00e9 des sciences, arts et belles-lettres de M\u00e2con<\/h5>\n<p style=\"font-family:Gadugi;\">Num\u00e9ros disponibles dans <a href=\"https:\/\/gallica.bnf.fr\/ark:\/12148\/cb34398235f\/date\" target=\"_blank\" rel=\"noopener\">Gallica<\/a> : de 1806 \u00e0 1823<\/p>\n<p style=\"font-family:Gadugi;margin-top:-20px\">Voir aussi :\n<ul style=\"font-family:Gadugi;padding-left:20px;list-style-type:square;margin-top:-27px;\">\n \t<li><i><a href=\"#revue29\">Compte rendu des travaux de la Soci\u00e9t\u00e9 d&rsquo;agriculture, sciences et belles-lettres de M\u00e2con<\/a><\/i><\/li>\n \t<li><i><a href=\"#revue31\">Compte rendu des travaux &#8211; Soci\u00e9t\u00e9 acad\u00e9mique de Macon<\/a><\/i><\/li>\n \t<li><i><a href=\"#revue21bis\">Annales de l&rsquo;Acad\u00e9mie de M\u00e2con<\/a><\/i><\/li>\n<\/ul>\n<\/p>\n<\/div>\n<\/div>\n\n\n\n<hr class=\"wp-block-separator has-text-color has-alpha-channel-opacity has-background is-style-wide\" style=\"background-color:#660033;color:#660033\"\/>\n\n\n\n<div class=\"wp-block-columns is-layout-flex wp-container-core-columns-is-layout-9d6595d7 wp-block-columns-is-layout-flex\">\n<div class=\"wp-block-column is-layout-flow wp-block-column-is-layout-flow\" style=\"flex-basis:25%\"><div class=\"wp-block-image\">\n<figure class=\"aligncenter size-large is-resized\"><a href=\"https:\/\/gallica.bnf.fr\/ark:\/12148\/cb343984606\/date\" target=\"_blank\" rel=\"noreferrer noopener\"><img loading=\"lazy\" decoding=\"async\" width=\"708\" height=\"1024\" src=\"https:\/\/www.bourgogne-savante.fr\/wp-content\/uploads\/2018\/09\/Compte_rendu_des_travaux_Soci\u00e9t\u00e9_academique_Macon-708x1024.jpeg\" alt=\"Compte rendu des travaux \u2013 Soci\u00e9t\u00e9 acad\u00e9mique de Macon\" class=\"wp-image-1804\" style=\"width:160px;height:231px\" title=\"Compte rendu des travaux \u2013 Soci\u00e9t\u00e9 acad\u00e9mique de Macon\" srcset=\"https:\/\/www.bourgogne-savante.fr\/wp-content\/uploads\/2018\/09\/Compte_rendu_des_travaux_Soci\u00e9t\u00e9_academique_Macon-708x1024.jpeg 708w, https:\/\/www.bourgogne-savante.fr\/wp-content\/uploads\/2018\/09\/Compte_rendu_des_travaux_Soci\u00e9t\u00e9_academique_Macon-104x150.jpeg 104w, https:\/\/www.bourgogne-savante.fr\/wp-content\/uploads\/2018\/09\/Compte_rendu_des_travaux_Soci\u00e9t\u00e9_academique_Macon-207x300.jpeg 207w, https:\/\/www.bourgogne-savante.fr\/wp-content\/uploads\/2018\/09\/Compte_rendu_des_travaux_Soci\u00e9t\u00e9_academique_Macon-768x1112.jpeg 768w, https:\/\/www.bourgogne-savante.fr\/wp-content\/uploads\/2018\/09\/Compte_rendu_des_travaux_Soci\u00e9t\u00e9_academique_Macon.jpeg 1024w\" sizes=\"auto, (max-width: 708px) 85vw, 708px\" \/><\/a><\/figure>\n<\/div><\/div>\n\n\n\n<div class=\"wp-block-column is-layout-flow wp-block-column-is-layout-flow\" style=\"flex-basis:75%\">\n<h5 style=\"font-family:Gadugi;color:#660033;\" id=\"revue31\">Compte rendu des travaux &#8211; Soci\u00e9t\u00e9 acad\u00e9mique de Macon<\/h5>\n<p style=\"font-family:Gadugi;\">Num\u00e9ros disponibles dans <a href=\"https:\/\/gallica.bnf.fr\/ark:\/12148\/cb343984606\/date\" target=\"_blank\" rel=\"noopener\">Gallica<\/a> : 1841-1847<\/p>\n<p style=\"font-family:Gadugi;margin-top:-20px\">Voir aussi :\n<ul style=\"font-family:Gadugi;padding-left:20px;list-style-type:square;margin-top:-27px;\">\n \t<li><i><a href=\"#revue30\">Compte rendu des travaux de la Soci\u00e9t\u00e9 des sciences, arts et belles-lettres de M\u00e2con<\/a><\/i><\/li>\n \t<li><i><a href=\"#revue29\">Compte rendu des travaux de la Soci\u00e9t\u00e9 d&rsquo;agriculture, sciences et belles-lettres de M\u00e2con<\/a><\/i><\/li>\n \t<li><i><a href=\"#revue21bis\">Annales de l&rsquo;Acad\u00e9mie de M\u00e2con<\/a><\/i><\/li>\n<\/ul>\n<\/p>\n<\/div>\n<\/div>\n\n\n\n<hr class=\"wp-block-separator has-text-color has-alpha-channel-opacity has-background is-style-wide\" style=\"background-color:#660033;color:#660033\"\/>\n\n\n\n<div class=\"wp-block-columns is-layout-flex wp-container-core-columns-is-layout-9d6595d7 wp-block-columns-is-layout-flex\">\n<div class=\"wp-block-column is-layout-flow wp-block-column-is-layout-flow\" style=\"flex-basis:25%\"><div class=\"wp-block-image\">\n<figure class=\"aligncenter size-large is-resized\"><a href=\"https:\/\/gallica.bnf.fr\/ark:\/12148\/cb34427385r\/date\" target=\"_blank\" rel=\"noreferrer noopener\"><img loading=\"lazy\" decoding=\"async\" width=\"628\" height=\"1024\" src=\"https:\/\/www.bourgogne-savante.fr\/wp-content\/uploads\/2018\/09\/M\u00e9moires_de_la_Soci\u00e9t\u00e9_dhistoire_de_Chalon_sur_Sa\u00f4ne-628x1024.jpeg\" alt=\"M\u00e9moires de la Soci\u00e9t\u00e9 d\u2019histoire et d\u2019arch\u00e9ologie de Chalon-sur-Sa\u00f4ne\" class=\"wp-image-1681\" style=\"width:160px;height:260px\" title=\"M\u00e9moires de la Soci\u00e9t\u00e9 d\u2019histoire et d\u2019arch\u00e9ologie de Chalon-sur-Sa\u00f4ne\" srcset=\"https:\/\/www.bourgogne-savante.fr\/wp-content\/uploads\/2018\/09\/M\u00e9moires_de_la_Soci\u00e9t\u00e9_dhistoire_de_Chalon_sur_Sa\u00f4ne-628x1024.jpeg 628w, https:\/\/www.bourgogne-savante.fr\/wp-content\/uploads\/2018\/09\/M\u00e9moires_de_la_Soci\u00e9t\u00e9_dhistoire_de_Chalon_sur_Sa\u00f4ne-92x150.jpeg 92w, https:\/\/www.bourgogne-savante.fr\/wp-content\/uploads\/2018\/09\/M\u00e9moires_de_la_Soci\u00e9t\u00e9_dhistoire_de_Chalon_sur_Sa\u00f4ne-184x300.jpeg 184w, https:\/\/www.bourgogne-savante.fr\/wp-content\/uploads\/2018\/09\/M\u00e9moires_de_la_Soci\u00e9t\u00e9_dhistoire_de_Chalon_sur_Sa\u00f4ne-768x1253.jpeg 768w, https:\/\/www.bourgogne-savante.fr\/wp-content\/uploads\/2018\/09\/M\u00e9moires_de_la_Soci\u00e9t\u00e9_dhistoire_de_Chalon_sur_Sa\u00f4ne.jpeg 881w\" sizes=\"auto, (max-width: 628px) 85vw, 628px\" \/><\/a><\/figure>\n<\/div><\/div>\n\n\n\n<div class=\"wp-block-column is-layout-flow wp-block-column-is-layout-flow\" style=\"flex-basis:75%\">\n<h5 style=\"font-family:Gadugi;color:#660033;\" id=\"revue32\">M\u00e9moires de la Soci\u00e9t\u00e9 d&rsquo;histoire et d&rsquo;arch\u00e9ologie de Chalon-sur-Sa\u00f4ne<\/h5>\n<p style=\"font-family:Gadugi;\">Num\u00e9ros disponibles dans <a href=\"https:\/\/gallica.bnf.fr\/ark:\/12148\/cb34427385r\/date\" target=\"_blank\" rel=\"noopener\">Gallica<\/a> : de 1844 \u00e0 1945<\/p>\n<p style=\"font-family:Gadugi;margin-top:-20px\">Voir aussi :\n<ul style=\"font-family:Gadugi;padding-left:20px;list-style-type:square;margin-top:-27px;\">\n \t<li><i><a href=\"#revue27\">Bulletin de la Soci\u00e9t\u00e9 d&rsquo;histoire et d&rsquo;arch\u00e9ologie de Chalon-sur-Sa\u00f4ne<\/a><\/i><\/li>\n \t<li><i><a href=\"#revue21\">Les Annales chalonnaises et bourguignonnes. Recueil bi-mensuel d&rsquo;articles et de documents d&rsquo;histoire locale<\/a><\/i><\/li>\n<\/ul>\n<\/p>\n<\/div>\n<\/div>\n\n\n\n<hr class=\"wp-block-separator has-text-color has-alpha-channel-opacity has-background is-style-wide\" style=\"background-color:#660033;color:#660033\"\/>\n\n\n\n<div class=\"wp-block-columns is-layout-flex wp-container-core-columns-is-layout-9d6595d7 wp-block-columns-is-layout-flex\">\n<div class=\"wp-block-column is-layout-flow wp-block-column-is-layout-flow\" style=\"flex-basis:25%\"><div class=\"wp-block-image\">\n<figure class=\"aligncenter size-large is-resized\"><a href=\"https:\/\/gallica.bnf.fr\/ark:\/12148\/cb328133494\/date\" target=\"_blank\" rel=\"noreferrer noopener\"><img loading=\"lazy\" decoding=\"async\" width=\"708\" height=\"1024\" src=\"https:\/\/www.bourgogne-savante.fr\/wp-content\/uploads\/2018\/09\/M\u00e9moires_de_la_Soci\u00e9t\u00e9_\u00e9duenne_1844-708x1024.jpeg\" alt=\"M\u00e9moires de la Soci\u00e9t\u00e9 \u00e9duenne (1844)\" class=\"wp-image-1787\" style=\"width:160px;height:231px\" title=\"M\u00e9moires de la Soci\u00e9t\u00e9 \u00e9duenne (1844)\" srcset=\"https:\/\/www.bourgogne-savante.fr\/wp-content\/uploads\/2018\/09\/M\u00e9moires_de_la_Soci\u00e9t\u00e9_\u00e9duenne_1844-708x1024.jpeg 708w, https:\/\/www.bourgogne-savante.fr\/wp-content\/uploads\/2018\/09\/M\u00e9moires_de_la_Soci\u00e9t\u00e9_\u00e9duenne_1844-104x150.jpeg 104w, https:\/\/www.bourgogne-savante.fr\/wp-content\/uploads\/2018\/09\/M\u00e9moires_de_la_Soci\u00e9t\u00e9_\u00e9duenne_1844-207x300.jpeg 207w, https:\/\/www.bourgogne-savante.fr\/wp-content\/uploads\/2018\/09\/M\u00e9moires_de_la_Soci\u00e9t\u00e9_\u00e9duenne_1844-768x1112.jpeg 768w, https:\/\/www.bourgogne-savante.fr\/wp-content\/uploads\/2018\/09\/M\u00e9moires_de_la_Soci\u00e9t\u00e9_\u00e9duenne_1844.jpeg 1024w\" sizes=\"auto, (max-width: 708px) 85vw, 708px\" \/><\/a><\/figure>\n<\/div><\/div>\n\n\n\n<div class=\"wp-block-column is-layout-flow wp-block-column-is-layout-flow\" style=\"flex-basis:75%\">\n<h5 style=\"font-family:Gadugi;color:#660033;\" id=\"revue33\">M\u00e9moires de la Soci\u00e9t\u00e9 \u00e9duenne (1844)<\/h5>\n<p style=\"font-family:Gadugi;\">Num\u00e9ros disponibles dans <a href=\"https:\/\/gallica.bnf.fr\/ark:\/12148\/cb328133494\/date\" target=\"_blank\" rel=\"noopener\">Gallica<\/a> : 1844 et 1845<\/p>\n<p style=\"font-family:Gadugi;margin-top:-20px\">Voir aussi :\n<ul style=\"font-family:Gadugi;padding-left:20px;list-style-type:square;margin-top:-27px;\">\n \t<li><i><a href=\"#revue28\">Compte rendu de ses travaux &#8211; Soci\u00e9t\u00e9 \u00e9duenne<\/a><\/i><\/li>\n \t<li><i><a href=\"#revue22\">Annales de la Soci\u00e9t\u00e9 \u00e9duenne<\/a><\/i><\/li>\n \t<li><i><a href=\"#revue34\">M\u00e9moires de la Soci\u00e9t\u00e9 \u00e9duenne (1872)<\/a><\/i><\/li>\n<\/ul>\n<\/p>\n<\/div>\n<\/div>\n\n\n\n<hr class=\"wp-block-separator has-text-color has-alpha-channel-opacity has-background is-style-wide\" style=\"background-color:#660033;color:#660033\"\/>\n\n\n\n<div class=\"wp-block-columns is-layout-flex wp-container-core-columns-is-layout-9d6595d7 wp-block-columns-is-layout-flex\">\n<div class=\"wp-block-column is-layout-flow wp-block-column-is-layout-flow\" style=\"flex-basis:25%\"><div class=\"wp-block-image\">\n<figure class=\"aligncenter size-large is-resized\"><a href=\"https:\/\/gallica.bnf.fr\/ark:\/12148\/cb34410760m\/date\" target=\"_blank\" rel=\"noreferrer noopener\"><img loading=\"lazy\" decoding=\"async\" width=\"595\" height=\"1024\" src=\"https:\/\/www.bourgogne-savante.fr\/wp-content\/uploads\/2018\/09\/M\u00e9moires_de_la_Soci\u00e9t\u00e9_\u00e9duenne-595x1024.jpeg\" alt=\"M\u00e9moires de la Soci\u00e9t\u00e9 \u00e9duenne (1872)\" class=\"wp-image-1682\" style=\"width:160px;height:275px\" title=\"M\u00e9moires de la Soci\u00e9t\u00e9 \u00e9duenne (1872)\" srcset=\"https:\/\/www.bourgogne-savante.fr\/wp-content\/uploads\/2018\/09\/M\u00e9moires_de_la_Soci\u00e9t\u00e9_\u00e9duenne-595x1024.jpeg 595w, https:\/\/www.bourgogne-savante.fr\/wp-content\/uploads\/2018\/09\/M\u00e9moires_de_la_Soci\u00e9t\u00e9_\u00e9duenne-87x150.jpeg 87w, https:\/\/www.bourgogne-savante.fr\/wp-content\/uploads\/2018\/09\/M\u00e9moires_de_la_Soci\u00e9t\u00e9_\u00e9duenne-174x300.jpeg 174w, https:\/\/www.bourgogne-savante.fr\/wp-content\/uploads\/2018\/09\/M\u00e9moires_de_la_Soci\u00e9t\u00e9_\u00e9duenne-768x1322.jpeg 768w, https:\/\/www.bourgogne-savante.fr\/wp-content\/uploads\/2018\/09\/M\u00e9moires_de_la_Soci\u00e9t\u00e9_\u00e9duenne.jpeg 837w\" sizes=\"auto, (max-width: 595px) 85vw, 595px\" \/><\/a><\/figure>\n<\/div><\/div>\n\n\n\n<div class=\"wp-block-column is-layout-flow wp-block-column-is-layout-flow\" style=\"flex-basis:75%\">\n<h5 style=\"font-family:Gadugi;color:#660033;\" id=\"revue34\">M\u00e9moires de la Soci\u00e9t\u00e9 \u00e9duenne (1872)<\/h5>\n<p style=\"font-family:Gadugi;\">Num\u00e9ros disponibles dans <a href=\"https:\/\/gallica.bnf.fr\/ark:\/12148\/cb34410760m\/date\" target=\"_blank\" rel=\"noopener\">Gallica<\/a> : de 1872 \u00e0 1944<\/p>\n<p style=\"font-family:Gadugi;margin-top:-20px\">Voir aussi :\n<ul style=\"font-family:Gadugi;padding-left:20px;list-style-type:square;margin-top:-27px;\">\n \t<li><i><a href=\"#revue28\">Compte rendu de ses travaux &#8211; Soci\u00e9t\u00e9 \u00e9duenne<\/a><\/i><\/li>\n \t<li><i><a href=\"#revue33\">M\u00e9moires de la Soci\u00e9t\u00e9 \u00e9duenne (1844)<\/a><\/i><\/li>\n \t<li><i><a href=\"#revue22\">Annales de la Soci\u00e9t\u00e9 \u00e9duenne<\/a><\/i><\/li>\n<\/ul>\n<\/p>\n<\/div>\n<\/div>\n\n\n\n<hr class=\"wp-block-separator has-text-color has-alpha-channel-opacity has-background is-style-wide\" style=\"background-color:#660033;color:#660033\"\/>\n\n\n\n<div class=\"wp-block-columns is-layout-flex wp-container-core-columns-is-layout-9d6595d7 wp-block-columns-is-layout-flex\">\n<div class=\"wp-block-column is-layout-flow wp-block-column-is-layout-flow\" style=\"flex-basis:25%\"><div class=\"wp-block-image\">\n<figure class=\"aligncenter size-large is-resized\"><a href=\"https:\/\/gallica.bnf.fr\/ark:\/12148\/cb34430031h\/date\" target=\"_blank\" rel=\"noreferrer noopener\"><img loading=\"lazy\" decoding=\"async\" width=\"711\" height=\"1024\" src=\"https:\/\/www.bourgogne-savante.fr\/wp-content\/uploads\/2018\/09\/Revue_du_Bourbonnais-Brionnais-711x1024.jpeg\" alt=\"Revue du Bourbonnais-Brionnais, de la Lodde au Sornin\" class=\"wp-image-1757\" style=\"width:160px;height:230px\" title=\"Revue du Bourbonnais-Brionnais, de la Lodde au Sornin\" srcset=\"https:\/\/www.bourgogne-savante.fr\/wp-content\/uploads\/2018\/09\/Revue_du_Bourbonnais-Brionnais-711x1024.jpeg 711w, https:\/\/www.bourgogne-savante.fr\/wp-content\/uploads\/2018\/09\/Revue_du_Bourbonnais-Brionnais-104x150.jpeg 104w, https:\/\/www.bourgogne-savante.fr\/wp-content\/uploads\/2018\/09\/Revue_du_Bourbonnais-Brionnais-208x300.jpeg 208w, https:\/\/www.bourgogne-savante.fr\/wp-content\/uploads\/2018\/09\/Revue_du_Bourbonnais-Brionnais-768x1106.jpeg 768w, https:\/\/www.bourgogne-savante.fr\/wp-content\/uploads\/2018\/09\/Revue_du_Bourbonnais-Brionnais.jpeg 1024w\" sizes=\"auto, (max-width: 711px) 85vw, 711px\" \/><\/a><\/figure>\n<\/div><\/div>\n\n\n\n<div class=\"wp-block-column is-layout-flow wp-block-column-is-layout-flow\" style=\"flex-basis:75%\">\n<h5 style=\"font-family:Gadugi;color:#660033;\" id=\"revue35\">Revue du Bourbonnais-Brionnais, de la Lodde au Sornin<\/h5>\n<p style=\"font-family:Gadugi;\">Num\u00e9ros disponibles dans <a href=\"https:\/\/gallica.bnf.fr\/ark:\/12148\/cb34430031h\/date\" target=\"_blank\" rel=\"noopener\">Gallica<\/a> : de 1913 \u00e0 1914<\/p>\n<p style=\"font-family:Gadugi;margin-top:-20px\">Voir aussi : <i><a href=\"#revue26\">Bulletin de la Soci\u00e9t\u00e9 d&rsquo;\u00e9tudes du Brionnais (Marcigny)<\/a><\/i><\/p>\n<\/div>\n<\/div>\n\n\n\n<hr class=\"wp-block-separator has-text-color has-alpha-channel-opacity has-background is-style-wide\" style=\"background-color:#660033;color:#660033\"\/>\n\n\n\n<div class=\"wp-block-columns is-layout-flex wp-container-core-columns-is-layout-9d6595d7 wp-block-columns-is-layout-flex\">\n<div class=\"wp-block-column is-layout-flow wp-block-column-is-layout-flow\" style=\"flex-basis:25%\"><div class=\"wp-block-image\">\n<figure class=\"aligncenter size-large is-resized\"><a href=\"https:\/\/gallica.bnf.fr\/ark:\/12148\/cb344175853\/date\" target=\"_blank\" rel=\"noreferrer noopener\"><img loading=\"lazy\" decoding=\"async\" width=\"656\" height=\"1024\" src=\"https:\/\/www.bourgogne-savante.fr\/wp-content\/uploads\/2018\/09\/Revue_p\u00e9riodique_de_vulgarisation_Physiophile-656x1024.jpeg\" alt=\"Revue p\u00e9riodique de vulgarisation des sciences naturelles et pr\u00e9historiques de la Physiophile\" class=\"wp-image-1686\" style=\"width:160px;height:249px\" title=\"Revue p\u00e9riodique de vulgarisation des sciences naturelles et pr\u00e9historiques de la Physiophile\" srcset=\"https:\/\/www.bourgogne-savante.fr\/wp-content\/uploads\/2018\/09\/Revue_p\u00e9riodique_de_vulgarisation_Physiophile-656x1024.jpeg 656w, https:\/\/www.bourgogne-savante.fr\/wp-content\/uploads\/2018\/09\/Revue_p\u00e9riodique_de_vulgarisation_Physiophile-96x150.jpeg 96w, https:\/\/www.bourgogne-savante.fr\/wp-content\/uploads\/2018\/09\/Revue_p\u00e9riodique_de_vulgarisation_Physiophile-192x300.jpeg 192w, https:\/\/www.bourgogne-savante.fr\/wp-content\/uploads\/2018\/09\/Revue_p\u00e9riodique_de_vulgarisation_Physiophile-768x1199.jpeg 768w, https:\/\/www.bourgogne-savante.fr\/wp-content\/uploads\/2018\/09\/Revue_p\u00e9riodique_de_vulgarisation_Physiophile.jpeg 941w\" sizes=\"auto, (max-width: 656px) 85vw, 656px\" \/><\/a><\/figure>\n<\/div><\/div>\n\n\n\n<div class=\"wp-block-column is-layout-flow wp-block-column-is-layout-flow\" style=\"flex-basis:75%\">\n<h5 style=\"font-family:Gadugi;color:#660033;\">Revue p\u00e9riodique de vulgarisation des sciences naturelles et pr\u00e9historiques de la Physiophile<\/h5>\n<p style=\"font-family:Gadugi;\">Num\u00e9ros disponibles dans <a href=\"https:\/\/gallica.bnf.fr\/ark:\/12148\/cb344175853\/date\" target=\"_blank\" rel=\"noopener\">Gallica<\/a> : de 1924 \u00e0 1939<\/p>\n<\/div>\n<\/div>\n\n\n\n<hr class=\"wp-block-separator has-text-color has-alpha-channel-opacity has-background is-style-wide\" style=\"background-color:#660033;color:#660033\"\/>\n\n\n\n<div class=\"wp-block-columns is-layout-flex wp-container-core-columns-is-layout-9d6595d7 wp-block-columns-is-layout-flex\">\n<div class=\"wp-block-column is-layout-flow wp-block-column-is-layout-flow\" style=\"flex-basis:25%\"><div class=\"wp-block-image\">\n<figure class=\"aligncenter size-large is-resized\"><a href=\"https:\/\/gallica.bnf.fr\/ark:\/12148\/cb34352720h\/date\" target=\"_blank\" rel=\"noreferrer noopener\"><img loading=\"lazy\" decoding=\"async\" width=\"683\" height=\"1024\" src=\"https:\/\/www.bourgogne-savante.fr\/wp-content\/uploads\/2018\/09\/Soci\u00e9t\u00e9_des_amis_des_arts_Tournus-683x1024.jpeg\" alt=\"Soci\u00e9t\u00e9 des amis des arts et des sciences de Tournus\" class=\"wp-image-1687\" style=\"width:160px;height:239px\" title=\"Soci\u00e9t\u00e9 des amis des arts et des sciences de Tournus\" srcset=\"https:\/\/www.bourgogne-savante.fr\/wp-content\/uploads\/2018\/09\/Soci\u00e9t\u00e9_des_amis_des_arts_Tournus-683x1024.jpeg 683w, https:\/\/www.bourgogne-savante.fr\/wp-content\/uploads\/2018\/09\/Soci\u00e9t\u00e9_des_amis_des_arts_Tournus-100x150.jpeg 100w, https:\/\/www.bourgogne-savante.fr\/wp-content\/uploads\/2018\/09\/Soci\u00e9t\u00e9_des_amis_des_arts_Tournus-200x300.jpeg 200w, https:\/\/www.bourgogne-savante.fr\/wp-content\/uploads\/2018\/09\/Soci\u00e9t\u00e9_des_amis_des_arts_Tournus-768x1152.jpeg 768w, https:\/\/www.bourgogne-savante.fr\/wp-content\/uploads\/2018\/09\/Soci\u00e9t\u00e9_des_amis_des_arts_Tournus.jpeg 945w\" sizes=\"auto, (max-width: 683px) 85vw, 683px\" \/><\/a><\/figure>\n<\/div><\/div>\n\n\n\n<div class=\"wp-block-column is-layout-flow wp-block-column-is-layout-flow\" style=\"flex-basis:75%\">\n<h5 style=\"font-family:Gadugi;color:#660033;\">Soci\u00e9t\u00e9 des amis des arts et des sciences de Tournus<\/h5>\n<p style=\"font-family:Gadugi;\">Num\u00e9ros disponibles dans <a href=\"https:\/\/gallica.bnf.fr\/ark:\/12148\/cb34352720h\/date\" target=\"_blank\" rel=\"noopener\">Gallica<\/a> : de 1876 \u00e0 2011<\/p>\n<\/div>\n<\/div>\n\n\n\n<hr class=\"wp-block-separator has-text-color has-alpha-channel-opacity has-background is-style-wide\" style=\"background-color:#660033;color:#660033\"\/>\n\n\n\n<div class=\"wp-block-columns is-layout-flex wp-container-core-columns-is-layout-9d6595d7 wp-block-columns-is-layout-flex\">\n<div class=\"wp-block-column is-layout-flow wp-block-column-is-layout-flow\" style=\"flex-basis:25%\"><div class=\"wp-block-image\">\n<figure class=\"aligncenter size-large is-resized\"><a href=\"https:\/\/gallica.bnf.fr\/ark:\/12148\/cb343842687\/date\" target=\"_blank\" rel=\"noreferrer noopener\"><img loading=\"lazy\" decoding=\"async\" width=\"576\" height=\"1024\" src=\"https:\/\/www.bourgogne-savante.fr\/wp-content\/uploads\/2018\/09\/Soci\u00e9t\u00e9_des_amis_des_arts_Bresse_louhannaise-576x1024.jpeg\" alt=\"Soci\u00e9t\u00e9 des amis des arts, sciences, arch\u00e9ologie et histoire locale de la Bresse louhannaise\" class=\"wp-image-1758\" style=\"width:160px;height:284px\" title=\"Soci\u00e9t\u00e9 des amis des arts, sciences, arch\u00e9ologie et histoire locale de la Bresse louhannaise\" srcset=\"https:\/\/www.bourgogne-savante.fr\/wp-content\/uploads\/2018\/09\/Soci\u00e9t\u00e9_des_amis_des_arts_Bresse_louhannaise-576x1024.jpeg 576w, https:\/\/www.bourgogne-savante.fr\/wp-content\/uploads\/2018\/09\/Soci\u00e9t\u00e9_des_amis_des_arts_Bresse_louhannaise-84x150.jpeg 84w, https:\/\/www.bourgogne-savante.fr\/wp-content\/uploads\/2018\/09\/Soci\u00e9t\u00e9_des_amis_des_arts_Bresse_louhannaise-169x300.jpeg 169w, https:\/\/www.bourgogne-savante.fr\/wp-content\/uploads\/2018\/09\/Soci\u00e9t\u00e9_des_amis_des_arts_Bresse_louhannaise-768x1365.jpeg 768w, https:\/\/www.bourgogne-savante.fr\/wp-content\/uploads\/2018\/09\/Soci\u00e9t\u00e9_des_amis_des_arts_Bresse_louhannaise.jpeg 881w\" sizes=\"auto, (max-width: 576px) 85vw, 576px\" \/><\/a><\/figure>\n<\/div><\/div>\n\n\n\n<div class=\"wp-block-column is-layout-flow wp-block-column-is-layout-flow\" style=\"flex-basis:75%\">\n<h5 style=\"font-family:Gadugi;color:#660033;\">Soci\u00e9t\u00e9 des amis des arts, sciences, arch\u00e9ologie et histoire locale de la Bresse louhannaise<\/h5>\n<p style=\"font-family:Gadugi;\">Num\u00e9ros disponibles dans <a href=\"https:\/\/gallica.bnf.fr\/ark:\/12148\/cb343842687\/date\" target=\"_blank\" rel=\"noopener\">Gallica<\/a> : de 1911 \u00e0 1914<\/p>\n<\/div>\n<\/div>\n\n\n\n<hr class=\"wp-block-separator has-text-color has-alpha-channel-opacity has-background is-style-wide\" style=\"background-color:#660033;color:#660033;padding-top:2px\"\/>\n\n\n\n<h2 style=\"font-family:Gadugi;color:#660033;margin-top:30px;margin-bottom:50px;\" id=\"Yonne\">Yonne<\/h2>\n\n\n\n<div class=\"wp-block-columns is-layout-flex wp-container-core-columns-is-layout-9d6595d7 wp-block-columns-is-layout-flex\">\n<div class=\"wp-block-column is-layout-flow wp-block-column-is-layout-flow\" style=\"flex-basis:25%\"><div class=\"wp-block-image\">\n<figure class=\"aligncenter size-large is-resized\"><a href=\"https:\/\/gallica.bnf.fr\/ark:\/12148\/cb326981400\/date\" target=\"_blank\" rel=\"noreferrer noopener\"><img loading=\"lazy\" decoding=\"async\" width=\"600\" height=\"1024\" src=\"https:\/\/www.bourgogne-savante.fr\/wp-content\/uploads\/2018\/09\/Annuaire_historique_du_d\u00e9partement_de_l_Yonne-600x1024.jpeg\" alt=\"Annuaire historique du d\u00e9partement de l\u2019Yonne\" class=\"wp-image-1667\" style=\"width:160px;height:273px\" title=\"Annuaire historique du d\u00e9partement de l\u2019Yonne\" srcset=\"https:\/\/www.bourgogne-savante.fr\/wp-content\/uploads\/2018\/09\/Annuaire_historique_du_d\u00e9partement_de_l_Yonne-600x1024.jpeg 600w, https:\/\/www.bourgogne-savante.fr\/wp-content\/uploads\/2018\/09\/Annuaire_historique_du_d\u00e9partement_de_l_Yonne-88x150.jpeg 88w, https:\/\/www.bourgogne-savante.fr\/wp-content\/uploads\/2018\/09\/Annuaire_historique_du_d\u00e9partement_de_l_Yonne-176x300.jpeg 176w, https:\/\/www.bourgogne-savante.fr\/wp-content\/uploads\/2018\/09\/Annuaire_historique_du_d\u00e9partement_de_l_Yonne-768x1310.jpeg 768w, https:\/\/www.bourgogne-savante.fr\/wp-content\/uploads\/2018\/09\/Annuaire_historique_du_d\u00e9partement_de_l_Yonne.jpeg 918w\" sizes=\"auto, (max-width: 600px) 85vw, 600px\" \/><\/a><\/figure>\n<\/div><\/div>\n\n\n\n<div class=\"wp-block-column is-layout-flow wp-block-column-is-layout-flow\" style=\"flex-basis:75%\">\n<h5 style=\"font-family:Gadugi;color:#660033;\" id=\"revue36\">Annuaire historique du d\u00e9partement de l&rsquo;Yonne<\/h5>\n<p style=\"font-family:Gadugi;\">Num\u00e9ros disponibles dans <a href=\"https:\/\/gallica.bnf.fr\/ark:\/12148\/cb326981400\/date\" target=\"_blank\" rel=\"noopener\">Gallica<\/a> : de 1851 \u00e0 1912<\/p>\n<p style=\"font-family:Gadugi;margin-top:-20px\">Voir aussi : <i><a href=\"#revue37\">Annuaire statistique du d\u00e9partement de l&rsquo;Yonne<\/a><\/i><\/p>\n<\/div>\n<\/div>\n\n\n\n<hr class=\"wp-block-separator has-text-color has-alpha-channel-opacity has-background is-style-wide\" style=\"background-color:#660033;color:#660033\"\/>\n\n\n\n<div class=\"wp-block-columns is-layout-flex wp-container-core-columns-is-layout-9d6595d7 wp-block-columns-is-layout-flex\">\n<div class=\"wp-block-column is-layout-flow wp-block-column-is-layout-flow\" style=\"flex-basis:25%\"><div class=\"wp-block-image\">\n<figure class=\"aligncenter size-large is-resized\"><a href=\"https:\/\/gallica.bnf.fr\/ark:\/12148\/cb32698722q\/date\" target=\"_blank\" rel=\"noreferrer noopener\"><img loading=\"lazy\" decoding=\"async\" width=\"628\" height=\"1024\" src=\"https:\/\/www.bourgogne-savante.fr\/wp-content\/uploads\/2018\/09\/Annuaire_statistique_du_d\u00e9partement_de_l_Yonne-628x1024.jpeg\" alt=\"Annuaire statistique du d\u00e9partement de l\u2019Yonne\" class=\"wp-image-1668\" style=\"width:160px;height:260px\" title=\"Annuaire statistique du d\u00e9partement de l\u2019Yonne\" srcset=\"https:\/\/www.bourgogne-savante.fr\/wp-content\/uploads\/2018\/09\/Annuaire_statistique_du_d\u00e9partement_de_l_Yonne-628x1024.jpeg 628w, https:\/\/www.bourgogne-savante.fr\/wp-content\/uploads\/2018\/09\/Annuaire_statistique_du_d\u00e9partement_de_l_Yonne-92x150.jpeg 92w, https:\/\/www.bourgogne-savante.fr\/wp-content\/uploads\/2018\/09\/Annuaire_statistique_du_d\u00e9partement_de_l_Yonne-184x300.jpeg 184w, https:\/\/www.bourgogne-savante.fr\/wp-content\/uploads\/2018\/09\/Annuaire_statistique_du_d\u00e9partement_de_l_Yonne-768x1253.jpeg 768w, https:\/\/www.bourgogne-savante.fr\/wp-content\/uploads\/2018\/09\/Annuaire_statistique_du_d\u00e9partement_de_l_Yonne.jpeg 960w\" sizes=\"auto, (max-width: 628px) 85vw, 628px\" \/><\/a><\/figure>\n<\/div><\/div>\n\n\n\n<div class=\"wp-block-column is-layout-flow wp-block-column-is-layout-flow\" style=\"flex-basis:75%\">\n<h5 style=\"font-family:Gadugi;color:#660033;\" id=\"revue37\">Annuaire statistique du d\u00e9partement de l&rsquo;Yonne<\/h5>\n<p style=\"font-family:Gadugi;\">Num\u00e9ros disponibles dans <a href=\"https:\/\/gallica.bnf.fr\/ark:\/12148\/cb32698722q\/date\" target=\"_blank\" rel=\"noopener\">Gallica<\/a> : de 1838 \u00e0 1850<\/p>\n<p style=\"font-family:Gadugi;margin-top:-20px\">Voir aussi : <i><a href=\"#revue36\">Annuaire historique du d\u00e9partement de l&rsquo;Yonne<\/a><\/i><\/p>\n<\/div>\n<\/div>\n\n\n\n<hr class=\"wp-block-separator has-text-color has-alpha-channel-opacity has-background is-style-wide\" style=\"background-color:#660033;color:#660033\"\/>\n\n\n\n<div class=\"wp-block-columns is-layout-flex wp-container-core-columns-is-layout-9d6595d7 wp-block-columns-is-layout-flex\">\n<div class=\"wp-block-column is-layout-flow wp-block-column-is-layout-flow\" style=\"flex-basis:25%\"><div class=\"wp-block-image\">\n<figure class=\"aligncenter size-large is-resized\"><a href=\"https:\/\/gallica.bnf.fr\/ark:\/12148\/cb34429662d\/date\" target=\"_blank\" rel=\"noreferrer noopener\"><img loading=\"lazy\" decoding=\"async\" width=\"708\" height=\"1024\" src=\"https:\/\/www.bourgogne-savante.fr\/wp-content\/uploads\/2018\/09\/Bulletin_de_la_Soci\u00e9t\u00e9_arch\u00e9ologique_de_Sens-708x1024.jpeg\" alt=\"Bulletin de la Soci\u00e9t\u00e9 arch\u00e9ologique de Sens\" class=\"wp-image-1670\" style=\"width:160px;height:231px\" title=\"Bulletin de la Soci\u00e9t\u00e9 arch\u00e9ologique de Sens\" srcset=\"https:\/\/www.bourgogne-savante.fr\/wp-content\/uploads\/2018\/09\/Bulletin_de_la_Soci\u00e9t\u00e9_arch\u00e9ologique_de_Sens-708x1024.jpeg 708w, https:\/\/www.bourgogne-savante.fr\/wp-content\/uploads\/2018\/09\/Bulletin_de_la_Soci\u00e9t\u00e9_arch\u00e9ologique_de_Sens-104x150.jpeg 104w, https:\/\/www.bourgogne-savante.fr\/wp-content\/uploads\/2018\/09\/Bulletin_de_la_Soci\u00e9t\u00e9_arch\u00e9ologique_de_Sens-207x300.jpeg 207w, https:\/\/www.bourgogne-savante.fr\/wp-content\/uploads\/2018\/09\/Bulletin_de_la_Soci\u00e9t\u00e9_arch\u00e9ologique_de_Sens-768x1112.jpeg 768w, https:\/\/www.bourgogne-savante.fr\/wp-content\/uploads\/2018\/09\/Bulletin_de_la_Soci\u00e9t\u00e9_arch\u00e9ologique_de_Sens.jpeg 1024w\" sizes=\"auto, (max-width: 708px) 85vw, 708px\" \/><\/a><\/figure>\n<\/div><\/div>\n\n\n\n<div class=\"wp-block-column is-layout-flow wp-block-column-is-layout-flow\" style=\"flex-basis:75%\">\n<h5 style=\"font-family:Gadugi;color:#660033;\">Bulletin de la Soci\u00e9t\u00e9 arch\u00e9ologique de Sens<\/h5>\n<p style=\"font-family:Gadugi;\">Num\u00e9ros disponibles dans <a href=\"https:\/\/gallica.bnf.fr\/ark:\/12148\/cb34429662d\/date\" target=\"_blank\" rel=\"noopener\">Gallica<\/a> : de 1846 \u00e0 1937<\/p>\n<\/div>\n<\/div>\n\n\n\n<hr class=\"wp-block-separator has-text-color has-alpha-channel-opacity has-background is-style-wide\" style=\"background-color:#660033;color:#660033\"\/>\n\n\n\n<div class=\"wp-block-columns is-layout-flex wp-container-core-columns-is-layout-9d6595d7 wp-block-columns-is-layout-flex\">\n<div class=\"wp-block-column is-layout-flow wp-block-column-is-layout-flow\" style=\"flex-basis:25%\"><div class=\"wp-block-image\">\n<figure class=\"aligncenter size-large is-resized\"><a href=\"https:\/\/gallica.bnf.fr\/ark:\/12148\/cb32723792d\/date\" target=\"_blank\" rel=\"noreferrer noopener\"><img loading=\"lazy\" decoding=\"async\" width=\"687\" height=\"1024\" src=\"https:\/\/www.bourgogne-savante.fr\/wp-content\/uploads\/2018\/09\/Bulletin_de_la_Soci\u00e9t\u00e9_darch\u00e9ologie_de_Tonnerre-687x1024.jpeg\" alt=\"Bulletin de la Soci\u00e9t\u00e9 d\u2019arch\u00e9ologie et d\u2019histoire de Tonnerre\" class=\"wp-image-1671\" style=\"width:160px;height:238px\" title=\"Bulletin de la Soci\u00e9t\u00e9 d\u2019arch\u00e9ologie et d\u2019histoire de Tonnerre\" srcset=\"https:\/\/www.bourgogne-savante.fr\/wp-content\/uploads\/2018\/09\/Bulletin_de_la_Soci\u00e9t\u00e9_darch\u00e9ologie_de_Tonnerre-687x1024.jpeg 687w, https:\/\/www.bourgogne-savante.fr\/wp-content\/uploads\/2018\/09\/Bulletin_de_la_Soci\u00e9t\u00e9_darch\u00e9ologie_de_Tonnerre-101x150.jpeg 101w, https:\/\/www.bourgogne-savante.fr\/wp-content\/uploads\/2018\/09\/Bulletin_de_la_Soci\u00e9t\u00e9_darch\u00e9ologie_de_Tonnerre-201x300.jpeg 201w, https:\/\/www.bourgogne-savante.fr\/wp-content\/uploads\/2018\/09\/Bulletin_de_la_Soci\u00e9t\u00e9_darch\u00e9ologie_de_Tonnerre-768x1145.jpeg 768w, https:\/\/www.bourgogne-savante.fr\/wp-content\/uploads\/2018\/09\/Bulletin_de_la_Soci\u00e9t\u00e9_darch\u00e9ologie_de_Tonnerre.jpeg 905w\" sizes=\"auto, (max-width: 687px) 85vw, 687px\" \/><\/a><\/figure>\n<\/div><\/div>\n\n\n\n<div class=\"wp-block-column is-layout-flow wp-block-column-is-layout-flow\" style=\"flex-basis:75%\">\n<h5 style=\"font-family:Gadugi;color:#660033;\">Bulletin de la Soci\u00e9t\u00e9 d&rsquo;arch\u00e9ologie et d&rsquo;histoire de Tonnerre<\/h5>\n<p style=\"font-family:Gadugi;\">Num\u00e9ros disponibles dans <a href=\"https:\/\/gallica.bnf.fr\/ark:\/12148\/cb32723792d\/date\" target=\"_blank\" rel=\"noopener\">Gallica<\/a> : de 1938 \u00e0 1939<\/p>\n<\/div>\n<\/div>\n\n\n\n<hr class=\"wp-block-separator has-text-color has-alpha-channel-opacity has-background is-style-wide\" style=\"background-color:#660033;color:#660033\"\/>\n\n\n\n<div class=\"wp-block-columns is-layout-flex wp-container-core-columns-is-layout-9d6595d7 wp-block-columns-is-layout-flex\">\n<div class=\"wp-block-column is-layout-flow wp-block-column-is-layout-flow\" style=\"flex-basis:25%\"><div class=\"wp-block-image\">\n<figure class=\"aligncenter size-large is-resized\"><a href=\"https:\/\/gallica.bnf.fr\/ark:\/12148\/cb34354407z\/date\" target=\"_blank\" rel=\"noreferrer noopener\"><img loading=\"lazy\" decoding=\"async\" width=\"611\" height=\"1024\" src=\"https:\/\/www.bourgogne-savante.fr\/wp-content\/uploads\/2018\/09\/Bulletin_de_la_Soci\u00e9t\u00e9_des_sciences_naturelles_Yonne-611x1024.jpeg\" alt=\"Bulletin de la Soci\u00e9t\u00e9 des sciences historiques et naturelles de l\u2019Yonne\" class=\"wp-image-1672\" style=\"width:160px;height:268px\" title=\"Bulletin de la Soci\u00e9t\u00e9 des sciences historiques et naturelles de l\u2019Yonne\" srcset=\"https:\/\/www.bourgogne-savante.fr\/wp-content\/uploads\/2018\/09\/Bulletin_de_la_Soci\u00e9t\u00e9_des_sciences_naturelles_Yonne-611x1024.jpeg 611w, https:\/\/www.bourgogne-savante.fr\/wp-content\/uploads\/2018\/09\/Bulletin_de_la_Soci\u00e9t\u00e9_des_sciences_naturelles_Yonne-90x150.jpeg 90w, https:\/\/www.bourgogne-savante.fr\/wp-content\/uploads\/2018\/09\/Bulletin_de_la_Soci\u00e9t\u00e9_des_sciences_naturelles_Yonne-179x300.jpeg 179w, https:\/\/www.bourgogne-savante.fr\/wp-content\/uploads\/2018\/09\/Bulletin_de_la_Soci\u00e9t\u00e9_des_sciences_naturelles_Yonne-768x1287.jpeg 768w, https:\/\/www.bourgogne-savante.fr\/wp-content\/uploads\/2018\/09\/Bulletin_de_la_Soci\u00e9t\u00e9_des_sciences_naturelles_Yonne.jpeg 865w\" sizes=\"auto, (max-width: 611px) 85vw, 611px\" \/><\/a><\/figure>\n<\/div><\/div>\n\n\n\n<div class=\"wp-block-column is-layout-flow wp-block-column-is-layout-flow\" style=\"flex-basis:75%\">\n<h5 style=\"font-family:Gadugi;color:#660033;\">Bulletin de la Soci\u00e9t\u00e9 des sciences historiques et naturelles de l&rsquo;Yonne<\/h5>\n<p style=\"font-family:Gadugi;\">Num\u00e9ros disponibles dans <a href=\"https:\/\/gallica.bnf.fr\/ark:\/12148\/cb34354407z\/date\" target=\"_blank\" rel=\"noopener\">Gallica<\/a> : de 1847 \u00e0 1947<\/p>\n<\/div>\n<\/div>\n\n\n\n<hr class=\"wp-block-separator has-text-color has-alpha-channel-opacity has-background is-style-wide\" style=\"background-color:#660033;color:#660033\"\/>\n\n\n\n<div class=\"wp-block-columns is-layout-flex wp-container-core-columns-is-layout-9d6595d7 wp-block-columns-is-layout-flex\">\n<div class=\"wp-block-column is-layout-flow wp-block-column-is-layout-flow\" style=\"flex-basis:25%\"><div class=\"wp-block-image\">\n<figure class=\"aligncenter size-large is-resized\"><a href=\"https:\/\/gallica.bnf.fr\/ark:\/12148\/cb34426508m\/date\" target=\"_blank\" rel=\"noreferrer noopener\"><img loading=\"lazy\" decoding=\"async\" width=\"616\" height=\"1024\" src=\"https:\/\/www.bourgogne-savante.fr\/wp-content\/uploads\/2018\/09\/Bulletin_de_la_Soci\u00e9t\u00e9_d\u00e9tudes_d_Avallon-616x1024.jpeg\" alt=\"Bulletin de la Soci\u00e9t\u00e9 d\u2019\u00e9tudes d\u2019Avallon\" class=\"wp-image-1674\" style=\"width:160px;height:265px\" title=\"Bulletin de la Soci\u00e9t\u00e9 d\u2019\u00e9tudes d\u2019Avallon\" srcset=\"https:\/\/www.bourgogne-savante.fr\/wp-content\/uploads\/2018\/09\/Bulletin_de_la_Soci\u00e9t\u00e9_d\u00e9tudes_d_Avallon-616x1024.jpeg 616w, https:\/\/www.bourgogne-savante.fr\/wp-content\/uploads\/2018\/09\/Bulletin_de_la_Soci\u00e9t\u00e9_d\u00e9tudes_d_Avallon-90x150.jpeg 90w, https:\/\/www.bourgogne-savante.fr\/wp-content\/uploads\/2018\/09\/Bulletin_de_la_Soci\u00e9t\u00e9_d\u00e9tudes_d_Avallon-180x300.jpeg 180w, https:\/\/www.bourgogne-savante.fr\/wp-content\/uploads\/2018\/09\/Bulletin_de_la_Soci\u00e9t\u00e9_d\u00e9tudes_d_Avallon-768x1277.jpeg 768w, https:\/\/www.bourgogne-savante.fr\/wp-content\/uploads\/2018\/09\/Bulletin_de_la_Soci\u00e9t\u00e9_d\u00e9tudes_d_Avallon.jpeg 857w\" sizes=\"auto, (max-width: 616px) 85vw, 616px\" \/><\/a><\/figure>\n<\/div><\/div>\n\n\n\n<div class=\"wp-block-column is-layout-flow wp-block-column-is-layout-flow\" style=\"flex-basis:75%\">\n<h5 style=\"font-family:Gadugi;color:#660033;\">Bulletin de la Soci\u00e9t\u00e9 d&rsquo;\u00e9tudes d&rsquo;Avallon<\/h5>\n<p style=\"font-family:Gadugi;\">Num\u00e9ros disponibles dans <a href=\"https:\/\/gallica.bnf.fr\/ark:\/12148\/cb34426508m\/date\" target=\"_blank\" rel=\"noopener\">Gallica<\/a> : de 1859 \u00e0 1932<\/p>\n<\/div>\n<\/div>\n\n\n\n<hr class=\"wp-block-separator has-text-color has-alpha-channel-opacity has-background is-style-wide\" style=\"background-color:#660033;color:#660033\"\/>\n\n\n\n<div class=\"wp-block-columns is-layout-flex wp-container-core-columns-is-layout-9d6595d7 wp-block-columns-is-layout-flex\">\n<div class=\"wp-block-column is-layout-flow wp-block-column-is-layout-flow\" style=\"flex-basis:25%\"><div class=\"wp-block-image\">\n<figure class=\"aligncenter size-full is-resized\"><a href=\"https:\/\/www.calameo.com\/search#search-Icauna\/books\" target=\"_blank\" rel=\"noreferrer noopener\"><img loading=\"lazy\" decoding=\"async\" width=\"443\" height=\"635\" src=\"https:\/\/www.bourgogne-savante.fr\/wp-content\/uploads\/2018\/09\/Icauna.png\" alt=\"Icauna. L'arch\u00e9ologie dans l'Yonne\" class=\"wp-image-1779\" style=\"width:160px;height:229px\" title=\"Icauna. L'arch\u00e9ologie dans l'Yonne\" srcset=\"https:\/\/www.bourgogne-savante.fr\/wp-content\/uploads\/2018\/09\/Icauna.png 443w, https:\/\/www.bourgogne-savante.fr\/wp-content\/uploads\/2018\/09\/Icauna-105x150.png 105w, https:\/\/www.bourgogne-savante.fr\/wp-content\/uploads\/2018\/09\/Icauna-209x300.png 209w\" sizes=\"auto, (max-width: 443px) 85vw, 443px\" \/><\/a><\/figure>\n<\/div><\/div>\n\n\n\n<div class=\"wp-block-column is-layout-flow wp-block-column-is-layout-flow\" style=\"flex-basis:75%\">\n<h5 style=\"font-family:Gadugi;color:#660033;\">Icauna. L&rsquo;arch\u00e9ologie dans l&rsquo;Yonne<\/h5>\n<p style=\"font-family:Gadugi;\">Num\u00e9ros disponibles sur la plateforme <a href=\"https:\/\/www.calameo.com\/search#search-Icauna\/books\" target=\"_blank\" rel=\"noopener\">Calam\u00e9o<\/a> : num\u00e9ros 1 (avril-juin 2000) \u00e0 16 (2005)<\/p>\n<\/div>\n<\/div>\n\n\n\n<hr class=\"wp-block-separator has-text-color has-alpha-channel-opacity has-background is-style-wide\" style=\"background-color:#660033;color:#660033\"\/>\n\n\n\n<div class=\"wp-block-columns is-layout-flex wp-container-core-columns-is-layout-9d6595d7 wp-block-columns-is-layout-flex\">\n<div class=\"wp-block-column is-layout-flow wp-block-column-is-layout-flow\" style=\"flex-basis:25%\"><div class=\"wp-block-image\">\n<figure class=\"aligncenter size-large is-resized\"><a href=\"https:\/\/gallica.bnf.fr\/ark:\/12148\/cb32813432p\/date\" target=\"_blank\" rel=\"noreferrer noopener\"><img loading=\"lazy\" decoding=\"async\" width=\"577\" height=\"1024\" src=\"https:\/\/www.bourgogne-savante.fr\/wp-content\/uploads\/2018\/09\/M\u00e9moires_du_Lyc\u00e9e_de_lYonne-577x1024.jpeg\" alt=\"M\u00e9moires du Lyc\u00e9e de l\u2019Yonne\" class=\"wp-image-1684\" style=\"width:160px;height:283px\" title=\"M\u00e9moires du Lyc\u00e9e de l\u2019Yonne\" srcset=\"https:\/\/www.bourgogne-savante.fr\/wp-content\/uploads\/2018\/09\/M\u00e9moires_du_Lyc\u00e9e_de_lYonne-577x1024.jpeg 577w, https:\/\/www.bourgogne-savante.fr\/wp-content\/uploads\/2018\/09\/M\u00e9moires_du_Lyc\u00e9e_de_lYonne-84x150.jpeg 84w, https:\/\/www.bourgogne-savante.fr\/wp-content\/uploads\/2018\/09\/M\u00e9moires_du_Lyc\u00e9e_de_lYonne-169x300.jpeg 169w, https:\/\/www.bourgogne-savante.fr\/wp-content\/uploads\/2018\/09\/M\u00e9moires_du_Lyc\u00e9e_de_lYonne-768x1364.jpeg 768w, https:\/\/www.bourgogne-savante.fr\/wp-content\/uploads\/2018\/09\/M\u00e9moires_du_Lyc\u00e9e_de_lYonne.jpeg 882w\" sizes=\"auto, (max-width: 577px) 85vw, 577px\" \/><\/a><\/figure>\n<\/div><\/div>\n\n\n\n<div class=\"wp-block-column is-layout-flow wp-block-column-is-layout-flow\" style=\"flex-basis:75%\">\n<h5 style=\"font-family:Gadugi;color:#660033;\">M\u00e9moires du Lyc\u00e9e de l&rsquo;Yonne<\/h5>\n<p style=\"font-family:Gadugi;\">Num\u00e9ros disponibles dans <a href=\"https:\/\/gallica.bnf.fr\/ark:\/12148\/cb32813432p\/date\" target=\"_blank\" rel=\"noopener\">Gallica<\/a> : an 10 (1801-1802)<\/p>\n<\/div>\n<\/div>\n\n\n\n<hr class=\"wp-block-separator has-text-color has-alpha-channel-opacity has-background is-style-wide\" style=\"background-color:#660033;color:#660033;padding-top:2px\"\/>\n\n\n\n<h2 style=\"font-family:Gadugi;color:#660033;margin-top:30px;margin-bottom:50px;\" id=\"HM\">Haute-Marne (sud du d\u00e9partement)<\/h2>\n\n\n\n<div class=\"wp-block-columns is-layout-flex wp-container-core-columns-is-layout-9d6595d7 wp-block-columns-is-layout-flex\">\n<div class=\"wp-block-column is-layout-flow wp-block-column-is-layout-flow\" style=\"flex-basis:25%\"><div class=\"wp-block-image\">\n<figure class=\"aligncenter size-large is-resized\"><a href=\"https:\/\/gallica.bnf.fr\/ark:\/12148\/cb32693969q\/date\" target=\"_blank\" rel=\"noreferrer noopener\"><img loading=\"lazy\" decoding=\"async\" width=\"773\" height=\"1024\" src=\"https:\/\/www.bourgogne-savante.fr\/wp-content\/uploads\/2018\/09\/Annales_de_la_Soci\u00e9t\u00e9_dhistoire_Chaumont-773x1024.jpeg\" alt=\"Annales de la Soci\u00e9t\u00e9 d\u2019histoire, d\u2019arch\u00e9ologie et des beaux-arts de Chaumont\" class=\"wp-image-1705\" style=\"width:160px;height:211px\" title=\"Annales de la Soci\u00e9t\u00e9 d\u2019histoire, d\u2019arch\u00e9ologie et des beaux-arts de Chaumont\" srcset=\"https:\/\/www.bourgogne-savante.fr\/wp-content\/uploads\/2018\/09\/Annales_de_la_Soci\u00e9t\u00e9_dhistoire_Chaumont-773x1024.jpeg 773w, https:\/\/www.bourgogne-savante.fr\/wp-content\/uploads\/2018\/09\/Annales_de_la_Soci\u00e9t\u00e9_dhistoire_Chaumont-113x150.jpeg 113w, https:\/\/www.bourgogne-savante.fr\/wp-content\/uploads\/2018\/09\/Annales_de_la_Soci\u00e9t\u00e9_dhistoire_Chaumont-227x300.jpeg 227w, https:\/\/www.bourgogne-savante.fr\/wp-content\/uploads\/2018\/09\/Annales_de_la_Soci\u00e9t\u00e9_dhistoire_Chaumont-768x1017.jpeg 768w, https:\/\/www.bourgogne-savante.fr\/wp-content\/uploads\/2018\/09\/Annales_de_la_Soci\u00e9t\u00e9_dhistoire_Chaumont-1200x1589.jpeg 1200w, https:\/\/www.bourgogne-savante.fr\/wp-content\/uploads\/2018\/09\/Annales_de_la_Soci\u00e9t\u00e9_dhistoire_Chaumont.jpeg 1937w\" sizes=\"auto, (max-width: 773px) 85vw, 773px\" \/><\/a><\/figure>\n<\/div><\/div>\n\n\n\n<div class=\"wp-block-column is-layout-flow wp-block-column-is-layout-flow\" style=\"flex-basis:75%\">\n<h5 style=\"font-family:Gadugi;color:#660033;\">Annales de la Soci\u00e9t\u00e9 d&rsquo;histoire, d&rsquo;arch\u00e9ologie et des beaux-arts de Chaumont<\/h5>\n<p style=\"font-family:Gadugi;\">Num\u00e9ros disponibles dans <a href=\"https:\/\/gallica.bnf.fr\/ark:\/12148\/cb32693969q\/date\" target=\"_blank\" rel=\"noopener\">Gallica<\/a> : de 1893 \u00e0 1930<\/p>\n<\/div>\n<\/div>\n\n\n\n<hr class=\"wp-block-separator has-text-color has-alpha-channel-opacity has-background is-style-wide\" style=\"background-color:#660033;color:#660033\"\/>\n\n\n\n<div class=\"wp-block-columns is-layout-flex wp-container-core-columns-is-layout-9d6595d7 wp-block-columns-is-layout-flex\">\n<div class=\"wp-block-column is-layout-flow wp-block-column-is-layout-flow\" style=\"flex-basis:25%\"><div class=\"wp-block-image\">\n<figure class=\"aligncenter size-large is-resized\"><a href=\"https:\/\/gallica.bnf.fr\/ark:\/12148\/cb344288841\/date\" target=\"_blank\" rel=\"noreferrer noopener\"><img loading=\"lazy\" decoding=\"async\" width=\"658\" height=\"1024\" src=\"https:\/\/www.bourgogne-savante.fr\/wp-content\/uploads\/2018\/09\/Bulletin_de_la_Soci\u00e9t\u00e9_de_sciences_naturelles_Haute_Marne-658x1024.jpeg\" alt=\"Bulletin de la Soci\u00e9t\u00e9 de sciences naturelles et d\u2019arch\u00e9ologie de la Haute-Marne\" class=\"wp-image-1708\" style=\"width:160px;height:248px\" title=\"Bulletin de la Soci\u00e9t\u00e9 de sciences naturelles et d\u2019arch\u00e9ologie de la Haute-Marne\" srcset=\"https:\/\/www.bourgogne-savante.fr\/wp-content\/uploads\/2018\/09\/Bulletin_de_la_Soci\u00e9t\u00e9_de_sciences_naturelles_Haute_Marne-658x1024.jpeg 658w, https:\/\/www.bourgogne-savante.fr\/wp-content\/uploads\/2018\/09\/Bulletin_de_la_Soci\u00e9t\u00e9_de_sciences_naturelles_Haute_Marne-96x150.jpeg 96w, https:\/\/www.bourgogne-savante.fr\/wp-content\/uploads\/2018\/09\/Bulletin_de_la_Soci\u00e9t\u00e9_de_sciences_naturelles_Haute_Marne-193x300.jpeg 193w, https:\/\/www.bourgogne-savante.fr\/wp-content\/uploads\/2018\/09\/Bulletin_de_la_Soci\u00e9t\u00e9_de_sciences_naturelles_Haute_Marne-768x1196.jpeg 768w, https:\/\/www.bourgogne-savante.fr\/wp-content\/uploads\/2018\/09\/Bulletin_de_la_Soci\u00e9t\u00e9_de_sciences_naturelles_Haute_Marne.jpeg 941w\" sizes=\"auto, (max-width: 658px) 85vw, 658px\" \/><\/a><\/figure>\n<\/div><\/div>\n\n\n\n<div class=\"wp-block-column is-layout-flow wp-block-column-is-layout-flow\" style=\"flex-basis:75%\">\n<h5 style=\"font-family:Gadugi;color:#660033;\" id=\"revue38\">Bulletin de la Soci\u00e9t\u00e9 de sciences naturelles et d&rsquo;arch\u00e9ologie de la Haute-Marne<\/h5>\n<p style=\"font-family:Gadugi;\">Num\u00e9ros disponibles dans <a href=\"https:\/\/gallica.bnf.fr\/ark:\/12148\/cb344288841\/date\" target=\"_blank\" rel=\"noopener\">Gallica<\/a> : de 1952 \u00e0 2001<br>Entre 1964 et 1970, le <i>Bulletin de la Soci\u00e9t\u00e9 de sciences naturelles et d&rsquo;arch\u00e9ologie de la Haute-Marne<\/i> est publi\u00e9 en collaboration avec les <i>Cahiers haut-marnais<\/i>.<\/p>\n<p style=\"font-family:Gadugi;margin-top:-20px\">Voir aussi : <i><a href=\"#revue40\">Les Cahiers haut-marnais<\/a><\/i><\/p>\n<\/div>\n<\/div>\n\n\n\n<hr class=\"wp-block-separator has-text-color has-alpha-channel-opacity has-background is-style-wide\" style=\"background-color:#660033;color:#660033\"\/>\n\n\n\n<div class=\"wp-block-columns is-layout-flex wp-container-core-columns-is-layout-9d6595d7 wp-block-columns-is-layout-flex\">\n<div class=\"wp-block-column is-layout-flow wp-block-column-is-layout-flow\" style=\"flex-basis:25%\"><div class=\"wp-block-image\">\n<figure class=\"aligncenter size-large is-resized\"><a href=\"https:\/\/gallica.bnf.fr\/ark:\/12148\/cb344057551\/date\" target=\"_blank\" rel=\"noreferrer noopener\"><img loading=\"lazy\" decoding=\"async\" width=\"629\" height=\"1024\" src=\"https:\/\/www.bourgogne-savante.fr\/wp-content\/uploads\/2018\/09\/Bulletin_de_la_Soci\u00e9t\u00e9_haut-marnaise_etudes_locales-629x1024.jpeg\" alt=\"Bulletin de la Soci\u00e9t\u00e9 haut-marnaise des \u00e9tudes locales dans l\u2019enseignement public\" class=\"wp-image-1711\" style=\"width:160px;height:260px\" title=\"Bulletin de la Soci\u00e9t\u00e9 haut-marnaise des \u00e9tudes locales dans l\u2019enseignement public\" srcset=\"https:\/\/www.bourgogne-savante.fr\/wp-content\/uploads\/2018\/09\/Bulletin_de_la_Soci\u00e9t\u00e9_haut-marnaise_etudes_locales-629x1024.jpeg 629w, https:\/\/www.bourgogne-savante.fr\/wp-content\/uploads\/2018\/09\/Bulletin_de_la_Soci\u00e9t\u00e9_haut-marnaise_etudes_locales-92x150.jpeg 92w, https:\/\/www.bourgogne-savante.fr\/wp-content\/uploads\/2018\/09\/Bulletin_de_la_Soci\u00e9t\u00e9_haut-marnaise_etudes_locales-184x300.jpeg 184w, https:\/\/www.bourgogne-savante.fr\/wp-content\/uploads\/2018\/09\/Bulletin_de_la_Soci\u00e9t\u00e9_haut-marnaise_etudes_locales-768x1250.jpeg 768w, https:\/\/www.bourgogne-savante.fr\/wp-content\/uploads\/2018\/09\/Bulletin_de_la_Soci\u00e9t\u00e9_haut-marnaise_etudes_locales.jpeg 937w\" sizes=\"auto, (max-width: 629px) 85vw, 629px\" \/><\/a><\/figure>\n<\/div><\/div>\n\n\n\n<div class=\"wp-block-column is-layout-flow wp-block-column-is-layout-flow\" style=\"flex-basis:75%\">\n<h5 style=\"font-family:Gadugi;color:#660033;\">Bulletin de la Soci\u00e9t\u00e9 haut-marnaise des \u00e9tudes locales dans l&rsquo;enseignement public<\/h5>\n<p style=\"font-family:Gadugi;\">Num\u00e9ros disponibles dans <a href=\"https:\/\/gallica.bnf.fr\/ark:\/12148\/cb344057551\/date\" target=\"_blank\" rel=\"noopener\">Gallica<\/a> : de 1927 \u00e0 1930<\/p>\n<\/div>\n<\/div>\n\n\n\n<hr class=\"wp-block-separator has-text-color has-alpha-channel-opacity has-background is-style-wide\" style=\"background-color:#660033;color:#660033\"\/>\n\n\n\n<div class=\"wp-block-columns is-layout-flex wp-container-core-columns-is-layout-9d6595d7 wp-block-columns-is-layout-flex\">\n<div class=\"wp-block-column is-layout-flow wp-block-column-is-layout-flow\" style=\"flex-basis:25%\"><div class=\"wp-block-image\">\n<figure class=\"aligncenter size-large is-resized\"><a href=\"https:\/\/gallica.bnf.fr\/ark:\/12148\/cb34426509z\/date\" target=\"_blank\" rel=\"noreferrer noopener\"><img loading=\"lazy\" decoding=\"async\" width=\"632\" height=\"1024\" src=\"https:\/\/www.bourgogne-savante.fr\/wp-content\/uploads\/2018\/09\/Bulletin_de_la_Soci\u00e9t\u00e9_historique_Langres-632x1024.jpeg\" alt=\"Bulletin de la Soci\u00e9t\u00e9 historique et arch\u00e9ologique de Langres\" class=\"wp-image-1712\" style=\"width:160px;height:259px\" title=\"Bulletin de la Soci\u00e9t\u00e9 historique et arch\u00e9ologique de Langres\" srcset=\"https:\/\/www.bourgogne-savante.fr\/wp-content\/uploads\/2018\/09\/Bulletin_de_la_Soci\u00e9t\u00e9_historique_Langres-632x1024.jpeg 632w, https:\/\/www.bourgogne-savante.fr\/wp-content\/uploads\/2018\/09\/Bulletin_de_la_Soci\u00e9t\u00e9_historique_Langres-93x150.jpeg 93w, https:\/\/www.bourgogne-savante.fr\/wp-content\/uploads\/2018\/09\/Bulletin_de_la_Soci\u00e9t\u00e9_historique_Langres-185x300.jpeg 185w, https:\/\/www.bourgogne-savante.fr\/wp-content\/uploads\/2018\/09\/Bulletin_de_la_Soci\u00e9t\u00e9_historique_Langres-768x1244.jpeg 768w, https:\/\/www.bourgogne-savante.fr\/wp-content\/uploads\/2018\/09\/Bulletin_de_la_Soci\u00e9t\u00e9_historique_Langres.jpeg 885w\" sizes=\"auto, (max-width: 632px) 85vw, 632px\" \/><\/a><\/figure>\n<\/div><\/div>\n\n\n\n<div class=\"wp-block-column is-layout-flow wp-block-column-is-layout-flow\" style=\"flex-basis:75%\">\n<h5 style=\"font-family:Gadugi;color:#660033;\" id=\"revue39\">Bulletin de la Soci\u00e9t\u00e9 historique et arch\u00e9ologique de Langres<\/h5>\n<p style=\"font-family:Gadugi;\">Num\u00e9ros disponibles dans <a href=\"https:\/\/gallica.bnf.fr\/ark:\/12148\/cb34426509z\/date\" target=\"_blank\" rel=\"noopener\">Gallica<\/a> : de 1872 \u00e0 2005<\/p>\n<p style=\"font-family:Gadugi;margin-top:-20px\">Voir aussi : <i><a href=\"#revue41\">M\u00e9moires de la Soci\u00e9t\u00e9 historique et arch\u00e9ologique de Langres<\/a><\/i><\/p>\n<\/div>\n<\/div>\n\n\n\n<hr class=\"wp-block-separator has-text-color has-alpha-channel-opacity has-background is-style-wide\" style=\"background-color:#660033;color:#660033\"\/>\n\n\n\n<div class=\"wp-block-columns is-layout-flex wp-container-core-columns-is-layout-9d6595d7 wp-block-columns-is-layout-flex\">\n<div class=\"wp-block-column is-layout-flow wp-block-column-is-layout-flow\" style=\"flex-basis:25%\"><div class=\"wp-block-image\">\n<figure class=\"aligncenter size-large is-resized\"><a href=\"https:\/\/gallica.bnf.fr\/ark:\/12148\/cb34405756c\/date\" target=\"_blank\" rel=\"noreferrer noopener\"><img loading=\"lazy\" decoding=\"async\" width=\"659\" height=\"1024\" src=\"https:\/\/www.bourgogne-savante.fr\/wp-content\/uploads\/2018\/09\/Les_Cahiers_haut-marnais-659x1024.jpeg\" alt=\"Les Cahiers haut-marnais\" class=\"wp-image-1716\" style=\"width:160px;height:248px\" title=\"Les Cahiers haut-marnais\" srcset=\"https:\/\/www.bourgogne-savante.fr\/wp-content\/uploads\/2018\/09\/Les_Cahiers_haut-marnais-659x1024.jpeg 659w, https:\/\/www.bourgogne-savante.fr\/wp-content\/uploads\/2018\/09\/Les_Cahiers_haut-marnais-96x150.jpeg 96w, https:\/\/www.bourgogne-savante.fr\/wp-content\/uploads\/2018\/09\/Les_Cahiers_haut-marnais-193x300.jpeg 193w, https:\/\/www.bourgogne-savante.fr\/wp-content\/uploads\/2018\/09\/Les_Cahiers_haut-marnais-768x1194.jpeg 768w, https:\/\/www.bourgogne-savante.fr\/wp-content\/uploads\/2018\/09\/Les_Cahiers_haut-marnais.jpeg 937w\" sizes=\"auto, (max-width: 659px) 85vw, 659px\" \/><\/a><\/figure>\n<\/div><\/div>\n\n\n\n<div class=\"wp-block-column is-layout-flow wp-block-column-is-layout-flow\" style=\"flex-basis:75%\">\n<h5 style=\"font-family:Gadugi;color:#660033;\" id=\"revue40\">Les Cahiers haut-marnais<\/h5>\n<p style=\"font-family:Gadugi;\">Num\u00e9ros disponibles dans <a href=\"https:\/\/gallica.bnf.fr\/ark:\/12148\/cb34405756c\/date\" target=\"_blank\" rel=\"noopener\">Gallica<\/a> : de 1964 \u00e0 1970<br>Ces num\u00e9ros correspondent aux tir\u00e9s-\u00e0-part des travaux de la Soci\u00e9t\u00e9 de sciences naturelles et d&rsquo;arch\u00e9ologie de la Haute-Marne, publi\u00e9s en collaboration avec les <i>Cahiers haut-marnais<\/i> entre 1964 et 1970.<\/p>\n<p style=\"font-family:Gadugi;margin-top:-20px\">Voir aussi : <i><a href=\"#revue38\">Bulletin de la Soci\u00e9t\u00e9 de sciences naturelles et d&rsquo;arch\u00e9ologie de la Haute-Marne<\/a><\/i><\/p>\n<\/div>\n<\/div>\n\n\n\n<hr class=\"wp-block-separator has-text-color has-alpha-channel-opacity has-background is-style-wide\" style=\"background-color:#660033;color:#660033\"\/>\n\n\n\n<div class=\"wp-block-columns is-layout-flex wp-container-core-columns-is-layout-9d6595d7 wp-block-columns-is-layout-flex\">\n<div class=\"wp-block-column is-layout-flow wp-block-column-is-layout-flow\" style=\"flex-basis:25%\"><div class=\"wp-block-image\">\n<figure class=\"aligncenter size-large is-resized\"><a href=\"https:\/\/gallica.bnf.fr\/ark:\/12148\/cb32813365c\/date\" target=\"_blank\" rel=\"noreferrer noopener\"><img loading=\"lazy\" decoding=\"async\" width=\"778\" height=\"1024\" src=\"https:\/\/www.bourgogne-savante.fr\/wp-content\/uploads\/2018\/09\/M\u00e9moires_de_la_Soci\u00e9t\u00e9_historique_Langres-778x1024.jpeg\" alt=\"M\u00e9moires de la Soci\u00e9t\u00e9 historique et arch\u00e9ologique de Langres\" class=\"wp-image-1717\" style=\"width:160px;height:210px\" title=\"M\u00e9moires de la Soci\u00e9t\u00e9 historique et arch\u00e9ologique de Langres\" srcset=\"https:\/\/www.bourgogne-savante.fr\/wp-content\/uploads\/2018\/09\/M\u00e9moires_de_la_Soci\u00e9t\u00e9_historique_Langres-778x1024.jpeg 778w, https:\/\/www.bourgogne-savante.fr\/wp-content\/uploads\/2018\/09\/M\u00e9moires_de_la_Soci\u00e9t\u00e9_historique_Langres-114x150.jpeg 114w, https:\/\/www.bourgogne-savante.fr\/wp-content\/uploads\/2018\/09\/M\u00e9moires_de_la_Soci\u00e9t\u00e9_historique_Langres-228x300.jpeg 228w, https:\/\/www.bourgogne-savante.fr\/wp-content\/uploads\/2018\/09\/M\u00e9moires_de_la_Soci\u00e9t\u00e9_historique_Langres-768x1011.jpeg 768w, https:\/\/www.bourgogne-savante.fr\/wp-content\/uploads\/2018\/09\/M\u00e9moires_de_la_Soci\u00e9t\u00e9_historique_Langres-1200x1580.jpeg 1200w, https:\/\/www.bourgogne-savante.fr\/wp-content\/uploads\/2018\/09\/M\u00e9moires_de_la_Soci\u00e9t\u00e9_historique_Langres.jpeg 1881w\" sizes=\"auto, (max-width: 778px) 85vw, 778px\" \/><\/a><\/figure>\n<\/div><\/div>\n\n\n\n<div class=\"wp-block-column is-layout-flow wp-block-column-is-layout-flow\" style=\"flex-basis:75%\">\n<h5 style=\"font-family:Gadugi;color:#660033;\" id=\"revue41\">M\u00e9moires de la Soci\u00e9t\u00e9 historique et arch\u00e9ologique de Langres<\/h5>\n<p style=\"font-family:Gadugi;\">Num\u00e9ros disponibles dans <a href=\"https:\/\/gallica.bnf.fr\/ark:\/12148\/cb32813365c\/date\" target=\"_blank\" rel=\"noopener\">Gallica<\/a> : de 1847 \u00e0 1982<\/p>\n<p style=\"font-family:Gadugi;margin-top:-20px\">Voir aussi : <i><a href=\"#revue39\">Bulletin de la Soci\u00e9t\u00e9 historique et arch\u00e9ologique de Langres<\/a><\/i><\/p>\n<\/div>\n<\/div>\n\n\n\n<hr class=\"wp-block-separator has-text-color has-alpha-channel-opacity has-background is-style-wide\" style=\"background-color:#660033;color:#660033;padding-top:2px\"\/>\n\n\n\n<h2 style=\"font-family:Gadugi;color:#660033;margin-top:30px;margin-bottom:50px;\" id=\"Ain\">Ain<\/h2>\n\n\n\n<div class=\"wp-block-columns is-layout-flex wp-container-core-columns-is-layout-9d6595d7 wp-block-columns-is-layout-flex\">\n<div class=\"wp-block-column is-layout-flow wp-block-column-is-layout-flow\" style=\"flex-basis:25%\"><div class=\"wp-block-image\">\n<figure class=\"aligncenter size-large is-resized\"><a href=\"https:\/\/gallica.bnf.fr\/ark:\/12148\/cb36134384n\/date\" target=\"_blank\" rel=\"noreferrer noopener\"><img loading=\"lazy\" decoding=\"async\" width=\"594\" height=\"1024\" src=\"https:\/\/www.bourgogne-savante.fr\/wp-content\/uploads\/2018\/09\/Annales_de_la_Soci\u00e9t\u00e9_d\u00e9mulation_Ain-594x1024.jpeg\" alt=\"Annales de la Soci\u00e9t\u00e9 d\u2019\u00e9mulation, agriculture, lettres et arts de l\u2019Ain\" class=\"wp-image-1704\" style=\"width:160px;height:275px\" title=\"Annales de la Soci\u00e9t\u00e9 d\u2019\u00e9mulation, agriculture, lettres et arts de l\u2019Ain\" srcset=\"https:\/\/www.bourgogne-savante.fr\/wp-content\/uploads\/2018\/09\/Annales_de_la_Soci\u00e9t\u00e9_d\u00e9mulation_Ain-594x1024.jpeg 594w, https:\/\/www.bourgogne-savante.fr\/wp-content\/uploads\/2018\/09\/Annales_de_la_Soci\u00e9t\u00e9_d\u00e9mulation_Ain-87x150.jpeg 87w, https:\/\/www.bourgogne-savante.fr\/wp-content\/uploads\/2018\/09\/Annales_de_la_Soci\u00e9t\u00e9_d\u00e9mulation_Ain-174x300.jpeg 174w, https:\/\/www.bourgogne-savante.fr\/wp-content\/uploads\/2018\/09\/Annales_de_la_Soci\u00e9t\u00e9_d\u00e9mulation_Ain-768x1324.jpeg 768w, https:\/\/www.bourgogne-savante.fr\/wp-content\/uploads\/2018\/09\/Annales_de_la_Soci\u00e9t\u00e9_d\u00e9mulation_Ain.jpeg 829w\" sizes=\"auto, (max-width: 594px) 85vw, 594px\" \/><\/a><\/figure>\n<\/div><\/div>\n\n\n\n<div class=\"wp-block-column is-layout-flow wp-block-column-is-layout-flow\" style=\"flex-basis:75%\">\n<h5 style=\"font-family:Gadugi;color:#660033;\" id=\"revue42\">Annales de la Soci\u00e9t\u00e9 d&rsquo;\u00e9mulation, agriculture, lettres et arts de l&rsquo;Ain<\/h5>\n<p style=\"font-family:Gadugi;\">Num\u00e9ros disponibles dans <a href=\"https:\/\/gallica.bnf.fr\/ark:\/12148\/cb36134384n\/date\" target=\"_blank\" rel=\"noopener\">Gallica<\/a> : de 1869 \u00e0 1952<\/p>\n<p style=\"font-family:Gadugi;margin-top:-20px\">Voir aussi : <i><a href=\"#revue45\">Journal d&rsquo;agriculture, lettres et arts du d\u00e9partement de l&rsquo;Ain<\/a><\/i><\/p>\n<\/div>\n<\/div>\n\n\n\n<hr class=\"wp-block-separator has-text-color has-alpha-channel-opacity has-background is-style-wide\" style=\"background-color:#660033;color:#660033\"\/>\n\n\n\n<div class=\"wp-block-columns is-layout-flex wp-container-core-columns-is-layout-9d6595d7 wp-block-columns-is-layout-flex\">\n<div class=\"wp-block-column is-layout-flow wp-block-column-is-layout-flow\" style=\"flex-basis:25%\"><div class=\"wp-block-image\">\n<figure class=\"aligncenter size-large is-resized\"><a href=\"https:\/\/gallica.bnf.fr\/ark:\/12148\/cb34425966n\/date\" target=\"_blank\" rel=\"noreferrer noopener\"><img loading=\"lazy\" decoding=\"async\" width=\"600\" height=\"1024\" src=\"https:\/\/www.bourgogne-savante.fr\/wp-content\/uploads\/2018\/09\/Le_Bugey-600x1024.jpeg\" alt=\"Le Bugey\" class=\"wp-image-1715\" style=\"width:160px;height:273px\" title=\"Le Bugey\" srcset=\"https:\/\/www.bourgogne-savante.fr\/wp-content\/uploads\/2018\/09\/Le_Bugey-600x1024.jpeg 600w, https:\/\/www.bourgogne-savante.fr\/wp-content\/uploads\/2018\/09\/Le_Bugey-88x150.jpeg 88w, https:\/\/www.bourgogne-savante.fr\/wp-content\/uploads\/2018\/09\/Le_Bugey-176x300.jpeg 176w, https:\/\/www.bourgogne-savante.fr\/wp-content\/uploads\/2018\/09\/Le_Bugey-768x1310.jpeg 768w, https:\/\/www.bourgogne-savante.fr\/wp-content\/uploads\/2018\/09\/Le_Bugey-1200x2048.jpeg 1200w, https:\/\/www.bourgogne-savante.fr\/wp-content\/uploads\/2018\/09\/Le_Bugey.jpeg 1818w\" sizes=\"auto, (max-width: 600px) 85vw, 600px\" \/><\/a><\/figure>\n<\/div><\/div>\n\n\n\n<div class=\"wp-block-column is-layout-flow wp-block-column-is-layout-flow\" style=\"flex-basis:75%\">\n<h5 style=\"font-family:Gadugi;color:#660033;\">Le Bugey<\/h5>\n<p style=\"font-family:Gadugi;\">Num\u00e9ros disponibles dans <a href=\"https:\/\/gallica.bnf.fr\/ark:\/12148\/cb34425966n\/date\" target=\"_blank\" rel=\"noopener\">Gallica<\/a> : de 1909 \u00e0 1934<\/p>\n<\/div>\n<\/div>\n\n\n\n<hr class=\"wp-block-separator has-text-color has-alpha-channel-opacity has-background is-style-wide\" style=\"background-color:#660033;color:#660033\"\/>\n\n\n\n<div class=\"wp-block-columns is-layout-flex wp-container-core-columns-is-layout-9d6595d7 wp-block-columns-is-layout-flex\">\n<div class=\"wp-block-column is-layout-flow wp-block-column-is-layout-flow\" style=\"flex-basis:25%\"><div class=\"wp-block-image\">\n<figure class=\"aligncenter size-large is-resized\"><a href=\"https:\/\/gallica.bnf.fr\/ark:\/12148\/cb32723754v\/date\" target=\"_blank\" rel=\"noreferrer noopener\"><img loading=\"lazy\" decoding=\"async\" width=\"799\" height=\"1024\" src=\"https:\/\/www.bourgogne-savante.fr\/wp-content\/uploads\/2018\/09\/Bulletin_de_la_Soci\u00e9t\u00e9_dagriculture_Trevoux-799x1024.jpeg\" alt=\"Bulletin de la Soci\u00e9t\u00e9 d\u2019agriculture, sciences et arts de l\u2019arrondissement de Tr\u00e9voux\" class=\"wp-image-1706\" style=\"width:160px;height:205px\" title=\"Bulletin de la Soci\u00e9t\u00e9 d\u2019agriculture, sciences et arts de l\u2019arrondissement de Tr\u00e9voux\" srcset=\"https:\/\/www.bourgogne-savante.fr\/wp-content\/uploads\/2018\/09\/Bulletin_de_la_Soci\u00e9t\u00e9_dagriculture_Trevoux-799x1024.jpeg 799w, https:\/\/www.bourgogne-savante.fr\/wp-content\/uploads\/2018\/09\/Bulletin_de_la_Soci\u00e9t\u00e9_dagriculture_Trevoux-117x150.jpeg 117w, https:\/\/www.bourgogne-savante.fr\/wp-content\/uploads\/2018\/09\/Bulletin_de_la_Soci\u00e9t\u00e9_dagriculture_Trevoux-234x300.jpeg 234w, https:\/\/www.bourgogne-savante.fr\/wp-content\/uploads\/2018\/09\/Bulletin_de_la_Soci\u00e9t\u00e9_dagriculture_Trevoux-768x984.jpeg 768w, https:\/\/www.bourgogne-savante.fr\/wp-content\/uploads\/2018\/09\/Bulletin_de_la_Soci\u00e9t\u00e9_dagriculture_Trevoux.jpeg 825w\" sizes=\"auto, (max-width: 799px) 85vw, 799px\" \/><\/a><\/figure>\n<\/div><\/div>\n\n\n\n<div class=\"wp-block-column is-layout-flow wp-block-column-is-layout-flow\" style=\"flex-basis:75%\">\n<h5 style=\"font-family:Gadugi;color:#660033;\">Bulletin de la Soci\u00e9t\u00e9 d&rsquo;agriculture, sciences et arts de l&rsquo;arrondissement de Tr\u00e9voux<\/h5>\n<p style=\"font-family:Gadugi;\">Num\u00e9ros disponibles dans <a href=\"https:\/\/gallica.bnf.fr\/ark:\/12148\/cb32723754v\/date\" target=\"_blank\" rel=\"noopener\">Gallica<\/a> : de 1830 \u00e0 1849<\/p>\n<\/div>\n<\/div>\n\n\n\n<hr class=\"wp-block-separator has-text-color has-alpha-channel-opacity has-background is-style-wide\" style=\"background-color:#660033;color:#660033\"\/>\n\n\n\n<div class=\"wp-block-columns is-layout-flex wp-container-core-columns-is-layout-9d6595d7 wp-block-columns-is-layout-flex\">\n<div class=\"wp-block-column is-layout-flow wp-block-column-is-layout-flow\" style=\"flex-basis:25%\"><div class=\"wp-block-image\">\n<figure class=\"aligncenter size-large is-resized\"><a href=\"https:\/\/gallica.bnf.fr\/ark:\/12148\/cb327240665\/date\" target=\"_blank\" rel=\"noreferrer noopener\"><img loading=\"lazy\" decoding=\"async\" width=\"581\" height=\"1024\" src=\"https:\/\/www.bourgogne-savante.fr\/wp-content\/uploads\/2018\/09\/Bulletin_de_la_Soci\u00e9t\u00e9_de_geographie_Ain-581x1024.jpeg\" alt=\"Bulletin de la Soci\u00e9t\u00e9 de g\u00e9ographie de l\u2019Ain\" class=\"wp-image-1707\" style=\"width:160px;height:281px\" title=\"Bulletin de la Soci\u00e9t\u00e9 de g\u00e9ographie de l\u2019Ain\" srcset=\"https:\/\/www.bourgogne-savante.fr\/wp-content\/uploads\/2018\/09\/Bulletin_de_la_Soci\u00e9t\u00e9_de_geographie_Ain-581x1024.jpeg 581w, https:\/\/www.bourgogne-savante.fr\/wp-content\/uploads\/2018\/09\/Bulletin_de_la_Soci\u00e9t\u00e9_de_geographie_Ain-85x150.jpeg 85w, https:\/\/www.bourgogne-savante.fr\/wp-content\/uploads\/2018\/09\/Bulletin_de_la_Soci\u00e9t\u00e9_de_geographie_Ain-170x300.jpeg 170w, https:\/\/www.bourgogne-savante.fr\/wp-content\/uploads\/2018\/09\/Bulletin_de_la_Soci\u00e9t\u00e9_de_geographie_Ain-768x1354.jpeg 768w, https:\/\/www.bourgogne-savante.fr\/wp-content\/uploads\/2018\/09\/Bulletin_de_la_Soci\u00e9t\u00e9_de_geographie_Ain.jpeg 813w\" sizes=\"auto, (max-width: 581px) 85vw, 581px\" \/><\/a><\/figure>\n<\/div><\/div>\n\n\n\n<div class=\"wp-block-column is-layout-flow wp-block-column-is-layout-flow\" style=\"flex-basis:75%\">\n<h5 style=\"font-family:Gadugi;color:#660033;\">Bulletin de la Soci\u00e9t\u00e9 de g\u00e9ographie de l&rsquo;Ain<\/h5>\n<p style=\"font-family:Gadugi;\">Num\u00e9ros disponibles dans <a href=\"https:\/\/gallica.bnf.fr\/ark:\/12148\/cb327240665\/date\" target=\"_blank\" rel=\"noopener\">Gallica<\/a> : de 1882 \u00e0 1903<\/p>\n<\/div>\n<\/div>\n\n\n\n<hr class=\"wp-block-separator has-text-color has-alpha-channel-opacity has-background is-style-wide\" style=\"background-color:#660033;color:#660033\"\/>\n\n\n\n<div class=\"wp-block-columns is-layout-flex wp-container-core-columns-is-layout-9d6595d7 wp-block-columns-is-layout-flex\">\n<div class=\"wp-block-column is-layout-flow wp-block-column-is-layout-flow\" style=\"flex-basis:25%\"><div class=\"wp-block-image\">\n<figure class=\"aligncenter size-large is-resized\"><a href=\"https:\/\/gallica.bnf.fr\/ark:\/12148\/cb327244726\/date\" target=\"_blank\" rel=\"noreferrer noopener\"><img loading=\"lazy\" decoding=\"async\" width=\"607\" height=\"1024\" src=\"https:\/\/www.bourgogne-savante.fr\/wp-content\/uploads\/2018\/09\/Bulletin_de_la_Soci\u00e9t\u00e9_des_sciences_naturelles_Ain-607x1024.jpeg\" alt=\"Bulletin de la Soci\u00e9t\u00e9 des sciences naturelles de l\u2019Ain\" class=\"wp-image-1709\" style=\"width:160px;height:269px\" title=\"Bulletin de la Soci\u00e9t\u00e9 des sciences naturelles de l\u2019Ain\" srcset=\"https:\/\/www.bourgogne-savante.fr\/wp-content\/uploads\/2018\/09\/Bulletin_de_la_Soci\u00e9t\u00e9_des_sciences_naturelles_Ain-607x1024.jpeg 607w, https:\/\/www.bourgogne-savante.fr\/wp-content\/uploads\/2018\/09\/Bulletin_de_la_Soci\u00e9t\u00e9_des_sciences_naturelles_Ain-89x150.jpeg 89w, https:\/\/www.bourgogne-savante.fr\/wp-content\/uploads\/2018\/09\/Bulletin_de_la_Soci\u00e9t\u00e9_des_sciences_naturelles_Ain-178x300.jpeg 178w, https:\/\/www.bourgogne-savante.fr\/wp-content\/uploads\/2018\/09\/Bulletin_de_la_Soci\u00e9t\u00e9_des_sciences_naturelles_Ain-768x1295.jpeg 768w, https:\/\/www.bourgogne-savante.fr\/wp-content\/uploads\/2018\/09\/Bulletin_de_la_Soci\u00e9t\u00e9_des_sciences_naturelles_Ain.jpeg 929w\" sizes=\"auto, (max-width: 607px) 85vw, 607px\" \/><\/a><\/figure>\n<\/div><\/div>\n\n\n\n<div class=\"wp-block-column is-layout-flow wp-block-column-is-layout-flow\" style=\"flex-basis:75%\">\n<h5 style=\"font-family:Gadugi;color:#660033;\" id=\"revue43\">Bulletin de la Soci\u00e9t\u00e9 des sciences naturelles de l&rsquo;Ain<\/h5>\n<p style=\"font-family:Gadugi;\">Num\u00e9ros disponibles dans <a href=\"https:\/\/gallica.bnf.fr\/ark:\/12148\/cb327244726\/date\" target=\"_blank\" rel=\"noopener\">Gallica<\/a> : de 1894 \u00e0 1896<br>Cette revue a \u00e9galement publi\u00e9 des articles d&rsquo;arch\u00e9ologie.<\/p>\n<p style=\"font-family:Gadugi;margin-top:-20px\">Voir aussi : <i><a href=\"#revue44\">Bulletin de la Soci\u00e9t\u00e9 des sciences naturelles &amp; d&rsquo;arch\u00e9ologie de l&rsquo;Ain<\/a><\/i><\/p>\n<\/div>\n<\/div>\n\n\n\n<hr class=\"wp-block-separator has-text-color has-alpha-channel-opacity has-background is-style-wide\" style=\"background-color:#660033;color:#660033\"\/>\n\n\n\n<div class=\"wp-block-columns is-layout-flex wp-container-core-columns-is-layout-9d6595d7 wp-block-columns-is-layout-flex\">\n<div class=\"wp-block-column is-layout-flow wp-block-column-is-layout-flow\" style=\"flex-basis:25%\"><div class=\"wp-block-image\">\n<figure class=\"aligncenter size-large is-resized\"><a href=\"https:\/\/gallica.bnf.fr\/ark:\/12148\/cb44223683p\/date\" target=\"_blank\" rel=\"noreferrer noopener\"><img loading=\"lazy\" decoding=\"async\" width=\"611\" height=\"1024\" src=\"https:\/\/www.bourgogne-savante.fr\/wp-content\/uploads\/2018\/09\/Bulletin_de_la_Soci\u00e9t\u00e9_des_sciences_naturelles_archeologie_Ain-611x1024.jpeg\" alt=\"Bulletin de la Soci\u00e9t\u00e9 des sciences naturelles &amp; d\u2019arch\u00e9ologie de l\u2019Ain\" class=\"wp-image-1710\" style=\"width:160px;height:268px\" title=\"Bulletin de la Soci\u00e9t\u00e9 des sciences naturelles &amp; d\u2019arch\u00e9ologie de l\u2019Ain\" srcset=\"https:\/\/www.bourgogne-savante.fr\/wp-content\/uploads\/2018\/09\/Bulletin_de_la_Soci\u00e9t\u00e9_des_sciences_naturelles_archeologie_Ain-611x1024.jpeg 611w, https:\/\/www.bourgogne-savante.fr\/wp-content\/uploads\/2018\/09\/Bulletin_de_la_Soci\u00e9t\u00e9_des_sciences_naturelles_archeologie_Ain-90x150.jpeg 90w, https:\/\/www.bourgogne-savante.fr\/wp-content\/uploads\/2018\/09\/Bulletin_de_la_Soci\u00e9t\u00e9_des_sciences_naturelles_archeologie_Ain-179x300.jpeg 179w, https:\/\/www.bourgogne-savante.fr\/wp-content\/uploads\/2018\/09\/Bulletin_de_la_Soci\u00e9t\u00e9_des_sciences_naturelles_archeologie_Ain-768x1287.jpeg 768w, https:\/\/www.bourgogne-savante.fr\/wp-content\/uploads\/2018\/09\/Bulletin_de_la_Soci\u00e9t\u00e9_des_sciences_naturelles_archeologie_Ain.jpeg 853w\" sizes=\"auto, (max-width: 611px) 85vw, 611px\" \/><\/a><\/figure>\n<\/div><\/div>\n\n\n\n<div class=\"wp-block-column is-layout-flow wp-block-column-is-layout-flow\" style=\"flex-basis:75%\">\n<h5 style=\"font-family:Gadugi;color:#660033;\" id=\"revue44\">Bulletin de la Soci\u00e9t\u00e9 des sciences naturelles &amp; d&rsquo;arch\u00e9ologie de l&rsquo;Ain<\/h5>\n<p style=\"font-family:Gadugi;\">Num\u00e9ros disponibles dans <a href=\"https:\/\/gallica.bnf.fr\/ark:\/12148\/cb44223683p\/date\" target=\"_blank\" rel=\"noopener\">Gallica<\/a> : de 1897 \u00e0 1914<\/p>\n<p style=\"font-family:Gadugi;margin-top:-20px\">Voir aussi : <i><a href=\"#revue43\">Bulletin de la Soci\u00e9t\u00e9 des sciences naturelles de l&rsquo;Ain<\/a><\/i><\/p>\n<\/div>\n<\/div>\n\n\n\n<hr class=\"wp-block-separator has-text-color has-alpha-channel-opacity has-background is-style-wide\" style=\"background-color:#660033;color:#660033\"\/>\n\n\n\n<div class=\"wp-block-columns is-layout-flex wp-container-core-columns-is-layout-9d6595d7 wp-block-columns-is-layout-flex\">\n<div class=\"wp-block-column is-layout-flow wp-block-column-is-layout-flow\" style=\"flex-basis:25%\"><div class=\"wp-block-image\">\n<figure class=\"aligncenter size-large is-resized\"><a href=\"https:\/\/gallica.bnf.fr\/ark:\/12148\/cb32746290g\/date\" target=\"_blank\" rel=\"noreferrer noopener\"><img loading=\"lazy\" decoding=\"async\" width=\"632\" height=\"1024\" src=\"https:\/\/www.bourgogne-savante.fr\/wp-content\/uploads\/2018\/09\/Compte-rendu_des_travaux_de_la_Soci\u00e9t\u00e9_d\u00e9mulation_Nantua-632x1024.jpeg\" alt=\"Compte-rendu des travaux de la Soci\u00e9t\u00e9 d\u2019\u00e9mulation de l\u2019arrondissement de Nantua\" class=\"wp-image-1713\" style=\"width:160px;height:259px\" title=\"Compte-rendu des travaux de la Soci\u00e9t\u00e9 d\u2019\u00e9mulation de l\u2019arrondissement de Nantua\" srcset=\"https:\/\/www.bourgogne-savante.fr\/wp-content\/uploads\/2018\/09\/Compte-rendu_des_travaux_de_la_Soci\u00e9t\u00e9_d\u00e9mulation_Nantua-632x1024.jpeg 632w, https:\/\/www.bourgogne-savante.fr\/wp-content\/uploads\/2018\/09\/Compte-rendu_des_travaux_de_la_Soci\u00e9t\u00e9_d\u00e9mulation_Nantua-93x150.jpeg 93w, https:\/\/www.bourgogne-savante.fr\/wp-content\/uploads\/2018\/09\/Compte-rendu_des_travaux_de_la_Soci\u00e9t\u00e9_d\u00e9mulation_Nantua-185x300.jpeg 185w, https:\/\/www.bourgogne-savante.fr\/wp-content\/uploads\/2018\/09\/Compte-rendu_des_travaux_de_la_Soci\u00e9t\u00e9_d\u00e9mulation_Nantua-768x1245.jpeg 768w, https:\/\/www.bourgogne-savante.fr\/wp-content\/uploads\/2018\/09\/Compte-rendu_des_travaux_de_la_Soci\u00e9t\u00e9_d\u00e9mulation_Nantua.jpeg 889w\" sizes=\"auto, (max-width: 632px) 85vw, 632px\" \/><\/a><\/figure>\n<\/div><\/div>\n\n\n\n<div class=\"wp-block-column is-layout-flow wp-block-column-is-layout-flow\" style=\"flex-basis:75%\">\n<h5 style=\"font-family:Gadugi;color:#660033;\">Compte-rendu des travaux de la Soci\u00e9t\u00e9 d&rsquo;\u00e9mulation de l&rsquo;arrondissement de Nantua<\/h5>\n<p style=\"font-family:Gadugi;\">Num\u00e9ros disponibles dans <a href=\"https:\/\/gallica.bnf.fr\/ark:\/12148\/cb32746290g\/date\" target=\"_blank\" rel=\"noopener\">Gallica<\/a> : de 1846 \u00e0 1852<\/p>\n<\/div>\n<\/div>\n\n\n\n<hr class=\"wp-block-separator has-text-color has-alpha-channel-opacity has-background is-style-wide\" style=\"background-color:#660033;color:#660033\"\/>\n\n\n\n<div class=\"wp-block-columns is-layout-flex wp-container-core-columns-is-layout-9d6595d7 wp-block-columns-is-layout-flex\">\n<div class=\"wp-block-column is-layout-flow wp-block-column-is-layout-flow\" style=\"flex-basis:25%\"><div class=\"wp-block-image\">\n<figure class=\"aligncenter size-large is-resized\"><a href=\"https:\/\/gallica.bnf.fr\/ark:\/12148\/cb32796809g\/date\" target=\"_blank\" rel=\"noreferrer noopener\"><img loading=\"lazy\" decoding=\"async\" width=\"607\" height=\"1024\" src=\"https:\/\/www.bourgogne-savante.fr\/wp-content\/uploads\/2018\/09\/Journal_dagriculture_lettres_et_arts_Ain-607x1024.jpeg\" alt=\"Journal d\u2019agriculture, lettres et arts du d\u00e9partement de l\u2019Ain\" class=\"wp-image-1714\" style=\"width:160px;height:269px\" title=\"Journal d\u2019agriculture, lettres et arts du d\u00e9partement de l\u2019Ain\" srcset=\"https:\/\/www.bourgogne-savante.fr\/wp-content\/uploads\/2018\/09\/Journal_dagriculture_lettres_et_arts_Ain-607x1024.jpeg 607w, https:\/\/www.bourgogne-savante.fr\/wp-content\/uploads\/2018\/09\/Journal_dagriculture_lettres_et_arts_Ain-89x150.jpeg 89w, https:\/\/www.bourgogne-savante.fr\/wp-content\/uploads\/2018\/09\/Journal_dagriculture_lettres_et_arts_Ain-178x300.jpeg 178w, https:\/\/www.bourgogne-savante.fr\/wp-content\/uploads\/2018\/09\/Journal_dagriculture_lettres_et_arts_Ain-768x1297.jpeg 768w, https:\/\/www.bourgogne-savante.fr\/wp-content\/uploads\/2018\/09\/Journal_dagriculture_lettres_et_arts_Ain.jpeg 837w\" sizes=\"auto, (max-width: 607px) 85vw, 607px\" \/><\/a><\/figure>\n<\/div><\/div>\n\n\n\n<div class=\"wp-block-column is-layout-flow wp-block-column-is-layout-flow\" style=\"flex-basis:75%\">\n<h5 style=\"font-family:Gadugi;color:#660033;\" id=\"revue45\">Journal d&rsquo;agriculture, lettres et arts du d\u00e9partement de l&rsquo;Ain<\/h5>\n<p style=\"font-family:Gadugi;\">Num\u00e9ros disponibles dans <a href=\"https:\/\/gallica.bnf.fr\/ark:\/12148\/cb32796809g\/date\" target=\"_blank\" rel=\"noopener\">Gallica<\/a> : de 1817 \u00e0 1868<\/p>\n<p style=\"font-family:Gadugi;margin-top:-20px\">Voir aussi : <i><a href=\"#revue42\">Annales de la Soci\u00e9t\u00e9 d&rsquo;\u00e9mulation, agriculture, lettres et arts de l&rsquo;Ain<\/a><\/i><\/p>\n<\/div>\n<\/div>\n\n\n\n<hr class=\"wp-block-separator has-text-color has-alpha-channel-opacity has-background is-style-wide\" style=\"background-color:#660033;color:#660033\"\/>\n\n\n\n<div class=\"wp-block-columns is-layout-flex wp-container-core-columns-is-layout-9d6595d7 wp-block-columns-is-layout-flex\">\n<div class=\"wp-block-column is-layout-flow wp-block-column-is-layout-flow\" style=\"flex-basis:25%\"><div class=\"wp-block-image\">\n<figure class=\"aligncenter size-large is-resized\"><a href=\"https:\/\/gallica.bnf.fr\/ark:\/12148\/cb328578061\/date\" target=\"_blank\" rel=\"noreferrer noopener\"><img loading=\"lazy\" decoding=\"async\" width=\"622\" height=\"1024\" src=\"https:\/\/www.bourgogne-savante.fr\/wp-content\/uploads\/2018\/09\/Revue_de_la_Soci\u00e9t\u00e9_litt\u00e9raire_Ain-622x1024.jpeg\" alt=\"Revue de la Soci\u00e9t\u00e9 litt\u00e9raire, historique et arch\u00e9ologique du d\u00e9partement de l\u2019Ain\" class=\"wp-image-1718\" style=\"width:160px;height:263px\" title=\"Revue de la Soci\u00e9t\u00e9 litt\u00e9raire, historique et arch\u00e9ologique du d\u00e9partement de l\u2019Ain\" srcset=\"https:\/\/www.bourgogne-savante.fr\/wp-content\/uploads\/2018\/09\/Revue_de_la_Soci\u00e9t\u00e9_litt\u00e9raire_Ain-622x1024.jpeg 622w, https:\/\/www.bourgogne-savante.fr\/wp-content\/uploads\/2018\/09\/Revue_de_la_Soci\u00e9t\u00e9_litt\u00e9raire_Ain-91x150.jpeg 91w, https:\/\/www.bourgogne-savante.fr\/wp-content\/uploads\/2018\/09\/Revue_de_la_Soci\u00e9t\u00e9_litt\u00e9raire_Ain-182x300.jpeg 182w, https:\/\/www.bourgogne-savante.fr\/wp-content\/uploads\/2018\/09\/Revue_de_la_Soci\u00e9t\u00e9_litt\u00e9raire_Ain-768x1264.jpeg 768w, https:\/\/www.bourgogne-savante.fr\/wp-content\/uploads\/2018\/09\/Revue_de_la_Soci\u00e9t\u00e9_litt\u00e9raire_Ain.jpeg 861w\" sizes=\"auto, (max-width: 622px) 85vw, 622px\" \/><\/a><\/figure>\n<\/div><\/div>\n\n\n\n<div class=\"wp-block-column is-layout-flow wp-block-column-is-layout-flow\" style=\"flex-basis:75%\">\n<h5 style=\"font-family:Gadugi;color:#660033;\">Revue de la Soci\u00e9t\u00e9 litt\u00e9raire, historique et arch\u00e9ologique du d\u00e9partement de l&rsquo;Ain<\/h5>\n<p style=\"font-family:Gadugi;\">Num\u00e9ros disponibles dans <a href=\"https:\/\/gallica.bnf.fr\/ark:\/12148\/cb328578061\/date\" target=\"_blank\" rel=\"noopener\">Gallica<\/a> : de 1872 \u00e0 1888<\/p>\n<\/div>\n<\/div>\n\n\n\n<hr class=\"wp-block-separator has-text-color has-alpha-channel-opacity has-background is-style-wide\" style=\"background-color:#660033;color:#660033\"\/>\n\n\n\n<div class=\"wp-block-buttons is-content-justification-center is-layout-flex wp-container-core-buttons-is-layout-16018d1d wp-block-buttons-is-layout-flex\">\n<div class=\"wp-block-button has-custom-font-size has-small-font-size\"><a class=\"wp-block-button__link has-background wp-element-button\" href=\"#Haut\" style=\"background-color:#660033\">Haut de page<\/a><\/div>\n<\/div>\n\n\n\n<div style=\"height:25px\" aria-hidden=\"true\" class=\"wp-block-spacer\"><\/div>\n\n\n\n<figure class=\"wp-block-image aligncenter size-full is-resized\"><a href=\"https:\/\/gallica.bnf.fr\/ark:\/12148\/bpt6k4081972\/f1.item\" target=\"_blank\" rel=\"noreferrer noopener\"><img loading=\"lazy\" decoding=\"async\" src=\"https:\/\/www.bourgogne-savante.fr\/wp-content\/uploads\/Memoires_de_la_Societe_bourguignonne_.Societe_bourguignonne_bpt6k4081972_1-5.jpg\" alt=\"M\u00e9moires de la Soci\u00e9t\u00e9 bourguignonne de g\u00e9ographie et d'histoire. 1906, tome 22 \/ Source gallica.bnf.fr \/ Biblioth\u00e8que nationale de France\" class=\"wp-image-3209\" width=\"500\" height=\"376\" title=\"M\u00e9moires de la Soci\u00e9t\u00e9 bourguignonne de g\u00e9ographie et d'histoire. 1906, tome 22 \/ Source gallica.bnf.fr \/ Biblioth\u00e8que nationale de France\" srcset=\"https:\/\/www.bourgogne-savante.fr\/wp-content\/uploads\/Memoires_de_la_Societe_bourguignonne_.Societe_bourguignonne_bpt6k4081972_1-5.jpg 500w, https:\/\/www.bourgogne-savante.fr\/wp-content\/uploads\/Memoires_de_la_Societe_bourguignonne_.Societe_bourguignonne_bpt6k4081972_1-5-300x226.jpg 300w, https:\/\/www.bourgogne-savante.fr\/wp-content\/uploads\/Memoires_de_la_Societe_bourguignonne_.Societe_bourguignonne_bpt6k4081972_1-5-150x113.jpg 150w\" sizes=\"auto, (max-width: 500px) 85vw, 500px\" \/><\/a><figcaption class=\"wp-element-caption\" style=\"font-family:Gadugi;text-align:center;\"><i>M\u00e9moires de la Soci\u00e9t\u00e9 bourguignonne de g\u00e9ographie et d&rsquo;histoire<\/i>. 1906, tome 22. Couverture (d\u00e9tail).<br>Source <a href=\"https:\/\/gallica.bnf.fr\/ark:\/12148\/bpt6k4081972\/f1.item\" target=\"_blank\" rel=\"noreferrer noopener\">gallica.bnf.fr <\/a>\/ Biblioth\u00e8que nationale de France<\/figcaption><\/figure>\n","protected":false},"excerpt":{"rendered":"<p>Cette page recense les revues portant sur l\u2019histoire, la g\u00e9ographie, l\u2019arch\u00e9ologie, les arts et le patrimoine de la Bourgogne, accessibles en ligne gratuitement. Il s\u2019agit soit de revues imprim\u00e9es qui ont fait l\u2019objet d\u2019une num\u00e9risation, soit de revues publi\u00e9es \u00e0 la fois sous forme imprim\u00e9e et sous forme num\u00e9rique, soit de revues publi\u00e9es exclusivement sous &hellip; <a href=\"https:\/\/www.bourgogne-savante.fr\/index.php\/ressourcesenligne\/revuesbourguignonnes\/\" class=\"more-link\">Continuer la lecture<span class=\"screen-reader-text\"> de &laquo;&nbsp;Revues bourguignonnes sp\u00e9cialis\u00e9es dans les domaines historique, arch\u00e9ologique, g\u00e9ographique et artistique&nbsp;&raquo;<\/span><\/a><\/p>\n","protected":false},"author":1,"featured_media":0,"parent":42,"menu_order":0,"comment_status":"closed","ping_status":"closed","template":"","meta":{"footnotes":""},"class_list":["post-1465","page","type-page","status-publish","hentry"],"_links":{"self":[{"href":"https:\/\/www.bourgogne-savante.fr\/index.php\/wp-json\/wp\/v2\/pages\/1465","targetHints":{"allow":["GET"]}}],"collection":[{"href":"https:\/\/www.bourgogne-savante.fr\/index.php\/wp-json\/wp\/v2\/pages"}],"about":[{"href":"https:\/\/www.bourgogne-savante.fr\/index.php\/wp-json\/wp\/v2\/types\/page"}],"author":[{"embeddable":true,"href":"https:\/\/www.bourgogne-savante.fr\/index.php\/wp-json\/wp\/v2\/users\/1"}],"replies":[{"embeddable":true,"href":"https:\/\/www.bourgogne-savante.fr\/index.php\/wp-json\/wp\/v2\/comments?post=1465"}],"version-history":[{"count":218,"href":"https:\/\/www.bourgogne-savante.fr\/index.php\/wp-json\/wp\/v2\/pages\/1465\/revisions"}],"predecessor-version":[{"id":4429,"href":"https:\/\/www.bourgogne-savante.fr\/index.php\/wp-json\/wp\/v2\/pages\/1465\/revisions\/4429"}],"up":[{"embeddable":true,"href":"https:\/\/www.bourgogne-savante.fr\/index.php\/wp-json\/wp\/v2\/pages\/42"}],"wp:attachment":[{"href":"https:\/\/www.bourgogne-savante.fr\/index.php\/wp-json\/wp\/v2\/media?parent=1465"}],"curies":[{"name":"wp","href":"https:\/\/api.w.org\/{rel}","templated":true}]}}