{"id":170,"date":"2018-02-18T09:09:52","date_gmt":"2018-02-18T08:09:52","guid":{"rendered":"http:\/\/www.bourgogne-savante.fr\/?page_id=170"},"modified":"2025-11-09T10:30:48","modified_gmt":"2025-11-09T09:30:48","slug":"liste","status":"publish","type":"page","link":"https:\/\/www.bourgogne-savante.fr\/index.php\/colloques\/liste\/","title":{"rendered":"Liste des congr\u00e8s et colloques de l&rsquo;ABSS"},"content":{"rendered":"\n<div class=\"wp-block-buttons is-content-justification-center is-layout-flex wp-container-core-buttons-is-layout-16018d1d wp-block-buttons-is-layout-flex\">\n<div class=\"wp-block-button has-custom-font-size has-small-font-size\" id=\"bouton\"><a class=\"wp-block-button__link has-background wp-element-button\" href=\"#congres1914\" style=\"background-color:#660033\">De 1914 \u00e0 1939<\/a><\/div>\n\n\n\n<div class=\"wp-block-button has-custom-font-size has-small-font-size\"><a class=\"wp-block-button__link has-background wp-element-button\" href=\"#congres1946\" style=\"background-color:#660033\">De 1946 \u00e0 1969<\/a><\/div>\n\n\n\n<div class=\"wp-block-button has-custom-font-size has-small-font-size\"><a class=\"wp-block-button__link has-background wp-element-button\" href=\"#congres1970\" style=\"background-color:#660033\">De 1970 \u00e0 1990<\/a><\/div>\n\n\n\n<div class=\"wp-block-button has-custom-font-size has-small-font-size\"><a class=\"wp-block-button__link has-background wp-element-button\" href=\"#colloque1991\" style=\"background-color:#660033\">De 1991 \u00e0 2005<\/a><\/div>\n<\/div>\n\n\n\n<div style=\"height:20px\" aria-hidden=\"true\" class=\"wp-block-spacer\"><\/div>\n\n\n\n<div class=\"wp-block-buttons is-content-justification-center is-layout-flex wp-container-core-buttons-is-layout-16018d1d wp-block-buttons-is-layout-flex\">\n<div class=\"wp-block-button has-custom-font-size has-small-font-size\"><a class=\"wp-block-button__link has-background wp-element-button\" href=\"#colloque2006\" style=\"background-color:#660033\">De 2006 \u00e0 2019<\/a><\/div>\n\n\n\n<div class=\"wp-block-button has-custom-font-size has-small-font-size\"><a class=\"wp-block-button__link has-background wp-element-button\" href=\"#colloque2021\" style=\"background-color:#660033\">Depuis 2021<\/a><\/div>\n<\/div>\n\n\n\n<div style=\"height:20px\" aria-hidden=\"true\" class=\"wp-block-spacer\"><\/div>\n\n\n\n<h5 style=\"font-family:Gadugi;color:#660033;\" id=\"congres1914\">1<sup>er<\/sup> congr\u00e8s &#8211; Dijon, 1914<\/h5>\n<p style=\"font-family:Gadugi;\">Soci\u00e9t\u00e9 organisatrice : Acad\u00e9mie des sciences, arts et belles-lettres de Dijon<br>Compte rendu : Dijon, 1921, 38&nbsp;p.<\/p>\n\n\n\n<hr class=\"wp-block-separator has-text-color has-alpha-channel-opacity has-background is-style-wide\" style=\"background-color:#660033;color:#660033\"\/>\n\n\n\n<div class=\"wp-block-columns is-layout-flex wp-container-core-columns-is-layout-9d6595d7 wp-block-columns-is-layout-flex\">\n<div class=\"wp-block-column is-layout-flow wp-block-column-is-layout-flow\" style=\"flex-basis:33.33%\"><div class=\"wp-block-image\">\n<figure class=\"aligncenter size-large is-resized\"><a href=\"http:\/\/gallica.bnf.fr\/ark:\/12148\/bpt6k5415454q\/f485\" target=\"_blank\" rel=\"noreferrer noopener\"><img loading=\"lazy\" decoding=\"async\" width=\"704\" height=\"1024\" src=\"https:\/\/www.bourgogne-savante.fr\/wp-content\/uploads\/2018\/02\/Compte-rendu-du-2e-congr\u00e8s-de-lABSS-704x1024.jpeg\" alt=\"Compte rendu du 2e congr\u00e8s de l'ABSS\" class=\"wp-image-339\" style=\"width:200px;height:291px\" title=\"Compte rendu du 2e congr\u00e8s de l'ABSS\" srcset=\"https:\/\/www.bourgogne-savante.fr\/wp-content\/uploads\/2018\/02\/Compte-rendu-du-2e-congr\u00e8s-de-lABSS-704x1024.jpeg 704w, https:\/\/www.bourgogne-savante.fr\/wp-content\/uploads\/2018\/02\/Compte-rendu-du-2e-congr\u00e8s-de-lABSS-103x150.jpeg 103w, https:\/\/www.bourgogne-savante.fr\/wp-content\/uploads\/2018\/02\/Compte-rendu-du-2e-congr\u00e8s-de-lABSS-206x300.jpeg 206w, https:\/\/www.bourgogne-savante.fr\/wp-content\/uploads\/2018\/02\/Compte-rendu-du-2e-congr\u00e8s-de-lABSS-768x1118.jpeg 768w, https:\/\/www.bourgogne-savante.fr\/wp-content\/uploads\/2018\/02\/Compte-rendu-du-2e-congr\u00e8s-de-lABSS.jpeg 1024w\" sizes=\"auto, (max-width: 704px) 85vw, 704px\" \/><\/a><\/figure>\n<\/div><\/div>\n\n\n\n<div class=\"wp-block-column is-layout-flow wp-block-column-is-layout-flow\" style=\"flex-basis:66.66%\">\n<h5 style=\"font-family:Gadugi;color:#660033;\">2<sup>e<\/sup> congr\u00e8s &#8211; M\u00e2con, 1923<\/h5>\n<p style=\"font-family:Gadugi;\">Compte rendu : <i>Annales de l\u2019Acad\u00e9mie de M\u00e2con<\/i>, 3<sup>e<\/sup> s\u00e9rie, t.&nbsp;23, 1922-1923, p.&nbsp;307-358.<br>Tir\u00e9 \u00e0 part : M\u00e2con, 1925, 54&nbsp;p.<br>Le compte rendu du congr\u00e8s est consultable en ligne dans <a href=\"http:\/\/gallica.bnf.fr\/ark:\/12148\/bpt6k5415454q\/f485\" target=\"_blank\" rel=\"noopener noreferrer\">Gallica<\/a>.<\/p>\n<\/div>\n<\/div>\n\n\n\n<hr class=\"wp-block-separator has-text-color has-alpha-channel-opacity has-background is-style-wide\" style=\"background-color:#660033;color:#660033\"\/>\n\n\n\n<div class=\"wp-block-columns is-layout-flex wp-container-core-columns-is-layout-9d6595d7 wp-block-columns-is-layout-flex\">\n<div class=\"wp-block-column is-layout-flow wp-block-column-is-layout-flow\" style=\"flex-basis:33.33%\"><div class=\"wp-block-image\">\n<figure class=\"aligncenter size-large is-resized\"><a href=\"https:\/\/gallica.bnf.fr\/ark:\/12148\/bpt6k5511512q\/f3\" target=\"_blank\" rel=\"noreferrer noopener\"><img loading=\"lazy\" decoding=\"async\" width=\"634\" height=\"1024\" src=\"https:\/\/www.bourgogne-savante.fr\/wp-content\/uploads\/2018\/02\/Compte-rendu-du-3e-congr\u00e8s-de-lABSS-634x1024.jpeg\" alt=\"Compte rendu du 3e congr\u00e8s de l'ABSS\" class=\"wp-image-340\" style=\"width:200px;height:323px\" title=\"Compte rendu du 3e congr\u00e8s de l'ABSS\" srcset=\"https:\/\/www.bourgogne-savante.fr\/wp-content\/uploads\/2018\/02\/Compte-rendu-du-3e-congr\u00e8s-de-lABSS-634x1024.jpeg 634w, https:\/\/www.bourgogne-savante.fr\/wp-content\/uploads\/2018\/02\/Compte-rendu-du-3e-congr\u00e8s-de-lABSS-93x150.jpeg 93w, https:\/\/www.bourgogne-savante.fr\/wp-content\/uploads\/2018\/02\/Compte-rendu-du-3e-congr\u00e8s-de-lABSS-186x300.jpeg 186w, https:\/\/www.bourgogne-savante.fr\/wp-content\/uploads\/2018\/02\/Compte-rendu-du-3e-congr\u00e8s-de-lABSS-768x1241.jpeg 768w, https:\/\/www.bourgogne-savante.fr\/wp-content\/uploads\/2018\/02\/Compte-rendu-du-3e-congr\u00e8s-de-lABSS.jpeg 969w\" sizes=\"auto, (max-width: 634px) 85vw, 634px\" \/><\/a><\/figure>\n<\/div><\/div>\n\n\n\n<div class=\"wp-block-column is-layout-flow wp-block-column-is-layout-flow\" style=\"flex-basis:66.66%\">\n<h5 style=\"font-family:Gadugi;color:#660033;\">3<sup>e<\/sup> congr\u00e8s &#8211; Auxerre, 1925<\/h5>\n<p style=\"font-family:Gadugi;\">Soci\u00e9t\u00e9 organisatrice : Soci\u00e9t\u00e9 des sciences historiques et naturelles de l\u2019Yonne<br>Compte rendu et r\u00e9sum\u00e9s des communications : <i>Bulletin de la Soci\u00e9t\u00e9 des sciences historiques et naturelles de l\u2019Yonne<\/i>, 79<sup>e<\/sup> ann\u00e9e, 5<sup>e<\/sup> s\u00e9rie, t.&nbsp;9 (troisi\u00e8me partie), 1926, p.&nbsp;3-43.<br>Tir\u00e9 \u00e0 part : Auxerre, 1926, 43&nbsp;p.<br>Le compte rendu du congr\u00e8s est consultable en ligne dans <a href=\"http:\/\/gallica.bnf.fr\/ark:\/12148\/bpt6k5511512q\/f3\" target=\"_blank\" rel=\"noopener noreferrer\">Gallica<\/a>.<\/p>\n<\/div>\n<\/div>\n\n\n\n<hr class=\"wp-block-separator has-text-color has-alpha-channel-opacity has-background is-style-wide\" style=\"background-color:#660033;color:#660033\"\/>\n\n\n\n<div class=\"wp-block-columns is-layout-flex wp-container-core-columns-is-layout-9d6595d7 wp-block-columns-is-layout-flex\">\n<div class=\"wp-block-column is-layout-flow wp-block-column-is-layout-flow\" style=\"flex-basis:33.33%\"><div class=\"wp-block-image\">\n<figure class=\"aligncenter size-large is-resized\"><a href=\"https:\/\/gallica.bnf.fr\/ark:\/12148\/bpt6k97623262\/f3\" target=\"_blank\" rel=\"noreferrer noopener\"><img loading=\"lazy\" decoding=\"async\" width=\"620\" height=\"1024\" src=\"https:\/\/www.bourgogne-savante.fr\/wp-content\/uploads\/2018\/02\/Compte-rendu-du-4e-congr\u00e8s-de-lABSS-620x1024.jpeg\" alt=\"Compte rendu du 4e congr\u00e8s de l'ABSS\" class=\"wp-image-341\" style=\"width:200px;height:330px\" title=\"Compte rendu du 4e congr\u00e8s de l'ABSS\" srcset=\"https:\/\/www.bourgogne-savante.fr\/wp-content\/uploads\/2018\/02\/Compte-rendu-du-4e-congr\u00e8s-de-lABSS-620x1024.jpeg 620w, https:\/\/www.bourgogne-savante.fr\/wp-content\/uploads\/2018\/02\/Compte-rendu-du-4e-congr\u00e8s-de-lABSS-91x150.jpeg 91w, https:\/\/www.bourgogne-savante.fr\/wp-content\/uploads\/2018\/02\/Compte-rendu-du-4e-congr\u00e8s-de-lABSS-182x300.jpeg 182w, https:\/\/www.bourgogne-savante.fr\/wp-content\/uploads\/2018\/02\/Compte-rendu-du-4e-congr\u00e8s-de-lABSS-768x1269.jpeg 768w, https:\/\/www.bourgogne-savante.fr\/wp-content\/uploads\/2018\/02\/Compte-rendu-du-4e-congr\u00e8s-de-lABSS.jpeg 948w\" sizes=\"auto, (max-width: 620px) 85vw, 620px\" \/><\/a><\/figure>\n<\/div><\/div>\n\n\n\n<div class=\"wp-block-column is-layout-flow wp-block-column-is-layout-flow\" style=\"flex-basis:66.66%\">\n<h5 style=\"font-family:Gadugi;color:#660033;\">4<sup>e<\/sup> congr\u00e8s &#8211; Langres, 1926<\/h5>\n<p style=\"font-family:Gadugi;\">Soci\u00e9t\u00e9 organisatrice : Soci\u00e9t\u00e9 historique et arch\u00e9ologique de Langres<br>Compte rendu et r\u00e9sum\u00e9s des communications : <i>Bulletin de la Soci\u00e9t\u00e9 historique et arch\u00e9ologique de Langres<\/i>, t.&nbsp;9, 1925-1930, p.&nbsp;157-208.<br>Tir\u00e9 \u00e0 part : Langres, 1927, 52&nbsp;p.<br>Le compte rendu du congr\u00e8s est consultable en ligne dans <a href=\"http:\/\/gallica.bnf.fr\/ark:\/12148\/bpt6k97623262\/f3\" target=\"_blank\" rel=\"noopener noreferrer\">Gallica<\/a>.<\/p>\n<\/div>\n<\/div>\n\n\n\n<hr class=\"wp-block-separator has-text-color has-alpha-channel-opacity has-background is-style-wide\" style=\"background-color:#660033;color:#660033\"\/>\n\n\n\n<h5 style=\"font-family:Gadugi;color:#660033;margin-top:20px;\">5<sup>e<\/sup> congr\u00e8s &#8211; Dijon, 1927<\/h5>\n<p style=\"font-family:Gadugi;\">Th\u00e8me : Saint Bernard et son temps<br>Soci\u00e9t\u00e9 organisatrice : Acad\u00e9mie des sciences, arts et belles-lettres de Dijon<br>Actes : <i>Saint Bernard et son temps<\/i>, Dijon, 1928-1929, 2 volumes, 333 et 322&nbsp;p.<\/p>\n\n\n\n<hr class=\"wp-block-separator has-text-color has-alpha-channel-opacity has-background is-style-wide\" style=\"background-color:#660033;color:#660033\"\/>\n\n\n\n<div class=\"wp-block-columns is-layout-flex wp-container-core-columns-is-layout-9d6595d7 wp-block-columns-is-layout-flex\">\n<div class=\"wp-block-column is-layout-flow wp-block-column-is-layout-flow\" style=\"flex-basis:33.33%\"><div class=\"wp-block-image\">\n<figure class=\"aligncenter size-large is-resized\"><a href=\"https:\/\/gallica.bnf.fr\/ark:\/12148\/bpt6k6558202s\/f163\" target=\"_blank\" rel=\"noreferrer noopener\"><img loading=\"lazy\" decoding=\"async\" width=\"682\" height=\"1024\" src=\"https:\/\/www.bourgogne-savante.fr\/wp-content\/uploads\/2018\/02\/Compte-rendu-du-6e-congr\u00e8s-de-lABSS-682x1024.jpeg\" alt=\"Compte rendu du 6e congr\u00e8s de l'ABSS\" class=\"wp-image-342\" style=\"width:200px;height:300px\" title=\"Compte rendu du 6e congr\u00e8s de l'ABSS\" srcset=\"https:\/\/www.bourgogne-savante.fr\/wp-content\/uploads\/2018\/02\/Compte-rendu-du-6e-congr\u00e8s-de-lABSS-682x1024.jpeg 682w, https:\/\/www.bourgogne-savante.fr\/wp-content\/uploads\/2018\/02\/Compte-rendu-du-6e-congr\u00e8s-de-lABSS-100x150.jpeg 100w, https:\/\/www.bourgogne-savante.fr\/wp-content\/uploads\/2018\/02\/Compte-rendu-du-6e-congr\u00e8s-de-lABSS-200x300.jpeg 200w, https:\/\/www.bourgogne-savante.fr\/wp-content\/uploads\/2018\/02\/Compte-rendu-du-6e-congr\u00e8s-de-lABSS-768x1153.jpeg 768w, https:\/\/www.bourgogne-savante.fr\/wp-content\/uploads\/2018\/02\/Compte-rendu-du-6e-congr\u00e8s-de-lABSS.jpeg 1024w\" sizes=\"auto, (max-width: 682px) 85vw, 682px\" \/><\/a><\/figure>\n<\/div><\/div>\n\n\n\n<div class=\"wp-block-column is-layout-flow wp-block-column-is-layout-flow\" style=\"flex-basis:66.66%\">\n<h5 style=\"font-family:Gadugi;color:#660033;\">6<sup>e<\/sup> congr\u00e8s &#8211; Tournus, 1929<\/h5>\n<p style=\"font-family:Gadugi;\">Soci\u00e9t\u00e9 organisatrice : Soci\u00e9t\u00e9 des amis des arts et des sciences de Tournus<br>Compte rendu et r\u00e9sum\u00e9s des communications : <i>Soci\u00e9t\u00e9 des amis des arts et des sciences de Tournus<\/i>, t.&nbsp;30, 1930, p.&nbsp;129-160.<br>Le compte rendu du congr\u00e8s est consultable en ligne dans <a href=\"http:\/\/gallica.bnf.fr\/ark:\/12148\/bpt6k6558202s\/f163\" target=\"_blank\" rel=\"noopener noreferrer\">Gallica<\/a>.<\/p>\n<\/div>\n<\/div>\n\n\n\n<hr class=\"wp-block-separator has-text-color has-alpha-channel-opacity has-background is-style-wide\" style=\"background-color:#660033;color:#660033\"\/>\n\n\n\n<h5 style=\"font-family:Gadugi;color:#660033;margin-top:20px;\">7<sup>e<\/sup> congr\u00e8s &#8211; Sens, 1930<\/h5>\n<p style=\"font-family:Gadugi;\">Soci\u00e9t\u00e9 organisatrice : Soci\u00e9t\u00e9 arch\u00e9ologique de Sens<br>Compte rendu et r\u00e9sum\u00e9s des communications : Sens, 1931, 110&nbsp;p.<\/p>\n\n\n\n<hr class=\"wp-block-separator has-text-color has-alpha-channel-opacity has-background is-style-wide\" style=\"background-color:#660033;color:#660033\"\/>\n\n\n\n<h5 style=\"font-family:Gadugi;color:#660033;margin-top:20px;\">8<sup>e<\/sup> congr\u00e8s &#8211; Semur-en-Auxois, 1931<\/h5>\n<p style=\"font-family:Gadugi;\">Soci\u00e9t\u00e9 organisatrice : Soci\u00e9t\u00e9 des sciences historiques et naturelles de Semur<br>Compte rendu et r\u00e9sum\u00e9s des communications : Semur-en-Auxois, 1931, 103&nbsp;p.<\/p>\n\n\n\n<hr class=\"wp-block-separator has-text-color has-alpha-channel-opacity has-background is-style-wide\" style=\"background-color:#660033;color:#660033\"\/>\n\n\n\n<div class=\"wp-block-columns is-layout-flex wp-container-core-columns-is-layout-9d6595d7 wp-block-columns-is-layout-flex\">\n<div class=\"wp-block-column is-layout-flow wp-block-column-is-layout-flow\" style=\"flex-basis:33.33%\"><div class=\"wp-block-image\">\n<figure class=\"aligncenter size-large is-resized\"><a href=\"https:\/\/gallica.bnf.fr\/ark:\/12148\/bpt6k9710591b\/f42\" target=\"_blank\" rel=\"noreferrer noopener\"><img loading=\"lazy\" decoding=\"async\" width=\"636\" height=\"1024\" src=\"https:\/\/www.bourgogne-savante.fr\/wp-content\/uploads\/2018\/02\/Compte-rendu-du-9e-congr\u00e8s-de-lABSS-636x1024.jpeg\" alt=\"Compte rendu du 9e congr\u00e8s de l'ABSS\" class=\"wp-image-343\" style=\"width:200px;height:322px\" title=\"Compte rendu du 9e congr\u00e8s de l'ABSS\" srcset=\"https:\/\/www.bourgogne-savante.fr\/wp-content\/uploads\/2018\/02\/Compte-rendu-du-9e-congr\u00e8s-de-lABSS-636x1024.jpeg 636w, https:\/\/www.bourgogne-savante.fr\/wp-content\/uploads\/2018\/02\/Compte-rendu-du-9e-congr\u00e8s-de-lABSS-93x150.jpeg 93w, https:\/\/www.bourgogne-savante.fr\/wp-content\/uploads\/2018\/02\/Compte-rendu-du-9e-congr\u00e8s-de-lABSS-186x300.jpeg 186w, https:\/\/www.bourgogne-savante.fr\/wp-content\/uploads\/2018\/02\/Compte-rendu-du-9e-congr\u00e8s-de-lABSS-768x1237.jpeg 768w, https:\/\/www.bourgogne-savante.fr\/wp-content\/uploads\/2018\/02\/Compte-rendu-du-9e-congr\u00e8s-de-lABSS.jpeg 972w\" sizes=\"auto, (max-width: 636px) 85vw, 636px\" \/><\/a><\/figure>\n<\/div><\/div>\n\n\n\n<div class=\"wp-block-column is-layout-flow wp-block-column-is-layout-flow\" style=\"flex-basis:66.66%\">\n<h5 style=\"font-family:Gadugi;color:#660033;\">9<sup>e<\/sup> congr\u00e8s (congr\u00e8s Nicolas Rolin) &#8211; Beaune, 1932<\/h5>\n<p style=\"font-family:Gadugi;\">Soci\u00e9t\u00e9 organisatrice : Soci\u00e9t\u00e9 d\u2019arch\u00e9ologie de Beaune<br>Compte rendu et r\u00e9sum\u00e9s des communications : <i>M\u00e9moires de la Soci\u00e9t\u00e9 d\u2019arch\u00e9ologie de Beaune<\/i>, 1931-1932, \u00e9d.&nbsp;1933, p.&nbsp;40-175.<br>Tir\u00e9 \u00e0 part : <i>Congr\u00e8s Nicolas Rolin<\/i>, Beaune, 1933, 139&nbsp;p.<br>Le compte rendu du congr\u00e8s est consultable en ligne dans <a href=\"http:\/\/gallica.bnf.fr\/ark:\/12148\/bpt6k9710591b\/f42\" target=\"_blank\" rel=\"noopener noreferrer\">Gallica<\/a>.<\/p>\n<\/div>\n<\/div>\n\n\n\n<hr class=\"wp-block-separator has-text-color has-alpha-channel-opacity has-background is-style-wide\" style=\"background-color:#660033;color:#660033\"\/>\n\n\n\n<h5 style=\"font-family:Gadugi;color:#660033;margin-top:20px;\">10<sup>e<\/sup> congr\u00e8s (congr\u00e8s Vauban) &#8211; Avallon, 1933<\/h5>\n<p style=\"font-family:Gadugi;\">Soci\u00e9t\u00e9 organisatrice : Soci\u00e9t\u00e9 d\u2019\u00e9tudes d\u2019Avallon<br>Actes : <i> Congr\u00e8s Vauban<\/i>, Avallon, 1935-1936, 2&nbsp;volumes, 90 et 392&nbsp;p.<\/p>\n\n\n\n<hr class=\"wp-block-separator has-text-color has-alpha-channel-opacity has-background is-style-wide\" style=\"background-color:#660033;color:#660033\"\/>\n\n\n\n<h5 style=\"font-family:Gadugi;color:#660033;margin-top:20px;\">11<sup>e<\/sup> congr\u00e8s &#8211; Chalon-sur-Sa\u00f4ne, 1934<\/h5>\n<p style=\"font-family:Gadugi;\">Soci\u00e9t\u00e9 organisatrice : Soci\u00e9t\u00e9 d\u2019histoire et d\u2019arch\u00e9ologie de Chalon-sur-Sa\u00f4ne<br>Compte rendu et r\u00e9sum\u00e9s des communications : Chalon-sur-Sa\u00f4ne, 1935, 166&nbsp;p.<\/p>\n\n\n\n<hr class=\"wp-block-separator has-text-color has-alpha-channel-opacity has-background is-style-wide\" style=\"background-color:#660033;color:#660033\"\/>\n\n\n\n<h5 style=\"font-family:Gadugi;color:#660033;margin-top:20px;\">12<sup>e<\/sup> congr\u00e8s &#8211; Dijon 1935<\/h5>\n<p style=\"font-family:Gadugi;\">Soci\u00e9t\u00e9 organisatrice : Acad\u00e9mie des sciences, arts et belles-lettres de Dijon.<br>Actes : <i>Douzi\u00e8me congr\u00e8s, tenu \u00e0 Dijon<\/i>, Dijon, 1937, 212&nbsp;p.<\/p>\n\n\n\n<hr class=\"wp-block-separator has-text-color has-alpha-channel-opacity has-background is-style-wide\" style=\"background-color:#660033;color:#660033\"\/>\n\n\n\n<div class=\"wp-block-columns is-layout-flex wp-container-core-columns-is-layout-9d6595d7 wp-block-columns-is-layout-flex\">\n<div class=\"wp-block-column is-layout-flow wp-block-column-is-layout-flow\" style=\"flex-basis:33.33%\"><div class=\"wp-block-image\">\n<figure class=\"aligncenter size-large is-resized\"><a href=\"https:\/\/gallica.bnf.fr\/ark:\/12148\/bpt6k97283062\/f85\" target=\"_blank\" rel=\"noreferrer noopener\"><img loading=\"lazy\" decoding=\"async\" width=\"609\" height=\"1024\" src=\"https:\/\/www.bourgogne-savante.fr\/wp-content\/uploads\/2018\/02\/Compte-rendu-du-13e-congr\u00e8s-de-lABSS-609x1024.jpeg\" alt=\"Compte rendu du 13e congr\u00e8s de l'ABSS\" class=\"wp-image-344\" style=\"width:200px;height:336px\" title=\"Compte rendu du 13e congr\u00e8s de l'ABSS\" srcset=\"https:\/\/www.bourgogne-savante.fr\/wp-content\/uploads\/2018\/02\/Compte-rendu-du-13e-congr\u00e8s-de-lABSS-609x1024.jpeg 609w, https:\/\/www.bourgogne-savante.fr\/wp-content\/uploads\/2018\/02\/Compte-rendu-du-13e-congr\u00e8s-de-lABSS-89x150.jpeg 89w, https:\/\/www.bourgogne-savante.fr\/wp-content\/uploads\/2018\/02\/Compte-rendu-du-13e-congr\u00e8s-de-lABSS-178x300.jpeg 178w, https:\/\/www.bourgogne-savante.fr\/wp-content\/uploads\/2018\/02\/Compte-rendu-du-13e-congr\u00e8s-de-lABSS-768x1292.jpeg 768w, https:\/\/www.bourgogne-savante.fr\/wp-content\/uploads\/2018\/02\/Compte-rendu-du-13e-congr\u00e8s-de-lABSS.jpeg 931w\" sizes=\"auto, (max-width: 609px) 85vw, 609px\" \/><\/a><\/figure>\n<\/div><\/div>\n\n\n\n<div class=\"wp-block-column is-layout-flow wp-block-column-is-layout-flow\" style=\"flex-basis:66.66%\">\n<h5 style=\"font-family:Gadugi;color:#660033;\">13<sup>e<\/sup> congr\u00e8s &#8211; Autun, 1936<\/h5>\n<p style=\"font-family:Gadugi;\">Soci\u00e9t\u00e9 organisatrice : Soci\u00e9t\u00e9 \u00e9duenne<br>Compte rendu et r\u00e9sum\u00e9s des communications : <i>Centenaire de la Soci\u00e9t\u00e9 \u00e9duenne et XIII<sup>e<\/sup> Congr\u00e8s de l\u2019Association bourguignonne des soci\u00e9t\u00e9s savantes, M\u00e9moires de la Soci\u00e9t\u00e9 \u00e9duenne<\/i>, t.&nbsp;48, 1936, p.&nbsp;49-143.<br>Tir\u00e9 \u00e0 part : Autun, 1936, 143&nbsp;p.<br>Le compte rendu du congr\u00e8s est consultable en ligne dans <a href=\"http:\/\/gallica.bnf.fr\/ark:\/12148\/bpt6k97283062\/f85\" target=\"_blank\" rel=\"noopener noreferrer\">Gallica<\/a>.<\/p>\n<\/div>\n<\/div>\n\n\n\n<hr class=\"wp-block-separator has-text-color has-alpha-channel-opacity has-background is-style-wide\" style=\"background-color:#660033;color:#660033\"\/>\n\n\n\n<div class=\"wp-block-columns is-layout-flex wp-container-core-columns-is-layout-9d6595d7 wp-block-columns-is-layout-flex\">\n<div class=\"wp-block-column is-layout-flow wp-block-column-is-layout-flow\" style=\"flex-basis:33.33%\"><div class=\"wp-block-image\">\n<figure class=\"aligncenter size-large is-resized\"><a href=\"https:\/\/gallica.bnf.fr\/ark:\/12148\/bpt6k9710654d\/f1\" target=\"_blank\" rel=\"noreferrer noopener\"><img loading=\"lazy\" decoding=\"async\" width=\"643\" height=\"1024\" src=\"https:\/\/www.bourgogne-savante.fr\/wp-content\/uploads\/2018\/02\/Compte-rendu-du-14e-congr\u00e8s-de-lABSS-643x1024.jpeg\" alt=\"Compte rendu du 14e congr\u00e8s de l'ABSS\" class=\"wp-image-345\" style=\"width:200px;height:318px\" title=\"Compte rendu du 14e congr\u00e8s de l'ABSS\" srcset=\"https:\/\/www.bourgogne-savante.fr\/wp-content\/uploads\/2018\/02\/Compte-rendu-du-14e-congr\u00e8s-de-lABSS-643x1024.jpeg 643w, https:\/\/www.bourgogne-savante.fr\/wp-content\/uploads\/2018\/02\/Compte-rendu-du-14e-congr\u00e8s-de-lABSS-94x150.jpeg 94w, https:\/\/www.bourgogne-savante.fr\/wp-content\/uploads\/2018\/02\/Compte-rendu-du-14e-congr\u00e8s-de-lABSS-189x300.jpeg 189w, https:\/\/www.bourgogne-savante.fr\/wp-content\/uploads\/2018\/02\/Compte-rendu-du-14e-congr\u00e8s-de-lABSS-768x1222.jpeg 768w, https:\/\/www.bourgogne-savante.fr\/wp-content\/uploads\/2018\/02\/Compte-rendu-du-14e-congr\u00e8s-de-lABSS.jpeg 984w\" sizes=\"auto, (max-width: 643px) 85vw, 643px\" \/><\/a><\/figure>\n<\/div><\/div>\n\n\n\n<div class=\"wp-block-column is-layout-flow wp-block-column-is-layout-flow\" style=\"flex-basis:66.66%\">\n<h5 style=\"font-family:Gadugi;color:#660033;\">14<sup>e<\/sup> congr\u00e8s &#8211; Auxerre 1937<\/h5>\n<p style=\"font-family:Gadugi;\">Soci\u00e9t\u00e9 organisatrice : Soci\u00e9t\u00e9 des sciences historiques et naturelles de l\u2019Yonne<br>Compte rendu : <i>Bulletin de la Soci\u00e9t\u00e9 des sciences historiques et naturelles de l\u2019Yonne<\/i>, t.&nbsp;92, 1938, \u00e9d.&nbsp;1941, 52&nbsp;p.<br>Tir\u00e9 \u00e0 part : Auxerre, 1941, 52&nbsp;p.<br>Le compte rendu du congr\u00e8s est consultable en ligne dans <a href=\"http:\/\/gallica.bnf.fr\/ark:\/12148\/bpt6k9710654d\/f1\" target=\"_blank\" rel=\"noopener noreferrer\">Gallica<\/a>.<\/p>\n<\/div>\n<\/div>\n\n\n\n<hr class=\"wp-block-separator has-text-color has-alpha-channel-opacity has-background is-style-wide\" style=\"background-color:#660033;color:#660033\"\/>\n\n\n\n<div class=\"wp-block-columns is-layout-flex wp-container-core-columns-is-layout-9d6595d7 wp-block-columns-is-layout-flex\">\n<div class=\"wp-block-column is-layout-flow wp-block-column-is-layout-flow\" style=\"flex-basis:33.33%\"><div class=\"wp-block-image\">\n<figure class=\"aligncenter size-large is-resized\"><a href=\"https:\/\/gallica.bnf.fr\/ark:\/12148\/bpt6k57192273\/f57\" target=\"_blank\" rel=\"noreferrer noopener\"><img loading=\"lazy\" decoding=\"async\" width=\"669\" height=\"1024\" src=\"https:\/\/www.bourgogne-savante.fr\/wp-content\/uploads\/2018\/02\/Compte-rendu-du-15e-congr\u00e8s-de-lABSS-669x1024.jpeg\" alt=\"Compte rendu du 15e congr\u00e8s de l'ABSS\" class=\"wp-image-346\" style=\"width:200px;height:306px\" title=\"Compte rendu du 15e congr\u00e8s de l'ABSS\" srcset=\"https:\/\/www.bourgogne-savante.fr\/wp-content\/uploads\/2018\/02\/Compte-rendu-du-15e-congr\u00e8s-de-lABSS-669x1024.jpeg 669w, https:\/\/www.bourgogne-savante.fr\/wp-content\/uploads\/2018\/02\/Compte-rendu-du-15e-congr\u00e8s-de-lABSS-98x150.jpeg 98w, https:\/\/www.bourgogne-savante.fr\/wp-content\/uploads\/2018\/02\/Compte-rendu-du-15e-congr\u00e8s-de-lABSS-196x300.jpeg 196w, https:\/\/www.bourgogne-savante.fr\/wp-content\/uploads\/2018\/02\/Compte-rendu-du-15e-congr\u00e8s-de-lABSS-768x1175.jpeg 768w, https:\/\/www.bourgogne-savante.fr\/wp-content\/uploads\/2018\/02\/Compte-rendu-du-15e-congr\u00e8s-de-lABSS.jpeg 1023w\" sizes=\"auto, (max-width: 669px) 85vw, 669px\" \/><\/a><\/figure>\n<\/div><\/div>\n\n\n\n<div class=\"wp-block-column is-layout-flow wp-block-column-is-layout-flow\" style=\"flex-basis:66.66%\">\n<h5 style=\"font-family:Gadugi;color:#660033;\">15<sup>e<\/sup> congr\u00e8s &#8211; M\u00e2con, 1938<\/h5>\n<p style=\"font-family:Gadugi;\">Soci\u00e9t\u00e9 organisatrice : Acad\u00e9mie de M\u00e2con<br>Compte rendu et r\u00e9sum\u00e9s des communications : \u00ab XV<sup>\u00e8me<\/sup> Congr\u00e8s de l\u2019Association bourguignonne des soci\u00e9t\u00e9s savantes \u00e0 M\u00e2con \u00bb, <i>Annales de l\u2019Acad\u00e9mie de M\u00e2con<\/i>, 3<sup>e<\/sup> s\u00e9rie, t.&nbsp;33, 1938, p.&nbsp;1-136.<br>Tir\u00e9 \u00e0 part : M\u00e2con, 1938, 136&nbsp;p.<br>Le compte rendu du congr\u00e8s est consultable en ligne dans <a href=\"http:\/\/gallica.bnf.fr\/ark:\/12148\/bpt6k57192273\/f57\" target=\"_blank\" rel=\"noopener noreferrer\">Gallica<\/a>.<\/p>\n<\/div>\n<\/div>\n\n\n\n<hr class=\"wp-block-separator has-text-color has-alpha-channel-opacity has-background is-style-wide\" style=\"background-color:#660033;color:#660033\"\/>\n\n\n\n<h5 style=\"font-family:Gadugi;color:#660033;margin-top:20px;\">16<sup>e<\/sup> congr\u00e8s &#8211; Le Creusot, 1939<\/h5>\n<p style=\"font-family:Gadugi;\">Soci\u00e9t\u00e9 organisatrice : Soci\u00e9t\u00e9 d&rsquo;histoire naturelle du Creusot<br>Compte rendu et r\u00e9sum\u00e9s des communications : le Creusot, 1951, 52&nbsp;p.<\/p>\n<p style=\"font-family:Gadugi;\">Voir aussi le compte rendu de Jules Toutain dans le <i>Journal des savants<\/i>, ann\u00e9e 1939, volume&nbsp;3, p.&nbsp;123-127. Consultable en ligne dans le <a href=\"http:\/\/www.persee.fr\/web\/revues\/home\/prescript\/article\/jds_0021-8103_1939_num_3_1_3023\" target=\"_blank\" rel=\"noopener noreferrer\">portail Pers\u00e9e<\/a>.<\/p>\n\n\n\n<hr class=\"wp-block-separator has-text-color has-alpha-channel-opacity has-background is-style-wide\" style=\"background-color:#660033;color:#660033\"\/>\n\n\n\n<h5 style=\"font-family:Gadugi;color:#660033;margin-top:20px;\" id=\"congres1946\">17<sup>e<\/sup> congr\u00e8s &#8211; Dijon, 1946<\/h5>\n<p style=\"font-family:Gadugi;\">Pas de publication.<\/p>\n\n\n\n<hr class=\"wp-block-separator has-text-color has-alpha-channel-opacity has-background is-style-wide\" style=\"background-color:#660033;color:#660033\"\/>\n\n\n\n<h5 style=\"font-family:Gadugi;color:#660033;margin-top:20px;\">18<sup>e<\/sup> congr\u00e8s &#8211; Roanne, 1947<\/h5>\n<p style=\"font-family:Gadugi;\">Pas de publication.<\/p>\n\n\n\n<hr class=\"wp-block-separator has-text-color has-alpha-channel-opacity has-background is-style-wide\" style=\"background-color:#660033;color:#660033\"\/>\n\n\n\n<h5 style=\"font-family:Gadugi;color:#660033;margin-top:20px;\">19<sup>e<\/sup> congr\u00e8s &#8211; Auxerre, 1948<\/h5>\n<p style=\"font-family:Gadugi;\">Th\u00e8me : Saint Germain d\u2019Auxerre et son temps<br>Soci\u00e9t\u00e9 organisatrice : Soci\u00e9t\u00e9 des sciences historiques et naturelles de l\u2019Yonne<br>Actes : <i>Saint Germain d\u2019Auxerre et son temps<\/i>, Auxerre, Soci\u00e9t\u00e9 des sciences historiques et naturelles de l\u2019Yonne, 1950, 382&nbsp;p.<\/p>\n\n\n\n<hr class=\"wp-block-separator has-text-color has-alpha-channel-opacity has-background is-style-wide\" style=\"background-color:#660033;color:#660033\"\/>\n\n\n\n<h5 style=\"font-family:Gadugi;color:#660033;margin-top:20px;\">20<sup>e<\/sup> congr\u00e8s &#8211; Semur-en-Auxois, 1949<\/h5>\n<p style=\"font-family:Gadugi;\">Soci\u00e9t\u00e9 organisatrice : Soci\u00e9t\u00e9 des sciences historiques et naturelles de Semur-en-Auxois<br>Actes : <i>Centenaire de la Soci\u00e9t\u00e9 des sciences de Semur<\/i>, Semur-en-Auxois, 1951, 149&nbsp;p.<\/p>\n\n\n\n<hr class=\"wp-block-separator has-text-color has-alpha-channel-opacity has-background is-style-wide\" style=\"background-color:#660033;color:#660033\"\/>\n\n\n\n<div class=\"wp-block-columns is-layout-flex wp-container-core-columns-is-layout-9d6595d7 wp-block-columns-is-layout-flex\">\n<div class=\"wp-block-column is-layout-flow wp-block-column-is-layout-flow\" style=\"flex-basis:33.33%\"><div class=\"wp-block-image\">\n<figure class=\"aligncenter size-large is-resized\"><a href=\"https:\/\/gallica.bnf.fr\/ark:\/12148\/bpt6k9768461q\/f5.item\" target=\"_blank\" rel=\"noreferrer noopener\"><img loading=\"lazy\" decoding=\"async\" width=\"616\" height=\"1024\" src=\"https:\/\/www.bourgogne-savante.fr\/wp-content\/uploads\/2018\/02\/Compte-rendu-du-21e-congr\u00e8s-de-lABSS-616x1024.jpeg\" alt=\"Compte rendu du 21e congr\u00e8s de l'ABSS\" class=\"wp-image-347\" style=\"width:200px;height:332px\" title=\"Compte rendu du 21e congr\u00e8s de l'ABSS\" srcset=\"https:\/\/www.bourgogne-savante.fr\/wp-content\/uploads\/2018\/02\/Compte-rendu-du-21e-congr\u00e8s-de-lABSS-616x1024.jpeg 616w, https:\/\/www.bourgogne-savante.fr\/wp-content\/uploads\/2018\/02\/Compte-rendu-du-21e-congr\u00e8s-de-lABSS-90x150.jpeg 90w, https:\/\/www.bourgogne-savante.fr\/wp-content\/uploads\/2018\/02\/Compte-rendu-du-21e-congr\u00e8s-de-lABSS-180x300.jpeg 180w, https:\/\/www.bourgogne-savante.fr\/wp-content\/uploads\/2018\/02\/Compte-rendu-du-21e-congr\u00e8s-de-lABSS-768x1277.jpeg 768w, https:\/\/www.bourgogne-savante.fr\/wp-content\/uploads\/2018\/02\/Compte-rendu-du-21e-congr\u00e8s-de-lABSS.jpeg 942w\" sizes=\"auto, (max-width: 616px) 85vw, 616px\" \/><\/a><\/figure>\n<\/div><\/div>\n\n\n\n<div class=\"wp-block-column is-layout-flow wp-block-column-is-layout-flow\" style=\"flex-basis:66.66%\">\n<h5 style=\"font-family:Gadugi;color:#660033;\">21<sup>e<\/sup> congr\u00e8s &#8211; Bourg-en-Bresse, 1950<\/h5>\n<p style=\"font-family:Gadugi;\">Soci\u00e9t\u00e9 organisatrice : Soci\u00e9t\u00e9 d\u2019\u00e9mulation de l\u2019Ain<br>Compte rendu et r\u00e9sum\u00e9s des communications : <i>Annales de la Soci\u00e9t\u00e9 d\u2019\u00e9mulation de l\u2019Ain<\/i>, t.&nbsp;62, 1950, p.&nbsp;3-69.<br>Tir\u00e9 \u00e0 part : Bourg-en-Bresse, 1951, 69 p.<br>Le compte rendu du congr\u00e8s est consultable en ligne dans <a href=\"http:\/\/gallica.bnf.fr\/ark:\/12148\/bpt6k9768461q\/f5.item\" target=\"_blank\" rel=\"noopener noreferrer\">Gallica<\/a>.<\/p>\n<\/div>\n<\/div>\n\n\n\n<hr class=\"wp-block-separator has-text-color has-alpha-channel-opacity has-background is-style-wide\" style=\"background-color:#660033;color:#660033\"\/>\n\n\n\n<h5 style=\"font-family:Gadugi;color:#660033;margin-top:20px;\">22<sup>e<\/sup> congr\u00e8s &#8211; Beaune, 1951<\/h5>\n<p style=\"font-family:Gadugi;\">Soci\u00e9t\u00e9 organisatrice : Soci\u00e9t\u00e9 d\u2019arch\u00e9ologie de Beaune<br>Compte rendu et r\u00e9sum\u00e9s des communications : <i>Bulletin de la Soci\u00e9t\u00e9 d\u2019arch\u00e9ologie de Beaune &#8211; Tome sp\u00e9cial du centenaire<\/i>, 1951-1960, 4&nbsp;fascicules, 24, 31, 24 et 44&nbsp;p.<\/p>\n\n\n\n<hr class=\"wp-block-separator has-text-color has-alpha-channel-opacity has-background is-style-wide\" style=\"background-color:#660033;color:#660033\"\/>\n\n\n\n<h5 style=\"font-family:Gadugi;color:#660033;margin-top:20px;\">23<sup>e<\/sup> congr\u00e8s &#8211; Sens, 1952<\/h5>\n<p style=\"font-family:Gadugi;\">Pas de publication.<\/p>\n\n\n\n<hr class=\"wp-block-separator has-text-color has-alpha-channel-opacity has-background is-style-wide\" style=\"background-color:#660033;color:#660033\"\/>\n\n\n\n<h5 style=\"font-family:Gadugi;color:#660033;margin-top:20px;\">24<sup>e<\/sup> congr\u00e8s &#8211; Dijon, 1953<\/h5>\n<p style=\"font-family:Gadugi;\">Th\u00e8me : Saint Bernard<br>Soci\u00e9t\u00e9s organisatrices : Acad\u00e9mie des sciences, arts et belles-lettres de Dijon ; Association bourguignonne des soci\u00e9t\u00e9s savantes<\/p>\n<p style=\"font-family:Gadugi;\">Actes :<br><i>Compte rendu des manifestations. Textes et r\u00e9sum\u00e9s des communications<\/i>, Dijon, Association bourguignonne des soci\u00e9t\u00e9s savantes, 1955, 128&nbsp;p.<br>\u00ab Les d\u00e9buts des abbayes cisterciennes dans les anciens pays bourguignons, comtois et romands \u00bb, <i>M\u00e9moires de la Soci\u00e9t\u00e9 pour l\u2019histoire du droit des anciens pays bourguignons, comtois et romands<\/i>, 1953, p.&nbsp;51-221.<br><i>M\u00e9langes Saint Bernard<\/i>, Dijon, Association des amis de Saint Bernard, 1954, 435&nbsp;p.<\/p>\n\n\n\n<hr class=\"wp-block-separator has-text-color has-alpha-channel-opacity has-background is-style-wide\" style=\"background-color:#660033;color:#660033\"\/>\n\n\n\n<h5 style=\"font-family:Gadugi;color:#660033;margin-top:20px;\">25<sup>e<\/sup> congr\u00e8s &#8211; Tournus, 1954<\/h5>\n<p style=\"font-family:Gadugi;\">Soci\u00e9t\u00e9s organisatrices : Centre international d&rsquo;\u00e9tudes romanes ; Soci\u00e9t\u00e9 des amis des arts et des sciences de Tournus<br>Compte rendu et r\u00e9sum\u00e9s des communications : Tournus, 1959, 55&nbsp;p.<\/p>\n\n\n\n<hr class=\"wp-block-separator has-text-color has-alpha-channel-opacity has-background is-style-wide\" style=\"background-color:#660033;color:#660033\"\/>\n\n\n\n<h5 style=\"font-family:Gadugi;color:#660033;margin-top:20px;\">26<sup>e<\/sup> congr\u00e8s &#8211; Tonnerre, 1955<\/h5>\n<p style=\"font-family:Gadugi;\">Soci\u00e9t\u00e9 organisatrice : Soci\u00e9t\u00e9 d&rsquo;arch\u00e9ologie et d&rsquo;histoire du Tonnerrois<br>Actes : Tonnerre, 1957, 55&nbsp;p.<\/p>\n\n\n\n<hr class=\"wp-block-separator has-text-color has-alpha-channel-opacity has-background is-style-wide\" style=\"background-color:#660033;color:#660033\"\/>\n\n\n\n<h5 style=\"font-family:Gadugi;color:#660033;margin-top:20px;\">27<sup>e<\/sup> congr\u00e8s &#8211; Chaumont, 1956<\/h5>\n<p style=\"font-family:Gadugi;\">Soci\u00e9t\u00e9 organisatrice : Amis des Cahiers haut-marnais<br>Actes : <i>Cahiers haut-marnais<\/i>, t.&nbsp;44-45 et 46-48, 1956-1957.<\/p>\n\n\n\n<hr class=\"wp-block-separator has-text-color has-alpha-channel-opacity has-background is-style-wide\" style=\"background-color:#660033;color:#660033\"\/>\n\n\n\n<h5 style=\"font-family:Gadugi;color:#660033;margin-top:20px;\">28<sup>e<\/sup> congr\u00e8s &#8211; Ch\u00e2tillon-sur-Seine, 1957<\/h5>\n<p style=\"font-family:Gadugi;\">Soci\u00e9t\u00e9 organisatrice : Soci\u00e9t\u00e9 historique et arch\u00e9ologique de Ch\u00e2tillon<br>Actes : <i>XXVIII<sup>e<\/sup> Congr\u00e8s de l\u2019Association Bourguignonne des soci\u00e9t\u00e9s savantes<\/i>, 1957, Ch\u00e2tillon-sur-Seine, Soci\u00e9t\u00e9 historique et arch\u00e9ologique de Ch\u00e2tillon, 1958, 149&nbsp;p. et 19&nbsp;p.<\/p>\n\n\n\n<hr class=\"wp-block-separator has-text-color has-alpha-channel-opacity has-background is-style-wide\" style=\"background-color:#660033;color:#660033\"\/>\n\n\n\n<h5 style=\"font-family:Gadugi;color:#660033;margin-top:20px;\">29<sup>e<\/sup> congr\u00e8s &#8211; Clamecy, 1958<\/h5>\n<p style=\"font-family:Gadugi;\">Soci\u00e9t\u00e9 organisatrice : Soci\u00e9t\u00e9 scientifique et artistique de Clamecy<br>Actes : Dijon, Association bourguignonne des soci\u00e9t\u00e9s savantes, 1959, 76&nbsp;p.<\/p>\n\n\n\n<hr class=\"wp-block-separator has-text-color has-alpha-channel-opacity has-background is-style-wide\" style=\"background-color:#660033;color:#660033\"\/>\n\n\n\n<h5 style=\"font-family:Gadugi;color:#660033;margin-top:20px;\">30<sup>e<\/sup> congr\u00e8s &#8211; Avallon, 1959<\/h5>\n<p style=\"font-family:Gadugi;\">Soci\u00e9t\u00e9 organisatrice : Soci\u00e9t\u00e9 d\u2019\u00e9tudes d\u2019Avallon<br>Actes : <i>Centenaire de la Soci\u00e9t\u00e9 d\u2019\u00e9tudes d\u2019Avallon<\/i>, Avallon, 1960, 188&nbsp;p.<\/p>\n\n\n\n<hr class=\"wp-block-separator has-text-color has-alpha-channel-opacity has-background is-style-wide\" style=\"background-color:#660033;color:#660033\"\/>\n\n\n\n<h5 style=\"font-family:Gadugi;color:#660033;margin-top:20px;\">31<sup>e<\/sup> congr\u00e8s &#8211; Auxerre, 1960<\/h5>\n<p style=\"font-family:Gadugi;\">Soci\u00e9t\u00e9 organisatrice : Soci\u00e9t\u00e9 des sciences historiques et naturelles de l\u2019Yonne<br>Actes : <i>XXXI<sup>e<\/sup> Congr\u00e8s de l\u2019Association bourguignonne des soci\u00e9t\u00e9s savantes. L\u2019abb\u00e9 Lebeuf. Le jans\u00e9nisme<\/i>, Auxerre, Soci\u00e9t\u00e9 des sciences historiques et naturelles de l\u2019Yonne, 1962, 342&nbsp;p.<\/p>\n\n\n\n<hr class=\"wp-block-separator has-text-color has-alpha-channel-opacity has-background is-style-wide\" style=\"background-color:#660033;color:#660033\"\/>\n\n\n\n<h5 style=\"font-family:Gadugi;color:#660033;margin-top:20px;\">32<sup>e<\/sup> congr\u00e8s &#8211; Charolles, 1961<\/h5>\n<p style=\"font-family:Gadugi;\">Soci\u00e9t\u00e9 organisatrice : groupe sp\u00e9l\u00e9o-arch\u00e9ologique du Charollais<br>Actes : <i>XXXII<sup>e<\/sup> Congr\u00e8s, Charolles. Textes des communications et conf\u00e9rences<\/i>, Dijon, Association bourguignonne des soci\u00e9t\u00e9s savantes, 1961, 65&nbsp;p.<\/p>\n\n\n\n<hr class=\"wp-block-separator has-text-color has-alpha-channel-opacity has-background is-style-wide\" style=\"background-color:#660033;color:#660033\"\/>\n\n\n\n<h5 style=\"font-family:Gadugi;color:#660033;margin-top:20px;\">33<sup>e<\/sup> congr\u00e8s &#8211; Dijon, 1962<\/h5>\n<p style=\"font-family:Gadugi;\">Soci\u00e9t\u00e9 organisatrice : Acad\u00e9mie des sciences, arts et belles-lettres de Dijon<br>Actes : <i>Actes du Congr\u00e8s Estauni\u00e9-Lacordaire, M\u00e9moires de l\u2019Acad\u00e9mie des sciences, arts et belles-lettres de Dijon<\/i>, t. 115, 1965, 278&nbsp;p.<\/p>\n\n\n\n<hr class=\"wp-block-separator has-text-color has-alpha-channel-opacity has-background is-style-wide\" style=\"background-color:#660033;color:#660033\"\/>\n\n\n\n<h5 style=\"font-family:Gadugi;color:#660033;margin-top:20px;\">34<sup>e<\/sup> congr\u00e8s &#8211; M\u00e2con, 1963<\/h5>\n<p style=\"font-family:Gadugi;\">Soci\u00e9t\u00e9 organisatrice : Acad\u00e9mie de M\u00e2con<br>Actes : <i>Congr\u00e8s tenu \u00e0 M\u00e2con. Communications pr\u00e9sent\u00e9es<\/i>, M\u00e2con, 1966, 170&nbsp;p.<\/p>\n\n\n\n<hr class=\"wp-block-separator has-text-color has-alpha-channel-opacity has-background is-style-wide\" style=\"background-color:#660033;color:#660033\"\/>\n\n\n\n<h5 style=\"font-family:Gadugi;color:#660033;margin-top:20px;\">35<sup>e<\/sup> congr\u00e8s &#8211; Bourg-en-Bresse, 1964<\/h5>\n<p style=\"font-family:Gadugi;\">Soci\u00e9t\u00e9 organisatrice : Soci\u00e9t\u00e9 d\u2019\u00e9mulation de l\u2019Ain.<br>Actes : <i>Annales de la Soci\u00e9t\u00e9 d\u2019\u00e9mulation de l\u2019Ain<\/i>, t. 68, 1967, 110&nbsp;p.<\/p>\n\n\n\n<hr class=\"wp-block-separator has-text-color has-alpha-channel-opacity has-background is-style-wide\" style=\"background-color:#660033;color:#660033\"\/>\n\n\n\n<h5 style=\"font-family:Gadugi;color:#660033;margin-top:20px;\">36<sup>e<\/sup> congr\u00e8s &#8211; Fontaine-Fran\u00e7aise, 1965<\/h5>\n<p style=\"font-family:Gadugi;\">Soci\u00e9t\u00e9 organisatrice : Soci\u00e9t\u00e9 historique et touristique de la r\u00e9gion de Fontaine-Fran\u00e7aise<br>Actes : Dijon, Association bourguignonne des soci\u00e9t\u00e9s savantes, 1966, 82&nbsp;p.<\/p>\n\n\n\n<hr class=\"wp-block-separator has-text-color has-alpha-channel-opacity has-background is-style-wide\" style=\"background-color:#660033;color:#660033\"\/>\n\n\n\n<div class=\"wp-block-columns is-layout-flex wp-container-core-columns-is-layout-9d6595d7 wp-block-columns-is-layout-flex\">\n<div class=\"wp-block-column is-layout-flow wp-block-column-is-layout-flow\" style=\"flex-basis:33.33%\"><div class=\"wp-block-image is-resized\">\n<figure class=\"aligncenter size-full\"><img loading=\"lazy\" decoding=\"async\" width=\"1706\" height=\"2560\" src=\"https:\/\/www.bourgogne-savante.fr\/wp-content\/uploads\/SCN_20240418_110308-scaled.jpg\" alt=\"\" class=\"wp-image-4651\" style=\"object-fit:cover;width:200px;height:300px\" title=\"Actes du 37e congr\u00e8s de l'ABSS\" srcset=\"https:\/\/www.bourgogne-savante.fr\/wp-content\/uploads\/SCN_20240418_110308-scaled.jpg 1706w, https:\/\/www.bourgogne-savante.fr\/wp-content\/uploads\/SCN_20240418_110308-200x300.jpg 200w, https:\/\/www.bourgogne-savante.fr\/wp-content\/uploads\/SCN_20240418_110308-682x1024.jpg 682w, https:\/\/www.bourgogne-savante.fr\/wp-content\/uploads\/SCN_20240418_110308-100x150.jpg 100w, https:\/\/www.bourgogne-savante.fr\/wp-content\/uploads\/SCN_20240418_110308-768x1153.jpg 768w, https:\/\/www.bourgogne-savante.fr\/wp-content\/uploads\/SCN_20240418_110308-1023x1536.jpg 1023w, https:\/\/www.bourgogne-savante.fr\/wp-content\/uploads\/SCN_20240418_110308-1365x2048.jpg 1365w, https:\/\/www.bourgogne-savante.fr\/wp-content\/uploads\/SCN_20240418_110308-1200x1801.jpg 1200w\" sizes=\"auto, (max-width: 709px) 85vw, (max-width: 909px) 67vw, (max-width: 1362px) 62vw, 840px\" \/><\/figure>\n<\/div><\/div>\n\n\n\n<div class=\"wp-block-column is-layout-flow wp-block-column-is-layout-flow\" style=\"flex-basis:66.66%\">\n<h5 style=\"font-family:Gadugi;color:#660033;\">37<sup>e<\/sup> congr\u00e8s &#8211; Verdun-sur-le-Doubs, 1966<\/h5>\n<p style=\"font-family:Gadugi;\">Soci\u00e9t\u00e9 organisatrice : Groupe d\u2019\u00e9tudes historiques de Verdun-sur-le-Doubs<br>Actes : <i>Recueil des travaux concernant Verdun-sur-le-Doubs et la r\u00e9gion verdunoise<\/i>, Dijon, Association bourguignonne des soci\u00e9t\u00e9s savantes, 1968, 132&nbsp;p.<br>Consulter la table des mati\u00e8res : <a target=\"_blank\" href=\"https:\/\/www.bourgogne-savante.fr\/wp-content\/uploads\/Colloque_Verdun_1966_TM1.pdf\" rel=\"noopener\">1<sup>\u00e8re<\/sup> partie<\/a> &#8211; <a target=\"_blank\" href=\"https:\/\/www.bourgogne-savante.fr\/wp-content\/uploads\/Colloque_Verdun_1966_TM2.pdf\" rel=\"noopener\">2<sup>e<\/sup> partie<\/a><\/p>\n<\/div>\n<\/div>\n\n\n\n<hr class=\"wp-block-separator has-text-color has-alpha-channel-opacity has-background is-style-wide\" style=\"background-color:#660033;color:#660033\"\/>\n\n\n\n<h5 style=\"font-family:Gadugi;color:#660033;margin-top:20px;\">38<sup>e<\/sup> congr\u00e8s &#8211; Langres, 1967<\/h5>\n<p style=\"font-family:Gadugi;\">Soci\u00e9t\u00e9 organisatrice : Soci\u00e9t\u00e9 historique et arch\u00e9ologique de Langres<br>Actes : <i>Actes du 38<sup>e<\/sup> Congr\u00e8s de l\u2019Association bourguignonne des soci\u00e9t\u00e9s savantes<\/i>, <i>M\u00e9moires de la Soci\u00e9t\u00e9 historique et arch\u00e9ologique de Langres<\/i>, t.&nbsp;15, n<sup>o<\/sup> sp\u00e9cial, 1969, 248&nbsp;p.<\/p>\n\n\n\n<hr class=\"wp-block-separator has-text-color has-alpha-channel-opacity has-background is-style-wide\" style=\"background-color:#660033;color:#660033\"\/>\n\n\n\n<h5 style=\"font-family:Gadugi;color:#660033;margin-top:20px;\">39<sup>e<\/sup> congr\u00e8s &#8211; Toucy, 1968<\/h5>\n<p style=\"font-family:Gadugi;\">Soci\u00e9t\u00e9 organisatrice : Association d\u2019\u00e9tudes et de recherches du vieux Toucy<br>Actes : <i>Actes du 39<sup>e<\/sup> Congr\u00e8s de l\u2019Association bourguignonne des soci\u00e9t\u00e9s savantes. La Puisaye<\/i>, Toucy, Association d\u2019\u00e9tudes et de recherches du vieux Toucy, 1968, 284&nbsp;p.<\/p>\n\n\n\n<hr class=\"wp-block-separator has-text-color has-alpha-channel-opacity has-background is-style-wide\" style=\"background-color:#660033;color:#660033\"\/>\n\n\n\n<h5 style=\"font-family:Gadugi;color:#660033;margin-top:20px;\">40<sup>e<\/sup> congr\u00e8s &#8211; Autun, 1969<\/h5>\n<p style=\"font-family:Gadugi;\">Soci\u00e9t\u00e9 organisatrice : Soci\u00e9t\u00e9 \u00e9duenne<br>Actes : <i>Association bourguignonne des soci\u00e9t\u00e9s savantes. Communications pr\u00e9sent\u00e9es au 40<sup>e<\/sup> congr\u00e8s<\/i>, Autun, Soci\u00e9t\u00e9 \u00e9duenne, 1971, 196&nbsp;p.<\/p>\n\n\n\n<hr class=\"wp-block-separator has-text-color has-alpha-channel-opacity has-background is-style-wide\" style=\"background-color:#660033;color:#660033\"\/>\n\n\n\n<h5 style=\"font-family:Gadugi;color:#660033;margin-top:20px;\" id=\"congres1970\">41<sup>e<\/sup> congr\u00e8s &#8211; Auxerre 1970<\/h5>\n<p style=\"font-family:Gadugi;\">Soci\u00e9t\u00e9 organisatrice : Soci\u00e9t\u00e9 des sciences historiques et naturelles de l\u2019Yonne<br>Actes : <i>Marie-No\u00ebl. L\u2019Yonne de 1865 \u00e0 1875<\/i>, Auxerre, Soci\u00e9t\u00e9 des sciences historiques et naturelles de l\u2019Yonne, 1971, 262&nbsp;p.<\/p>\n\n\n\n<hr class=\"wp-block-separator has-text-color has-alpha-channel-opacity has-background is-style-wide\" style=\"background-color:#660033;color:#660033\"\/>\n\n\n\n<h5 style=\"font-family:Gadugi;color:#660033;margin-top:20px;\">42<sup>e<\/sup> congr\u00e8s &#8211; Chalon-sur-Sa\u00f4ne, 1971<\/h5>\n<p style=\"font-family:Gadugi;\">Soci\u00e9t\u00e9 organisatrice : Soci\u00e9t\u00e9 d\u2019histoire et d\u2019arch\u00e9ologie de Chalon-sur-Sa\u00f4ne<br>Actes : <i>M\u00e9moires de la Soci\u00e9t\u00e9 d\u2019histoire et d\u2019arch\u00e9ologie de Chalon<\/i>, t. 41, 1972, 175&nbsp;p.<\/p>\n\n\n\n<hr class=\"wp-block-separator has-text-color has-alpha-channel-opacity has-background is-style-wide\" style=\"background-color:#660033;color:#660033\"\/>\n\n\n\n<h5 style=\"font-family:Gadugi;color:#660033;margin-top:20px;\">43<sup>e<\/sup> congr\u00e8s &#8211; Gueugnon, 1972<\/h5>\n<p style=\"font-family:Gadugi;\">Soci\u00e9t\u00e9 organisatrice : Soci\u00e9t\u00e9 des Amis du Dardon<br>Actes : Les Amis du Dardon, 1973, 70&nbsp;p.<\/p>\n\n\n\n<hr class=\"wp-block-separator has-text-color has-alpha-channel-opacity has-background is-style-wide\" style=\"background-color:#660033;color:#660033\"\/>\n\n\n\n<h5 style=\"font-family:Gadugi;color:#660033;margin-top:20px;\">44<sup>e<\/sup> congr\u00e8s &#8211; Semur-en-Auxois, 1973<\/h5>\n<p style=\"font-family:Gadugi;\">Soci\u00e9t\u00e9 organisatrice : Soci\u00e9t\u00e9 des sciences historiques et naturelles de Semur.<br>Actes : Semur-en-Auxois, Soci\u00e9t\u00e9 des sciences historiques et naturelles de Semur-en-Auxois, 1977, 130&nbsp;p.<\/p>\n\n\n\n<hr class=\"wp-block-separator has-text-color has-alpha-channel-opacity has-background is-style-wide\" style=\"background-color:#660033;color:#660033\"\/>\n\n\n\n<h5 style=\"font-family:Gadugi;color:#660033;margin-top:20px;\">45<sup>e<\/sup> congr\u00e8s &#8211; Beaune, 1974<\/h5>\n<p style=\"font-family:Gadugi;\">Soci\u00e9t\u00e9 organisatrice : Soci\u00e9t\u00e9 d\u2019histoire et d\u2019arch\u00e9ologie de Beaune.<br>Actes : <i>M\u00e9moires de la Soci\u00e9t\u00e9 d\u2019arch\u00e9ologie de Beaune<\/i>, t.&nbsp;57, 1974, p.&nbsp;31-192.<\/p>\n\n\n\n<hr class=\"wp-block-separator has-text-color has-alpha-channel-opacity has-background is-style-wide\" style=\"background-color:#660033;color:#660033\"\/>\n\n\n\n<div class=\"wp-block-columns is-layout-flex wp-container-core-columns-is-layout-9d6595d7 wp-block-columns-is-layout-flex\">\n<div class=\"wp-block-column is-layout-flow wp-block-column-is-layout-flow\" style=\"flex-basis:33.33%\"><div class=\"wp-block-image\">\n<figure class=\"aligncenter size-large is-resized\"><a href=\"https:\/\/gallica.bnf.fr\/ark:\/12148\/bpt6k6558801f?rk=42918;4\" target=\"_blank\" rel=\"noreferrer noopener\"><img loading=\"lazy\" decoding=\"async\" width=\"687\" height=\"1024\" src=\"https:\/\/www.bourgogne-savante.fr\/wp-content\/uploads\/2018\/02\/Actes-du-46e-congr\u00e8s-de-lABSS-687x1024.jpeg\" alt=\"Actes du 46e congr\u00e8s de l'ABSS\" class=\"wp-image-338\" style=\"width:200px;height:298px\" title=\"Actes du 46e congr\u00e8s de l'ABSS\" srcset=\"https:\/\/www.bourgogne-savante.fr\/wp-content\/uploads\/2018\/02\/Actes-du-46e-congr\u00e8s-de-lABSS-687x1024.jpeg 687w, https:\/\/www.bourgogne-savante.fr\/wp-content\/uploads\/2018\/02\/Actes-du-46e-congr\u00e8s-de-lABSS-101x150.jpeg 101w, https:\/\/www.bourgogne-savante.fr\/wp-content\/uploads\/2018\/02\/Actes-du-46e-congr\u00e8s-de-lABSS-201x300.jpeg 201w, https:\/\/www.bourgogne-savante.fr\/wp-content\/uploads\/2018\/02\/Actes-du-46e-congr\u00e8s-de-lABSS-768x1145.jpeg 768w, https:\/\/www.bourgogne-savante.fr\/wp-content\/uploads\/2018\/02\/Actes-du-46e-congr\u00e8s-de-lABSS.jpeg 1024w\" sizes=\"auto, (max-width: 687px) 85vw, 687px\" \/><\/a><\/figure>\n<\/div><\/div>\n\n\n\n<div class=\"wp-block-column is-layout-flow wp-block-column-is-layout-flow\" style=\"flex-basis:66.66%\">\n<h5 style=\"font-family:Gadugi;color:#660033;\">46<sup>e<\/sup> congr\u00e8s &#8211; Tournus, 1975<\/h5>\n<p style=\"font-family:Gadugi;\">Soci\u00e9t\u00e9 organisatrice : Soci\u00e9t\u00e9 des amis des arts et des sciences de Tournus<br>Actes : <i>Actes du 46<sup>e<\/sup> congr\u00e8s de l\u2019Association bourguignonne des soci\u00e9t\u00e9s savantes<\/i>, Tournus, Soci\u00e9t\u00e9 des amis des arts et des sciences de Tournus, t.&nbsp;74, 1976, 166&nbsp;p.<br>Les actes du congr\u00e8s sont consultables en ligne dans <a href=\"http:\/\/gallica.bnf.fr\/ark:\/12148\/bpt6k6558801f?rk=42918;4\" target=\"_blank\" rel=\"noopener noreferrer\">Gallica<\/a>.<\/p>\n<\/div>\n<\/div>\n\n\n\n<hr class=\"wp-block-separator has-text-color has-alpha-channel-opacity has-background is-style-wide\" style=\"background-color:#660033;color:#660033\"\/>\n\n\n\n<h5 style=\"font-family:Gadugi;color:#660033;margin-top:20px;\">47<sup>e<\/sup> congr\u00e8s &#8211; Belley, 1976<\/h5>\n<p style=\"font-family:Gadugi;\">Soci\u00e9t\u00e9 organisatrice : Soci\u00e9t\u00e9 \u00ab Le Bugey \u00bb<br>Actes : <i>Actes du Congr\u00e8s de Belley<\/i>, Belley, Soci\u00e9t\u00e9 \u00ab Le Bugey \u00bb, 1977, 190&nbsp;p.<\/p>\n\n\n\n<hr class=\"wp-block-separator has-text-color has-alpha-channel-opacity has-background is-style-wide\" style=\"background-color:#660033;color:#660033\"\/>\n\n\n\n<h5 style=\"font-family:Gadugi;color:#660033;margin-top:20px;\">48<sup>e<\/sup> congr\u00e8s &#8211; Dijon, 1977<\/h5>\n<p style=\"font-family:Gadugi;\">Organisation : Acad\u00e9mie des sciences, arts et belles-lettres de Dijon, Universit\u00e9 de Bourgogne, Ville de Dijon<br>Actes : <i>La Bourgogne de la province \u00e0 la r\u00e9gion<\/i>, <i>Annales de Bourgogne<\/i>, t.&nbsp;49, 1977.<br>Tir\u00e9 \u00e0 part : Dijon, 1977, 190&nbsp;p.<\/p>\n\n\n\n<hr class=\"wp-block-separator has-text-color has-alpha-channel-opacity has-background is-style-wide\" style=\"background-color:#660033;color:#660033\"\/>\n\n\n\n<div class=\"wp-block-columns is-layout-flex wp-container-core-columns-is-layout-9d6595d7 wp-block-columns-is-layout-flex\">\n<div class=\"wp-block-column is-layout-flow wp-block-column-is-layout-flow\" style=\"flex-basis:33.33%\"><div class=\"wp-block-image\">\n<figure class=\"aligncenter size-large is-resized\"><a href=\"https:\/\/www.bourgogne-savante.fr\/wp-content\/uploads\/Congres-ABSS-1978.pdf\" target=\"_blank\" rel=\"noreferrer noopener\"><img decoding=\"async\" src=\"https:\/\/www.bourgogne-savante.fr\/wp-content\/uploads\/ABSS1978.jpg\" alt=\"Actes du 49e congr\u00e8s de l'ABSS\" style=\"width:200px;height:314px\" title=\"Actes du 49e congr\u00e8s de l'ABSS\"\/><\/a><\/figure>\n<\/div><\/div>\n\n\n\n<div class=\"wp-block-column is-layout-flow wp-block-column-is-layout-flow\" style=\"flex-basis:66.66%\">\n<h5 style=\"font-family:Gadugi;color:#660033;margin-top:20px;\">49<sup>e<\/sup> congr\u00e8s &#8211; Nevers, 1978<\/h5>\n<p style=\"font-family:Gadugi;\">Soci\u00e9t\u00e9 organisatrice : Soci\u00e9t\u00e9 acad\u00e9mique du Nivernais<br>Actes : <i>Actes du Congr\u00e8s de l\u2019Association bourguignonne des soci\u00e9t\u00e9s savantes<\/i>, Nevers, Soci\u00e9t\u00e9 acad\u00e9mique du Nivernais, 1979, 199&nbsp;p.<br><a href=\"https:\/\/www.bourgogne-savante.fr\/wp-content\/uploads\/Congres-ABSS-1978.pdf\" target=\"_blank\" rel=\"noopener\">Consulter la table des mati\u00e8res<\/a><\/p>\n<\/div>\n<\/div>\n\n\n\n<hr class=\"wp-block-separator has-text-color has-alpha-channel-opacity has-background is-style-wide\" style=\"background-color:#660033;color:#660033\"\/>\n\n\n\n<h5 style=\"font-family:Gadugi;color:#660033;margin-top:20px;\">50<sup>e<\/sup> congr\u00e8s &#8211; M\u00e2con, 1979<\/h5> <p style=\"font-family:Gadugi;\">Soci\u00e9t\u00e9 organisatrice : Acad\u00e9mie de M\u00e2con<br>Actes : <i>Actes du Congr\u00e8s, Tome&nbsp;1, Quatri\u00e8mes journ\u00e9es europ\u00e9ennes d\u2019\u00e9tudes lamartiniennes<\/i>, M\u00e2con, Acad\u00e9mie de M\u00e2con, 1980, 203&nbsp;p. ; <i>Tome&nbsp;2<\/i>, Val-de-Sa\u00f4ne, M\u00e2con, Acad\u00e9mie de M\u00e2con, 1980, 245&nbsp;p.<\/p> <p style=\"font-family:Gadugi;\">Voir aussi le compte rendu de P. A. Bargaud dans les <i>Annales de l&rsquo;Acad\u00e9mie de M\u00e2con<\/i>, 3e&nbsp;s\u00e9rie, t.&nbsp;6, 1979, p.&nbsp;XVI-XVIII. Consultable en ligne dans <a href=\"http:\/\/gallica.bnf.fr\/ark:\/12148\/bpt6k96009827\/f18\" target=\"_blank\" rel=\"noopener noreferrer\">Gallica<\/a>.<\/p>\n\n\n\n<hr class=\"wp-block-separator has-text-color has-alpha-channel-opacity has-background is-style-wide\" style=\"background-color:#660033;color:#660033\"\/>\n\n\n\n<h5 style=\"font-family:Gadugi;color:#660033;margin-top:20px;\">51<sup>e<\/sup> congr\u00e8s &#8211; Montbard, 1980<\/h5> <p style=\"font-family:Gadugi;\">Soci\u00e9t\u00e9 organisatrice : Les Amis de la cit\u00e9 de Montbard<br>Actes : <i>Actes du Congr\u00e8s de Montbard<\/i>, Montbard, Amis de la cit\u00e9 de Montbard, 1981, 128&nbsp;p.<\/p>\n\n\n\n<hr class=\"wp-block-separator has-text-color has-alpha-channel-opacity has-background is-style-wide\" style=\"background-color:#660033;color:#660033\"\/>\n\n\n\n<h5 style=\"font-family:Gadugi;color:#660033;margin-top:20px;\">52<sup>e<\/sup> congr\u00e8s &#8211; V\u00e9zelay, Avallon, Ch\u00e2teau-Chinon, 1981<\/h5> <p style=\"font-family:Gadugi;\">Actes : <i>Actes du Congr\u00e8s<\/i>, Dijon, Association bourguignonne des soci\u00e9t\u00e9s savantes, 1982, 279&nbsp;p.<\/p>\n\n\n\n<hr class=\"wp-block-separator has-text-color has-alpha-channel-opacity has-background is-style-wide\" style=\"background-color:#660033;color:#660033\"\/>\n\n\n\n<h5 style=\"font-family:Gadugi;color:#660033;margin-top:20px;\">53<sup>e<\/sup> congr\u00e8s &#8211; Le Creusot, 1982<\/h5> <p style=\"font-family:Gadugi;\">Actes : <i>Actes du congr\u00e8s<\/i>, Dijon, Association bourguignonne des soci\u00e9t\u00e9s savantes, 1983, 214&nbsp;p.<br>Volume disponible, 21.30 \u20ac &#8211; <a href=\"https:\/\/www.bourgogne-savante.fr\/wp-content\/uploads\/ABSSbondecommande.pdf\" target=\"_blank\" rel=\"noopener noreferrer\">Commander<\/a><\/p>\n\n\n\n<hr class=\"wp-block-separator has-text-color has-alpha-channel-opacity has-background is-style-wide\" style=\"background-color:#660033;color:#660033\"\/>\n\n\n\n<h5 style=\"font-family:Gadugi;color:#660033;margin-top:20px;\">54<sup>e<\/sup> congr\u00e8s &#8211; Nevers, 1983<\/h5> <p style=\"font-family:Gadugi;\">Actes : <i>Actes du congr\u00e8s<\/i>, Dijon, Association bourguignonne des soci\u00e9t\u00e9s savantes, 1985, 164&nbsp;p.<br>Volume disponible, 18.30 \u20ac &#8211; <a href=\"https:\/\/www.bourgogne-savante.fr\/wp-content\/uploads\/ABSSbondecommande.pdf\" target=\"_blank\" rel=\"noopener noreferrer\">Commander<\/a><\/p>\n\n\n\n<hr class=\"wp-block-separator has-text-color has-alpha-channel-opacity has-background is-style-wide\" style=\"background-color:#660033;color:#660033\"\/>\n\n\n\n<h5 style=\"font-family:Gadugi;color:#660033;margin-top:20px;\">55<sup>e<\/sup> congr\u00e8s &#8211; Langres, 1984<\/h5> <p style=\"font-family:Gadugi;\">Actes : <i>Actes du congr\u00e8s<\/i>, Dijon, Association bourguignonne des soci\u00e9t\u00e9s savantes, 1986, 296&nbsp;p.<\/p>\n\n\n\n<hr class=\"wp-block-separator has-text-color has-alpha-channel-opacity has-background is-style-wide\" style=\"background-color:#660033;color:#660033\"\/>\n\n\n\n<h5 style=\"font-family:Gadugi;color:#660033;margin-top:20px;\">56<sup>e<\/sup> congr\u00e8s &#8211; Villeneuve-sur-Yonne, 1985<\/h5> <p style=\"font-family:Gadugi;\">Soci\u00e9t\u00e9 organisatrice : Amis du vieux Villeneuve<br>Actes :<br><i>Actes du congr\u00e8s. Arch\u00e9ologie, histoire et folklore du nord de l\u2019Yonne<\/i>, Villeneuve-sur-Yonne, Amis du vieux Villeneuve, 1986, 288&nbsp;p.<br><i>Actes du colloque Joseph Joubert<\/i>, Villeneuve-sur-Yonne, Amis du vieux Villeneuve, 1986, 160&nbsp;p.<\/p>\n\n\n\n<hr class=\"wp-block-separator has-text-color has-alpha-channel-opacity has-background is-style-wide\" style=\"background-color:#660033;color:#660033\"\/>\n\n\n\n<h5 style=\"font-family:Gadugi;color:#660033;margin-top:20px;\">57<sup>e<\/sup> congr\u00e8s &#8211; Autun, 1986<\/h5> <p style=\"font-family:Gadugi;\">Actes : <i>Actes du congr\u00e8s<\/i>, Dijon, Association bourguignonne des soci\u00e9t\u00e9s savantes, 1990, 87&nbsp;p.<br>Volume disponible, 15.30 \u20ac &#8211; <a href=\"https:\/\/www.bourgogne-savante.fr\/wp-content\/uploads\/ABSSbondecommande.pdf\" target=\"_blank\" rel=\"noopener noreferrer\">Commander<\/a><\/p>\n\n\n\n<hr class=\"wp-block-separator has-text-color has-alpha-channel-opacity has-background is-style-wide\" style=\"background-color:#660033;color:#660033\"\/>\n\n\n\n<h5 style=\"font-family:Gadugi;color:#660033;margin-top:20px;\">58<sup>e<\/sup> congr\u00e8s &#8211; Semur-en-Auxois, 1987<\/h5> <p style=\"font-family:Gadugi;\">Actes : <i>Actes du congr\u00e8s<\/i>, Dijon, Association bourguignonne des soci\u00e9t\u00e9s savantes, 1989, 149&nbsp;p.<\/p>\n\n\n\n<hr class=\"wp-block-separator has-text-color has-alpha-channel-opacity has-background is-style-wide\" style=\"background-color:#660033;color:#660033\"\/>\n\n\n\n<h5 style=\"font-family:Gadugi;color:#660033;margin-top:20px;\">59<sup>e<\/sup> congr\u00e8s &#8211; Beaune, 1988<\/h5> <p style=\"font-family:Gadugi;\">Soci\u00e9t\u00e9 organisatrice : Centre beaunois d\u2019\u00e9tudes historiques<br>Actes :<br><i>Actes du congr\u00e8s (histoire g\u00e9n\u00e9rale) <\/i>, Dijon, Association bourguignonne des soci\u00e9t\u00e9s savantes, 1991, 134&nbsp;p.<br>Volume disponible, 21.30 \u20ac &#8211; <a href=\"https:\/\/www.bourgogne-savante.fr\/wp-content\/uploads\/ABSSbondecommande.pdf\" target=\"_blank\" rel=\"noopener noreferrer\">Commander<\/a><br><i>Vingt ans d\u2019arch\u00e9ologie en pays beaunois<\/i>, Beaune, Centre beaunois d\u2019\u00e9tudes historiques, 1991, 71&nbsp;p.<br>Volume disponible, 12.30 \u20ac &#8211; <a href=\"https:\/\/www.bourgogne-savante.fr\/wp-content\/uploads\/ABSSbondecommande.pdf\" target=\"_blank\" rel=\"noopener noreferrer\">Commander<\/a><\/p>\n\n\n\n<hr class=\"wp-block-separator has-text-color has-alpha-channel-opacity has-background is-style-wide\" style=\"background-color:#660033;color:#660033\"\/>\n\n\n\n<h5 style=\"font-family:Gadugi;color:#660033;margin-top:20px;\">60<sup>e<\/sup> congr\u00e8s &#8211; Clamecy, 1989<\/h5> <p style=\"font-family:Gadugi;\">Th\u00e8me : L\u2019eau, le bois, la for\u00eat<br>Soci\u00e9t\u00e9 organisatrice : Soci\u00e9t\u00e9 scientifique et artistique de Clamecy<\/p> <p style=\"font-family:Gadugi;\">Actes : <i>Actes du Congr\u00e8s. L\u2019eau, le bois, la for\u00eat<\/i>, Dijon, Association bourguignonne des soci\u00e9t\u00e9s savantes, Clamecy, Soci\u00e9t\u00e9 scientifique et artistique de Clamecy, 1991, 182&nbsp;p.<br>Volume disponible, 21.30 \u20ac &#8211; <a href=\"https:\/\/www.bourgogne-savante.fr\/wp-content\/uploads\/ABSSbondecommande.pdf\" target=\"_blank\" rel=\"noopener noreferrer\">Commander<\/a><\/p>\n\n\n\n<hr class=\"wp-block-separator has-text-color has-alpha-channel-opacity has-background is-style-wide\" style=\"background-color:#660033;color:#660033\"\/>\n\n\n\n<h5 style=\"font-family:Gadugi;color:#660033;margin-top:20px;\">61<sup>e<\/sup> congr\u00e8s &#8211; Dijon, 1990<\/h5> <p style=\"font-family:Gadugi;\">Th\u00e8me : L\u2019agriculture et l\u2019alimentation des origines \u00e0 nos jours<br>Soci\u00e9t\u00e9 organisatrice : Acad\u00e9mie des sciences, arts et belles-lettres de Dijon<\/p> <p style=\"font-family:Gadugi;\">Actes : <i>Actes du Congr\u00e8s. L\u2019agriculture et l\u2019alimentation des origines \u00e0 nos jours<\/i>, <i>M\u00e9moires de l\u2019Acad\u00e9mie de Dijon<\/i>, t.&nbsp;131, 1990, \u00e9d.&nbsp;1992, 224&nbsp;p.<br>Volume disponible, 28.30 \u20ac &#8211; <a href=\"https:\/\/www.bourgogne-savante.fr\/wp-content\/uploads\/ABSSbondecommande.pdf\" target=\"_blank\" rel=\"noopener noreferrer\">Commander<\/a><\/p>\n\n\n\n<hr class=\"wp-block-separator has-text-color has-alpha-channel-opacity has-background is-style-wide\" style=\"background-color:#660033;color:#660033\"\/>\n\n\n\n<h2 style=\"font-family:Gadugi;color:#660033;margin-top:20px;\">Colloques<\/h2>\n\n\n\n<h5 style=\"font-family:Gadugi;color:#660033;margin-top:20px;\" id=\"colloque1991\">1<sup>er<\/sup> colloque (62<sup>e<\/sup> congr\u00e8s) &#8211; Ch\u00e2tillon-sur-Seine, 1991<\/h5> <p style=\"font-family:Gadugi;\">Soci\u00e9t\u00e9 organisatrice : Soci\u00e9t\u00e9 historique et arch\u00e9ologique du Ch\u00e2tillonnais<br>Actes : <i>Colloque Saint Vorles<\/i>, Dijon, Association bourguignonne des soci\u00e9t\u00e9s savantes, 1992, 168&nbsp;p.<br>Volume disponible, 21.30 \u20ac &#8211; <a href=\"https:\/\/www.bourgogne-savante.fr\/wp-content\/uploads\/ABSSbondecommande.pdf\" target=\"_blank\" rel=\"noopener noreferrer\">Commander<\/a><\/p>\n\n\n\n<hr class=\"wp-block-separator has-text-color has-alpha-channel-opacity has-background is-style-wide\" style=\"background-color:#660033;color:#660033\"\/>\n\n\n\n<h5 style=\"font-family:Gadugi;color:#660033;margin-top:20px;\">2<sup>e<\/sup> colloque (63<sup>e<\/sup> congr\u00e8s) &#8211; Paray-le-Monial, 1992<\/h5> <p style=\"font-family:Gadugi;\">Th\u00e8me : P\u00e8lerinages, march\u00e9s, voies de communication<br>Soci\u00e9t\u00e9 organisatrice : Soci\u00e9t\u00e9 des Amis du Dardon<\/p> <p style=\"font-family:Gadugi;\">Actes : <i>P\u00e8lerinages, march\u00e9s, voies de communication<\/i>, Dijon, Association bourguignonne des soci\u00e9t\u00e9s savantes, 1993, 152&nbsp;p.<br>Volume disponible, 21.30 \u20ac &#8211; <a href=\"https:\/\/www.bourgogne-savante.fr\/wp-content\/uploads\/ABSSbondecommande.pdf\" target=\"_blank\" rel=\"noopener noreferrer\">Commander<\/a><\/p>\n\n\n\n<hr class=\"wp-block-separator has-text-color has-alpha-channel-opacity has-background is-style-wide\" style=\"background-color:#660033;color:#660033\"\/>\n\n\n\n<h5 style=\"font-family:Gadugi;color:#660033;margin-top:20px;\">3<sup>e<\/sup> colloque (64<sup>e<\/sup> congr\u00e8s) &#8211; Tonnerre, 1993<\/h5> <p style=\"font-family:Gadugi;\">Th\u00e8me : M\u00e9decine et soins hospitaliers dans l\u2019histoire de la Bourgogne<br>Soci\u00e9t\u00e9 organisatrice : Soci\u00e9t\u00e9 d\u2019arch\u00e9ologie et d\u2019histoire du Tonnerrois<\/p> <p style=\"font-family:Gadugi;\">Actes : <i>M\u00e9decine et soins hospitaliers dans l\u2019histoire de la Bourgogne<\/i>, Dijon, Association bourguignonne des soci\u00e9t\u00e9s savantes, Tonnerre, Soci\u00e9t\u00e9 d\u2019arch\u00e9ologie et d\u2019histoire du Tonnerrois, 1994, 149&nbsp;p.<br>Volume disponible, 21.30 \u20ac &#8211; <a href=\"https:\/\/www.bourgogne-savante.fr\/wp-content\/uploads\/ABSSbondecommande.pdf\" target=\"_blank\" rel=\"noopener noreferrer\">Commander<\/a><\/p>\n\n\n\n<hr class=\"wp-block-separator has-text-color has-alpha-channel-opacity has-background is-style-wide\" style=\"background-color:#660033;color:#660033\"\/>\n\n\n\n<h5 style=\"font-family:Gadugi;color:#660033;margin-top:20px;\">4<sup>e<\/sup> colloque (65<sup>e<\/sup> congr\u00e8s) &#8211; Sens, 1994<\/h5> <p style=\"font-family:Gadugi;\">Th\u00e8me : Deux si\u00e8cles de soci\u00e9t\u00e9s savantes<br>Soci\u00e9t\u00e9 organisatrice : Soci\u00e9t\u00e9 arch\u00e9ologique de Sens<\/p> <p style=\"font-family:Gadugi;\">Actes : <i>Deux si\u00e8cles de soci\u00e9t\u00e9s savantes<\/i>, Dijon, Association bourguignonne des soci\u00e9t\u00e9s savantes, Sens, Soci\u00e9t\u00e9 arch\u00e9ologique de Sens, 1996, 177&nbsp;p.<br>Volume disponible, 24.30 \u20ac &#8211; <a href=\"https:\/\/www.bourgogne-savante.fr\/wp-content\/uploads\/ABSSbondecommande.pdf\" target=\"_blank\" rel=\"noopener noreferrer\">Commander<\/a><\/p>\n\n\n\n<hr class=\"wp-block-separator has-text-color has-alpha-channel-opacity has-background is-style-wide\" style=\"background-color:#660033;color:#660033\"\/>\n\n\n\n<h5 style=\"font-family:Gadugi;color:#660033;margin-top:20px;\">5<sup>e<\/sup> colloque (66<sup>e<\/sup> congr\u00e8s) &#8211; Dijon, 1995 (journ\u00e9e d&rsquo;\u00e9tudes)<\/h5> <p style=\"font-family:Gadugi;\">Th\u00e8me : Henri IV et la Bourgogne<br>Soci\u00e9t\u00e9 organisatrice : Acad\u00e9mie des sciences, arts et belles-lettres de Dijon<\/p> <p style=\"font-family:Gadugi;\">Actes : <i>Henri IV et la Bourgogne. Actes de la journ\u00e9e d\u2019\u00e9tudes de Dijon, \u00e0 l\u2019occasion du 400e anniversaire de la bataille de Fontaine-Fran\u00e7aise<\/i>, Dijon, Association bourguignonne des soci\u00e9t\u00e9s savantes, Acad\u00e9mie des sciences, arts et belles-lettres de Dijon, 1996, 75&nbsp;p.<br>Volume disponible, 15.30 \u20ac &#8211; <a href=\"https:\/\/www.bourgogne-savante.fr\/wp-content\/uploads\/ABSSbondecommande.pdf\" target=\"_blank\" rel=\"noopener noreferrer\">Commander<\/a><\/p>\n\n\n\n<hr class=\"wp-block-separator has-text-color has-alpha-channel-opacity has-background is-style-wide\" style=\"background-color:#660033;color:#660033\"\/>\n\n\n\n<h5 style=\"font-family:Gadugi;color:#660033;margin-top:20px;\">6<sup>e<\/sup> colloque (67<sup>e<\/sup> congr\u00e8s) &#8211; Joigny, 1996<\/h5> <p style=\"font-family:Gadugi;\">Th\u00e8me : Villes et communes des origines au XIX<sup>e<\/sup> si\u00e8cle<br>Soci\u00e9t\u00e9 organisatrice : Association culturelle et d\u2019\u00e9tudes de Joigny<\/p> <p style=\"font-family:Gadugi;\">Actes : <i>Villes et communes des origines au XIX<sup>e<\/sup> si\u00e8cle<\/i>, Dijon, Association bourguignonne des soci\u00e9t\u00e9s savantes, Joigny, Association culturelle et d\u2019\u00e9tudes de Joigny, 1997, 201&nbsp;p.<br>Volume disponible, 21.30 \u20ac &#8211; <a href=\"https:\/\/www.bourgogne-savante.fr\/wp-content\/uploads\/ABSSbondecommande.pdf\" target=\"_blank\" rel=\"noopener noreferrer\">Commander<\/a><\/p>\n\n\n\n<hr class=\"wp-block-separator has-text-color has-alpha-channel-opacity has-background is-style-wide\" style=\"background-color:#660033;color:#660033\"\/>\n\n\n\n<h5 style=\"font-family:Gadugi;color:#660033;margin-top:20px;\">7<sup>e<\/sup> colloque (68<sup>e<\/sup> congr\u00e8s) &#8211; M\u00e2con, 1997<\/h5> <p style=\"font-family:Gadugi;\">Th\u00e8me : Transports, commerce et communication<br>Soci\u00e9t\u00e9 organisatrice : Acad\u00e9mie de M\u00e2con<\/p> <p style=\"font-family:Gadugi;\">Actes : <i>Transports, commerce et communication<\/i>, Dijon, Association bourguignonne des soci\u00e9t\u00e9s savantes, M\u00e2con, Acad\u00e9mie de M\u00e2con, 1998, 142&nbsp;p.<br>Volume disponible, 21.30 \u20ac &#8211; <a href=\"https:\/\/www.bourgogne-savante.fr\/wp-content\/uploads\/ABSSbondecommande.pdf\" target=\"_blank\" rel=\"noopener noreferrer\">Commander<\/a><\/p>\n\n\n\n<hr class=\"wp-block-separator has-text-color has-alpha-channel-opacity has-background is-style-wide\" style=\"background-color:#660033;color:#660033\"\/>\n\n\n\n<h5 style=\"font-family:Gadugi;color:#660033;margin-top:20px;\">8<sup>e<\/sup> colloque (69<sup>e<\/sup> congr\u00e8s) &#8211; Dijon &#8211; Auxerre, 1998<\/h5> <p style=\"font-family:Gadugi;\">Th\u00e8me : Les Bourguignons et le Levant<br>Soci\u00e9t\u00e9s organisatrices : Acad\u00e9mie des sciences, arts et belles-lettres de Dijon et Soci\u00e9t\u00e9 des sciences historiques et naturelles de l\u2019Yonne<\/p> <p style=\"font-family:Gadugi;\">Actes : <i>Les Bourguignons et le Levant<\/i>, Dijon, Association bourguignonne des soci\u00e9t\u00e9s savantes, Acad\u00e9mie des sciences, arts et belles-lettres de Dijon, Auxerre, Soci\u00e9t\u00e9 des sciences historiques et naturelles de l\u2019Yonne, 2000, 368&nbsp;p.<br>Volume disponible, 30.30 \u20ac &#8211; <a href=\"https:\/\/www.bourgogne-savante.fr\/wp-content\/uploads\/ABSSbondecommande.pdf\" target=\"_blank\" rel=\"noopener noreferrer\">Commander<\/a><\/p>\n\n\n\n<hr class=\"wp-block-separator has-text-color has-alpha-channel-opacity has-background is-style-wide\" style=\"background-color:#660033;color:#660033\"\/>\n\n\n\n<div class=\"wp-block-columns is-layout-flex wp-container-core-columns-is-layout-9d6595d7 wp-block-columns-is-layout-flex\">\n<div class=\"wp-block-column is-layout-flow wp-block-column-is-layout-flow\" style=\"flex-basis:33.33%\"><div class=\"wp-block-image\">\n<figure class=\"aligncenter size-full is-resized\"><img loading=\"lazy\" decoding=\"async\" width=\"297\" height=\"448\" src=\"https:\/\/www.bourgogne-savante.fr\/wp-content\/uploads\/ABSS1999.jpg\" alt=\"Actes du 9e colloque de l'ABSS\" class=\"wp-image-3987\" style=\"width:200px;height:301px\" title=\"Actes du 9e colloque de l'ABSS\" srcset=\"https:\/\/www.bourgogne-savante.fr\/wp-content\/uploads\/ABSS1999.jpg 297w, https:\/\/www.bourgogne-savante.fr\/wp-content\/uploads\/ABSS1999-199x300.jpg 199w, https:\/\/www.bourgogne-savante.fr\/wp-content\/uploads\/ABSS1999-99x150.jpg 99w\" sizes=\"auto, (max-width: 297px) 85vw, 297px\" \/><\/figure>\n<\/div><\/div>\n\n\n\n<div class=\"wp-block-column is-layout-flow wp-block-column-is-layout-flow\" style=\"flex-basis:66.66%\">\n<h5 style=\"font-family:Gadugi;color:#660033;\">9<sup>e<\/sup> colloque (70<sup>e<\/sup> congr\u00e8s) &#8211; Nevers, 1999<\/h5> <p style=\"font-family:Gadugi;\">Th\u00e8me : Histoire de l\u2019enseignement<br>Soci\u00e9t\u00e9 organisatrice : Amis du Mus\u00e9e nivernais de l\u2019\u00e9ducation<\/p> <p style=\"font-family:Gadugi;\">Actes : <i>Histoire de l\u2019enseignement<\/i>, Dijon, Association bourguignonne des soci\u00e9t\u00e9s savantes, Nevers, Amis du Mus\u00e9e nivernais de l\u2019\u00e9ducation, 2001, 226&nbsp;p.<br>Volume disponible, 28.30 \u20ac &#8211; <a href=\"https:\/\/www.bourgogne-savante.fr\/wp-content\/uploads\/ABSSbondecommande.pdf\" target=\"_blank\" rel=\"noopener noreferrer\">Commander<\/a><\/p>\n<\/div>\n<\/div>\n\n\n\n<hr class=\"wp-block-separator has-text-color has-alpha-channel-opacity has-background is-style-wide\" style=\"background-color:#660033;color:#660033\"\/>\n\n\n\n<div class=\"wp-block-columns is-layout-flex wp-container-core-columns-is-layout-9d6595d7 wp-block-columns-is-layout-flex\">\n<div class=\"wp-block-column is-layout-flow wp-block-column-is-layout-flow\" style=\"flex-basis:33.33%\"><div class=\"wp-block-image\">\n<figure class=\"aligncenter size-full is-resized\"><a href=\"https:\/\/www.bourgogne-savante.fr\/index.php\/publications\/tablesdesmatieresdesactes\/colloque10\/\"><img loading=\"lazy\" decoding=\"async\" width=\"250\" height=\"376\" src=\"https:\/\/www.bourgogne-savante.fr\/wp-content\/uploads\/Colloque-ABSS-2000-1.png\" alt=\"Actes du 10e colloque de l'ABSS\" class=\"wp-image-3817\" style=\"width:199px;height:299px\" title=\"Actes du 10e colloque de l'ABSS\" srcset=\"https:\/\/www.bourgogne-savante.fr\/wp-content\/uploads\/Colloque-ABSS-2000-1.png 250w, https:\/\/www.bourgogne-savante.fr\/wp-content\/uploads\/Colloque-ABSS-2000-1-199x300.png 199w, https:\/\/www.bourgogne-savante.fr\/wp-content\/uploads\/Colloque-ABSS-2000-1-100x150.png 100w\" sizes=\"auto, (max-width: 250px) 85vw, 250px\" \/><\/a><\/figure>\n<\/div><\/div>\n\n\n\n<div class=\"wp-block-column is-layout-flow wp-block-column-is-layout-flow\" style=\"flex-basis:66.66%\">\n<h5 style=\"font-family:Gadugi;color:#660033;\">10<sup>e<\/sup> colloque (71<sup>e<\/sup> congr\u00e8s) &#8211; Langres, 2000<\/h5> <p style=\"font-family:Gadugi;\">Th\u00e8me : Deux mille ans de f\u00eates et jeux entre Sa\u00f4ne et Meuse<br>Soci\u00e9t\u00e9 organisatrice : Soci\u00e9t\u00e9 historique et arch\u00e9ologique de Langres<\/p> <p style=\"font-family:Gadugi;\">Actes : <i>F\u00eates et jeux entre Sa\u00f4ne et Meuse. Actes du dixi\u00e8me colloque de l\u2019ABSS<\/i>, Dijon, Association bourguignonne des soci\u00e9t\u00e9s savantes, Langres, Soci\u00e9t\u00e9 historique et arch\u00e9ologique de Langres, 2003, 226&nbsp;p.<br><a href=\"https:\/\/www.bourgogne-savante.fr\/index.php\/publications\/tablesdesmatieresdesactes\/colloque10\">Consulter la table des mati\u00e8res<\/a><\/p>\n<\/div>\n<\/div>\n\n\n\n<hr class=\"wp-block-separator has-text-color has-alpha-channel-opacity has-background is-style-wide\" style=\"background-color:#660033;color:#660033\"\/>\n\n\n\n<div class=\"wp-block-columns is-layout-flex wp-container-core-columns-is-layout-9d6595d7 wp-block-columns-is-layout-flex\">\n<div class=\"wp-block-column is-layout-flow wp-block-column-is-layout-flow\" style=\"flex-basis:33.33%\"><div class=\"wp-block-image\">\n<figure class=\"aligncenter size-medium is-resized\"><a href=\"https:\/\/www.bourgogne-savante.fr\/index.php\/publications\/tablesdesmatieresdesactes\/colloque11\/\"><img loading=\"lazy\" decoding=\"async\" width=\"198\" height=\"300\" src=\"https:\/\/www.bourgogne-savante.fr\/wp-content\/uploads\/2018\/02\/Colloque-ABSS-2001-198x300.jpg\" alt=\"Actes du 11e colloque de l'ABSS\" class=\"wp-image-273\" style=\"width:200px;height:303px\" title=\"Actes du 11e colloque de l'ABSS\" srcset=\"https:\/\/www.bourgogne-savante.fr\/wp-content\/uploads\/2018\/02\/Colloque-ABSS-2001-198x300.jpg 198w, https:\/\/www.bourgogne-savante.fr\/wp-content\/uploads\/2018\/02\/Colloque-ABSS-2001-99x150.jpg 99w, https:\/\/www.bourgogne-savante.fr\/wp-content\/uploads\/2018\/02\/Colloque-ABSS-2001.jpg 295w\" sizes=\"auto, (max-width: 198px) 85vw, 198px\" \/><\/a><\/figure>\n<\/div><\/div>\n\n\n\n<div class=\"wp-block-column is-layout-flow wp-block-column-is-layout-flow\" style=\"flex-basis:66.66%\">\n<h5 style=\"font-family:Gadugi;color:#660033;\">11<sup>e<\/sup> colloque (72<sup>e<\/sup> congr\u00e8s) &#8211; Beaune, 2001<\/h5> <p style=\"font-family:Gadugi;\">Th\u00e8me : La vigne et le vin dans l\u2019histoire : aspects techniques, sociaux et esth\u00e9tiques<br>Soci\u00e9t\u00e9 organisatrice : Centre beaunois d\u2019\u00e9tudes historiques &#8211; Soci\u00e9t\u00e9 d\u2019histoire et d\u2019arch\u00e9ologie de Beaune<\/p> <p style=\"font-family:Gadugi;\">Actes : <i>La vigne et le vin dans l\u2019histoire : aspects techniques et sociaux<\/i>, Dijon, Association bourguignonne des soci\u00e9t\u00e9s savantes, Beaune, Centre d\u2019histoire de la vigne et du vin, 2003, 282&nbsp;p. (\u00ab&nbsp;Cahiers d\u2019histoire de la vigne et du vin&nbsp;\u00bb, 3).<br><a href=\"https:\/\/www.bourgogne-savante.fr\/index.php\/publications\/tablesdesmatieresdesactes\/colloque11\">Consulter la table des mati\u00e8res<\/a><br>Volume disponible, 31.30 \u20ac &#8211; <a href=\"https:\/\/www.bourgogne-savante.fr\/wp-content\/uploads\/ABSSbondecommande.pdf\" target=\"_blank\" rel=\"noopener noreferrer\">Commander<\/a><\/p>\n<\/div>\n<\/div>\n\n\n\n<hr class=\"wp-block-separator has-text-color has-alpha-channel-opacity has-background is-style-wide\" style=\"background-color:#660033;color:#660033\"\/>\n\n\n\n<div class=\"wp-block-columns is-layout-flex wp-container-core-columns-is-layout-9d6595d7 wp-block-columns-is-layout-flex\">\n<div class=\"wp-block-column is-layout-flow wp-block-column-is-layout-flow\" style=\"flex-basis:33.33%\"><div class=\"wp-block-image\">\n<figure class=\"aligncenter size-full is-resized\"><a href=\"https:\/\/www.bourgogne-savante.fr\/index.php\/publications\/tablesdesmatieresdesactes\/colloque12\/\"><img loading=\"lazy\" decoding=\"async\" width=\"288\" height=\"448\" src=\"https:\/\/www.bourgogne-savante.fr\/wp-content\/uploads\/2018\/02\/Colloque-ABSS-2002.jpg\" alt=\"Actes du 12e colloque de l'ABSS\" class=\"wp-image-560\" style=\"width:200px;height:311px\" title=\"Actes du 12e colloque de l'ABSS\" srcset=\"https:\/\/www.bourgogne-savante.fr\/wp-content\/uploads\/2018\/02\/Colloque-ABSS-2002.jpg 288w, https:\/\/www.bourgogne-savante.fr\/wp-content\/uploads\/2018\/02\/Colloque-ABSS-2002-96x150.jpg 96w, https:\/\/www.bourgogne-savante.fr\/wp-content\/uploads\/2018\/02\/Colloque-ABSS-2002-193x300.jpg 193w\" sizes=\"auto, (max-width: 288px) 85vw, 288px\" \/><\/a><\/figure>\n<\/div><\/div>\n\n\n\n<div class=\"wp-block-column is-layout-flow wp-block-column-is-layout-flow\" style=\"flex-basis:66.66%\">\n<h5 style=\"font-family:Gadugi;color:#660033;\">12<sup>e<\/sup> colloque (73<sup>e<\/sup> congr\u00e8s) &#8211; Saint-Christophe-en-Brionnais, 2002<\/h5> <p style=\"font-family:Gadugi;\">Th\u00e8me : Permanences et ruptures dans le monde rural du Moyen Age \u00e0 l\u2019\u00e9poque contemporaine<br>Soci\u00e9t\u00e9 organisatrice : Centre international d\u2019\u00e9tudes des patrimoines culturels en Charolais &#8211; Brionnais<\/p> <p style=\"font-family:Gadugi;\">Actes : <i>Permanences et ruptures dans le monde rural du Moyen Age \u00e0 l\u2019\u00e9poque contemporaine<\/i>, Dijon, Association bourguignonne des soci\u00e9t\u00e9s savantes, Saint-Christophe-en-Brionnais, Centre international d\u2019\u00e9tudes des patrimoines culturels en Charolais-Brionnais, 2004, 226&nbsp;p.<br><a href=\"https:\/\/www.bourgogne-savante.fr\/index.php\/publications\/tablesdesmatieresdesactes\/colloque12\">Consulter la table des mati\u00e8res<\/a><br>Volume disponible, 31.30 \u20ac &#8211; <a href=\"https:\/\/www.bourgogne-savante.fr\/wp-content\/uploads\/ABSSbondecommande.pdf\" target=\"_blank\" rel=\"noopener noreferrer\">Commander<\/a><\/p>\n<\/div>\n<\/div>\n\n\n\n<hr class=\"wp-block-separator has-text-color has-alpha-channel-opacity has-background is-style-wide\" style=\"background-color:#660033;color:#660033\"\/>\n\n\n\n<div class=\"wp-block-columns is-layout-flex wp-container-core-columns-is-layout-9d6595d7 wp-block-columns-is-layout-flex\">\n<div class=\"wp-block-column is-layout-flow wp-block-column-is-layout-flow\" style=\"flex-basis:33.33%\"><div class=\"wp-block-image\">\n<figure class=\"aligncenter size-full is-resized\"><a href=\"https:\/\/www.bourgogne-savante.fr\/index.php\/publications\/tablesdesmatieresdesactes\/colloque13\/\"><img loading=\"lazy\" decoding=\"async\" width=\"316\" height=\"448\" src=\"https:\/\/www.bourgogne-savante.fr\/wp-content\/uploads\/2018\/02\/Colloque-ABSS-2003.jpg\" alt=\"Actes du 13e colloque de l'ABSS\" class=\"wp-image-561\" style=\"width:200px;height:284px\" title=\"Actes du 13e colloque de l'ABSS\" srcset=\"https:\/\/www.bourgogne-savante.fr\/wp-content\/uploads\/2018\/02\/Colloque-ABSS-2003.jpg 316w, https:\/\/www.bourgogne-savante.fr\/wp-content\/uploads\/2018\/02\/Colloque-ABSS-2003-106x150.jpg 106w, https:\/\/www.bourgogne-savante.fr\/wp-content\/uploads\/2018\/02\/Colloque-ABSS-2003-212x300.jpg 212w\" sizes=\"auto, (max-width: 316px) 85vw, 316px\" \/><\/a><\/figure>\n<\/div><\/div>\n\n\n\n<div class=\"wp-block-column is-layout-flow wp-block-column-is-layout-flow\" style=\"flex-basis:66.66%\">\n<h5 style=\"font-family:Gadugi;color:#660033;\">13<sup>e<\/sup> colloque (74<sup>e<\/sup> congr\u00e8s) &#8211; Chalon-sur-Sa\u00f4ne, 2003<\/h5> <p style=\"font-family:Gadugi;\">Th\u00e8me : Oppositions, guerres et r\u00e9sistances en Bourgogne et en Champagne du XVI<sup>e<\/sup> au XIX<sup>e<\/sup> si\u00e8cle<br>Soci\u00e9t\u00e9 organisatrice : Soci\u00e9t\u00e9 d\u2019histoire et d\u2019arch\u00e9ologie de Chalon-sur-Sa\u00f4ne<\/p> <p style=\"font-family:Gadugi;\">Actes : <i>Oppositions, guerres et r\u00e9sistances<\/i>, Dijon, Association bourguignonne des soci\u00e9t\u00e9s savantes, 2009, 164&nbsp;p.<br><a href=\"https:\/\/www.bourgogne-savante.fr\/index.php\/publications\/tablesdesmatieresdesactes\/colloque13\">Consulter la table des mati\u00e8res<\/a><br>Volume disponible, 26 \u20ac &#8211; <a href=\"https:\/\/www.bourgogne-savante.fr\/wp-content\/uploads\/ABSSbondecommande.pdf\" target=\"_blank\" rel=\"noopener noreferrer\">Commander<\/a><\/p>\n<\/div>\n<\/div>\n\n\n\n<hr class=\"wp-block-separator has-text-color has-alpha-channel-opacity has-background is-style-wide\" style=\"background-color:#660033;color:#660033\"\/>\n\n\n\n<div class=\"wp-block-columns is-layout-flex wp-container-core-columns-is-layout-9d6595d7 wp-block-columns-is-layout-flex\">\n<div class=\"wp-block-column is-layout-flow wp-block-column-is-layout-flow\" style=\"flex-basis:33.33%\"><div class=\"wp-block-image\">\n<figure class=\"aligncenter size-large is-resized\"><a href=\"https:\/\/www.bourgogne-savante.fr\/index.php\/publications\/tablesdesmatieresdesactes\/colloque14\/\"><img loading=\"lazy\" decoding=\"async\" width=\"607\" height=\"1024\" src=\"https:\/\/www.bourgogne-savante.fr\/wp-content\/uploads\/2018\/02\/Colloque-ABSS-2004-607x1024.jpg\" alt=\"Actes du 14e colloque de l'ABSS\" class=\"wp-image-276\" style=\"width:200px;height:337px\" title=\"Actes du 14e colloque de l'ABSS\" srcset=\"https:\/\/www.bourgogne-savante.fr\/wp-content\/uploads\/2018\/02\/Colloque-ABSS-2004-607x1024.jpg 607w, https:\/\/www.bourgogne-savante.fr\/wp-content\/uploads\/2018\/02\/Colloque-ABSS-2004-89x150.jpg 89w, https:\/\/www.bourgogne-savante.fr\/wp-content\/uploads\/2018\/02\/Colloque-ABSS-2004-178x300.jpg 178w, https:\/\/www.bourgogne-savante.fr\/wp-content\/uploads\/2018\/02\/Colloque-ABSS-2004-768x1295.jpg 768w, https:\/\/www.bourgogne-savante.fr\/wp-content\/uploads\/2018\/02\/Colloque-ABSS-2004.jpg 1674w\" sizes=\"auto, (max-width: 607px) 85vw, 607px\" \/><\/a><\/figure>\n<\/div><\/div>\n\n\n\n<div class=\"wp-block-column is-layout-flow wp-block-column-is-layout-flow\" style=\"flex-basis:66.66%\">\n<h5 style=\"font-family:Gadugi;color:#660033;\">14<sup>e<\/sup> colloque (75<sup>e<\/sup> congr\u00e8s) &#8211; Dijon, 2004<\/h5> <p style=\"font-family:Gadugi;\">Th\u00e8me : Bossuet et son temps<br>Soci\u00e9t\u00e9 organisatrice : Acad\u00e9mie des sciences, arts et belles-lettres de Dijon<\/p> <p style=\"font-family:Gadugi;\">Actes : <i>Bossuet et son temps, M\u00e9moires de l\u2019Acad\u00e9mie des sciences, arts et belles-lettres de Dijon<\/i>, t.&nbsp;140, 2005, 192&nbsp;p.<br><a href=\"https:\/\/www.bourgogne-savante.fr\/index.php\/publications\/tablesdesmatieresdesactes\/colloque14\">Consulter la table des mati\u00e8res<\/a><br>Volume disponible, 34.30 \u20ac &#8211; <a href=\"https:\/\/www.bourgogne-savante.fr\/wp-content\/uploads\/ABSSbondecommande.pdf\" target=\"_blank\" rel=\"noopener noreferrer\">Commander<\/a><\/p>\n<\/div>\n<\/div>\n\n\n\n<hr class=\"wp-block-separator has-text-color has-alpha-channel-opacity has-background is-style-wide\" style=\"background-color:#660033;color:#660033\"\/>\n\n\n\n<div class=\"wp-block-columns is-layout-flex wp-container-core-columns-is-layout-9d6595d7 wp-block-columns-is-layout-flex\">\n<div class=\"wp-block-column is-layout-flow wp-block-column-is-layout-flow\" style=\"flex-basis:33.33%\"><div class=\"wp-block-image\">\n<figure class=\"aligncenter size-large is-resized\"><a href=\"https:\/\/www.bourgogne-savante.fr\/index.php\/publications\/tablesdesmatieresdesactes\/colloque15\/\"><img loading=\"lazy\" decoding=\"async\" width=\"683\" height=\"1024\" src=\"https:\/\/www.bourgogne-savante.fr\/wp-content\/uploads\/Colloque-ABSS-2005-683x1024.jpg\" alt=\"Actes du 15e colloque de l'ABSS\" class=\"wp-image-3814\" style=\"width:200px;height:299px\" title=\"Actes du 15e colloque de l'ABSS\" srcset=\"https:\/\/www.bourgogne-savante.fr\/wp-content\/uploads\/Colloque-ABSS-2005-683x1024.jpg 683w, https:\/\/www.bourgogne-savante.fr\/wp-content\/uploads\/Colloque-ABSS-2005-200x300.jpg 200w, https:\/\/www.bourgogne-savante.fr\/wp-content\/uploads\/Colloque-ABSS-2005-100x150.jpg 100w, https:\/\/www.bourgogne-savante.fr\/wp-content\/uploads\/Colloque-ABSS-2005-768x1152.jpg 768w, https:\/\/www.bourgogne-savante.fr\/wp-content\/uploads\/Colloque-ABSS-2005-1024x1536.jpg 1024w, https:\/\/www.bourgogne-savante.fr\/wp-content\/uploads\/Colloque-ABSS-2005-1365x2048.jpg 1365w, https:\/\/www.bourgogne-savante.fr\/wp-content\/uploads\/Colloque-ABSS-2005-1200x1800.jpg 1200w, https:\/\/www.bourgogne-savante.fr\/wp-content\/uploads\/Colloque-ABSS-2005.jpg 1556w\" sizes=\"auto, (max-width: 683px) 85vw, 683px\" \/><\/a><\/figure>\n<\/div><\/div>\n\n\n\n<div class=\"wp-block-column is-layout-flow wp-block-column-is-layout-flow\" style=\"flex-basis:66.66%\">\n<h5 style=\"font-family:Gadugi;color:#660033;\">15<sup>e<\/sup> colloque (76<sup>e<\/sup> congr\u00e8s) &#8211; Joigny, 2005<\/h5> <p style=\"font-family:Gadugi;\">Th\u00e8me : Eau, rivi\u00e8res et confins<br>Soci\u00e9t\u00e9 organisatrice : Association culturelle et d\u2019\u00e9tudes de Joigny<\/p> <p style=\"font-family:Gadugi;\">Actes : <i>Eau, rivi\u00e8res et confins, Actes du 15<sup>e<\/sup> colloque de l\u2019ABSS, Joigny, 15 et 16 octobre 2005<\/i>, Dijon, Association bourguignonne des soci\u00e9t\u00e9s savantes, Joigny, Association culturelle et d\u2019\u00e9tudes de Joigny, 2006, 287&nbsp;p. (\u00ab&nbsp;M\u00e9moire et patrimoine&nbsp;\u00bb).<br><a href=\"https:\/\/www.bourgogne-savante.fr\/index.php\/publications\/tablesdesmatieresdesactes\/colloque15\">Consulter la table des mati\u00e8res<\/a><br>Volume disponible, 31.30 \u20ac &#8211; <a href=\"https:\/\/www.bourgogne-savante.fr\/wp-content\/uploads\/ABSSbondecommande.pdf\" target=\"_blank\" rel=\"noopener noreferrer\">Commander<\/a><\/p>\n<\/div>\n<\/div>\n\n\n\n<hr class=\"wp-block-separator has-text-color has-alpha-channel-opacity has-background is-style-wide\" style=\"background-color:#660033;color:#660033\"\/>\n\n\n\n<div class=\"wp-block-columns is-layout-flex wp-container-core-columns-is-layout-9d6595d7 wp-block-columns-is-layout-flex\">\n<div class=\"wp-block-column is-layout-flow wp-block-column-is-layout-flow\" style=\"flex-basis:33.33%\"><div class=\"wp-block-image\">\n<figure class=\"aligncenter size-full is-resized\"><a href=\"https:\/\/www.bourgogne-savante.fr\/index.php\/publications\/tablesdesmatieresdesactes\/colloque16\/\"><img loading=\"lazy\" decoding=\"async\" width=\"286\" height=\"448\" src=\"https:\/\/www.bourgogne-savante.fr\/wp-content\/uploads\/2018\/02\/Colloque-ABSS-2006.jpg\" alt=\"Actes du 16e colloque de l'ABSS\" class=\"wp-image-278\" style=\"width:200px;height:313px\" title=\"Actes du 16e colloque de l'ABSS\" srcset=\"https:\/\/www.bourgogne-savante.fr\/wp-content\/uploads\/2018\/02\/Colloque-ABSS-2006.jpg 286w, https:\/\/www.bourgogne-savante.fr\/wp-content\/uploads\/2018\/02\/Colloque-ABSS-2006-96x150.jpg 96w, https:\/\/www.bourgogne-savante.fr\/wp-content\/uploads\/2018\/02\/Colloque-ABSS-2006-192x300.jpg 192w\" sizes=\"auto, (max-width: 286px) 85vw, 286px\" \/><\/a><\/figure>\n<\/div><\/div>\n\n\n\n<div class=\"wp-block-column is-layout-flow wp-block-column-is-layout-flow\" style=\"flex-basis:66.66%\">\n<h5 style=\"font-family:Gadugi;color:#660033;\" id=\"colloque2006\">16<sup>e<\/sup> colloque (77<sup>e<\/sup> congr\u00e8s) &#8211; Chaumont, 2006<\/h5> <p style=\"font-family:Gadugi;\">Th\u00e8me : Pays et territoires : histoire et cultures<br>Soci\u00e9t\u00e9 organisatrice : Association des amis des Cahiers haut-marnais<\/p> <p style=\"font-family:Gadugi;\">Actes : <i>Pays et territoires. Histoire et culture<\/i>, Dijon, Association bourguignonne des soci\u00e9t\u00e9s savantes, Chaumont, Association des amis des Cahiers haut-marnais, 2008, 272&nbsp;p. (\u00ab&nbsp;Cahiers haut-marnais&nbsp;\u00bb, n<sup>o<\/sup>&nbsp;248-251).<br><a href=\"https:\/\/www.bourgogne-savante.fr\/index.php\/publications\/tablesdesmatieresdesactes\/colloque16\">Consulter la table des mati\u00e8res<\/a><br>Volume disponible, 34.30 \u20ac &#8211; <a href=\"https:\/\/www.bourgogne-savante.fr\/wp-content\/uploads\/ABSSbondecommande.pdf\" target=\"_blank\" rel=\"noopener noreferrer\">Commander<\/a><\/p>\n<\/div>\n<\/div>\n\n\n\n<hr class=\"wp-block-separator has-text-color has-alpha-channel-opacity has-background is-style-wide\" style=\"background-color:#660033;color:#660033\"\/>\n\n\n\n<div class=\"wp-block-columns is-layout-flex wp-container-core-columns-is-layout-9d6595d7 wp-block-columns-is-layout-flex\">\n<div class=\"wp-block-column is-layout-flow wp-block-column-is-layout-flow\" style=\"flex-basis:33.33%\"><div class=\"wp-block-image\">\n<figure class=\"aligncenter size-full is-resized\"><a href=\"https:\/\/www.bourgogne-savante.fr\/index.php\/publications\/tablesdesmatieresdesactes\/colloque17\/\"><img loading=\"lazy\" decoding=\"async\" width=\"297\" height=\"448\" src=\"https:\/\/www.bourgogne-savante.fr\/wp-content\/uploads\/2018\/02\/Colloque-ABSS-2007.jpg\" alt=\"Actes du 17e colloque de l'ABSS\" class=\"wp-image-279\" style=\"width:200px;height:301px\" title=\"Actes du 17e colloque de l'ABSS\" srcset=\"https:\/\/www.bourgogne-savante.fr\/wp-content\/uploads\/2018\/02\/Colloque-ABSS-2007.jpg 297w, https:\/\/www.bourgogne-savante.fr\/wp-content\/uploads\/2018\/02\/Colloque-ABSS-2007-99x150.jpg 99w, https:\/\/www.bourgogne-savante.fr\/wp-content\/uploads\/2018\/02\/Colloque-ABSS-2007-199x300.jpg 199w\" sizes=\"auto, (max-width: 297px) 85vw, 297px\" \/><\/a><\/figure>\n<\/div><\/div>\n\n\n\n<div class=\"wp-block-column is-layout-flow wp-block-column-is-layout-flow\" style=\"flex-basis:66.66%\">\n<h5 style=\"font-family:Gadugi;color:#660033;\">17<sup>e<\/sup> colloque (78<sup>e<\/sup> congr\u00e8s) &#8211; Autun, 2007<\/h5> <p style=\"font-family:Gadugi;\">Th\u00e8me : L\u2019eau et les ressources du sous-sol dans la vie des hommes de l\u2019Antiquit\u00e9 \u00e0 nos jours<br>Soci\u00e9t\u00e9 organisatrice : Soci\u00e9t\u00e9 \u00e9duenne<\/p> <p style=\"font-family:Gadugi;\">Actes : <i>L&rsquo;eau dans la vie des hommes de l&rsquo;Antiquit\u00e9 \u00e0 nos jours<\/i>, Actes du 17<sup>e<\/sup> colloque de l&rsquo;A.B.S.S., Autun, 13 et 14 octobre 2007, Dijon, Association bourguignonne des soci\u00e9t\u00e9s savantes, Autun, Soci\u00e9t\u00e9 \u00e9duenne des lettres, sciences et arts, 2010, 212&nbsp;p.<br><a href=\"https:\/\/www.bourgogne-savante.fr\/index.php\/publications\/tablesdesmatieresdesactes\/colloque17\">Consulter la table des mati\u00e8res<\/a><br>Volume disponible, 28 \u20ac &#8211; <a href=\"https:\/\/www.bourgogne-savante.fr\/wp-content\/uploads\/ABSSbondecommande.pdf\" target=\"_blank\" rel=\"noopener noreferrer\">Commander<\/a><\/p>\n<\/div>\n<\/div>\n\n\n\n<hr class=\"wp-block-separator has-text-color has-alpha-channel-opacity has-background is-style-wide\" style=\"background-color:#660033;color:#660033\"\/>\n\n\n\n<div class=\"wp-block-columns is-layout-flex wp-container-core-columns-is-layout-9d6595d7 wp-block-columns-is-layout-flex\">\n<div class=\"wp-block-column is-layout-flow wp-block-column-is-layout-flow\" style=\"flex-basis:33.33%\"><div class=\"wp-block-image\">\n<figure class=\"aligncenter size-large is-resized\"><a href=\"https:\/\/www.bourgogne-savante.fr\/index.php\/publications\/tablesdesmatieresdesactes\/colloque18\/\"><img loading=\"lazy\" decoding=\"async\" width=\"678\" height=\"1024\" src=\"https:\/\/www.bourgogne-savante.fr\/wp-content\/uploads\/2018\/02\/Colloque-ABSS-2008-678x1024.jpg\" alt=\"Actes du 18e colloque de l'ABSS\" class=\"wp-image-280\" style=\"width:200px;height:302px\" title=\"Actes du 18e colloque de l'ABSS\" srcset=\"https:\/\/www.bourgogne-savante.fr\/wp-content\/uploads\/2018\/02\/Colloque-ABSS-2008-678x1024.jpg 678w, https:\/\/www.bourgogne-savante.fr\/wp-content\/uploads\/2018\/02\/Colloque-ABSS-2008-99x150.jpg 99w, https:\/\/www.bourgogne-savante.fr\/wp-content\/uploads\/2018\/02\/Colloque-ABSS-2008-199x300.jpg 199w, https:\/\/www.bourgogne-savante.fr\/wp-content\/uploads\/2018\/02\/Colloque-ABSS-2008-768x1160.jpg 768w, https:\/\/www.bourgogne-savante.fr\/wp-content\/uploads\/2018\/02\/Colloque-ABSS-2008.jpg 1868w\" sizes=\"auto, (max-width: 678px) 85vw, 678px\" \/><\/a><\/figure>\n<\/div><\/div>\n\n\n\n<div class=\"wp-block-column is-layout-flow wp-block-column-is-layout-flow\" style=\"flex-basis:66.66%\">\n<h5 style=\"font-family:Gadugi;color:#660033;\">18<sup>e<\/sup> colloque (79<sup>e<\/sup> congr\u00e8s) &#8211; Villeneuve-sur-Yonne et Sens, 2008<\/h5> <p style=\"font-family:Gadugi;\">Th\u00e8me : la for\u00eat, le bois<br>Soci\u00e9t\u00e9 organisatrice : les Amis du vieux Villeneuve-sur-Yonne et la Soci\u00e9t\u00e9 arch\u00e9ologique de Sens<\/p> <p style=\"font-family:Gadugi;\">Actes : <i>La for\u00eat, le bois. 18<sup>e<\/sup> colloque de l&rsquo;Association bourguignonne des soci\u00e9t\u00e9s savantes. Villeneuve \/ Sens<\/i>, Villeneuve-sur-Yonne, Les Amis du Vieux Villeneuve, 2009, 354&nbsp;p.<br><a href=\"https:\/\/www.bourgogne-savante.fr\/index.php\/publications\/tablesdesmatieresdesactes\/colloque18\">Consulter la table des mati\u00e8res<\/a><br>Volume disponible, 29 \u20ac &#8211; <a href=\"https:\/\/www.bourgogne-savante.fr\/wp-content\/uploads\/ABSSbondecommande.pdf\" target=\"_blank\" rel=\"noopener noreferrer\">Commander<\/a><\/p>\n<\/div>\n<\/div>\n\n\n\n<hr class=\"wp-block-separator has-text-color has-alpha-channel-opacity has-background is-style-wide\" style=\"background-color:#660033;color:#660033\"\/>\n\n\n\n<div class=\"wp-block-columns is-layout-flex wp-container-core-columns-is-layout-9d6595d7 wp-block-columns-is-layout-flex\">\n<div class=\"wp-block-column is-layout-flow wp-block-column-is-layout-flow\" style=\"flex-basis:33.33%\"><div class=\"wp-block-image\">\n<figure class=\"aligncenter size-large is-resized\"><a href=\"https:\/\/www.bourgogne-savante.fr\/index.php\/publications\/tablesdesmatieresdesactes\/colloque19\/\"><img loading=\"lazy\" decoding=\"async\" width=\"675\" height=\"1024\" src=\"https:\/\/www.bourgogne-savante.fr\/wp-content\/uploads\/2018\/02\/Colloque-ABSS-2009-675x1024.jpg\" alt=\"Actes du 19e colloque de l'ABSS\" class=\"wp-image-281\" style=\"width:200px;height:303px\" title=\"Actes du 19e colloque de l'ABSS\" srcset=\"https:\/\/www.bourgogne-savante.fr\/wp-content\/uploads\/2018\/02\/Colloque-ABSS-2009-675x1024.jpg 675w, https:\/\/www.bourgogne-savante.fr\/wp-content\/uploads\/2018\/02\/Colloque-ABSS-2009-99x150.jpg 99w, https:\/\/www.bourgogne-savante.fr\/wp-content\/uploads\/2018\/02\/Colloque-ABSS-2009-198x300.jpg 198w, https:\/\/www.bourgogne-savante.fr\/wp-content\/uploads\/2018\/02\/Colloque-ABSS-2009-768x1165.jpg 768w, https:\/\/www.bourgogne-savante.fr\/wp-content\/uploads\/2018\/02\/Colloque-ABSS-2009.jpg 1856w\" sizes=\"auto, (max-width: 675px) 85vw, 675px\" \/><\/a><\/figure>\n<\/div><\/div>\n\n\n\n<div class=\"wp-block-column is-layout-flow wp-block-column-is-layout-flow\" style=\"flex-basis:66.66%\">\n<h5 style=\"font-family:Gadugi;color:#660033;\">19<sup>e<\/sup> colloque (80<sup>e<\/sup> congr\u00e8s) &#8211; Avallon, 2009<\/h5> <p style=\"font-family:Gadugi;\">Th\u00e8me : Villes et campagnes : urbanisme, \u00e9conomie, commerce<br>Soci\u00e9t\u00e9 organisatrice : Soci\u00e9t\u00e9 d&rsquo;\u00e9tudes d&rsquo;Avallon<\/p> <p style=\"font-family:Gadugi;\">Actes : <i>Villes et villages : urbanisme, d\u00e9mographie, \u00e9conomie, commerce<\/i>, Actes du 19<sup>e<\/sup> colloque de l&rsquo;ABSS, Avallon, 17-18 octobre 2009, Dijon, Association bourguignonne des soci\u00e9t\u00e9s savantes, Avallon, Soci\u00e9t\u00e9 d&rsquo;\u00e9tudes d&rsquo;Avallon, 2010, 279&nbsp;p.<br><a href=\"https:\/\/www.bourgogne-savante.fr\/index.php\/publications\/tablesdesmatieresdesactes\/colloque19\">Consulter la table des mati\u00e8res<\/a><\/p>\n<\/div>\n<\/div>\n\n\n\n<hr class=\"wp-block-separator has-text-color has-alpha-channel-opacity has-background is-style-wide\" style=\"background-color:#660033;color:#660033\"\/>\n\n\n\n<div class=\"wp-block-columns is-layout-flex wp-container-core-columns-is-layout-9d6595d7 wp-block-columns-is-layout-flex\">\n<div class=\"wp-block-column is-layout-flow wp-block-column-is-layout-flow\" style=\"flex-basis:33.33%\"><div class=\"wp-block-image\">\n<figure class=\"aligncenter size-full is-resized\"><a href=\"https:\/\/www.bourgogne-savante.fr\/index.php\/publications\/tablesdesmatieresdesactes\/colloque20\/\"><img loading=\"lazy\" decoding=\"async\" width=\"297\" height=\"448\" src=\"https:\/\/www.bourgogne-savante.fr\/wp-content\/uploads\/2018\/02\/Colloque-ABSS-2010.jpg\" alt=\"Actes du 20e colloque de l'ABSS\" class=\"wp-image-282\" style=\"width:200px;height:301px\" title=\"Actes du 20e colloque de l'ABSS\" srcset=\"https:\/\/www.bourgogne-savante.fr\/wp-content\/uploads\/2018\/02\/Colloque-ABSS-2010.jpg 297w, https:\/\/www.bourgogne-savante.fr\/wp-content\/uploads\/2018\/02\/Colloque-ABSS-2010-99x150.jpg 99w, https:\/\/www.bourgogne-savante.fr\/wp-content\/uploads\/2018\/02\/Colloque-ABSS-2010-199x300.jpg 199w\" sizes=\"auto, (max-width: 297px) 85vw, 297px\" \/><\/a><\/figure>\n<\/div><\/div>\n\n\n\n<div class=\"wp-block-column is-layout-flow wp-block-column-is-layout-flow\" style=\"flex-basis:66.66%\">\n<h5 style=\"font-family:Gadugi;color:#660033;\">20<sup>e<\/sup> colloque (81<sup>e<\/sup> congr\u00e8s) &#8211; Saulieu, 2010<\/h5> <p style=\"font-family:Gadugi;\">Th\u00e8me : Voies de communication des temps gallo-romains au XX<sup>e<\/sup> si\u00e8cle<br>Soci\u00e9t\u00e9 organisatrice : Association des Amis du vieux Saulieu<\/p> <p style=\"font-family:Gadugi;\">Actes : <i>Voies de communication des temps gallo-romains au XX<sup>\u00e8me<\/sup> si\u00e8cle<\/i>, Actes du 20<sup>e<\/sup> colloque de l&rsquo;ABSS, Saulieu, 16 et 17 octobre 2010, Dijon, Association bourguignonne des soci\u00e9t\u00e9s savantes, Saulieu, Amis du vieux Saulieu, 2011, 247&nbsp;p.<br><a href=\"https:\/\/www.bourgogne-savante.fr\/index.php\/publications\/tablesdesmatieresdesactes\/colloque20\">Consulter la table des mati\u00e8res<\/a><br>Volume disponible, 34 \u20ac &#8211; <a href=\"https:\/\/www.bourgogne-savante.fr\/wp-content\/uploads\/ABSSbondecommande.pdf\" target=\"_blank\" rel=\"noopener noreferrer\">Commander<\/a><\/p>\n<\/div>\n<\/div>\n\n\n\n<hr class=\"wp-block-separator has-text-color has-alpha-channel-opacity has-background is-style-wide\" style=\"background-color:#660033;color:#660033\"\/>\n\n\n\n<div class=\"wp-block-columns is-layout-flex wp-container-core-columns-is-layout-9d6595d7 wp-block-columns-is-layout-flex\">\n<div class=\"wp-block-column is-layout-flow wp-block-column-is-layout-flow\" style=\"flex-basis:33.33%\"><div class=\"wp-block-image\">\n<figure class=\"aligncenter size-large is-resized\"><a href=\"https:\/\/www.bourgogne-savante.fr\/index.php\/publications\/tablesdesmatieresdesactes\/colloque21\/\"><img loading=\"lazy\" decoding=\"async\" width=\"658\" height=\"1024\" src=\"https:\/\/www.bourgogne-savante.fr\/wp-content\/uploads\/2018\/02\/Colloque-ABSS-2011-658x1024.jpg\" alt=\"Actes du 21e colloque de l'ABSS\" class=\"wp-image-283\" style=\"width:200px;height:311px\" title=\"Actes du 21e colloque de l'ABSS\" srcset=\"https:\/\/www.bourgogne-savante.fr\/wp-content\/uploads\/2018\/02\/Colloque-ABSS-2011-658x1024.jpg 658w, https:\/\/www.bourgogne-savante.fr\/wp-content\/uploads\/2018\/02\/Colloque-ABSS-2011-96x150.jpg 96w, https:\/\/www.bourgogne-savante.fr\/wp-content\/uploads\/2018\/02\/Colloque-ABSS-2011-193x300.jpg 193w, https:\/\/www.bourgogne-savante.fr\/wp-content\/uploads\/2018\/02\/Colloque-ABSS-2011-768x1196.jpg 768w, https:\/\/www.bourgogne-savante.fr\/wp-content\/uploads\/2018\/02\/Colloque-ABSS-2011.jpg 1935w\" sizes=\"auto, (max-width: 658px) 85vw, 658px\" \/><\/a><\/figure>\n<\/div><\/div>\n\n\n\n<div class=\"wp-block-column is-layout-flow wp-block-column-is-layout-flow\" style=\"flex-basis:66.66%\">\n<h5 style=\"font-family:Gadugi;color:#660033;\">21<sup>e<\/sup> colloque (82<sup>e<\/sup> congr\u00e8s) &#8211; Semur-en-Auxois, 2011<\/h5> <p style=\"font-family:Gadugi;\">Th\u00e8me : Places fortes et centres d&rsquo;\u00e9changes (population, \u00e9conomie, vie sociale et religieuse, urbanisme et architecture)<br>Soci\u00e9t\u00e9 organisatrice : Soci\u00e9t\u00e9 des sciences historiques et naturelles de Semur-en-Auxois<br><a href=\"https:\/\/www.bourgogne-savante.fr\/wp-content\/uploads\/2018\/09\/ABSS_colloque21_programme.pdf\" target=\"_blank\" rel=\"noopener noreferrer\">Consulter le programme du colloque<\/a><\/p> <p style=\"font-family:Gadugi;\">Actes : <i>Places fortes et centres d&rsquo;\u00e9change (population, \u00e9conomie, vie sociale et religieuse, urbanisme et architecture)<\/i>, Actes du 21<sup>e<\/sup> colloque de l&rsquo;ABSS, Semur-en-Auxois, 15 et 16 octobre 2011, Dijon, Association bourguignonne des soci\u00e9t\u00e9s savantes, Semur-en-Auxois, Soci\u00e9t\u00e9 des sciences historiques et naturelles de Semur-en-Auxois, 2014, 231&nbsp;p.<br><a href=\"https:\/\/www.bourgogne-savante.fr\/index.php\/publications\/tablesdesmatieresdesactes\/colloque21\">Consulter la table des mati\u00e8res<\/a><br>Volume disponible, 31.50&nbsp;\u20ac &#8211; <a href=\"https:\/\/www.bourgogne-savante.fr\/wp-content\/uploads\/ABSSbondecommande.pdf\" target=\"_blank\" rel=\"noopener noreferrer\">Commander<\/a><\/p>\n<\/div>\n<\/div>\n\n\n\n<hr class=\"wp-block-separator has-text-color has-alpha-channel-opacity has-background is-style-wide\" style=\"background-color:#660033;color:#660033\"\/>\n\n\n\n<div class=\"wp-block-columns is-layout-flex wp-container-core-columns-is-layout-9d6595d7 wp-block-columns-is-layout-flex\">\n<div class=\"wp-block-column is-layout-flow wp-block-column-is-layout-flow\" style=\"flex-basis:33.33%\"><div class=\"wp-block-image\">\n<figure class=\"aligncenter size-large is-resized\"><a href=\"https:\/\/www.bourgogne-savante.fr\/index.php\/publications\/tablesdesmatieresdesactes\/colloque22\/\"><img loading=\"lazy\" decoding=\"async\" width=\"662\" height=\"1024\" src=\"https:\/\/www.bourgogne-savante.fr\/wp-content\/uploads\/2018\/02\/Colloque-ABSS-2012-662x1024.jpg\" alt=\"Actes du 22e colloque de l'ABSS\" class=\"wp-image-284\" style=\"width:200px;height:309px\" title=\"Actes du 22e colloque de l'ABSS\" srcset=\"https:\/\/www.bourgogne-savante.fr\/wp-content\/uploads\/2018\/02\/Colloque-ABSS-2012-662x1024.jpg 662w, https:\/\/www.bourgogne-savante.fr\/wp-content\/uploads\/2018\/02\/Colloque-ABSS-2012-97x150.jpg 97w, https:\/\/www.bourgogne-savante.fr\/wp-content\/uploads\/2018\/02\/Colloque-ABSS-2012-194x300.jpg 194w, https:\/\/www.bourgogne-savante.fr\/wp-content\/uploads\/2018\/02\/Colloque-ABSS-2012-768x1189.jpg 768w, https:\/\/www.bourgogne-savante.fr\/wp-content\/uploads\/2018\/02\/Colloque-ABSS-2012.jpg 1497w\" sizes=\"auto, (max-width: 662px) 85vw, 662px\" \/><\/a><\/figure>\n<\/div><\/div>\n\n\n\n<div class=\"wp-block-column is-layout-flow wp-block-column-is-layout-flow\" style=\"flex-basis:66.66%\">\n<h5 style=\"font-family:Gadugi;color:#660033;\">22<sup>e<\/sup> colloque (83<sup>e<\/sup> congr\u00e8s) &#8211; Ch\u00e2teau-Chinon, 2012<\/h5> <p style=\"font-family:Gadugi;\">Th\u00e8me : \u00c9conomie et industrie en Bourgogne, \u00e9tapes et perspectives<br>Soci\u00e9t\u00e9 organisatrice : Acad\u00e9mie du Morvan<br><a href=\"https:\/\/www.bourgogne-savante.fr\/wp-content\/uploads\/2018\/09\/ABSS_colloque22_programme.pdf\" target=\"_blank\" rel=\"noopener noreferrer\">Consulter le programme du colloque<\/a><\/p> <p style=\"font-family:Gadugi;\">Actes : <i>\u00c9conomie et industrie en Bourgogne, \u00e9tapes et perspectives<\/i>, Actes du 22<sup>e<\/sup> colloque de l&rsquo;ABSS, Ch\u00e2teau-Chinon, 6 et 7 octobre 2012, Dijon, Association bourguignonne des soci\u00e9t\u00e9s savantes, Ch\u00e2teau-Chinon, Acad\u00e9mie du Morvan , 2015, 266&nbsp;p.<br><a href=\"https:\/\/www.bourgogne-savante.fr\/index.php\/publications\/tablesdesmatieresdesactes\/colloque22\">Consulter la table des mati\u00e8res<\/a><br>Volume disponible, 31.50&nbsp;\u20ac &#8211; <a href=\"https:\/\/www.bourgogne-savante.fr\/wp-content\/uploads\/ABSSbondecommande.pdf\" target=\"_blank\" rel=\"noopener noreferrer\">Commander<\/a><\/p>\n<\/div>\n<\/div>\n\n\n\n<hr class=\"wp-block-separator has-text-color has-alpha-channel-opacity has-background is-style-wide\" style=\"background-color:#660033;color:#660033\"\/>\n\n\n\n<div class=\"wp-block-columns is-layout-flex wp-container-core-columns-is-layout-9d6595d7 wp-block-columns-is-layout-flex\">\n<div class=\"wp-block-column is-layout-flow wp-block-column-is-layout-flow\" style=\"flex-basis:33.33%\"><div class=\"wp-block-image\">\n<figure class=\"aligncenter size-large is-resized\"><a href=\"https:\/\/www.bourgogne-savante.fr\/index.php\/publications\/tablesdesmatieresdesactes\/colloque23\/\"><img loading=\"lazy\" decoding=\"async\" width=\"659\" height=\"1024\" src=\"https:\/\/www.bourgogne-savante.fr\/wp-content\/uploads\/2018\/02\/Colloque-ABSS-2013-659x1024.jpg\" alt=\"Actes du 23e colloque de l'ABSS\" class=\"wp-image-285\" style=\"width:200px;height:310px\" title=\"Actes du 23e colloque de l'ABSS\" srcset=\"https:\/\/www.bourgogne-savante.fr\/wp-content\/uploads\/2018\/02\/Colloque-ABSS-2013-659x1024.jpg 659w, https:\/\/www.bourgogne-savante.fr\/wp-content\/uploads\/2018\/02\/Colloque-ABSS-2013-97x150.jpg 97w, https:\/\/www.bourgogne-savante.fr\/wp-content\/uploads\/2018\/02\/Colloque-ABSS-2013-193x300.jpg 193w, https:\/\/www.bourgogne-savante.fr\/wp-content\/uploads\/2018\/02\/Colloque-ABSS-2013-768x1193.jpg 768w, https:\/\/www.bourgogne-savante.fr\/wp-content\/uploads\/2018\/02\/Colloque-ABSS-2013.jpg 2036w\" sizes=\"auto, (max-width: 659px) 85vw, 659px\" \/><\/a><\/figure>\n<\/div><\/div>\n\n\n\n<div class=\"wp-block-column is-layout-flow wp-block-column-is-layout-flow\" style=\"flex-basis:66.66%\">\n<h5 style=\"font-family:Gadugi;color:#660033;\">23<sup>e<\/sup> colloque (84<sup>e<\/sup> congr\u00e8s) &#8211; Saint-Christophe-en-Brionnais, 2013<\/h5> <p style=\"font-family:Gadugi;\">Th\u00e8me : Paysages, patrimoine b\u00e2ti et mat\u00e9riaux en Bourgogne, de l\u2019Antiquit\u00e9 \u00e0 nos jours : bilan et perspectives<br>Soci\u00e9t\u00e9 organisatrice : Centre international d&rsquo;\u00e9tudes des patrimoines culturels du Charolais-Brionnais<\/p> <p style=\"font-family:Gadugi;\">Actes : <i>Paysages, patrimoine b\u00e2ti et mat\u00e9riaux en Bourgogne, de l\u2019Antiquit\u00e9 \u00e0 nos jours : bilan et perspectives<\/i>, Actes du 23<sup>e<\/sup> colloque de l&rsquo;ABSS, Saint-Christophe-en-Brionnais, 26 et 27 octobre 2013, Dijon, Association bourguignonne des soci\u00e9t\u00e9s savantes, Saint-Christophe-en-Brionnais, Centre international d&rsquo;\u00e9tudes des patrimoines culturels du Charolais-Brionnais, 2014, 235&nbsp;p.<br><a href=\"https:\/\/www.bourgogne-savante.fr\/index.php\/publications\/tablesdesmatieresdesactes\/colloque23\">Consulter la table des mati\u00e8res<\/a><br>Volume disponible, 26.50&nbsp;\u20ac &#8211; <a href=\"https:\/\/www.bourgogne-savante.fr\/wp-content\/uploads\/ABSSbondecommande.pdf\" target=\"_blank\" rel=\"noopener noreferrer\">Commander<\/a><\/p>\n<\/div>\n<\/div>\n\n\n\n<hr class=\"wp-block-separator has-text-color has-alpha-channel-opacity has-background is-style-wide\" style=\"background-color:#660033;color:#660033\"\/>\n\n\n\n<div class=\"wp-block-columns is-layout-flex wp-container-core-columns-is-layout-9d6595d7 wp-block-columns-is-layout-flex\">\n<div class=\"wp-block-column is-layout-flow wp-block-column-is-layout-flow\" style=\"flex-basis:33.33%\"><div class=\"wp-block-image\">\n<figure class=\"aligncenter size-large is-resized\"><a href=\"https:\/\/www.bourgogne-savante.fr\/index.php\/publications\/tablesdesmatieresdesactes\/colloque24\/\"><img loading=\"lazy\" decoding=\"async\" width=\"664\" height=\"1024\" src=\"https:\/\/www.bourgogne-savante.fr\/wp-content\/uploads\/2018\/02\/Colloque-ABSS-2014-664x1024.jpg\" alt=\"\" class=\"wp-image-286\" style=\"width:200px;height:308px\" title=\"Actes du 24e colloque de l'ABSS\" srcset=\"https:\/\/www.bourgogne-savante.fr\/wp-content\/uploads\/2018\/02\/Colloque-ABSS-2014-664x1024.jpg 664w, https:\/\/www.bourgogne-savante.fr\/wp-content\/uploads\/2018\/02\/Colloque-ABSS-2014-97x150.jpg 97w, https:\/\/www.bourgogne-savante.fr\/wp-content\/uploads\/2018\/02\/Colloque-ABSS-2014-195x300.jpg 195w, https:\/\/www.bourgogne-savante.fr\/wp-content\/uploads\/2018\/02\/Colloque-ABSS-2014-768x1184.jpg 768w\" sizes=\"auto, (max-width: 664px) 85vw, 664px\" \/><\/a><\/figure>\n<\/div><\/div>\n\n\n\n<div class=\"wp-block-column is-layout-flow wp-block-column-is-layout-flow\" style=\"flex-basis:66.66%\">\n<h5 style=\"font-family:Gadugi;color:#660033;\">24<sup>e<\/sup> colloque (85<sup>e<\/sup> congr\u00e8s) &#8211; Dijon, 2014<\/h5> <p style=\"font-family:Gadugi;\">Th\u00e8me : Soci\u00e9t\u00e9s savantes de Bourgogne d&rsquo;hier et de demain : quelle place dans la cit\u00e9 ?<br>Soci\u00e9t\u00e9 organisatrice : Acad\u00e9mie des sciences, arts et belles-lettres de Dijon<br><a href=\"https:\/\/www.bourgogne-savante.fr\/wp-content\/uploads\/2018\/09\/ABSS_colloque24_programme.pdf\" target=\"_blank\" rel=\"noopener noreferrer\">Consulter le programme du colloque<\/a><\/p> <p style=\"font-family:Gadugi;\">Actes : <i>Soci\u00e9t\u00e9s savantes de Bourgogne d&rsquo;hier et de demain : quelle place dans la cit\u00e9 ?<\/i>, Actes du 24<sup>e<\/sup> colloque de l&rsquo;ABSS, Dijon, 25-26 octobre 2014, Dijon, Association bourguignonne des soci\u00e9t\u00e9s savantes, Acad\u00e9mie des sciences, arts et belles-lettres de Dijon, 2015, 227&nbsp;p.<br><a href=\"https:\/\/www.bourgogne-savante.fr\/index.php\/publications\/tablesdesmatieresdesactes\/colloque24\">Consulter la table des mati\u00e8res<\/a><br>Volume disponible, 31.50&nbsp;\u20ac &#8211; <a href=\"https:\/\/www.bourgogne-savante.fr\/wp-content\/uploads\/ABSSbondecommande.pdf\" target=\"_blank\" rel=\"noopener noreferrer\">Commander<\/a><\/p>\n<\/div>\n<\/div>\n\n\n\n<hr class=\"wp-block-separator has-text-color has-alpha-channel-opacity has-background is-style-wide\" style=\"background-color:#660033;color:#660033\"\/>\n\n\n\n<div class=\"wp-block-columns is-layout-flex wp-container-core-columns-is-layout-9d6595d7 wp-block-columns-is-layout-flex\">\n<div class=\"wp-block-column is-layout-flow wp-block-column-is-layout-flow\" style=\"flex-basis:33.33%\"><div class=\"wp-block-image\">\n<figure class=\"aligncenter size-large is-resized\"><a href=\"https:\/\/www.bourgogne-savante.fr\/index.php\/publications\/tablesdesmatieresdesactes\/colloque25\/\"><img loading=\"lazy\" decoding=\"async\" width=\"721\" height=\"1024\" src=\"https:\/\/www.bourgogne-savante.fr\/wp-content\/uploads\/2018\/09\/Colloque-ABSS-2015-721x1024.jpg\" alt=\"Actes du 25e colloque de l'ABSS\" class=\"wp-image-1831\" style=\"width:200px;height:284px\" title=\"Actes du 25e colloque de l'ABSS\" srcset=\"https:\/\/www.bourgogne-savante.fr\/wp-content\/uploads\/2018\/09\/Colloque-ABSS-2015-721x1024.jpg 721w, https:\/\/www.bourgogne-savante.fr\/wp-content\/uploads\/2018\/09\/Colloque-ABSS-2015-106x150.jpg 106w, https:\/\/www.bourgogne-savante.fr\/wp-content\/uploads\/2018\/09\/Colloque-ABSS-2015-211x300.jpg 211w, https:\/\/www.bourgogne-savante.fr\/wp-content\/uploads\/2018\/09\/Colloque-ABSS-2015-768x1090.jpg 768w, https:\/\/www.bourgogne-savante.fr\/wp-content\/uploads\/2018\/09\/Colloque-ABSS-2015.jpg 1161w\" sizes=\"auto, (max-width: 721px) 85vw, 721px\" \/><\/a><\/figure>\n<\/div><\/div>\n\n\n\n<div class=\"wp-block-column is-layout-flow wp-block-column-is-layout-flow\" style=\"flex-basis:66.66%\">\n<h5 style=\"font-family:Gadugi;color:#660033;\">25<sup>e<\/sup> colloque (86<sup>e<\/sup> congr\u00e8s) &#8211; M\u00e2con, 2015<\/h5> <p style=\"font-family:Gadugi;\">Th\u00e8me : La Bourgogne au temps de Lamartine, permanences et actualit\u00e9<br>Soci\u00e9t\u00e9 organisatrice : Acad\u00e9mie de M\u00e2con<\/p> <p style=\"font-family:Gadugi;\">Actes : <i>La Bourgogne au temps de Lamartine, permanences et actualit\u00e9<\/i>, Actes du 25<sup>e<\/sup> colloque de l&rsquo;ABSS, M\u00e2con, 24-25 octobre 2015, Dijon, Association bourguignonne des soci\u00e9t\u00e9s savantes, M\u00e2con, Acad\u00e9mie de M\u00e2con, 2016, 169&nbsp;p.<br><a href=\"https:\/\/www.bourgogne-savante.fr\/index.php\/publications\/tablesdesmatieresdesactes\/colloque25\/\">Consulter la table des mati\u00e8res<\/a><br>Volume disponible, 31.50&nbsp;\u20ac &#8211; <a href=\"https:\/\/www.bourgogne-savante.fr\/wp-content\/uploads\/ABSSbondecommande.pdf\" target=\"_blank\" rel=\"noopener noreferrer\">Commander<\/a><\/p>\n<\/div>\n<\/div>\n\n\n\n<hr class=\"wp-block-separator has-text-color has-alpha-channel-opacity has-background is-style-wide\" style=\"background-color:#660033;color:#660033\"\/>\n\n\n\n<div class=\"wp-block-columns is-layout-flex wp-container-core-columns-is-layout-9d6595d7 wp-block-columns-is-layout-flex\">\n<div class=\"wp-block-column is-layout-flow wp-block-column-is-layout-flow\" style=\"flex-basis:33.33%\"><div class=\"wp-block-image\">\n<figure class=\"aligncenter size-large is-resized\"><a href=\"https:\/\/www.bourgogne-savante.fr\/index.php\/publications\/tablesdesmatieresdesactes\/colloque26\/\"><img loading=\"lazy\" decoding=\"async\" width=\"721\" height=\"1024\" src=\"https:\/\/www.bourgogne-savante.fr\/wp-content\/uploads\/2018\/09\/Colloque-ABSS-2016-721x1024.jpg\" alt=\"Actes du 26e colloque de l'ABSS\" class=\"wp-image-1832\" style=\"width:200px;height:284px\" title=\"Actes du 26e colloque de l'ABSS\" srcset=\"https:\/\/www.bourgogne-savante.fr\/wp-content\/uploads\/2018\/09\/Colloque-ABSS-2016-721x1024.jpg 721w, https:\/\/www.bourgogne-savante.fr\/wp-content\/uploads\/2018\/09\/Colloque-ABSS-2016-106x150.jpg 106w, https:\/\/www.bourgogne-savante.fr\/wp-content\/uploads\/2018\/09\/Colloque-ABSS-2016-211x300.jpg 211w, https:\/\/www.bourgogne-savante.fr\/wp-content\/uploads\/2018\/09\/Colloque-ABSS-2016-768x1090.jpg 768w, https:\/\/www.bourgogne-savante.fr\/wp-content\/uploads\/2018\/09\/Colloque-ABSS-2016.jpg 1161w\" sizes=\"auto, (max-width: 721px) 85vw, 721px\" \/><\/a><\/figure>\n<\/div><\/div>\n\n\n\n<div class=\"wp-block-column is-layout-flow wp-block-column-is-layout-flow\" style=\"flex-basis:66.66%\">\n<h5 style=\"font-family:Gadugi;color:#660033;\">26<sup>e<\/sup> colloque (87<sup>e<\/sup> congr\u00e8s) &#8211; Bourg-en-Bresse, 2016<\/h5> <p style=\"font-family:Gadugi;\">Th\u00e8me : Femmes en Bourgogne<br>Soci\u00e9t\u00e9 organisatrice : Soci\u00e9t\u00e9 d&rsquo;\u00e9mulation de l&rsquo;Ain<br><a href=\"https:\/\/www.bourgogne-savante.fr\/wp-content\/uploads\/2018\/09\/ABSS_colloque26_programme.pdf\" target=\"_blank\" rel=\"noopener noreferrer\">Consulter le programme du colloque<\/a><\/p> <p style=\"font-family:Gadugi;\">Actes : <i>Femmes en Bourgogne<\/i>, Actes du 26<sup>e<\/sup> colloque de l&rsquo;ABSS, Monast\u00e8re royal de Brou, 22 et 23 octobre 2016, Bourg-en-Bresse, Soci\u00e9t\u00e9 d&rsquo;\u00e9mulation de l&rsquo;Ain, 2017, 173&nbsp;p.<br><a href=\"https:\/\/www.bourgogne-savante.fr\/index.php\/publications\/tablesdesmatieresdesactes\/colloque26\/\">Consulter la table des mati\u00e8res<\/a><br>Volume disponible, 21.50&nbsp;\u20ac &#8211; <a href=\"https:\/\/www.bourgogne-savante.fr\/wp-content\/uploads\/ABSSbondecommande.pdf\" target=\"_blank\" rel=\"noopener noreferrer\">Commander<\/a><\/p>\n<\/div>\n<\/div>\n\n\n\n<hr class=\"wp-block-separator has-text-color has-alpha-channel-opacity has-background is-style-wide\" style=\"background-color:#660033;color:#660033\"\/>\n\n\n\n<div class=\"wp-block-columns is-layout-flex wp-container-core-columns-is-layout-9d6595d7 wp-block-columns-is-layout-flex\">\n<div class=\"wp-block-column is-layout-flow wp-block-column-is-layout-flow\" style=\"flex-basis:33.33%\"><div class=\"wp-block-image\">\n<figure class=\"aligncenter size-full is-resized\"><a href=\"https:\/\/www.bourgogne-savante.fr\/index.php\/publications\/tablesdesmatieresdesactes\/colloque27\/\"><img loading=\"lazy\" decoding=\"async\" width=\"500\" height=\"755\" src=\"https:\/\/www.bourgogne-savante.fr\/wp-content\/uploads\/Colloque-ABSS-2017.jpg\" alt=\"Actes du 27e colloque de l'ABSS\" class=\"wp-image-2183\" style=\"width:200px;height:302px\" title=\"Actes du 27e colloque de l'ABSS\" srcset=\"https:\/\/www.bourgogne-savante.fr\/wp-content\/uploads\/Colloque-ABSS-2017.jpg 500w, https:\/\/www.bourgogne-savante.fr\/wp-content\/uploads\/Colloque-ABSS-2017-199x300.jpg 199w, https:\/\/www.bourgogne-savante.fr\/wp-content\/uploads\/Colloque-ABSS-2017-99x150.jpg 99w\" sizes=\"auto, (max-width: 500px) 85vw, 500px\" \/><\/a><\/figure>\n<\/div><\/div>\n\n\n\n<div class=\"wp-block-column is-layout-flow wp-block-column-is-layout-flow\" style=\"flex-basis:66.66%\">\n<h5 style=\"font-family:Gadugi;color:#660033;\">27<sup>e<\/sup> colloque (88<sup>e<\/sup> congr\u00e8s) &#8211; Clamecy, 2017<\/h5> <p style=\"font-family:Gadugi;\">Th\u00e8me : La ville et les pouvoirs : \u00e9conomie, culture, soci\u00e9t\u00e9\u2026<br>Soci\u00e9t\u00e9 organisatrice : Soci\u00e9t\u00e9 scientifique et artistique de Clamecy<br><a href=\"https:\/\/www.bourgogne-savante.fr\/index.php\/lettredelabourgognesavante\/lettre6#colloque27\">Consulter le programme du colloque<\/a><\/p> <p style=\"font-family:Gadugi;\">Actes : <i>La ville et les pouvoirs : \u00e9conomie, culture, soci\u00e9t\u00e9<\/i>, Actes du 27<sup>e<\/sup> colloque de l\u2019ABSS, Clamecy, 21-22 octobre 2017, Dijon, Association bourguignonne des soci\u00e9t\u00e9s savantes, Clamecy, Soci\u00e9t\u00e9 scientifique et artistique de Clamecy, 2018, 232&nbsp;p.<br><a href=\"https:\/\/www.bourgogne-savante.fr\/index.php\/publications\/tablesdesmatieresdesactes\/colloque27\/\">Consulter la table des mati\u00e8res<\/a><br>Volume disponible, 32 \u20ac &#8211; <a href=\"https:\/\/www.bourgogne-savante.fr\/wp-content\/uploads\/ABSSbondecommande.pdf\" target=\"_blank\" rel=\"noopener noreferrer\">Commander<\/a><\/p>\n<\/div>\n<\/div>\n\n\n\n<hr class=\"wp-block-separator has-text-color has-alpha-channel-opacity has-background is-style-wide\" style=\"background-color:#660033;color:#660033\"\/>\n\n\n\n<div class=\"wp-block-columns is-layout-flex wp-container-core-columns-is-layout-9d6595d7 wp-block-columns-is-layout-flex\">\n<div class=\"wp-block-column is-layout-flow wp-block-column-is-layout-flow\" style=\"flex-basis:33.33%\"><div class=\"wp-block-image\">\n<figure class=\"aligncenter size-large is-resized\"><a href=\"https:\/\/www.bourgogne-savante.fr\/index.php\/publications\/tablesdesmatieresdesactes\/colloque28\/\"><img loading=\"lazy\" decoding=\"async\" width=\"674\" height=\"1024\" src=\"https:\/\/www.bourgogne-savante.fr\/wp-content\/uploads\/Colloque-ABSS-2018-674x1024.jpg\" alt=\"Actes du 28e colloque de l'ABSS\" class=\"wp-image-1961\" style=\"width:200px;height:303px\" title=\"Actes du 28e colloque de l'ABSS\" srcset=\"https:\/\/www.bourgogne-savante.fr\/wp-content\/uploads\/Colloque-ABSS-2018-674x1024.jpg 674w, https:\/\/www.bourgogne-savante.fr\/wp-content\/uploads\/Colloque-ABSS-2018-197x300.jpg 197w, https:\/\/www.bourgogne-savante.fr\/wp-content\/uploads\/Colloque-ABSS-2018-99x150.jpg 99w, https:\/\/www.bourgogne-savante.fr\/wp-content\/uploads\/Colloque-ABSS-2018-768x1167.jpg 768w, https:\/\/www.bourgogne-savante.fr\/wp-content\/uploads\/Colloque-ABSS-2018-1010x1536.jpg 1010w, https:\/\/www.bourgogne-savante.fr\/wp-content\/uploads\/Colloque-ABSS-2018-1347x2048.jpg 1347w, https:\/\/www.bourgogne-savante.fr\/wp-content\/uploads\/Colloque-ABSS-2018-1200x1824.jpg 1200w, https:\/\/www.bourgogne-savante.fr\/wp-content\/uploads\/Colloque-ABSS-2018-scaled.jpg 1684w\" sizes=\"auto, (max-width: 674px) 85vw, 674px\" \/><\/a><\/figure>\n<\/div><\/div>\n\n\n\n<div class=\"wp-block-column is-layout-flow wp-block-column-is-layout-flow\" style=\"flex-basis:66.66%\">\n<h5 style=\"font-family:Gadugi;color:#660033;\">28<sup>e<\/sup> colloque (89<sup>e<\/sup> congr\u00e8s) &#8211; Chaumont, 2018<\/h5> <p style=\"font-family:Gadugi;\">Th\u00e8me : Parcs, jardins et espaces clos<br>Soci\u00e9t\u00e9 organisatrice : Amis des Cahiers haut-marnais<br><a href=\"https:\/\/www.bourgogne-savante.fr\/wp-content\/uploads\/2018\/09\/ABSS_colloque28_programme.pdf\" target=\"_blank\" rel=\"noopener noreferrer\">Consulter le programme du colloque<\/a><\/p> <p style=\"font-family:Gadugi;\">Actes : <i>Parcs, jardins &amp; espaces clos<\/i>, Actes du 28<sup>e<\/sup> colloque de l\u2019ABSS, Chaumont, 20-21 octobre 2018, Dijon, Association bourguignonne des soci\u00e9t\u00e9s savantes, Chaumont, Les Cahiers haut-marnais, 2019, 256&nbsp;p.<br><a href=\"https:\/\/www.bourgogne-savante.fr\/index.php\/publications\/tablesdesmatieresdesactes\/colloque28\/\">Consulter la table des mati\u00e8res<\/a><br>Volume disponible, 32 \u20ac &#8211; <a href=\"https:\/\/www.bourgogne-savante.fr\/wp-content\/uploads\/ABSSbondecommande.pdf\" target=\"_blank\" rel=\"noopener noreferrer\">Commander<\/a><\/p>\n<\/div>\n<\/div>\n\n\n\n<hr class=\"wp-block-separator has-text-color has-alpha-channel-opacity has-background is-style-wide\" style=\"background-color:#660033;color:#660033\"\/>\n\n\n\n<div class=\"wp-block-columns is-layout-flex wp-container-core-columns-is-layout-9d6595d7 wp-block-columns-is-layout-flex\">\n<div class=\"wp-block-column is-layout-flow wp-block-column-is-layout-flow\" style=\"flex-basis:33.33%\"><div class=\"wp-block-image\">\n<figure class=\"aligncenter size-large is-resized\"><a href=\"https:\/\/www.bourgogne-savante.fr\/index.php\/publications\/tablesdesmatieresdesactes\/colloque29\/\"><img loading=\"lazy\" decoding=\"async\" width=\"671\" height=\"1024\" src=\"https:\/\/www.bourgogne-savante.fr\/wp-content\/uploads\/Actes_colloque29-671x1024.jpg\" alt=\"Actes du 29e colloque de l'ABSS\" class=\"wp-image-2311\" style=\"width:200px;height:305px\" title=\"Actes du 29e colloque de l'ABSS\" srcset=\"https:\/\/www.bourgogne-savante.fr\/wp-content\/uploads\/Actes_colloque29-671x1024.jpg 671w, https:\/\/www.bourgogne-savante.fr\/wp-content\/uploads\/Actes_colloque29-196x300.jpg 196w, https:\/\/www.bourgogne-savante.fr\/wp-content\/uploads\/Actes_colloque29-98x150.jpg 98w, https:\/\/www.bourgogne-savante.fr\/wp-content\/uploads\/Actes_colloque29-768x1173.jpg 768w, https:\/\/www.bourgogne-savante.fr\/wp-content\/uploads\/Actes_colloque29-1006x1536.jpg 1006w, https:\/\/www.bourgogne-savante.fr\/wp-content\/uploads\/Actes_colloque29-1341x2048.jpg 1341w, https:\/\/www.bourgogne-savante.fr\/wp-content\/uploads\/Actes_colloque29-1200x1832.jpg 1200w, https:\/\/www.bourgogne-savante.fr\/wp-content\/uploads\/Actes_colloque29-scaled.jpg 1677w\" sizes=\"auto, (max-width: 671px) 85vw, 671px\" \/><\/a><\/figure>\n<\/div><\/div>\n\n\n\n<div class=\"wp-block-column is-layout-flow wp-block-column-is-layout-flow\" style=\"flex-basis:66.66%\">\n<h5 style=\"font-family:Gadugi;color:#660033;\">29<sup>e<\/sup> colloque (90<sup>e<\/sup> congr\u00e8s) &#8211; Auxerre, 2019<\/h5> <p style=\"font-family:Gadugi;\">Th\u00e8me : Les Bourguignons \u00e0 la d\u00e9couverte du monde<br>Soci\u00e9t\u00e9 organisatrice : Soci\u00e9t\u00e9 des sciences historiques et naturelles de l\u2019Yonne<br><a href=\"https:\/\/www.bourgogne-savante.fr\/wp-content\/uploads\/ABSS_colloque29_programme.pdf\" target=\"_blank\" rel=\"noopener noreferrer\">Consulter le programme du colloque<\/a><\/p> <p style=\"font-family:Gadugi;\">Actes : <i>Les Bourguignons \u00e0 la d\u00e9couverte du monde<\/i>, Actes du 29<sup>e<\/sup> colloque de l&rsquo;ABSS, Auxerre, 19 et 20 octobre 2019, Auxerre, Soci\u00e9t\u00e9 des sciences historiques et naturelles de l&rsquo;Yonne, 2020, 269 p.<br><a href=\"https:\/\/www.bourgogne-savante.fr\/index.php\/publications\/tablesdesmatieresdesactes\/colloque29\/\">Consulter la table des mati\u00e8res<\/a><br>Volume disponible, 27.50 \u20ac &#8211; <a href=\"https:\/\/www.bourgogne-savante.fr\/wp-content\/uploads\/ABSSbondecommande.pdf\" target=\"_blank\" rel=\"noopener noreferrer\">Commander<\/a><\/p>\n<\/div>\n<\/div>\n\n\n\n<hr class=\"wp-block-separator has-text-color has-alpha-channel-opacity has-background is-style-wide\" style=\"background-color:#660033;color:#660033\"\/>\n\n\n\n<div class=\"wp-block-columns is-layout-flex wp-container-core-columns-is-layout-9d6595d7 wp-block-columns-is-layout-flex\">\n<div class=\"wp-block-column is-layout-flow wp-block-column-is-layout-flow\" style=\"flex-basis:33.33%\"><div class=\"wp-block-image\">\n<figure class=\"aligncenter size-full is-resized\"><a href=\"https:\/\/www.bourgogne-savante.fr\/index.php\/publications\/tablesdesmatieresdesactes\/colloque30\/\"><img loading=\"lazy\" decoding=\"async\" width=\"694\" height=\"839\" src=\"https:\/\/www.bourgogne-savante.fr\/wp-content\/uploads\/Couverture1-Actes-du-colloque-Amis-de-la-basilique-2021.jpg\" alt=\"Actes du 30e colloque de l'ABSS\" class=\"wp-image-2385\" style=\"width:200px;height:241px\" title=\"Actes du 30e colloque de l'ABSS\" srcset=\"https:\/\/www.bourgogne-savante.fr\/wp-content\/uploads\/Couverture1-Actes-du-colloque-Amis-de-la-basilique-2021.jpg 694w, https:\/\/www.bourgogne-savante.fr\/wp-content\/uploads\/Couverture1-Actes-du-colloque-Amis-de-la-basilique-2021-248x300.jpg 248w, https:\/\/www.bourgogne-savante.fr\/wp-content\/uploads\/Couverture1-Actes-du-colloque-Amis-de-la-basilique-2021-124x150.jpg 124w\" sizes=\"auto, (max-width: 694px) 85vw, 694px\" \/><\/a><\/figure>\n<\/div><\/div>\n\n\n\n<div class=\"wp-block-column is-layout-flow wp-block-column-is-layout-flow\" style=\"flex-basis:66.66%\">\n<h5 style=\"font-family:Gadugi;color:#660033;\" id=\"colloque2021\">30<sup>e<\/sup> colloque (91<sup>e<\/sup> congr\u00e8s) &#8211; Paray-le-Monial, 2021<\/h5> <p style=\"font-family:Gadugi;\">Th\u00e8me : Rites et pratiques religieuses en Bourgogne<br>Soci\u00e9t\u00e9 organisatrice : Amis de la basilique romane de Paray-le-Monial<br><a href=\"https:\/\/www.bourgogne-savante.fr\/wp-content\/uploads\/Programme-colloque-Paray-le-Monial-02-et-03-octobre-2021.pdf\" target=\"_blank\" rel=\"noopener noreferrer\">Consulter le programme du colloque<\/a><\/p> <p style=\"font-family:Gadugi;\">Actes : <i>Rites et pratiques religieuses en Bourgogne<\/i>, Actes du 30<sup>e<\/sup> colloque de l&rsquo;ABSS, Paray-le-Monial, 2 et 3 octobre 2021, Dijon, Association bourguignonne des soci\u00e9t\u00e9s savantes, Paray-le-Monial, Amis de la basilique romane de Paray-le-Monial, 2022, 320 p.<br><a href=\"https:\/\/www.bourgogne-savante.fr\/index.php\/publications\/tablesdesmatieresdesactes\/colloque30\/\">Consulter la table des mati\u00e8res<\/a><br>Volume disponible, 25&nbsp;\u20ac (33&nbsp;\u20ac si envoi postal) &#8211; <a href=\"https:\/\/www.bourgogne-savante.fr\/wp-content\/uploads\/ABSSbondecommande.pdf\" target=\"_blank\" rel=\"noopener noreferrer\">Commander<\/a><\/p>\n<\/div>\n<\/div>\n\n\n\n<hr class=\"wp-block-separator has-text-color has-alpha-channel-opacity has-background is-style-wide\" style=\"background-color:#660033;color:#660033\"\/>\n\n\n\n<div class=\"wp-block-columns is-layout-flex wp-container-core-columns-is-layout-9d6595d7 wp-block-columns-is-layout-flex\">\n<div class=\"wp-block-column is-layout-flow wp-block-column-is-layout-flow\" style=\"flex-basis:33.33%\"><div class=\"wp-block-image\">\n<figure class=\"aligncenter size-full is-resized\"><a href=\"https:\/\/www.bourgogne-savante.fr\/index.php\/publications\/tablesdesmatieresdesactes\/colloque31\/\"><img loading=\"lazy\" decoding=\"async\" width=\"1693\" height=\"2560\" src=\"https:\/\/www.bourgogne-savante.fr\/wp-content\/uploads\/Colloque-ABSS-2022-scaled.jpg\" alt=\"\" class=\"wp-image-4197\" style=\"aspect-ratio:0.8298755186721992;width:200px;height:auto\" title=\"Actes du 31e colloque de l'ABSS\" srcset=\"https:\/\/www.bourgogne-savante.fr\/wp-content\/uploads\/Colloque-ABSS-2022-scaled.jpg 1693w, https:\/\/www.bourgogne-savante.fr\/wp-content\/uploads\/Colloque-ABSS-2022-198x300.jpg 198w, https:\/\/www.bourgogne-savante.fr\/wp-content\/uploads\/Colloque-ABSS-2022-677x1024.jpg 677w, https:\/\/www.bourgogne-savante.fr\/wp-content\/uploads\/Colloque-ABSS-2022-99x150.jpg 99w, https:\/\/www.bourgogne-savante.fr\/wp-content\/uploads\/Colloque-ABSS-2022-768x1161.jpg 768w, https:\/\/www.bourgogne-savante.fr\/wp-content\/uploads\/Colloque-ABSS-2022-1016x1536.jpg 1016w, https:\/\/www.bourgogne-savante.fr\/wp-content\/uploads\/Colloque-ABSS-2022-1355x2048.jpg 1355w, https:\/\/www.bourgogne-savante.fr\/wp-content\/uploads\/Colloque-ABSS-2022-1200x1814.jpg 1200w\" sizes=\"auto, (max-width: 709px) 85vw, (max-width: 909px) 67vw, (max-width: 1362px) 62vw, 840px\" \/><\/a><\/figure>\n<\/div><\/div>\n\n\n\n<div class=\"wp-block-column is-layout-flow wp-block-column-is-layout-flow\" style=\"flex-basis:66.66%\">\n<h5 style=\"font-family:Gadugi;color:#660033;\">31<sup>e<\/sup> colloque (92<sup>e<\/sup> congr\u00e8s) &#8211; Chalon-sur-Sa\u00f4ne, 2022<\/h5>\n<p style=\"font-family:Gadugi;\">Th\u00e8me : Histoire de l\u2019image et image de l\u2019histoire<br>Soci\u00e9t\u00e9 organisatrice : Soci\u00e9t\u00e9 d\u2019histoire et d\u2019arch\u00e9ologie de Chalon-sur-Sa\u00f4ne<br><a href=\"https:\/\/www.bourgogne-savante.fr\/wp-content\/uploads\/Lettre_Bourgogne_savante_20.pdf\" target=\"_blank\" rel=\"noopener noreferrer\">Consulter le programme du colloque<\/a> dans la <i>Lettre de la Bourgogne savante<\/i> d&rsquo;octobre 2022<\/p>\n<\/p> <p style=\"font-family:Gadugi;\">Actes : <i>Histoire de l&rsquo;image. Images de l&rsquo;histoire en Bourgogne<\/i>, Actes du 31<sup>e<\/sup> colloque de l&rsquo;ABSS, Chalon-sur-Sa\u00f4ne, 22 et 23 octobre 2022, Dijon, Association bourguignonne des soci\u00e9t\u00e9s savantes, Chalon-sur-Sa\u00f4ne, Soci\u00e9t\u00e9 d&rsquo;histoire et d&rsquo;arch\u00e9ologie de Chalon-sur-Sa\u00f4ne, 2023, 180&nbsp;p.\n<br><a href=\"https:\/\/www.bourgogne-savante.fr\/index.php\/publications\/tablesdesmatieresdesactes\/colloque31\/\">Consulter la table des mati\u00e8res<\/a><br>Volume disponible, 22&nbsp;\u20ac (29&nbsp;\u20ac si envoi postal) &#8211; <a href=\"https:\/\/www.bourgogne-savante.fr\/wp-content\/uploads\/ABSSbondecommande.pdf\" target=\"_blank\" rel=\"noopener noreferrer\">Commander<\/a><\/p>\n<\/div>\n<\/div>\n\n\n\n<hr class=\"wp-block-separator has-text-color has-alpha-channel-opacity has-background is-style-wide\" style=\"background-color:#660033;color:#660033\"\/>\n\n\n\n<div class=\"wp-block-columns is-layout-flex wp-container-core-columns-is-layout-9d6595d7 wp-block-columns-is-layout-flex\">\n<div class=\"wp-block-column is-layout-flow wp-block-column-is-layout-flow\" style=\"flex-basis:33.33%\"><div class=\"wp-block-image\">\n<figure class=\"aligncenter size-full is-resized\"><a href=\"https:\/\/www.bourgogne-savante.fr\/index.php\/publications\/tablesdesmatieresdesactes\/colloque32\/\"><img loading=\"lazy\" decoding=\"async\" width=\"583\" height=\"883\" src=\"https:\/\/www.bourgogne-savante.fr\/wp-content\/uploads\/Colloque-2023-couverture.jpg\" alt=\"\" class=\"wp-image-5000\" style=\"aspect-ratio:0.8298755186721992;width:200px;height:auto\" title=\"Actes du 32e colloque de l'ABSS\" srcset=\"https:\/\/www.bourgogne-savante.fr\/wp-content\/uploads\/Colloque-2023-couverture.jpg 583w, https:\/\/www.bourgogne-savante.fr\/wp-content\/uploads\/Colloque-2023-couverture-198x300.jpg 198w, https:\/\/www.bourgogne-savante.fr\/wp-content\/uploads\/Colloque-2023-couverture-99x150.jpg 99w\" sizes=\"auto, (max-width: 583px) 85vw, 583px\" \/><\/a><\/figure>\n<\/div><\/div>\n\n\n\n<div class=\"wp-block-column is-layout-flow wp-block-column-is-layout-flow\" style=\"flex-basis:66.66%\">\n<h5 style=\"font-family:Gadugi;color:#660033;\">32<sup>e<\/sup> colloque (93<sup>e<\/sup> congr\u00e8s) &#8211; Langres, 2023<\/h5>\n<p style=\"font-family:Gadugi;\">Th\u00e8me : En faire tout un plat : les arts de la table \u00e0 travers les si\u00e8cles<br>Soci\u00e9t\u00e9 organisatrice : Soci\u00e9t\u00e9 historique et arch\u00e9ologique de Langres<br><a href=\"https:\/\/www.bourgogne-savante.fr\/wp-content\/uploads\/Programme_colloque_2023.pdf\" target=\"_blank\" rel=\"noopener noreferrer\">Consulter le programme du colloque<\/a><\/p>\n<p style=\"font-family:Gadugi;\">Actes : <i>En faire tout un plat : les arts de la table \u00e0 travers les si\u00e8cles<\/i>, Actes du 32<sup>e<\/sup> colloque de l\u2019ABSS, Langres, 21 et 22 octobre 2023, Dijon, Association bourguignonne des soci\u00e9t\u00e9s savantes, Langres, Soci\u00e9t\u00e9 historique et arch\u00e9ologique de Langres, 2024, 162&nbsp;p.<br><a href=\"https:\/\/www.bourgogne-savante.fr\/index.php\/publications\/tablesdesmatieresdesactes\/colloque32\/\">Consulter la table des mati\u00e8res<\/a><br>Volume disponible, 22&nbsp;\u20ac (29&nbsp;\u20ac si envoi postal) &#8211; <a href=\"https:\/\/www.bourgogne-savante.fr\/wp-content\/uploads\/ABSSbondecommande.pdf\" target=\"_blank\" rel=\"noopener noreferrer\">Commander<\/a><\/p>\n<\/div>\n<\/div>\n\n\n\n<hr class=\"wp-block-separator has-text-color has-alpha-channel-opacity has-background is-style-wide\" style=\"background-color:#660033;color:#660033\"\/>\n\n\n\n<div class=\"wp-block-columns is-layout-flex wp-container-core-columns-is-layout-9d6595d7 wp-block-columns-is-layout-flex\">\n<div class=\"wp-block-column is-layout-flow wp-block-column-is-layout-flow\" style=\"flex-basis:33.33%\"><div class=\"wp-block-image\">\n<figure class=\"aligncenter size-full is-resized\"><a href=\"https:\/\/www.bourgogne-savante.fr\/index.php\/publications\/tablesdesmatieresdesactes\/colloque33\/\"><img decoding=\"async\" src=\"https:\/\/www.bourgogne-savante.fr\/wp-content\/uploads\/Colloque-2024-couverture.jpg\" alt=\"\" class=\"wp-image-5000\" style=\"aspect-ratio:0.8298755186721992;width:200px;height:auto\" title=\"Actes du 33e colloque de l'ABSS\"\/><\/a><\/figure>\n<\/div><\/div>\n\n\n\n<div class=\"wp-block-column is-layout-flow wp-block-column-is-layout-flow\" style=\"flex-basis:66.66%\">\n<h5 style=\"font-family:Gadugi;color:#660033;margin-top:20px;\">33<sup>e<\/sup> colloque (94<sup>e<\/sup> congr\u00e8s) &#8211; Beaune, 2024<\/h5>\n<p style=\"font-family:Gadugi;\">Th\u00e8me : La Bourgogne dans de beaux draps. Histoire du textile en Bourgogne, de la fibre au chiffon<br>Soci\u00e9t\u00e9 organisatrice : Centre beaunois d&rsquo;\u00e9tudes historiques<br><a href=\"https:\/\/www.bourgogne-savante.fr\/wp-content\/uploads\/Programme-colloque-Beaune.pdf\" target=\"_blank\" rel=\"noopener noreferrer\">Consulter le programme du colloque<\/a><\/p>\n<p style=\"font-family:Gadugi;\">Actes : <i>La Bourgogne dans de beaux draps. Histoire du textile en Bourgogne, de la fibre au chiffon<\/i>, Actes du 33<sup>e<\/sup> colloque de l&rsquo;ABSS, Beaune, 19 et 20 octobre 2024, Dijon, Association bourguignonne des soci\u00e9t\u00e9s savantes, Beaune, Centre beaunois d&rsquo;\u00e9tudes historiques, 2025, 240&nbsp;p.<br><a href=\"https:\/\/www.bourgogne-savante.fr\/index.php\/publications\/tablesdesmatieresdesactes\/colloque33\/\">Consulter la table des mati\u00e8res<\/a><br>Volume disponible, 20&nbsp;\u20ac (27&nbsp;\u20ac si envoi postal) &#8211; <a href=\"https:\/\/www.bourgogne-savante.fr\/wp-content\/uploads\/ABSSbondecommande.pdf\" target=\"_blank\" rel=\"noopener noreferrer\">Commander<\/a><\/p>\n<\/div>\n<\/div>\n\n\n\n<hr class=\"wp-block-separator has-text-color has-alpha-channel-opacity has-background is-style-wide\" style=\"background-color:#660033;color:#660033\"\/>\n\n\n\n\n<div class=\"wp-block-columns is-layout-flex wp-container-core-columns-is-layout-9d6595d7 wp-block-columns-is-layout-flex\">\n<div class=\"wp-block-column is-layout-flow wp-block-column-is-layout-flow\" style=\"flex-basis:33.33%\"><\/div>\n\n\n\n<div class=\"wp-block-column is-layout-flow wp-block-column-is-layout-flow\" style=\"flex-basis:66.66%\">\n<h5 style=\"font-family:Gadugi;color:#660033;margin-top:20px;\">34<sup>e<\/sup> colloque (95<sup>e<\/sup> congr\u00e8s) &#8211; Dijon, 2025<\/h5>\n<p style=\"font-family:Gadugi;\">Th\u00e8me : Patrimoines d\u2019hier et de demain en Bourgogne : les soci\u00e9t\u00e9s savantes au d\u00e9fi de leur \u00e9tude, de leur conservation et de leur valorisation<br>Soci\u00e9t\u00e9 organisatrice : Acad\u00e9mie des sciences, arts et belles-lettres de Dijon<br><a href=\"https:\/\/www.bourgogne-savante.fr\/wp-content\/uploads\/Programme-colloque-ABSS-2025-Academie-de-Dijon-Patrimoines-d-hier-et-de-demain-en-Bourgogne-version-13-septembre-2025.pdf\" target=\"_blank\" rel=\"noopener noreferrer\">Consulter le programme du colloque<\/a><\/p>\n<\/p>\n<p style=\"font-family:Gadugi;\">Actes : \u00e0 para\u00eetre<\/p>\n<\/div>\n<\/div>\n\n\n\n<hr class=\"wp-block-separator has-text-color has-alpha-channel-opacity has-background is-style-wide\" style=\"background-color:#660033;color:#660033\"\/>\n\n\n\n<div class=\"wp-block-buttons is-content-justification-center is-layout-flex wp-container-core-buttons-is-layout-16018d1d wp-block-buttons-is-layout-flex\">\n<div class=\"wp-block-button has-custom-font-size has-small-font-size\"><a class=\"wp-block-button__link has-background wp-element-button\" href=\"https:\/\/www.bourgogne-savante.fr\/index.php\/colloques\/liste\/\" style=\"background-color:#660033\">Haut de page<\/a><\/div>\n<\/div>\n","protected":false},"excerpt":{"rendered":"<p>1er congr\u00e8s &#8211; Dijon, 1914 Soci\u00e9t\u00e9 organisatrice : Acad\u00e9mie des sciences, arts et belles-lettres de DijonCompte rendu : Dijon, 1921, 38&nbsp;p. 2e congr\u00e8s &#8211; M\u00e2con, 1923 Compte rendu : Annales de l\u2019Acad\u00e9mie de M\u00e2con, 3e s\u00e9rie, t.&nbsp;23, 1922-1923, p.&nbsp;307-358.Tir\u00e9 \u00e0 part : M\u00e2con, 1925, 54&nbsp;p.Le compte rendu du congr\u00e8s est consultable en ligne dans Gallica. &hellip; <a href=\"https:\/\/www.bourgogne-savante.fr\/index.php\/colloques\/liste\/\" class=\"more-link\">Continuer la lecture<span class=\"screen-reader-text\"> de &laquo;&nbsp;Liste des congr\u00e8s et colloques de l&rsquo;ABSS&nbsp;&raquo;<\/span><\/a><\/p>\n","protected":false},"author":1,"featured_media":0,"parent":36,"menu_order":0,"comment_status":"closed","ping_status":"closed","template":"","meta":{"footnotes":""},"class_list":["post-170","page","type-page","status-publish","hentry"],"_links":{"self":[{"href":"https:\/\/www.bourgogne-savante.fr\/index.php\/wp-json\/wp\/v2\/pages\/170","targetHints":{"allow":["GET"]}}],"collection":[{"href":"https:\/\/www.bourgogne-savante.fr\/index.php\/wp-json\/wp\/v2\/pages"}],"about":[{"href":"https:\/\/www.bourgogne-savante.fr\/index.php\/wp-json\/wp\/v2\/types\/page"}],"author":[{"embeddable":true,"href":"https:\/\/www.bourgogne-savante.fr\/index.php\/wp-json\/wp\/v2\/users\/1"}],"replies":[{"embeddable":true,"href":"https:\/\/www.bourgogne-savante.fr\/index.php\/wp-json\/wp\/v2\/comments?post=170"}],"version-history":[{"count":142,"href":"https:\/\/www.bourgogne-savante.fr\/index.php\/wp-json\/wp\/v2\/pages\/170\/revisions"}],"predecessor-version":[{"id":5860,"href":"https:\/\/www.bourgogne-savante.fr\/index.php\/wp-json\/wp\/v2\/pages\/170\/revisions\/5860"}],"up":[{"embeddable":true,"href":"https:\/\/www.bourgogne-savante.fr\/index.php\/wp-json\/wp\/v2\/pages\/36"}],"wp:attachment":[{"href":"https:\/\/www.bourgogne-savante.fr\/index.php\/wp-json\/wp\/v2\/media?parent=170"}],"curies":[{"name":"wp","href":"https:\/\/api.w.org\/{rel}","templated":true}]}}