{"id":1822,"date":"2018-09-28T20:56:49","date_gmt":"2018-09-28T18:56:49","guid":{"rendered":"http:\/\/www.bourgogne-savante.fr\/?page_id=1822"},"modified":"2024-01-02T12:02:19","modified_gmt":"2024-01-02T11:02:19","slug":"colloque25","status":"publish","type":"page","link":"https:\/\/www.bourgogne-savante.fr\/index.php\/publications\/tablesdesmatieresdesactes\/colloque25\/","title":{"rendered":"Actes du 25e colloque de l&rsquo;ABSS &#8211; Table des mati\u00e8res"},"content":{"rendered":"\n<div class=\"wp-block-media-text alignwide is-stacked-on-mobile\" style=\"grid-template-columns:25% auto\"><figure class=\"wp-block-media-text__media\"><img loading=\"lazy\" decoding=\"async\" width=\"721\" height=\"1024\" src=\"https:\/\/www.bourgogne-savante.fr\/wp-content\/uploads\/2018\/09\/Colloque-ABSS-2015-721x1024.jpg\" alt=\"Actes du 25e colloque de l'ABSS\" class=\"wp-image-1831 size-full\" srcset=\"https:\/\/www.bourgogne-savante.fr\/wp-content\/uploads\/2018\/09\/Colloque-ABSS-2015-721x1024.jpg 721w, https:\/\/www.bourgogne-savante.fr\/wp-content\/uploads\/2018\/09\/Colloque-ABSS-2015-106x150.jpg 106w, https:\/\/www.bourgogne-savante.fr\/wp-content\/uploads\/2018\/09\/Colloque-ABSS-2015-211x300.jpg 211w, https:\/\/www.bourgogne-savante.fr\/wp-content\/uploads\/2018\/09\/Colloque-ABSS-2015-768x1090.jpg 768w, https:\/\/www.bourgogne-savante.fr\/wp-content\/uploads\/2018\/09\/Colloque-ABSS-2015.jpg 1161w\" sizes=\"auto, (max-width: 721px) 85vw, 721px\" \/><\/figure><div class=\"wp-block-media-text__content\">\n<p style=\"font-family:Gadugi;font-size:18px;\"><i>La Bourgogne au temps de Lamartine, permanences et actualit\u00e9<\/i>, Actes du 25<sup>e<\/sup> colloque de l\u2019ABSS, M\u00e2con, 24-25 octobre 2015, Dijon, Association bourguignonne des soci\u00e9t\u00e9s savantes, M\u00e2con, Acad\u00e9mie de M\u00e2con, 2016, 169&nbsp;p.<\/p>\n<\/div><\/div>\n\n\n\n<hr class=\"wp-block-separator has-text-color has-alpha-channel-opacity has-background is-style-wide\" style=\"background-color:#660033;color:#660033\"\/>\n\n\n\n<p style=\"font-family:Gadugi;margin-bottom:10px;\">VINCENT (Daniel-Henri), \u00ab&nbsp;Colloque de M\u00e2con 2015. Introduction&nbsp;\u00bb, p.&nbsp;9-11.<\/p>\n<p style=\"font-family:Gadugi;margin-bottom:10px;margin-top:0px;\">LOCHOT (\u00c9liane), \u00ab&nbsp;La Bourgogne viticole \u00e0 l&rsquo;exposition de Dijon en 1858&nbsp;\u00bb, p.&nbsp;12-22.<\/p>\n<p style=\"font-family:Gadugi;margin-bottom:10px;margin-top:0px;\">STEEVES (Edward), \u00ab&nbsp;Les climats de Bourgogne&nbsp;\u00bb, p.&nbsp;24-28.<\/p>\n<p style=\"font-family:Gadugi;margin-bottom:10px;margin-top:0px;\">GARCIA (Jean-Pierre), \u00ab&nbsp;Les climats de Bourgogne : une construction historique&nbsp;\u00bb, p.&nbsp;30-45.<\/p>\n<p style=\"font-family:Gadugi;margin-bottom:10px;margin-top:0px;\">BLIGNY (Jean-Fran\u00e7ois), \u00ab&nbsp;\u00catre vigneron au temps de Lamartine&nbsp;\u00bb, p.&nbsp;46-57.<\/p>\n<p style=\"font-family:Gadugi;margin-bottom:10px;margin-top:0px;\">VINCENT (Daniel-Henri), \u00ab&nbsp;L&rsquo;image de la Bourgogne au temps de Lamartine dans les <i>C\u00e9l\u00e9brations de Bourgogne<\/i>&nbsp;\u00bb, p.&nbsp;58-67.<\/p>\n<p style=\"font-family:Gadugi;margin-bottom:10px;margin-top:0px;\">SYLLA (Jean-Pierre), \u00ab&nbsp;\u00ab\u00a0Bourgogne au temps de Lamartine, la r\u00e9volution du sol\u00a0\u00bb&nbsp;\u00bb, p.&nbsp;68-77.<\/p>\n<p style=\"font-family:Gadugi;margin-bottom:10px;margin-top:0px;\">GAFFODIO (Jacques), \u00ab&nbsp;L&#8217;empire Schneider au temps de Lamartine&nbsp;\u00bb, p.&nbsp;78-87.<\/p>\n<p style=\"font-family:Gadugi;margin-bottom:10px;margin-top:0px;\">DULIN (Jean-Michel), \u00ab&nbsp;Voyager en Bourgogne au temps de Lamartine&nbsp;\u00bb, p.&nbsp;88-97.<\/p>\n<p style=\"font-family:Gadugi;margin-bottom:10px;margin-top:0px;\">L\u00c9GER (Bernard), \u00ab&nbsp;Lamartine et la po\u00e9sie ouvri\u00e8re en Bourgogne&nbsp;\u00bb, p.&nbsp;98-116.<\/p>\n<p style=\"font-family:Gadugi;margin-bottom:10px;margin-top:0px;\">BOUTHIER (Alain), \u00ab&nbsp;Les Roussel de Vauz\u00e8me : une famille nivernaise r\u00e9publicaine militante contemporaine de Lamartine&nbsp;\u00bb, p.&nbsp;118-131.<\/p>\n<p style=\"font-family:Gadugi;margin-bottom:10px;margin-top:0px;\">MOURIN (Samuel), \u00ab&nbsp;L&rsquo;artiste haut-marnais Fran\u00e7ois-Alexandre Pernot et la Bourgogne : autour de Charles le T\u00e9m\u00e9raire et d&rsquo;Alphonse de Lamartine&nbsp;\u00bb, p.&nbsp;132-153.<\/p>\n<p style=\"font-family:Gadugi;margin-top:0px;\">GARIOT (Pierre), \u00ab&nbsp;Jules Claude Ziegler, un personnage hors du commun \u00e0 red\u00e9couvrir&nbsp;\u00bb, p.&nbsp;154-168.<\/p>\n\n\n\n<hr class=\"wp-block-separator has-text-color has-alpha-channel-opacity has-background is-style-wide\" style=\"background-color:#660033;color:#660033\"\/>\n\n\n\n<p style=\"font-family:Gadugi;margin-bottom:50px;\">Volume disponible, 31.50&nbsp;\u20ac (frais de port compris) &#8211; <a href=\"https:\/\/www.bourgogne-savante.fr\/wp-content\/uploads\/ABSSbondecommande.pdf\" target=\"_blank\" rel=\"noopener noreferrer\">Commander<\/a><\/p>\n\n\n\n<div class=\"wp-block-buttons is-content-justification-center is-layout-flex wp-container-core-buttons-is-layout-16018d1d wp-block-buttons-is-layout-flex\">\n<div class=\"wp-block-button has-custom-font-size has-small-font-size\"><a class=\"wp-block-button__link has-background wp-element-button\" href=\"https:\/\/www.bourgogne-savante.fr\/index.php\/publications\/tablesdesmatieresdesactes\/colloque24\/\" style=\"background-color:#660033\"><< Colloque pr\u00e9c\u00e9dent<\/a><\/div>\n\n\n\n<div class=\"wp-block-button has-custom-font-size has-small-font-size\"><a class=\"wp-block-button__link has-background wp-element-button\" href=\"https:\/\/www.bourgogne-savante.fr\/index.php\/publications\/tablesdesmatieresdesactes\/\" style=\"background-color:#660033\">Retour \u00e0 la liste des tables des mati\u00e8res<\/a><\/div>\n\n\n\n<div class=\"wp-block-button has-custom-font-size has-small-font-size\"><a class=\"wp-block-button__link has-background wp-element-button\" href=\"https:\/\/www.bourgogne-savante.fr\/index.php\/publications\/tablesdesmatieresdesactes\/colloque26\/\" style=\"background-color:#660033\">Colloque suivant >><\/a><\/div>\n<\/div>\n","protected":false},"excerpt":{"rendered":"<p>La Bourgogne au temps de Lamartine, permanences et actualit\u00e9, Actes du 25e colloque de l\u2019ABSS, M\u00e2con, 24-25 octobre 2015, Dijon, Association bourguignonne des soci\u00e9t\u00e9s savantes, M\u00e2con, Acad\u00e9mie de M\u00e2con, 2016, 169&nbsp;p. VINCENT (Daniel-Henri), \u00ab&nbsp;Colloque de M\u00e2con 2015. Introduction&nbsp;\u00bb, p.&nbsp;9-11. LOCHOT (\u00c9liane), \u00ab&nbsp;La Bourgogne viticole \u00e0 l&rsquo;exposition de Dijon en 1858&nbsp;\u00bb, p.&nbsp;12-22. STEEVES (Edward), \u00ab&nbsp;Les climats &hellip; <a href=\"https:\/\/www.bourgogne-savante.fr\/index.php\/publications\/tablesdesmatieresdesactes\/colloque25\/\" class=\"more-link\">Continuer la lecture<span class=\"screen-reader-text\"> de &laquo;&nbsp;Actes du 25e colloque de l&rsquo;ABSS &#8211; Table des mati\u00e8res&nbsp;&raquo;<\/span><\/a><\/p>\n","protected":false},"author":1,"featured_media":0,"parent":219,"menu_order":0,"comment_status":"closed","ping_status":"closed","template":"","meta":{"footnotes":""},"class_list":["post-1822","page","type-page","status-publish","hentry"],"_links":{"self":[{"href":"https:\/\/www.bourgogne-savante.fr\/index.php\/wp-json\/wp\/v2\/pages\/1822","targetHints":{"allow":["GET"]}}],"collection":[{"href":"https:\/\/www.bourgogne-savante.fr\/index.php\/wp-json\/wp\/v2\/pages"}],"about":[{"href":"https:\/\/www.bourgogne-savante.fr\/index.php\/wp-json\/wp\/v2\/types\/page"}],"author":[{"embeddable":true,"href":"https:\/\/www.bourgogne-savante.fr\/index.php\/wp-json\/wp\/v2\/users\/1"}],"replies":[{"embeddable":true,"href":"https:\/\/www.bourgogne-savante.fr\/index.php\/wp-json\/wp\/v2\/comments?post=1822"}],"version-history":[{"count":9,"href":"https:\/\/www.bourgogne-savante.fr\/index.php\/wp-json\/wp\/v2\/pages\/1822\/revisions"}],"predecessor-version":[{"id":4490,"href":"https:\/\/www.bourgogne-savante.fr\/index.php\/wp-json\/wp\/v2\/pages\/1822\/revisions\/4490"}],"up":[{"embeddable":true,"href":"https:\/\/www.bourgogne-savante.fr\/index.php\/wp-json\/wp\/v2\/pages\/219"}],"wp:attachment":[{"href":"https:\/\/www.bourgogne-savante.fr\/index.php\/wp-json\/wp\/v2\/media?parent=1822"}],"curies":[{"name":"wp","href":"https:\/\/api.w.org\/{rel}","templated":true}]}}