{"id":396,"date":"2018-02-25T13:43:30","date_gmt":"2018-02-25T12:43:30","guid":{"rendered":"http:\/\/www.bourgogne-savante.fr\/?page_id=396"},"modified":"2024-01-02T11:52:40","modified_gmt":"2024-01-02T10:52:40","slug":"colloque11","status":"publish","type":"page","link":"https:\/\/www.bourgogne-savante.fr\/index.php\/publications\/tablesdesmatieresdesactes\/colloque11\/","title":{"rendered":"Actes du 11e colloque de l&rsquo;ABSS &#8211; Table des mati\u00e8res"},"content":{"rendered":"\n<div class=\"wp-block-media-text alignwide is-stacked-on-mobile\" style=\"grid-template-columns:25% auto\"><figure class=\"wp-block-media-text__media\"><img loading=\"lazy\" decoding=\"async\" width=\"295\" height=\"448\" src=\"https:\/\/www.bourgogne-savante.fr\/wp-content\/uploads\/2018\/02\/Colloque-ABSS-2001.jpg\" alt=\"Actes du 11e colloque de l'ABSS\" class=\"wp-image-273 size-full\" srcset=\"https:\/\/www.bourgogne-savante.fr\/wp-content\/uploads\/2018\/02\/Colloque-ABSS-2001.jpg 295w, https:\/\/www.bourgogne-savante.fr\/wp-content\/uploads\/2018\/02\/Colloque-ABSS-2001-99x150.jpg 99w, https:\/\/www.bourgogne-savante.fr\/wp-content\/uploads\/2018\/02\/Colloque-ABSS-2001-198x300.jpg 198w\" sizes=\"auto, (max-width: 295px) 85vw, 295px\" \/><\/figure><div class=\"wp-block-media-text__content\">\n<p style=\"font-family:Gadugi;font-size:18px;\"><i>La vigne et le vin dans l&rsquo;histoire. Aspects techniques et sociaux<\/i>, Actes du 11<sup>e<\/sup> colloque de l&rsquo;Association bourguignonne des soci\u00e9t\u00e9s savantes, Beaune (13-14 octobre 2001), Dijon, Association bourguignonne des soci\u00e9t\u00e9s savantes, Beaune, Centre d&rsquo;histoire de la vigne et du vin, 2003, 290 p. (\u00ab&nbsp;Cahiers d&rsquo;histoire de la vigne et du vin&nbsp;\u00bb, 3).<\/p>\n<\/div><\/div>\n\n\n\n<hr class=\"wp-block-separator has-text-color has-alpha-channel-opacity has-background is-style-wide\" style=\"background-color:#660033;color:#660033\"\/>\n\n\n\n<p style=\"font-family:Gadugi;margin-bottom:10px;\">\u00ab&nbsp;Le onzi\u00e8me colloque de l\u2019A.B.S.S., Beaune, 13-14 octobre 2001&nbsp;\u00bb, p.&nbsp;5-7.<\/p>\n\n<p style=\"font-family:Gadugi;margin-bottom:10px;margin-top:0px;\">LATOUR (Louis), \u00ab&nbsp;L\u2019\u0153nologie historique auxiliaire indispensable de la connaissance du vignoble. Conf\u00e9rence d\u2019ouverture de M. Louis Latour&nbsp;\u00bb, p.&nbsp;9-29.<\/p>\n\n<p style=\"font-family:Gadugi;margin-bottom:10px;margin-top:0px;\">SIRDEY (J\u00e9r\u00f4me), \u00ab&nbsp;Hommage \u00e0 deux ruralistes : Jean Jacquart et Hugues Neveux&nbsp;\u00bb, p.&nbsp;31-35.<\/p>\n\n<p style=\"font-family:Gadugi;margin-bottom:10px;margin-top:0px;\">BOUTHIER (Alain), GALET (Pierre), \u00ab&nbsp;T\u00e9moins arch\u00e9ologiques de la culture de la vigne dans le nord-ouest de la Ni\u00e8vre entre le II<sup>\u00e8me<\/sup> et le XVII<sup>\u00e8me<\/sup> si\u00e8cle&nbsp;\u00bb, p.&nbsp;37-49.<\/p>\n\n<p style=\"font-family:Gadugi;margin-bottom:10px;margin-top:0px;\">RAUWEL (Alain), \u00ab&nbsp;Vignes et propri\u00e9taires au pays de Saint Bernard (X<sup>\u00e8me<\/sup>-XV<sup>\u00e8me<\/sup> si\u00e8cle)&nbsp;\u00bb, p.&nbsp;51-58.<\/p>\n\n<p style=\"font-family:Gadugi;margin-bottom:10px;margin-top:0px;\">PEPKE-DURIX (Hannelore), \u00ab&nbsp;Du lieu-dit au terroir : les territoires viticoles \u00e0 Dijon aux XIV<sup>\u00e8me<\/sup> et XV<sup>\u00e8me<\/sup> si\u00e8cles&nbsp;\u00bb, p.&nbsp;59-77.<\/p>\n\n<p style=\"font-family:Gadugi;margin-bottom:10px;margin-top:0px;\">GALANAUD (Anne), LABESSE (Henri), \u00ab&nbsp;Les vignerons \u00e0 Dijon au d\u00e9but du XVI<sup>\u00e8me<\/sup> si\u00e8cle&nbsp;\u00bb, p.&nbsp;79-99.<\/p>\n\n<p style=\"font-family:Gadugi;margin-bottom:10px;margin-top:0px;\">COMBIER (Jean), \u00ab&nbsp;Un vignoble de r\u00e9f\u00e9rence : le \u00ab Moulin-\u00e0-Vent \u00bb, aux confins du M\u00e2connais et du Beaujolais&nbsp;\u00bb, p.&nbsp;100-118.<\/p>\n\n<p style=\"font-family:Gadugi;margin-bottom:10px;margin-top:0px;\">DESAIVE (Jean-Paul), \u00ab&nbsp;Seigneurs vendeurs de vin entre Chablis et Tonnerre au XVIII<sup>\u00e8me<\/sup> si\u00e8cle&nbsp;\u00bb, p.&nbsp;119-150.<\/p>\n\n<p style=\"font-family:Gadugi;margin-bottom:10px;margin-top:0px;\">LOCHOT (Eliane), \u00ab&nbsp;Pour une histoire des savoirs viti-vinicoles : l\u2019h\u00e9ritage des XVIII<sup>\u00e8me<\/sup> et XIX<sup>\u00e8me<\/sup> si\u00e8cles&nbsp;\u00bb, p.&nbsp;151-158.<\/p>\n\n<p style=\"font-family:Gadugi;margin-bottom:10px;margin-top:0px;\">LAMARRE (Christine), \u00ab&nbsp;Les vignerons et les premi\u00e8res \u00e9lections municipales en C\u00f4te-d\u2019Or (f\u00e9vrier 1790)&nbsp;\u00bb, p.&nbsp;159-171.<\/p>\n\n<p style=\"font-family:Gadugi;margin-bottom:10px;margin-top:0px;\">PLATRET (Gilles), \u00ab&nbsp;Le vignoble chalonnais et la l\u00e9gende napol\u00e9onienne du Premier Empire au Second Empire&nbsp;\u00bb, p.&nbsp;173-192.<\/p>\n\n<p style=\"font-family:Gadugi;margin-bottom:10px;margin-top:0px;\">BOURGEON (Jean-Marc), \u00ab&nbsp;Les r\u00e9sistances aux traitements administratifs dans le vignoble c\u00f4te-d\u2019orien au d\u00e9but de la crise du phyllox\u00e9ra (1879)&nbsp;\u00bb, p.&nbsp;193-206.<\/p>\n\n<p style=\"font-family:Gadugi;margin-bottom:10px;margin-top:0px;\">BLETON-RUGET (Annie), \u00ab&nbsp;La naissance du mouvement coop\u00e9ratif viticole en Sa\u00f4ne-et-Loire&nbsp;\u00bb, p.&nbsp;207-224.<\/p>\n\n<p style=\"font-family:Gadugi;margin-bottom:10px;margin-top:0px;\">LEGOUY (Fran\u00e7ois), \u00ab&nbsp;Les bourgogne Hautes-C\u00f4tes de Beaune et Hautes-C\u00f4tes de Nuits, l\u2019histoire d\u2019une belle appellation&nbsp;\u00bb, p.&nbsp;225-238.<\/p>\n\n<p style=\"font-family:Gadugi;margin-bottom:10px;margin-top:0px;\">JACQUET (Olivier), \u00ab&nbsp;Le statut viticole de la Bourgogne : un terrain de divergences syndicales entre la Sa\u00f4ne-et-Loire et la C\u00f4te-d\u2019Or pour la d\u00e9limitation de la Bourgogne&nbsp;\u00bb, p.&nbsp;239-259.<\/p>\n\n<p style=\"font-family:Gadugi;margin-top:0px;\">LAFERTE (Gilles), \u00ab&nbsp;La cr\u00e9ation d\u2019un folklore vineux en Bourgogne dans l\u2019Entre-deux-guerres&nbsp;\u00bb, p.&nbsp;261-277.<\/p>\n\n\n\n<hr class=\"wp-block-separator has-text-color has-alpha-channel-opacity has-background is-style-wide\" style=\"background-color:#660033;color:#660033\"\/>\n\n\n\n<p style=\"font-family:Gadugi;margin-bottom:50px;\">Volume disponible, 31.30&nbsp;\u20ac (frais de port compris) &#8211; <a href=\"https:\/\/www.bourgogne-savante.fr\/wp-content\/uploads\/ABSSbondecommande.pdf\" target=\"_blank\" rel=\"noopener noreferrer\">Commander<\/a><\/p>\n\n\n\n<div class=\"wp-block-buttons is-content-justification-center is-layout-flex wp-container-core-buttons-is-layout-16018d1d wp-block-buttons-is-layout-flex\">\n<div class=\"wp-block-button has-custom-font-size has-small-font-size\"><a class=\"wp-block-button__link has-background wp-element-button\" href=\"https:\/\/www.bourgogne-savante.fr\/index.php\/publications\/tablesdesmatieresdesactes\/colloque10\/\" style=\"background-color:#660033\"><< Colloque pr\u00e9c\u00e9dent<\/a><\/div>\n\n\n\n<div class=\"wp-block-button has-custom-font-size has-small-font-size\"><a class=\"wp-block-button__link has-background wp-element-button\" href=\"https:\/\/www.bourgogne-savante.fr\/index.php\/publications\/tablesdesmatieresdesactes\/\" style=\"background-color:#660033\">Retour \u00e0 la liste des tables des mati\u00e8res<\/a><\/div>\n\n\n\n<div class=\"wp-block-button has-custom-font-size has-small-font-size\"><a class=\"wp-block-button__link has-background wp-element-button\" href=\"https:\/\/www.bourgogne-savante.fr\/index.php\/publications\/tablesdesmatieresdesactes\/colloque12\/\" style=\"background-color:#660033\">Colloque suivant >><\/a><\/div>\n<\/div>\n","protected":false},"excerpt":{"rendered":"<p>La vigne et le vin dans l&rsquo;histoire. Aspects techniques et sociaux, Actes du 11e colloque de l&rsquo;Association bourguignonne des soci\u00e9t\u00e9s savantes, Beaune (13-14 octobre 2001), Dijon, Association bourguignonne des soci\u00e9t\u00e9s savantes, Beaune, Centre d&rsquo;histoire de la vigne et du vin, 2003, 290 p. (\u00ab&nbsp;Cahiers d&rsquo;histoire de la vigne et du vin&nbsp;\u00bb, 3). \u00ab&nbsp;Le onzi\u00e8me colloque &hellip; <a href=\"https:\/\/www.bourgogne-savante.fr\/index.php\/publications\/tablesdesmatieresdesactes\/colloque11\/\" class=\"more-link\">Continuer la lecture<span class=\"screen-reader-text\"> de &laquo;&nbsp;Actes du 11e colloque de l&rsquo;ABSS &#8211; Table des mati\u00e8res&nbsp;&raquo;<\/span><\/a><\/p>\n","protected":false},"author":1,"featured_media":0,"parent":219,"menu_order":0,"comment_status":"closed","ping_status":"closed","template":"","meta":{"footnotes":""},"class_list":["post-396","page","type-page","status-publish","hentry"],"_links":{"self":[{"href":"https:\/\/www.bourgogne-savante.fr\/index.php\/wp-json\/wp\/v2\/pages\/396","targetHints":{"allow":["GET"]}}],"collection":[{"href":"https:\/\/www.bourgogne-savante.fr\/index.php\/wp-json\/wp\/v2\/pages"}],"about":[{"href":"https:\/\/www.bourgogne-savante.fr\/index.php\/wp-json\/wp\/v2\/types\/page"}],"author":[{"embeddable":true,"href":"https:\/\/www.bourgogne-savante.fr\/index.php\/wp-json\/wp\/v2\/users\/1"}],"replies":[{"embeddable":true,"href":"https:\/\/www.bourgogne-savante.fr\/index.php\/wp-json\/wp\/v2\/comments?post=396"}],"version-history":[{"count":38,"href":"https:\/\/www.bourgogne-savante.fr\/index.php\/wp-json\/wp\/v2\/pages\/396\/revisions"}],"predecessor-version":[{"id":4475,"href":"https:\/\/www.bourgogne-savante.fr\/index.php\/wp-json\/wp\/v2\/pages\/396\/revisions\/4475"}],"up":[{"embeddable":true,"href":"https:\/\/www.bourgogne-savante.fr\/index.php\/wp-json\/wp\/v2\/pages\/219"}],"wp:attachment":[{"href":"https:\/\/www.bourgogne-savante.fr\/index.php\/wp-json\/wp\/v2\/media?parent=396"}],"curies":[{"name":"wp","href":"https:\/\/api.w.org\/{rel}","templated":true}]}}