{"id":411,"date":"2018-02-25T14:06:37","date_gmt":"2018-02-25T13:06:37","guid":{"rendered":"http:\/\/www.bourgogne-savante.fr\/?page_id=411"},"modified":"2024-01-02T11:56:05","modified_gmt":"2024-01-02T10:56:05","slug":"colloque15","status":"publish","type":"page","link":"https:\/\/www.bourgogne-savante.fr\/index.php\/publications\/tablesdesmatieresdesactes\/colloque15\/","title":{"rendered":"Actes du 15e colloque de l&rsquo;ABSS &#8211; Table des mati\u00e8res"},"content":{"rendered":"\n<div class=\"wp-block-media-text alignwide is-stacked-on-mobile\" style=\"grid-template-columns:25% auto\"><figure class=\"wp-block-media-text__media\"><img loading=\"lazy\" decoding=\"async\" width=\"683\" height=\"1024\" src=\"https:\/\/www.bourgogne-savante.fr\/wp-content\/uploads\/Colloque-ABSS-2005-683x1024.jpg\" alt=\"\" class=\"wp-image-3814 size-full\" srcset=\"https:\/\/www.bourgogne-savante.fr\/wp-content\/uploads\/Colloque-ABSS-2005-683x1024.jpg 683w, https:\/\/www.bourgogne-savante.fr\/wp-content\/uploads\/Colloque-ABSS-2005-200x300.jpg 200w, https:\/\/www.bourgogne-savante.fr\/wp-content\/uploads\/Colloque-ABSS-2005-100x150.jpg 100w, https:\/\/www.bourgogne-savante.fr\/wp-content\/uploads\/Colloque-ABSS-2005-768x1152.jpg 768w, https:\/\/www.bourgogne-savante.fr\/wp-content\/uploads\/Colloque-ABSS-2005-1024x1536.jpg 1024w, https:\/\/www.bourgogne-savante.fr\/wp-content\/uploads\/Colloque-ABSS-2005-1365x2048.jpg 1365w, https:\/\/www.bourgogne-savante.fr\/wp-content\/uploads\/Colloque-ABSS-2005-1200x1800.jpg 1200w, https:\/\/www.bourgogne-savante.fr\/wp-content\/uploads\/Colloque-ABSS-2005.jpg 1556w\" sizes=\"auto, (max-width: 683px) 85vw, 683px\" \/><\/figure><div class=\"wp-block-media-text__content\">\n<p style=\"font-family:Gadugi;font-size:18px;\"><i>Eau, rivi\u00e8res et confins<\/i>, Actes du 15<sup>e<\/sup> colloque de l&rsquo;Association bourguignonne des soci\u00e9t\u00e9s savantes, Joigny, 15 et 16 octobre 2005, Dijon, Association bourguignonne des soci\u00e9t\u00e9s savantes, Joigny, Association culturelle et d&rsquo;\u00e9tudes de Joigny, 2006, 287&nbsp;p.<\/p>\n<\/div><\/div>\n\n\n\n<hr class=\"wp-block-separator has-text-color has-alpha-channel-opacity has-background is-style-wide\" style=\"background-color:#660033;color:#660033\"\/>\n\n\n\n<p style=\"font-family:Gadugi;margin-bottom:10px;\">FLEURY (Bernard), \u00ab&nbsp;Avant propos&nbsp;\u00bb, p.&nbsp;7-8.<\/p>\n<p style=\"font-family:Gadugi;margin-bottom:10px;margin-top:0px;\">VIGNIER (Fran\u00e7oise), \u00ab&nbsp;Compte-rendu&nbsp;\u00bb, p.&nbsp;9-10.<\/p>\n<p style=\"font-family:Gadugi;margin-bottom:10px;margin-top:0px;\">ALLEMAND-GAY (Marie-Th\u00e9r\u00e8se), \u00ab&nbsp;Travaux publics entre administration royale et communaut\u00e9 \u00e0 la fin du XVIII<sup>e<\/sup> si\u00e8cle&nbsp;: la reconstruction des ponts de Gerb\u00e9viller&nbsp;\u00bb, p.&nbsp;11-18.<\/p>\n<p style=\"font-family:Gadugi;margin-bottom:10px;margin-top:0px;\">AUDARD (Yves), \u00ab&nbsp;La musique coule de source&nbsp;\u00bb, p.&nbsp;19-21.<\/p>\n<p style=\"font-family:Gadugi;margin-bottom:10px;margin-top:0px;\">BARBIER (Madeleine), \u00ab&nbsp;Les autorit\u00e9s municipales et la gestion des d\u00e9g\u00e2ts des eaux : le cas particulier de la ville de Haguenau dans la seconde moiti\u00e9 du XVIII<sup>e<\/sup> si\u00e8cle&nbsp;\u00bb, p.&nbsp;23-42.<\/p>\n<p style=\"font-family:Gadugi;margin-bottom:10px;margin-top:0px;\">BART (Jean), \u00ab&nbsp;Les \u00e9tangs sous le regard des anciens juristes bressans&nbsp;\u00bb, p.&nbsp;43-52.<\/p>\n<p style=\"font-family:Gadugi;margin-bottom:10px;margin-top:0px;\">BENOIT (Serge), \u00ab&nbsp;L&rsquo;utilisation de l&rsquo;\u00e9nergie hydraulique en C\u00f4te-d&rsquo;Or au XIX<sup>e<\/sup> si\u00e8cle : esquisse d&rsquo;un bilan d&rsquo;ensemble&nbsp;\u00bb, p.&nbsp;53-69.<\/p>\n<p style=\"font-family:Gadugi;margin-bottom:10px;margin-top:0px;\">BERTHIER (Karine), \u00ab&nbsp;L&rsquo;industrie du fer dans le Comt\u00e9 de Saint-Fargeau (Yonne) : les forges hydrauliques du XIV<sup>e<\/sup> au d\u00e9but du XVI<sup>e<\/sup> si\u00e8cle&nbsp;\u00bb, p.&nbsp;71-80.<\/p>\n<p style=\"font-family:Gadugi;margin-bottom:10px;margin-top:0px;\">BLIGNY (Jean-Fran\u00e7ois), \u00ab&nbsp;Le canal de Bourgogne et l&rsquo;\u00e9nergie&nbsp;\u00bb, p.&nbsp;81-90.<\/p>\n<p style=\"font-family:Gadugi;margin-bottom:10px;margin-top:0px;\">BOUTHIER (Alain), \u00ab&nbsp;Le flottage des bois sur la Loire&nbsp;\u00bb, p.&nbsp;91-100.<\/p>\n<p style=\"font-family:Gadugi;margin-bottom:10px;margin-top:0px;\">DELOR (Jean-Paul), \u00ab&nbsp;Importance du r\u00e9seau hydrographique dans l&rsquo;organisation des implantations humaines n\u00e9olithiques, au nord de l&rsquo;Auxerrois&nbsp;\u00bb, p.&nbsp;101-115.<\/p>\n<p style=\"font-family:Gadugi;margin-bottom:10px;margin-top:0px;\">DESAIVE (Jean-Paul), \u00ab&nbsp;\u00c9tangs, poissons, car\u00eame : l&rsquo;amodiation des droits de p\u00eache en Auxerrois sous l&rsquo;Ancien R\u00e9gime&nbsp;\u00bb, p.&nbsp;117-122.<\/p>\n<p style=\"font-family:Gadugi;margin-bottom:10px;margin-top:0px;\">DUPONT (Jacques), \u00ab&nbsp;Des trains de bois ?&nbsp;\u00bb, p.&nbsp;123-132.<\/p>\n<p style=\"font-family:Gadugi;margin-bottom:10px;margin-top:0px;\">FRANCOIS-LECLANCH\u00c9 (Xavier), \u00ab&nbsp;Les contrats du moulin de Villiers-sur-Tholon aux XVII<sup>e<\/sup> et XVIII<sup>e<\/sup> si\u00e8cles&nbsp;\u00bb, p.&nbsp;133-136.<\/p>\n<p style=\"font-family:Gadugi;margin-bottom:10px;margin-top:0px;\">GAY (Jean), \u00ab&nbsp;Les probl\u00e8mes de l&rsquo;eau au Moyen Age dans le sud du Comt\u00e9 de Bourgogne&nbsp;\u00bb, p.&nbsp;137-143.<\/p>\n<p style=\"font-family:Gadugi;margin-bottom:10px;margin-top:0px;\">GRESSER (Pierre), \u00ab&nbsp;Le droit de p\u00eache dans les eaux comtales en Franche-Comt\u00e9 d&rsquo;apr\u00e8s les chartes de franchises (XIII<sup>e<\/sup>-XV<sup>e<\/sup> si\u00e8cles)&nbsp;\u00bb, p.&nbsp;145-152.<\/p>\n<p style=\"font-family:Gadugi;margin-bottom:10px;margin-top:0px;\">L\u00c9GER (Bernard), \u00ab&nbsp;Les lacs d&rsquo;am\u00e9nagement de l&rsquo;Yonne et de ses affluents morvandiaux&nbsp;\u00bb, p.&nbsp;153-169.<\/p>\n<p style=\"font-family:Gadugi;margin-bottom:10px;margin-top:0px;\">LE NY (Marie-Agn\u00e8s), \u00ab&nbsp;L&rsquo;approvisionnement de la ville de Metz en eau potable (sources et fontaines) aux XVII<sup>e<\/sup> et XVIII<sup>e<\/sup> si\u00e8cles&nbsp;\u00bb, p.&nbsp;171-180.<\/p>\n<p style=\"font-family:Gadugi;margin-bottom:10px;margin-top:0px;\">M\u00c9NAGER (Philippe), \u00ab&nbsp;Un projet de \u00ab\u00a0canal lat\u00e9ral\u00a0\u00bb \u00e0 la Loire partant de Digoin en direction de Briare \u00e0 la fin du XVIII<sup>e<\/sup> si\u00e8cle&nbsp;\u00bb, p.&nbsp;181-192.<\/p>\n<p style=\"font-family:Gadugi;margin-bottom:10px;margin-top:0px;\">MEUNIER (Etienne), \u00ab&nbsp;Glanes aquatiques joviniennes des XVII<sup>e<\/sup> et XVIII<sup>e<\/sup> si\u00e8cles&nbsp;\u00bb, p.&nbsp;193-218.<\/p>\n<p style=\"font-family:Gadugi;margin-bottom:10px;margin-top:0px;\">MILLAT (Pierre), \u00ab&nbsp;Divinit\u00e9s, saintes et \u00eatres de terroirs dans la m\u00e9moire des eaux de l&rsquo;Yonne&nbsp;\u00bb, p.&nbsp;219-231.<\/p>\n<p style=\"font-family:Gadugi;margin-bottom:10px;margin-top:0px;\">MOTTET (G\u00e9rard), \u00ab&nbsp;Fleuves et rivi\u00e8res en Bourgogne, entre dispersion, passage et prospective&nbsp;\u00bb, p.&nbsp;233-237.<\/p>\n<p style=\"font-family:Gadugi;margin-bottom:10px;margin-top:0px;\">RIBEILL (Georges), \u00ab&nbsp;Les ports de l&rsquo;Yonne et leurs compagnies d&rsquo;ouvriers \u00e0 l&rsquo;\u00e2ge d&rsquo;or de la navigation icaunaise (premi\u00e8re moiti\u00e9 du XIX<sup>e<\/sup> si\u00e8cle)&nbsp;\u00bb, p.&nbsp;239-262.<\/p>\n<p style=\"font-family:Gadugi;margin-bottom:10px;margin-top:0px;\">RICHARD (Hugues), \u00ab&nbsp;Les effets de l&rsquo;eau sur l&rsquo;acquisition de la propri\u00e9t\u00e9 : le Trait\u00e9 de l&rsquo;alluvion d&rsquo;Olivier-Jacques Chardon, pr\u00e9sident du tribunal civil d&rsquo;Auxerre&nbsp;\u00bb, p.&nbsp;263-269.<\/p>\n<p style=\"font-family:Gadugi;margin-bottom:10px;margin-top:0px;\">ROUILLARD (Jos\u00e9phine), \u00ab&nbsp;Les usages de l&rsquo;eau dans le bassin de la Vanne au Moyen Age&nbsp;\u00bb, p.&nbsp;271.<\/p>\n<p style=\"font-family:Gadugi;margin-top:0px;\">SAVEAN (G\u00e9rard), \u00ab&nbsp;\u00c9tude faune et flore le long des rivi\u00e8res : Yonne, Cousin, Cure&nbsp;\u00bb, p.&nbsp;273-281.<\/p>\n\n\n\n<hr class=\"wp-block-separator has-text-color has-alpha-channel-opacity has-background is-style-wide\" style=\"background-color:#660033;color:#660033\"\/>\n\n\n\n<p style=\"font-family:Gadugi;margin-bottom:50px;\">Volume disponible, 31.30&nbsp;\u20ac (frais de port compris) &#8211; <a href=\"https:\/\/www.bourgogne-savante.fr\/wp-content\/uploads\/ABSSbondecommande.pdf\" target=\"_blank\" rel=\"noopener noreferrer\">Commander<\/a><\/p>\n\n\n\n<div class=\"wp-block-buttons is-content-justification-center is-layout-flex wp-container-core-buttons-is-layout-16018d1d wp-block-buttons-is-layout-flex\">\n<div class=\"wp-block-button has-custom-font-size has-small-font-size\"><a class=\"wp-block-button__link has-background wp-element-button\" href=\"https:\/\/www.bourgogne-savante.fr\/index.php\/publications\/tablesdesmatieresdesactes\/colloque14\/\" style=\"background-color:#660033\"><< Colloque pr\u00e9c\u00e9dent<\/a><\/div>\n\n\n\n<div class=\"wp-block-button has-custom-font-size has-small-font-size\"><a class=\"wp-block-button__link has-background wp-element-button\" href=\"https:\/\/www.bourgogne-savante.fr\/index.php\/publications\/tablesdesmatieresdesactes\/\" style=\"background-color:#660033\">Retour \u00e0 la liste des tables des mati\u00e8res<\/a><\/div>\n\n\n\n<div class=\"wp-block-button has-custom-font-size has-small-font-size\"><a class=\"wp-block-button__link has-background wp-element-button\" href=\"https:\/\/www.bourgogne-savante.fr\/index.php\/publications\/tablesdesmatieresdesactes\/colloque16\/\" style=\"background-color:#660033\">Colloque suivant >><\/a><\/div>\n<\/div>\n","protected":false},"excerpt":{"rendered":"<p>Eau, rivi\u00e8res et confins, Actes du 15e colloque de l&rsquo;Association bourguignonne des soci\u00e9t\u00e9s savantes, Joigny, 15 et 16 octobre 2005, Dijon, Association bourguignonne des soci\u00e9t\u00e9s savantes, Joigny, Association culturelle et d&rsquo;\u00e9tudes de Joigny, 2006, 287&nbsp;p. FLEURY (Bernard), \u00ab&nbsp;Avant propos&nbsp;\u00bb, p.&nbsp;7-8. VIGNIER (Fran\u00e7oise), \u00ab&nbsp;Compte-rendu&nbsp;\u00bb, p.&nbsp;9-10. ALLEMAND-GAY (Marie-Th\u00e9r\u00e8se), \u00ab&nbsp;Travaux publics entre administration royale et communaut\u00e9 \u00e0 la &hellip; <a href=\"https:\/\/www.bourgogne-savante.fr\/index.php\/publications\/tablesdesmatieresdesactes\/colloque15\/\" class=\"more-link\">Continuer la lecture<span class=\"screen-reader-text\"> de &laquo;&nbsp;Actes du 15e colloque de l&rsquo;ABSS &#8211; Table des mati\u00e8res&nbsp;&raquo;<\/span><\/a><\/p>\n","protected":false},"author":1,"featured_media":0,"parent":219,"menu_order":0,"comment_status":"closed","ping_status":"closed","template":"","meta":{"footnotes":""},"class_list":["post-411","page","type-page","status-publish","hentry"],"_links":{"self":[{"href":"https:\/\/www.bourgogne-savante.fr\/index.php\/wp-json\/wp\/v2\/pages\/411","targetHints":{"allow":["GET"]}}],"collection":[{"href":"https:\/\/www.bourgogne-savante.fr\/index.php\/wp-json\/wp\/v2\/pages"}],"about":[{"href":"https:\/\/www.bourgogne-savante.fr\/index.php\/wp-json\/wp\/v2\/types\/page"}],"author":[{"embeddable":true,"href":"https:\/\/www.bourgogne-savante.fr\/index.php\/wp-json\/wp\/v2\/users\/1"}],"replies":[{"embeddable":true,"href":"https:\/\/www.bourgogne-savante.fr\/index.php\/wp-json\/wp\/v2\/comments?post=411"}],"version-history":[{"count":33,"href":"https:\/\/www.bourgogne-savante.fr\/index.php\/wp-json\/wp\/v2\/pages\/411\/revisions"}],"predecessor-version":[{"id":4480,"href":"https:\/\/www.bourgogne-savante.fr\/index.php\/wp-json\/wp\/v2\/pages\/411\/revisions\/4480"}],"up":[{"embeddable":true,"href":"https:\/\/www.bourgogne-savante.fr\/index.php\/wp-json\/wp\/v2\/pages\/219"}],"wp:attachment":[{"href":"https:\/\/www.bourgogne-savante.fr\/index.php\/wp-json\/wp\/v2\/media?parent=411"}],"curies":[{"name":"wp","href":"https:\/\/api.w.org\/{rel}","templated":true}]}}