{"id":42,"date":"2018-02-17T12:32:47","date_gmt":"2018-02-17T11:32:47","guid":{"rendered":"http:\/\/www.bourgogne-savante.fr\/?page_id=42"},"modified":"2023-05-04T22:16:53","modified_gmt":"2023-05-04T20:16:53","slug":"ressourcesenligne","status":"publish","type":"page","link":"https:\/\/www.bourgogne-savante.fr\/index.php\/ressourcesenligne\/","title":{"rendered":"Ressources en ligne"},"content":{"rendered":"\n<p style=\"font-family:Gadugi;font-size:18px;\">Ces pages proposent des liens vers des ressources accessibles en ligne, utiles aux chercheurs et aux curieux qui s\u2019int\u00e9ressent \u00e0 l\u2019histoire, au territoire et au patrimoine de la Bourgogne.<\/p>\n\n\n\n<div class=\"wp-block-columns is-layout-flex wp-container-core-columns-is-layout-9d6595d7 wp-block-columns-is-layout-flex\">\n<div class=\"wp-block-column is-layout-flow wp-block-column-is-layout-flow\">\n<a href=\"https:\/\/www.bourgogne-savante.fr\/index.php\/ressourcesenligne\/cataloguesdebibliotheques\/\"><p style=\"font-family:Gadugi;background-color:#660033;color:#FFFFFF;font-size:20px;text-align:center;margin-bottom:0px;margin-left:30px;margin-right:10px;padding-top:15px;padding-bottom:15px;\">Catalogues de biblioth\u00e8ques<br>d&rsquo;\u00e9tude et de recherche<\/p><\/a>\n<figure class=\"wp-block-image size-full\" style=\"margin-left:30px;margin-right:10px;\"><a href=\"https:\/\/www.bourgogne-savante.fr\/index.php\/ressourcesenligne\/cataloguesdebibliotheques\/\"><img loading=\"lazy\" decoding=\"async\" width=\"500\" height=\"377\" src=\"https:\/\/www.bourgogne-savante.fr\/wp-content\/uploads\/La_Galerie_agreable_du_monde_.Van_Der_btv1b10509804z_27-2.jpg\" alt=\"\" class=\"wp-image-3204\" srcset=\"https:\/\/www.bourgogne-savante.fr\/wp-content\/uploads\/La_Galerie_agreable_du_monde_.Van_Der_btv1b10509804z_27-2.jpg 500w, https:\/\/www.bourgogne-savante.fr\/wp-content\/uploads\/La_Galerie_agreable_du_monde_.Van_Der_btv1b10509804z_27-2-300x226.jpg 300w, https:\/\/www.bourgogne-savante.fr\/wp-content\/uploads\/La_Galerie_agreable_du_monde_.Van_Der_btv1b10509804z_27-2-150x113.jpg 150w\" sizes=\"auto, (max-width: 500px) 85vw, 500px\" \/><\/a><\/figure>\n<\/div>\n\n\n\n<div class=\"wp-block-column is-layout-flow wp-block-column-is-layout-flow\">\n<a href=\"https:\/\/www.bourgogne-savante.fr\/index.php\/ressourcesenligne\/collections\/\"><p style=\"font-family:Gadugi;background-color:#660033;color:#FFFFFF;font-size:20px;text-align:center;margin-bottom:0px;margin-left:10px;margin-right:30px;padding-top:15px;padding-bottom:15px;\">Collections en ligne<br>(archives, biblioth\u00e8ques, mus\u00e9es)<\/p><\/a>\n<figure class=\"wp-block-image size-full\" style=\"margin-left:10px;margin-right:30px;\"><a href=\"https:\/\/www.bourgogne-savante.fr\/index.php\/ressourcesenligne\/collections\/\"><img decoding=\"async\" src=\"https:\/\/www.bourgogne-savante.fr\/wp-content\/uploads\/Carte_du_canal_propose_en_._btv1b55008497t_1-6.jpg\" alt=\"\" class=\"wp-image-3205\"\/><\/a><\/figure>\n<\/div>\n<\/div>\n\n\n\n<div class=\"wp-block-columns is-layout-flex wp-container-core-columns-is-layout-9d6595d7 wp-block-columns-is-layout-flex\">\n<div class=\"wp-block-column is-layout-flow wp-block-column-is-layout-flow\">\n<a href=\"https:\/\/www.bourgogne-savante.fr\/index.php\/ressourcesenligne\/revuesbourguignonnes\/\"><p style=\"font-family:Gadugi;background-color:#660033;color:#FFFFFF;font-size:20px;text-align:center;margin-bottom:0px;margin-left:30px;margin-right:10px;padding-top:15px;padding-bottom:15px;\">Revues bourguignonnes en ligne<\/p><\/a>\n<figure class=\"wp-block-image size-full\" style=\"margin-left:30px;margin-right:10px;\"><a href=\"https:\/\/www.bourgogne-savante.fr\/index.php\/ressourcesenligne\/revuesbourguignonnes\/\"><img loading=\"lazy\" decoding=\"async\" width=\"500\" height=\"377\" src=\"https:\/\/www.bourgogne-savante.fr\/wp-content\/uploads\/Memoires_de_la_Societe_bourguignonne_.Societe_bourguignonne_bpt6k4081972_1-5.jpg\" alt=\"\" class=\"wp-image-3209\" srcset=\"https:\/\/www.bourgogne-savante.fr\/wp-content\/uploads\/Memoires_de_la_Societe_bourguignonne_.Societe_bourguignonne_bpt6k4081972_1-5.jpg 500w, https:\/\/www.bourgogne-savante.fr\/wp-content\/uploads\/Memoires_de_la_Societe_bourguignonne_.Societe_bourguignonne_bpt6k4081972_1-5-300x226.jpg 300w, https:\/\/www.bourgogne-savante.fr\/wp-content\/uploads\/Memoires_de_la_Societe_bourguignonne_.Societe_bourguignonne_bpt6k4081972_1-5-150x113.jpg 150w\" sizes=\"auto, (max-width: 500px) 85vw, 500px\" \/><\/a><\/figure>\n<\/div>\n\n\n\n<div class=\"wp-block-column is-layout-flow wp-block-column-is-layout-flow\">\n<a href=\"https:\/\/www.bourgogne-savante.fr\/index.php\/ressourcesenligne\/societessavantes\/\"><p style=\"font-family:Gadugi;background-color:#660033;color:#FFFFFF;font-size:20px;text-align:center;margin-bottom:0px;margin-left:10px;margin-right:30px;padding-top:15px;padding-bottom:15px;\">Soci\u00e9t\u00e9s savantes<\/p><\/a>\n<figure class=\"wp-block-image size-full\" style=\"margin-left:10px;margin-right:30px;\"><a href=\"https:\/\/www.bourgogne-savante.fr\/index.php\/ressourcesenligne\/societessavantes\/\"><img loading=\"lazy\" decoding=\"async\" width=\"500\" height=\"377\" src=\"https:\/\/www.bourgogne-savante.fr\/wp-content\/uploads\/BordeauxS_B330636101_DP149_052_v0001-5.jpg\" alt=\"\" class=\"wp-image-3210\" srcset=\"https:\/\/www.bourgogne-savante.fr\/wp-content\/uploads\/BordeauxS_B330636101_DP149_052_v0001-5.jpg 500w, https:\/\/www.bourgogne-savante.fr\/wp-content\/uploads\/BordeauxS_B330636101_DP149_052_v0001-5-300x226.jpg 300w, https:\/\/www.bourgogne-savante.fr\/wp-content\/uploads\/BordeauxS_B330636101_DP149_052_v0001-5-150x113.jpg 150w\" sizes=\"auto, (max-width: 500px) 85vw, 500px\" \/><\/a><\/figure>\n<\/div>\n<\/div>\n\n\n\n<hr class=\"wp-block-separator has-text-color has-alpha-channel-opacity has-background is-style-wide\" style=\"background-color:#660033;color:#660033;margin-bottom:10px;\"\/>\n\n\n\n<div class=\"wp-block-columns is-layout-flex wp-container-core-columns-is-layout-9d6595d7 wp-block-columns-is-layout-flex\">\n<div class=\"wp-block-column is-layout-flow wp-block-column-is-layout-flow\">\n<div class=\"wp-block-columns is-layout-flex wp-container-core-columns-is-layout-9d6595d7 wp-block-columns-is-layout-flex\">\n<div class=\"wp-block-column is-layout-flow wp-block-column-is-layout-flow\">\n<figure class=\"wp-block-image size-full\"><a href=\"http:\/\/patrimoine.bm-dijon.fr\/pleade\/img-viewer\/MS00170\/iipviewer.html?ns=FR212316101_CITEAUX_MS00170_006_V.jpg&amp;nd=&amp;np=&amp;cv=true&amp;book-nb=false&amp;bnd=FR212316101_CITEAUX_MS00170_101_PF.jpg&amp;bnp=FR212316101_CITEAUX_MS00170_000_01_PS.jpg&amp;base=mets&amp;monoid=MS00170&amp;mname=&amp;treq=&amp;vcontext=mets&amp;prev=book\" target=\"_blank\" rel=\"noreferrer noopener\"><img loading=\"lazy\" decoding=\"async\" width=\"800\" height=\"625\" src=\"https:\/\/www.bourgogne-savante.fr\/wp-content\/uploads\/Enluminure_Citeaux_1.jpg\" alt=\"Saint Gr\u00e9goire le Grand. Moralia in Job. Livres XIII-XVI. XIIe si\u00e8cle (1111) \/ Biblioth\u00e8que municipale de Dijon, ms 170, f. 6v (d\u00e9tail)\" class=\"wp-image-3249\" title=\"Saint Gr\u00e9goire le Grand. Moralia in Job. Livres XIII-XVI. XIIe si\u00e8cle (1111) \/ Biblioth\u00e8que municipale de Dijon, ms 170, f. 6v (d\u00e9tail)\" srcset=\"https:\/\/www.bourgogne-savante.fr\/wp-content\/uploads\/Enluminure_Citeaux_1.jpg 800w, https:\/\/www.bourgogne-savante.fr\/wp-content\/uploads\/Enluminure_Citeaux_1-300x234.jpg 300w, https:\/\/www.bourgogne-savante.fr\/wp-content\/uploads\/Enluminure_Citeaux_1-150x117.jpg 150w, https:\/\/www.bourgogne-savante.fr\/wp-content\/uploads\/Enluminure_Citeaux_1-768x600.jpg 768w\" sizes=\"auto, (max-width: 800px) 85vw, 800px\" \/><\/a><\/figure>\n<\/div>\n\n\n\n<div class=\"wp-block-column is-layout-flow wp-block-column-is-layout-flow\">\n<figure class=\"wp-block-image size-full\"><a href=\"http:\/\/patrimoine.bm-dijon.fr\/pleade\/img-viewer\/MS00170\/iipviewer.html?ns=FR212316101_CITEAUX_MS00170_032_R.jpg&amp;nd=&amp;np=&amp;cv=true&amp;book-nb=false&amp;bnd=FR212316101_CITEAUX_MS00170_101_PF.jpg&amp;bnp=FR212316101_CITEAUX_MS00170_000_01_PS.jpg&amp;base=mets&amp;monoid=MS00170&amp;mname=&amp;treq=&amp;vcontext=mets&amp;prev=book\" target=\"_blank\" rel=\"noreferrer noopener\"><img loading=\"lazy\" decoding=\"async\" width=\"800\" height=\"627\" src=\"https:\/\/www.bourgogne-savante.fr\/wp-content\/uploads\/Enluminure_Citeaux_2.jpg\" alt=\"Saint Gr\u00e9goire le Grand. Moralia in Job. Livres XIII-XVI. XIIe si\u00e8cle (1111) \/ Biblioth\u00e8que municipale de Dijon, ms 170, f. 32r (d\u00e9tail)\" class=\"wp-image-3250\" title=\"Saint Gr\u00e9goire le Grand. Moralia in Job. Livres XIII-XVI. XIIe si\u00e8cle (1111) \/ Biblioth\u00e8que municipale de Dijon, ms 170, f. 32r (d\u00e9tail)\" srcset=\"https:\/\/www.bourgogne-savante.fr\/wp-content\/uploads\/Enluminure_Citeaux_2.jpg 800w, https:\/\/www.bourgogne-savante.fr\/wp-content\/uploads\/Enluminure_Citeaux_2-300x235.jpg 300w, https:\/\/www.bourgogne-savante.fr\/wp-content\/uploads\/Enluminure_Citeaux_2-150x118.jpg 150w, https:\/\/www.bourgogne-savante.fr\/wp-content\/uploads\/Enluminure_Citeaux_2-768x602.jpg 768w\" sizes=\"auto, (max-width: 800px) 85vw, 800px\" \/><\/a><\/figure>\n<\/div>\n<\/div>\n<\/div>\n\n\n\n<div class=\"wp-block-column is-layout-flow wp-block-column-is-layout-flow\">\n<div class=\"wp-block-columns is-layout-flex wp-container-core-columns-is-layout-9d6595d7 wp-block-columns-is-layout-flex\">\n<div class=\"wp-block-column is-layout-flow wp-block-column-is-layout-flow\">\n<figure class=\"wp-block-image size-full\"><a href=\"http:\/\/patrimoine.bm-dijon.fr\/pleade\/img-viewer\/MS00170\/iipviewer.html?ns=FR212316101_CITEAUX_MS00170_059_R.jpg&amp;nd=&amp;np=&amp;cv=true&amp;book-nb=false&amp;bnd=FR212316101_CITEAUX_MS00170_101_PF.jpg&amp;bnp=FR212316101_CITEAUX_MS00170_000_01_PS.jpg&amp;base=mets&amp;monoid=MS00170&amp;mname=&amp;treq=&amp;vcontext=mets&amp;prev=book\" target=\"_blank\" rel=\"noreferrer noopener\"><img loading=\"lazy\" decoding=\"async\" width=\"800\" height=\"627\" src=\"https:\/\/www.bourgogne-savante.fr\/wp-content\/uploads\/Enluminure_Citeaux_3.jpg\" alt=\"Saint Gr\u00e9goire le Grand. Moralia in Job. Livres XIII-XVI. XIIe si\u00e8cle (1111) \/ Biblioth\u00e8que municipale de Dijon, ms 170, f. 59r (d\u00e9tail)\" class=\"wp-image-3251\" title=\"Saint Gr\u00e9goire le Grand. Moralia in Job. Livres XIII-XVI. XIIe si\u00e8cle (1111) \/ Biblioth\u00e8que municipale de Dijon, ms 170, f. 59r (d\u00e9tail)\" srcset=\"https:\/\/www.bourgogne-savante.fr\/wp-content\/uploads\/Enluminure_Citeaux_3.jpg 800w, https:\/\/www.bourgogne-savante.fr\/wp-content\/uploads\/Enluminure_Citeaux_3-300x235.jpg 300w, https:\/\/www.bourgogne-savante.fr\/wp-content\/uploads\/Enluminure_Citeaux_3-150x118.jpg 150w, https:\/\/www.bourgogne-savante.fr\/wp-content\/uploads\/Enluminure_Citeaux_3-768x602.jpg 768w\" sizes=\"auto, (max-width: 800px) 85vw, 800px\" \/><\/a><\/figure>\n<\/div>\n\n\n\n<div class=\"wp-block-column is-layout-flow wp-block-column-is-layout-flow\">\n<figure class=\"wp-block-image size-full\"><a href=\"http:\/\/patrimoine.bm-dijon.fr\/pleade\/img-viewer\/MS00170\/iipviewer.html?ns=FR212316101_CITEAUX_MS00170_075_V.jpg&amp;nd=&amp;np=&amp;cv=true&amp;book-nb=false&amp;bnd=FR212316101_CITEAUX_MS00170_101_PF.jpg&amp;bnp=FR212316101_CITEAUX_MS00170_000_01_PS.jpg&amp;base=mets&amp;monoid=MS00170&amp;mname=&amp;treq=&amp;vcontext=mets&amp;prev=book\" target=\"_blank\" rel=\"noreferrer noopener\"><img loading=\"lazy\" decoding=\"async\" width=\"800\" height=\"627\" src=\"https:\/\/www.bourgogne-savante.fr\/wp-content\/uploads\/Enluminure_Citeaux_4.jpg\" alt=\"Saint Gr\u00e9goire le Grand. Moralia in Job. Livres XIII-XVI. XIIe si\u00e8cle (1111) \/ Biblioth\u00e8que municipale de Dijon, ms 170, f. 75v (d\u00e9tail)\" class=\"wp-image-3252\" title=\"Saint Gr\u00e9goire le Grand. Moralia in Job. Livres XIII-XVI. XIIe si\u00e8cle (1111) \/ Biblioth\u00e8que municipale de Dijon, ms 170, f. 75v (d\u00e9tail)\" srcset=\"https:\/\/www.bourgogne-savante.fr\/wp-content\/uploads\/Enluminure_Citeaux_4.jpg 800w, https:\/\/www.bourgogne-savante.fr\/wp-content\/uploads\/Enluminure_Citeaux_4-300x235.jpg 300w, https:\/\/www.bourgogne-savante.fr\/wp-content\/uploads\/Enluminure_Citeaux_4-150x118.jpg 150w, https:\/\/www.bourgogne-savante.fr\/wp-content\/uploads\/Enluminure_Citeaux_4-768x602.jpg 768w\" sizes=\"auto, (max-width: 800px) 85vw, 800px\" \/><\/a><\/figure>\n<\/div>\n<\/div>\n<\/div>\n<\/div>\n\n\n\n<p style=\"font-family:Gadugi;text-align:center;font-size:12px;margin-top:-60px;color:#686868;\"><i>Saint Gr\u00e9goire le Grand. <i>Moralia in Job<\/i>. Livres XIII-XVI. XII<sup>e<\/sup> si\u00e8cle (1111). Manuscrit sur parchemin, 350 \u00d7 240 mm. f. 6v, 32r, 59r, 75v (d\u00e9tails).<br>Biblioth\u00e8que municipale de Dijon, <a href=\"http:\/\/patrimoine.bm-dijon.fr\/pleade\/img-viewer\/MS00170\/iipviewer.html?bnp=FR212316101_CITEAUX_MS00170_000_01_PS.jpg&#038;bnd=FR212316101_CITEAUX_MS00170_101_PF.jpg&#038;base=mets&#038;monoid=MS00170&#038;treq=&#038;vcontext=book&#038;prev=mets\" target=\"_blank\" rel=\"noopener\">ms 170<\/a><\/i><\/p>\n","protected":false},"excerpt":{"rendered":"<p>Ces pages proposent des liens vers des ressources accessibles en ligne, utiles aux chercheurs et aux curieux qui s\u2019int\u00e9ressent \u00e0 l\u2019histoire, au territoire et au patrimoine de la Bourgogne. Catalogues de biblioth\u00e8quesd&rsquo;\u00e9tude et de recherche Collections en ligne(archives, biblioth\u00e8ques, mus\u00e9es) Revues bourguignonnes en ligne Soci\u00e9t\u00e9s savantes Saint Gr\u00e9goire le Grand. Moralia in Job. Livres XIII-XVI. &hellip; <a href=\"https:\/\/www.bourgogne-savante.fr\/index.php\/ressourcesenligne\/\" class=\"more-link\">Continuer la lecture<span class=\"screen-reader-text\"> de &laquo;&nbsp;Ressources en ligne&nbsp;&raquo;<\/span><\/a><\/p>\n","protected":false},"author":1,"featured_media":0,"parent":0,"menu_order":0,"comment_status":"closed","ping_status":"closed","template":"","meta":{"footnotes":""},"class_list":["post-42","page","type-page","status-publish","hentry"],"_links":{"self":[{"href":"https:\/\/www.bourgogne-savante.fr\/index.php\/wp-json\/wp\/v2\/pages\/42","targetHints":{"allow":["GET"]}}],"collection":[{"href":"https:\/\/www.bourgogne-savante.fr\/index.php\/wp-json\/wp\/v2\/pages"}],"about":[{"href":"https:\/\/www.bourgogne-savante.fr\/index.php\/wp-json\/wp\/v2\/types\/page"}],"author":[{"embeddable":true,"href":"https:\/\/www.bourgogne-savante.fr\/index.php\/wp-json\/wp\/v2\/users\/1"}],"replies":[{"embeddable":true,"href":"https:\/\/www.bourgogne-savante.fr\/index.php\/wp-json\/wp\/v2\/comments?post=42"}],"version-history":[{"count":48,"href":"https:\/\/www.bourgogne-savante.fr\/index.php\/wp-json\/wp\/v2\/pages\/42\/revisions"}],"predecessor-version":[{"id":3734,"href":"https:\/\/www.bourgogne-savante.fr\/index.php\/wp-json\/wp\/v2\/pages\/42\/revisions\/3734"}],"wp:attachment":[{"href":"https:\/\/www.bourgogne-savante.fr\/index.php\/wp-json\/wp\/v2\/media?parent=42"}],"curies":[{"name":"wp","href":"https:\/\/api.w.org\/{rel}","templated":true}]}}