{"id":504,"date":"2018-02-25T17:25:44","date_gmt":"2018-02-25T16:25:44","guid":{"rendered":"http:\/\/www.bourgogne-savante.fr\/?page_id=504"},"modified":"2024-01-02T12:00:30","modified_gmt":"2024-01-02T11:00:30","slug":"colloque24","status":"publish","type":"page","link":"https:\/\/www.bourgogne-savante.fr\/index.php\/publications\/tablesdesmatieresdesactes\/colloque24\/","title":{"rendered":"Actes du 24e colloque de l&rsquo;ABSS &#8211; Table des mati\u00e8res"},"content":{"rendered":"\n<div class=\"wp-block-media-text alignwide is-stacked-on-mobile\" style=\"grid-template-columns:25% auto\"><figure class=\"wp-block-media-text__media\"><img loading=\"lazy\" decoding=\"async\" width=\"664\" height=\"1024\" src=\"https:\/\/www.bourgogne-savante.fr\/wp-content\/uploads\/2018\/02\/Colloque-ABSS-2014-664x1024.jpg\" alt=\"\" class=\"wp-image-286 size-full\" srcset=\"https:\/\/www.bourgogne-savante.fr\/wp-content\/uploads\/2018\/02\/Colloque-ABSS-2014-664x1024.jpg 664w, https:\/\/www.bourgogne-savante.fr\/wp-content\/uploads\/2018\/02\/Colloque-ABSS-2014-97x150.jpg 97w, https:\/\/www.bourgogne-savante.fr\/wp-content\/uploads\/2018\/02\/Colloque-ABSS-2014-195x300.jpg 195w, https:\/\/www.bourgogne-savante.fr\/wp-content\/uploads\/2018\/02\/Colloque-ABSS-2014-768x1184.jpg 768w\" sizes=\"auto, (max-width: 664px) 85vw, 664px\" \/><\/figure><div class=\"wp-block-media-text__content\">\n<p style=\"font-family:Gadugi;font-size:18px;\"><i>Soci\u00e9t\u00e9s savantes de Bourgogne d&rsquo;hier et de demain&nbsp;: quelle place dans la cit\u00e9&nbsp;?<\/i>, Actes du 24<sup>e<\/sup> colloque de l&rsquo;ABSS, Dijon, 25-26 octobre 2014, Dijon, Association bourguignonne des soci\u00e9t\u00e9s savantes, Acad\u00e9mie des sciences, arts et belles-lettres de Dijon, 2015, 227&nbsp;p.<\/p>\n<\/div><\/div>\n\n\n\n<hr class=\"wp-block-separator has-text-color has-alpha-channel-opacity has-background is-style-wide\" style=\"background-color:#660033;color:#660033\"\/>\n\n\n\n<p style=\"font-family:Gadugi;margin-bottom:10px;\">CHALINE (Jean-Pierre), Conf\u00e9rence inaugurale.<\/p>\n<p style=\"font-family:Gadugi;margin-bottom:10px;margin-top:0px;\">MOTTET (G\u00e9rard), Conf\u00e9rence du pr\u00e9sident de l\u2019ABSS : \u00ab&nbsp;le patrimoine g\u00e9omorphologique de la Bourgogne&nbsp;\u00bb.<\/p>\n\n<h5 style=\"font-family:Gadugi;color:#660033;margin-top:50px;\">Les liens entre les soci\u00e9t\u00e9s savantes<\/h5>\n<p style=\"font-family:Gadugi;margin-bottom:10px;margin-top:0px;\">VIGNIER (Fran\u00e7oise), \u00ab&nbsp;Les d\u00e9buts de l\u2019ABSS ou comment cr\u00e9er une solidarit\u00e9 entre les soci\u00e9t\u00e9s savantes des d\u00e9partements de l\u2019ancienne Bourgogne&nbsp;\u00bb, p.&nbsp;31-43.<\/p>\n<p style=\"font-family:Gadugi;margin-bottom:10px;margin-top:0px;\">RICHARD (Jean), \u00ab&nbsp;Henri Drouot au congr\u00e8s de juin 1914&nbsp;\u00bb, p.&nbsp;45-46.<\/p>\n<p style=\"font-family:Gadugi;margin-bottom:10px;margin-top:0px;\">L\u00c9GER (Bernard), \u00ab&nbsp;Les relations entre soci\u00e9t\u00e9s savantes de l\u2019Yonne de leur cr\u00e9ation \u00e0 la fondation de l\u2019ABSS&nbsp;\u00bb.<\/p>\n<p style=\"font-family:Gadugi;margin-bottom:10px;margin-top:0px;\">LOCHOT (\u00c9liane), \u00ab&nbsp;Quand Dijon recevait le congr\u00e8s national des soci\u00e9t\u00e9s savantes&nbsp;\u00bb, p.&nbsp;65-73.<\/p>\n\n<h5 style=\"font-family:Gadugi;color:#660033;\">Les soci\u00e9t\u00e9s savantes dans leur milieu<\/h5>\n<p style=\"font-family:Gadugi;margin-bottom:10px;margin-top:0px;\">BLIGNY (Jean-Fran\u00e7ois), \u00ab&nbsp;La cit\u00e9 ? Les \u00e9diles, les structures ou la population ? Influences multiples et parfois contradictoires pour les soci\u00e9t\u00e9s savantes&nbsp;\u00bb.<\/p>\n<p style=\"font-family:Gadugi;margin-bottom:10px;margin-top:0px;\">BOUTHIER (Alain), \u00ab&nbsp;Cosne-sur-Loire, la seule ville de la Ni\u00e8vre d\u00e9pourvue de soci\u00e9t\u00e9 savante jusqu\u2019\u00e0 la fin du XXe si\u00e8cle&nbsp;\u00bb.<\/p>\n<p style=\"font-family:Gadugi;margin-bottom:10px;margin-top:0px;\">DULIN (Jean-Michel), \u00ab&nbsp;Scientifiques reconnus ou amateurs \u00e9clair\u00e9s, leurs recherches ont fait l\u2019Acad\u00e9mie de M\u00e2con. Qui sont-ils ?&nbsp;\u00bb.<\/p>\n<p style=\"font-family:Gadugi;margin-bottom:10px;margin-top:0px;\">MOURIN (Samuel), \u00ab&nbsp;La soci\u00e9t\u00e9 artistique de la Haute-Marne (1888-1939) : une soci\u00e9t\u00e9 langroise plut\u00f4t que d\u00e9partementale&nbsp;\u00bb.<\/p>\n<p style=\"font-family:Gadugi;margin-bottom:10px;margin-top:0px;\">BLONDEL (Madeleine), \u00ab&nbsp;L\u2019acad\u00e9mie de Dijon en peinture&nbsp;\u00bb, p.&nbsp;125-132.<\/p>\n<p style=\"font-family:Gadugi;margin-bottom:10px;margin-top:0px;\">BERTRAND (Gilles), LAMARRE (Christine), \u00ab&nbsp;Acad\u00e9mie et soci\u00e9t\u00e9 : construction et perte partielle d\u2019un patrimoine, l\u2019exemple de l\u2019Acad\u00e9mie de Dijon (1792-1847)&nbsp;\u00bb, p.&nbsp;133-149.<\/p>\n\n<h5 style=\"font-family:Gadugi;color:#660033;\">Soci\u00e9t\u00e9s savantes et rayonnement scientifique<\/h5>\n<p style=\"font-family:Gadugi;margin-bottom:10px;margin-top:0px;\">DELAHAYE (Gilbert-Robert), \u00ab&nbsp;Recherche arch\u00e9ologique et thermalisme aux Fontaines Sal\u00e9es : un projet novateur mais sans suite&nbsp;\u00bb.<\/p>\n<p style=\"font-family:Gadugi;margin-bottom:10px;margin-top:0px;\">M\u00c9NAGER (Philippe), \u00ab&nbsp;Les soci\u00e9t\u00e9s savantes face \u00e0 la conservation de mobilier arch\u00e9ologique et particuli\u00e8rement de mobilier p\u00e9rissable&nbsp;\u00bb.<\/p>\n<p style=\"font-family:Gadugi;margin-bottom:10px;margin-top:0px;\">BENET (J\u00e9r\u00f4me), \u00ab&nbsp;1864-2014 : 150 ann\u00e9es de publication de la Soci\u00e9t\u00e9 des sciences de Semur. Quels apports pour la connaissance du pays d\u2019Auxois ?&nbsp;\u00bb.<\/p>\n<p style=\"font-family:Gadugi;margin-bottom:10px;margin-top:0px;\">LAUVERGNE (Vincent), \u00ab&nbsp;Le r\u00f4le de l\u2019Acad\u00e9mie de M\u00e2con aujourd\u2019hui dans la cit\u00e9 ?&nbsp;\u00bb.<\/p>\n<p style=\"font-family:Gadugi;margin-top:0px;\">TAVERDET (G\u00e9rard), \u00ab&nbsp;Les soci\u00e9t\u00e9s savantes et le classement des publications&nbsp;\u00bb.<\/p>\n\n\n\n<hr class=\"wp-block-separator has-text-color has-alpha-channel-opacity has-background is-style-wide\" style=\"background-color:#660033;color:#660033\"\/>\n\n\n\n<p style=\"font-family:Gadugi;margin-bottom:50px;\">Volume disponible, 31.50 \u20ac (frais de port compris) &#8211; <a href=\"https:\/\/www.bourgogne-savante.fr\/wp-content\/uploads\/ABSSbondecommande.pdf\" target=\"_blank\" rel=\"noopener noreferrer\">Commander<\/a><\/p>\n\n\n\n<div class=\"wp-block-buttons is-content-justification-center is-layout-flex wp-container-core-buttons-is-layout-16018d1d wp-block-buttons-is-layout-flex\">\n<div class=\"wp-block-button has-custom-font-size has-small-font-size\"><a class=\"wp-block-button__link has-background wp-element-button\" href=\"https:\/\/www.bourgogne-savante.fr\/index.php\/publications\/tablesdesmatieresdesactes\/colloque23\/\" style=\"background-color:#660033\"><< Colloque pr\u00e9c\u00e9dent<\/a><\/div>\n\n\n\n<div class=\"wp-block-button has-custom-font-size has-small-font-size\"><a class=\"wp-block-button__link has-background wp-element-button\" href=\"https:\/\/www.bourgogne-savante.fr\/index.php\/publications\/tablesdesmatieresdesactes\/\" style=\"background-color:#660033\">Retour \u00e0 la liste des tables des mati\u00e8res<\/a><\/div>\n\n\n\n<div class=\"wp-block-button has-custom-font-size has-small-font-size\"><a class=\"wp-block-button__link has-background wp-element-button\" href=\"https:\/\/www.bourgogne-savante.fr\/index.php\/publications\/tablesdesmatieresdesactes\/colloque25\/\" style=\"background-color:#660033\">Colloque suivant >><\/a><\/div>\n<\/div>\n","protected":false},"excerpt":{"rendered":"<p>Soci\u00e9t\u00e9s savantes de Bourgogne d&rsquo;hier et de demain&nbsp;: quelle place dans la cit\u00e9&nbsp;?, Actes du 24e colloque de l&rsquo;ABSS, Dijon, 25-26 octobre 2014, Dijon, Association bourguignonne des soci\u00e9t\u00e9s savantes, Acad\u00e9mie des sciences, arts et belles-lettres de Dijon, 2015, 227&nbsp;p. CHALINE (Jean-Pierre), Conf\u00e9rence inaugurale. MOTTET (G\u00e9rard), Conf\u00e9rence du pr\u00e9sident de l\u2019ABSS : \u00ab&nbsp;le patrimoine g\u00e9omorphologique de &hellip; <a href=\"https:\/\/www.bourgogne-savante.fr\/index.php\/publications\/tablesdesmatieresdesactes\/colloque24\/\" class=\"more-link\">Continuer la lecture<span class=\"screen-reader-text\"> de &laquo;&nbsp;Actes du 24e colloque de l&rsquo;ABSS &#8211; Table des mati\u00e8res&nbsp;&raquo;<\/span><\/a><\/p>\n","protected":false},"author":1,"featured_media":0,"parent":219,"menu_order":0,"comment_status":"closed","ping_status":"closed","template":"","meta":{"footnotes":""},"class_list":["post-504","page","type-page","status-publish","hentry"],"_links":{"self":[{"href":"https:\/\/www.bourgogne-savante.fr\/index.php\/wp-json\/wp\/v2\/pages\/504","targetHints":{"allow":["GET"]}}],"collection":[{"href":"https:\/\/www.bourgogne-savante.fr\/index.php\/wp-json\/wp\/v2\/pages"}],"about":[{"href":"https:\/\/www.bourgogne-savante.fr\/index.php\/wp-json\/wp\/v2\/types\/page"}],"author":[{"embeddable":true,"href":"https:\/\/www.bourgogne-savante.fr\/index.php\/wp-json\/wp\/v2\/users\/1"}],"replies":[{"embeddable":true,"href":"https:\/\/www.bourgogne-savante.fr\/index.php\/wp-json\/wp\/v2\/comments?post=504"}],"version-history":[{"count":12,"href":"https:\/\/www.bourgogne-savante.fr\/index.php\/wp-json\/wp\/v2\/pages\/504\/revisions"}],"predecessor-version":[{"id":4489,"href":"https:\/\/www.bourgogne-savante.fr\/index.php\/wp-json\/wp\/v2\/pages\/504\/revisions\/4489"}],"up":[{"embeddable":true,"href":"https:\/\/www.bourgogne-savante.fr\/index.php\/wp-json\/wp\/v2\/pages\/219"}],"wp:attachment":[{"href":"https:\/\/www.bourgogne-savante.fr\/index.php\/wp-json\/wp\/v2\/media?parent=504"}],"curies":[{"name":"wp","href":"https:\/\/api.w.org\/{rel}","templated":true}]}}