{"id":678,"date":"2018-02-27T18:16:46","date_gmt":"2018-02-27T17:16:46","guid":{"rendered":"http:\/\/www.bourgogne-savante.fr\/?page_id=678"},"modified":"2025-11-09T12:10:50","modified_gmt":"2025-11-09T11:10:50","slug":"societessavantes","status":"publish","type":"page","link":"https:\/\/www.bourgogne-savante.fr\/index.php\/ressourcesenligne\/societessavantes\/","title":{"rendered":"Soci\u00e9t\u00e9s savantes"},"content":{"rendered":"\n<h2 class=\"wp-block-heading\" style=\"font-family:Gadugi;color:#660033;margin-bottom:10px;\">Publications des soci\u00e9t\u00e9s savantes bourguignonnes<\/h2>\n\n\n\n<p style=\"font-family:Gadugi;\">La Biblioth\u00e8que nationale de France a num\u00e9ris\u00e9 une grande partie des publications des soci\u00e9t\u00e9s savantes de Bourgogne (revues et monographies). Ces documents sont consultables en ligne dans <a href=\"https:\/\/gallica.bnf.fr\/selections\/fr\/html\/revues-savantes-de-bourgogne-franche-comte\" target=\"_blank\" rel=\"noopener\">Gallica<\/a>.<\/p>\n<p style=\"font-family:Gadugi;\">Voir aussi la page <a href=\"https:\/\/www.bourgogne-savante.fr\/index.php\/ressourcesenligne\/revuesbourguignonnes\/\">Revues bourguignonnes sp\u00e9cialis\u00e9es dans les domaines historique, arch\u00e9ologique, g\u00e9ographique et artistique<\/a> sur notre site.<\/p>\n\n\n\n<hr class=\"wp-block-separator has-text-color has-alpha-channel-opacity has-background is-style-wide\" style=\"background-color:#660033;color:#660033\"\/>\n\n\n\n<h2 class=\"wp-block-heading\" style=\"font-family:Gadugi;color:#660033;margin-top:40px;margin-bottom:10px;\">Comit\u00e9 des travaux historiques et scientifiques<\/h2>\n\n\n\n<div class=\"wp-block-columns is-layout-flex wp-container-core-columns-is-layout-9d6595d7 wp-block-columns-is-layout-flex\">\n<div class=\"wp-block-column is-layout-flow wp-block-column-is-layout-flow\" style=\"flex-basis:33.33%\"><div class=\"wp-block-image\">\n<figure class=\"aligncenter size-full is-resized\"><a href=\"http:\/\/www.cths.fr\/index.php\" target=\"_blank\" rel=\"noreferrer noopener\"><img loading=\"lazy\" decoding=\"async\" src=\"https:\/\/www.bourgogne-savante.fr\/wp-content\/uploads\/2018\/02\/cths_logo.png\" alt=\"Comit\u00e9 des travaux historiques et scientifiques\" class=\"wp-image-684\" width=\"147\" height=\"101\" title=\"Comit\u00e9 des travaux historiques et scientifiques\"\/><\/a><\/figure>\n<\/div><\/div>\n\n\n\n<div class=\"wp-block-column is-layout-flow wp-block-column-is-layout-flow\" style=\"flex-basis:66.66%\">\n<p style=\"font-family:Gadugi;margin-top:20px;\">Institut rattach\u00e9 \u00e0 l&rsquo;Ecole nationale des chartes, le Comite des travaux historiques et scientifiques (<a href=\"http:\/\/www.cths.fr\/index.php\" target=\"_blank\" rel=\"noopener\">CTHS<\/a>) assure la publication d&rsquo;ouvrages de recherche et coordonne l&rsquo;action des soci\u00e9t\u00e9s savantes de France.<\/p>\n<\/div>\n<\/div>\n\n\n\n<p style=\"font-family:Gadugi;margin-top:-40px;\">Il organise chaque ann\u00e9e le <a href=\"http:\/\/www.cths.fr\/co\/index.php\" target=\"_blank\" rel=\"noopener\">Congr\u00e8s national des soci\u00e9t\u00e9s historiques et scientifiques<\/a>, \u00e9dite le <a href=\"http:\/\/www.cths.fr\/an\/liaison.php\" target=\"_blank\" rel=\"noopener\"><i>Bulletin de liaison des soci\u00e9t\u00e9s savantes<\/i> <\/a>et tient \u00e0 jour trois bases de donn\u00e9es en ligne :\n<ul style=\"list-style-type: square;font-family:Gadugi;padding-left:20px;margin-top:-27px;\">\n<li><a href=\"http:\/\/www.cths.fr\/an\/annuaire.php\" target=\"_blank\" rel=\"noopener\"><i>L&rsquo;annuaire des soci\u00e9t\u00e9s savantes<\/i><\/a>&nbsp;;<\/li>\n<li><a href=\"http:\/\/www.cths.fr\/ed\/liste.php?sc=pe\" target=\"_blank\" rel=\"noopener\"><i>Publications des soci\u00e9t\u00e9s savantes<\/i><\/a>&nbsp;;<\/li>\n<li><a href=\"http:\/\/www.cths.fr\/an\/prosopographie.php\" target=\"_blank\" rel=\"noopener\"><i>Annuaire prosopographique : la France savante<\/i><\/a>. Cette base rassemble des notices consacr\u00e9es aux membres des soci\u00e9t\u00e9s savantes fran\u00e7aises de leurs origines \u00e0 nos jours.<\/li>\n<\/ul><\/p>\n<p style=\"font-family:Gadugi;\">\u00c0 noter egalement : le CTHS donne acc\u00e8s \u00e0 la version \u00e9lectronique du <a href=\"https:\/\/dicotopo.cths.fr\/\" target=\"_blank\" rel=\"noopener\"><i>Dictionnaire topographique de la France<\/i><\/a>. Tous les volumes consacr\u00e9s \u00e0 la Bourgogne sont en ligne : C\u00f4te-d&rsquo;Or (Alphonse Roserot, 1924), Ni\u00e8vre (Georges de Soultrait, 1865), Sa\u00f4ne-et-Loire (Jean Rigault, 2008), Yonne (Maximilien Quantin, 1862), Ain (\u00c9douard Philipon, 1911), Haute-Marne (Alphonse Roserot, 1903).<\/p>\n\n\n\n<hr class=\"wp-block-separator has-text-color has-alpha-channel-opacity has-background is-style-wide\" style=\"background-color:#660033;color:#660033\"\/>\n\n\n\n<h2 class=\"wp-block-heading\" style=\"font-family:Gadugi;color:#660033;margin-top:40px;margin-bottom:10px;\">F\u00e9d\u00e9rations r\u00e9gionales de soci\u00e9t\u00e9s savantes<\/h2>\n\n\n\n<ul style=\"padding-left:20px;list-style-type:square;font-family:Gadugi;\">\n<li>F\u00e9d\u00e9ration des soci\u00e9t\u00e9s d&rsquo;histoire et d&rsquo;arch\u00e9ologie d&rsquo;Alsace (FSHAA)<br>Si\u00e8ge : Strasbourg&nbsp;&#8211; <a href=\"http:\/\/www.alsace-histoire.org\" target=\"_blank\" rel=\"noopener\">Site internet<\/a><\/li>\n<li>F\u00e9d\u00e9ration des soci\u00e9t\u00e9s historiques et arch\u00e9ologiques de Normandie (FSHAN)<br>Si\u00e8ge : Saint-L\u00f4&nbsp;&#8211; <a href=\"http:\/\/www.fshan.fr\" target=\"_blank\" rel=\"noopener\">Site internet<\/a><\/li>\n<li>F\u00e9d\u00e9ration des soci\u00e9t\u00e9s historiques et arch\u00e9ologiques de Paris&nbsp;&#8211; \u00cele-de-France<br>Si\u00e8ge : Paris&nbsp;&#8211; <a href=\"https:\/\/www.federation-histoire-idf.fr\/\" target=\"_blank\" rel=\"noopener\">Site internet<\/a><\/li>\n<li>F\u00e9d\u00e9ration des soci\u00e9t\u00e9s savantes de Franche-Comt\u00e9<br>Si\u00e8ge : Besan\u00e7on<\/li>\n<li>F\u00e9d\u00e9ration des soci\u00e9t\u00e9s savantes du Centre<br>Si\u00e8ge : Clermont-Ferrand&nbsp;&#8211; <a href=\"http:\/\/www.cths.fr\/an\/societe.php?id=444\" target=\"_blank\" rel=\"noopener\">Page dans l&rsquo;Annuaire des soci\u00e9t\u00e9s savantes<\/a><\/li>\n<li>F\u00e9d\u00e9ration des soci\u00e9t\u00e9s savantes du nord de la France<br>Si\u00e8ge : Avesnes-sur-Helpe&nbsp;&#8211; <a href=\"http:\/\/soc-savantes-59-62.wifeo.com\/\" target=\"_blank\" rel=\"noopener\">Site internet<\/a><\/li>\n<li>F\u00e9d\u00e9ration historique de la R\u00e9gion Occitanie<br>Si\u00e8ge : Toulouse&nbsp;&#8211; <a href=\"http:\/\/archives.haute-garonne.fr\/histoire_patrimoine\/associations\/federation\/fhmp_accueil.html\" target=\"_blank\" rel=\"noopener\">Pages sur le site des Archives d\u00e9partementales de la Haute-Garonne<\/a><\/li>\n<li>F\u00e9d\u00e9ration historique du Sud-Ouest (FHSO)<br>Si\u00e8ge : Pessac&nbsp;&#8211; <a href=\"https:\/\/fhso.hypotheses.org\/\" target=\"_blank\" rel=\"noopener\">Blog sur la plateforme Hypoth\u00e8ses<\/a><\/li>\n<li>Soci\u00e9t\u00e9 d&rsquo;histoire et d&rsquo;arch\u00e9ologie de Bretagne (SHAB)&nbsp;&#8211; F\u00e9d\u00e9ration des soci\u00e9t\u00e9s historiques de Bretagne<br>Si\u00e8ge : Rennes&nbsp;&#8211; <a href=\"http:\/\/www.shabretagne.com\/\" target=\"_blank\" rel=\"noopener\">Site internet<\/a><\/li>\n<\/ul>\n\n\n\n<hr class=\"wp-block-separator has-text-color has-alpha-channel-opacity has-background is-style-wide\" style=\"background-color:#660033;color:#660033;margin-bottom:10px;\"\/>\n\n\n\n<figure class=\"wp-block-image aligncenter size-full\"><a href=\"https:\/\/selene.bordeaux.fr\/ark:\/27705\/330636101_DEL_CARTON_149_52\" target=\"_blank\" rel=\"noreferrer noopener\"><img loading=\"lazy\" decoding=\"async\" width=\"500\" height=\"377\" src=\"https:\/\/www.bourgogne-savante.fr\/wp-content\/uploads\/BordeauxS_B330636101_DP149_052_v0001-5.jpg\" alt=\"La Science prot\u00e9geant les arts et l'industrie. 1828 \/ Biblioth\u00e8que municipale de Bordeaux, Del. Carton 149\/52 (d\u00e9tail)\" class=\"wp-image-3210\" title=\"La Science prot\u00e9geant les arts et l'industrie. 1828 \/ Biblioth\u00e8que municipale de Bordeaux, Del. Carton 149\/52 (d\u00e9tail)\" srcset=\"https:\/\/www.bourgogne-savante.fr\/wp-content\/uploads\/BordeauxS_B330636101_DP149_052_v0001-5.jpg 500w, https:\/\/www.bourgogne-savante.fr\/wp-content\/uploads\/BordeauxS_B330636101_DP149_052_v0001-5-300x226.jpg 300w, https:\/\/www.bourgogne-savante.fr\/wp-content\/uploads\/BordeauxS_B330636101_DP149_052_v0001-5-150x113.jpg 150w\" sizes=\"auto, (max-width: 500px) 85vw, 500px\" \/><\/a><figcaption class=\"wp-element-caption\" style=\"font-family:Gadugi;text-align:center;\"><i>La Science prot\u00e9geant les arts et l&rsquo;industrie<\/i>. 1828 (d\u00e9tail).<br>Biblioth\u00e8que municipale de Bordeaux, <a href=\"https:\/\/selene.bordeaux.fr\/ark:\/27705\/330636101_DEL_CARTON_149_52\" target=\"_blank\" rel=\"noreferrer noopener\">Del. Carton 149\/52<\/a><\/figcaption><\/figure>\n","protected":false},"excerpt":{"rendered":"<p>Publications des soci\u00e9t\u00e9s savantes bourguignonnes La Biblioth\u00e8que nationale de France a num\u00e9ris\u00e9 une grande partie des publications des soci\u00e9t\u00e9s savantes de Bourgogne (revues et monographies). Ces documents sont consultables en ligne dans Gallica. Voir aussi la page Revues bourguignonnes sp\u00e9cialis\u00e9es dans les domaines historique, arch\u00e9ologique, g\u00e9ographique et artistique sur notre site. Comit\u00e9 des travaux historiques &hellip; <a href=\"https:\/\/www.bourgogne-savante.fr\/index.php\/ressourcesenligne\/societessavantes\/\" class=\"more-link\">Continuer la lecture<span class=\"screen-reader-text\"> de &laquo;&nbsp;Soci\u00e9t\u00e9s savantes&nbsp;&raquo;<\/span><\/a><\/p>\n","protected":false},"author":1,"featured_media":0,"parent":42,"menu_order":0,"comment_status":"closed","ping_status":"closed","template":"","meta":{"footnotes":""},"class_list":["post-678","page","type-page","status-publish","hentry"],"_links":{"self":[{"href":"https:\/\/www.bourgogne-savante.fr\/index.php\/wp-json\/wp\/v2\/pages\/678","targetHints":{"allow":["GET"]}}],"collection":[{"href":"https:\/\/www.bourgogne-savante.fr\/index.php\/wp-json\/wp\/v2\/pages"}],"about":[{"href":"https:\/\/www.bourgogne-savante.fr\/index.php\/wp-json\/wp\/v2\/types\/page"}],"author":[{"embeddable":true,"href":"https:\/\/www.bourgogne-savante.fr\/index.php\/wp-json\/wp\/v2\/users\/1"}],"replies":[{"embeddable":true,"href":"https:\/\/www.bourgogne-savante.fr\/index.php\/wp-json\/wp\/v2\/comments?post=678"}],"version-history":[{"count":37,"href":"https:\/\/www.bourgogne-savante.fr\/index.php\/wp-json\/wp\/v2\/pages\/678\/revisions"}],"predecessor-version":[{"id":5644,"href":"https:\/\/www.bourgogne-savante.fr\/index.php\/wp-json\/wp\/v2\/pages\/678\/revisions\/5644"}],"up":[{"embeddable":true,"href":"https:\/\/www.bourgogne-savante.fr\/index.php\/wp-json\/wp\/v2\/pages\/42"}],"wp:attachment":[{"href":"https:\/\/www.bourgogne-savante.fr\/index.php\/wp-json\/wp\/v2\/media?parent=678"}],"curies":[{"name":"wp","href":"https:\/\/api.w.org\/{rel}","templated":true}]}}